{"id":33552,"date":"2020-11-25T12:38:28","date_gmt":"2020-11-25T17:38:28","guid":{"rendered":"https:\/\/panm360.com\/agenda\/jean-derome-et-lonjm-oeuvre-proteiforme-concert-multiplateforme\/"},"modified":"2020-11-25T12:43:16","modified_gmt":"2020-11-25T17:43:16","slug":"jean-derome-et-lonjm-oeuvre-proteiforme-concert-multiplateforme","status":"publish","type":"agenda","link":"https:\/\/panm360.com\/en\/agenda\/jean-derome-et-lonjm-oeuvre-proteiforme-concert-multiplateforme\/","title":{"rendered":"Jean Derome and l\u2019ONJM: Protean work, multiplatform concert"},"content":{"rendered":"\n<p class=\"wp-block-paragraph\">Jean Derome is the central artist in the fourth concert by the Orchestre national de jazz de Montr\u00e9al (ONJM), in residence at Place des Arts\u2019 5<sup>e<\/sup> salle. Certainly one of the most accomplished composers, improvisers, and multi-instrumentalists (flutes, saxophones, bird callers, etc.) of recent decades in Quebec, and co-founder of the Ambiances Magn\u00e9tiques label in the 1980s. Derome himself conducts the world premiere of his work <em>La Force et la Beaut\u00e9<\/em>, commissioned by l\u2019ONJM. Derome has frequently composed for large ensembles involving performers from different backgrounds, this time he is devoting himself to a work performed by the elite of Montreal jazz. As a bonus, the audience will be treated to little-known works by the great Duke Ellington and his alter ego Billy Strayhorn, whom Derome is very fond of, like any self-respecting jazzophile.<\/p>\n\n\n\n<p class=\"wp-block-paragraph\">Personal this Wednesday, November 25:<br><strong>Jean Derome:<\/strong> Composer, singer, multi-instrumentalist and guest conductor<br><strong>Saxophones, flutes, and clarinets:<\/strong> Jean-Pierre Zanella, Samuel Blais, Andr\u00e9 Leroux, Frank Lozano, Alexandre C\u00f4t\u00e9\u00a0\u00a0<br><strong>Trumpets:<\/strong> Jocelyn Couture, Aron Doyle, David Carbonneau, Bill Mahar\u00a0<br><strong>Trombones:<\/strong> David Grott, Taylor Donaldson, David Russell Martin, Robert Ellis\u00a0<br><strong>Piano: <\/strong>Kate Wyatt<br><strong>Guitar: <\/strong>Ananda X. Suddath<br><strong>Double bass: <\/strong>Morgan Moore<br><strong>Drums:<\/strong> Kevin Warren<\/p>\n\n\n\n<p class=\"wp-block-paragraph\"><strong><a rel=\"noreferrer noopener\" href=\"https:\/\/www.onjm.ca\/programmation-1\/2020\/4\/11\/les-multiples-visages-de-jean-derome\" target=\"_blank\">SEE THE SHOW<\/a><\/strong><\/p>\n\n\n\n<figure class=\"wp-block-embed-youtube wp-block-embed is-type-video is-provider-youtube wp-embed-aspect-16-9 wp-has-aspect-ratio\"><div class=\"wp-block-embed__wrapper\">\n<iframe loading=\"lazy\" title=\"ONJM | Les Multiples visages de Jean Derome\" width=\"500\" height=\"281\" src=\"https:\/\/www.youtube.com\/embed\/TB2X442n-vQ?feature=oembed\" frameborder=\"0\" allow=\"accelerometer; autoplay; clipboard-write; encrypted-media; gyroscope; picture-in-picture; web-share\" referrerpolicy=\"strict-origin-when-cross-origin\" allowfullscreen><\/iframe>\n<\/div><\/figure>\n","protected":false},"excerpt":{"rendered":"<p>Jean Derome is the central artist in the fourth concert by the Orchestre national de jazz de Montr\u00e9al (ONJM), in residence at Place des Arts\u2019 5e salle. Certainly one of the most accomplished composers, improvisers, and multi-instrumentalists (flutes, saxophones, bird callers, etc.) of recent decades in Quebec, and co-founder of the Ambiances Magn\u00e9tiques label in [&hellip;]<\/p>\n","protected":false},"author":36,"featured_media":0,"menu_order":0,"template":"","format":"standard","meta":{"_acf_changed":false,"_crdt_document":""},"categories":[4322],"tags":[],"generale":[3814,5262],"genre":[4162],"pays":[],"salle":[7240],"ville":[7311],"class_list":["post-33552","agenda","type-agenda","status-publish","format-standard","hentry","category-listings-360","generale-lire-en","generale-visionner-en","genre-jazz-en-2","salle-livestream-en","ville-placedesarts-com-en"],"acf":[],"yoast_head":"<!-- This site is optimized with the Yoast SEO plugin v27.5 - https:\/\/yoast.com\/product\/yoast-seo-wordpress\/ -->\n<title>Jean Derome and l\u2019ONJM: Protean work, multiplatform concert - PAN M 360<\/title>\n<meta name=\"robots\" content=\"index, follow, max-snippet:-1, max-image-preview:large, max-video-preview:-1\" \/>\n<link rel=\"canonical\" href=\"https:\/\/panm360.com\/en\/agenda\/jean-derome-et-lonjm-oeuvre-proteiforme-concert-multiplateforme\/\" \/>\n<meta property=\"og:locale\" content=\"en_US\" \/>\n<meta property=\"og:type\" content=\"article\" \/>\n<meta property=\"og:title\" content=\"Jean Derome and l\u2019ONJM: Protean work, multiplatform concert - PAN M 360\" \/>\n<meta property=\"og:description\" content=\"Jean Derome is the central artist in the fourth concert by the Orchestre national de jazz de Montr\u00e9al (ONJM), in residence at Place des Arts\u2019 5e salle. Certainly one of the most accomplished composers, improvisers, and multi-instrumentalists (flutes, saxophones, bird callers, etc.) of recent decades in Quebec, and co-founder of the Ambiances Magn\u00e9tiques label in [&hellip;]\" \/>\n<meta property=\"og:url\" content=\"https:\/\/panm360.com\/en\/agenda\/jean-derome-et-lonjm-oeuvre-proteiforme-concert-multiplateforme\/\" \/>\n<meta property=\"og:site_name\" content=\"PAN M 360\" \/>\n<meta property=\"article:publisher\" content=\"https:\/\/www.facebook.com\/panm360\/\" \/>\n<meta property=\"article:modified_time\" content=\"2020-11-25T17:43:16+00:00\" \/>\n<meta property=\"og:image\" content=\"https:\/\/panm360.com\/wp-content\/uploads\/2020\/11\/200411_Derome_1600.jpg\" \/>\n\t<meta property=\"og:image:width\" content=\"1600\" \/>\n\t<meta property=\"og:image:height\" content=\"1064\" \/>\n\t<meta property=\"og:image:type\" content=\"image\/jpeg\" \/>\n<meta name=\"twitter:card\" content=\"summary_large_image\" \/>\n<meta name=\"twitter:site\" content=\"@PANM360\" \/>\n<meta name=\"twitter:label1\" content=\"Est. reading time\" \/>\n\t<meta name=\"twitter:data1\" content=\"1 minute\" \/>\n<script type=\"application\/ld+json\" class=\"yoast-schema-graph\">{\"@context\":\"https:\\\/\\\/schema.org\",\"@graph\":[{\"@type\":\"WebPage\",\"@id\":\"https:\\\/\\\/panm360.com\\\/en\\\/agenda\\\/jean-derome-et-lonjm-oeuvre-proteiforme-concert-multiplateforme\\\/\",\"url\":\"https:\\\/\\\/panm360.com\\\/en\\\/agenda\\\/jean-derome-et-lonjm-oeuvre-proteiforme-concert-multiplateforme\\\/\",\"name\":\"Jean Derome and l\u2019ONJM: Protean work, multiplatform concert - PAN M 360\",\"isPartOf\":{\"@id\":\"https:\\\/\\\/panm360.com\\\/en\\\/#website\"},\"datePublished\":\"2020-11-25T17:38:28+00:00\",\"dateModified\":\"2020-11-25T17:43:16+00:00\",\"breadcrumb\":{\"@id\":\"https:\\\/\\\/panm360.com\\\/en\\\/agenda\\\/jean-derome-et-lonjm-oeuvre-proteiforme-concert-multiplateforme\\\/#breadcrumb\"},\"inLanguage\":\"en-US\",\"potentialAction\":[{\"@type\":\"ReadAction\",\"target\":[\"https:\\\/\\\/panm360.com\\\/en\\\/agenda\\\/jean-derome-et-lonjm-oeuvre-proteiforme-concert-multiplateforme\\\/\"]}]},{\"@type\":\"BreadcrumbList\",\"@id\":\"https:\\\/\\\/panm360.com\\\/en\\\/agenda\\\/jean-derome-et-lonjm-oeuvre-proteiforme-concert-multiplateforme\\\/#breadcrumb\",\"itemListElement\":[{\"@type\":\"ListItem\",\"position\":1,\"name\":\"Accueil\",\"item\":\"https:\\\/\\\/panm360.com\\\/en\\\/\"},{\"@type\":\"ListItem\",\"position\":2,\"name\":\"Listings\",\"item\":\"https:\\\/\\\/panm360.com\\\/en\\\/agenda\\\/\"},{\"@type\":\"ListItem\",\"position\":3,\"name\":\"Jean Derome and l\u2019ONJM: Protean work, multiplatform concert\"}]},{\"@type\":\"WebSite\",\"@id\":\"https:\\\/\\\/panm360.com\\\/en\\\/#website\",\"url\":\"https:\\\/\\\/panm360.com\\\/en\\\/\",\"name\":\"PAN M 360\",\"description\":\"Le m\u00e9dia num\u00e9rique de la musique !\",\"publisher\":{\"@id\":\"https:\\\/\\\/panm360.com\\\/en\\\/#organization\"},\"potentialAction\":[{\"@type\":\"SearchAction\",\"target\":{\"@type\":\"EntryPoint\",\"urlTemplate\":\"https:\\\/\\\/panm360.com\\\/en\\\/?s={search_term_string}\"},\"query-input\":{\"@type\":\"PropertyValueSpecification\",\"valueRequired\":true,\"valueName\":\"search_term_string\"}}],\"inLanguage\":\"en-US\"},{\"@type\":\"Organization\",\"@id\":\"https:\\\/\\\/panm360.com\\\/en\\\/#organization\",\"name\":\"PAN M 360\",\"url\":\"https:\\\/\\\/panm360.com\\\/en\\\/\",\"logo\":{\"@type\":\"ImageObject\",\"inLanguage\":\"en-US\",\"@id\":\"https:\\\/\\\/panm360.com\\\/en\\\/#\\\/schema\\\/logo\\\/image\\\/\",\"url\":\"https:\\\/\\\/panm360.com\\\/wp-content\\\/uploads\\\/2019\\\/12\\\/PAN-M360_Logo_RGB.jpg\",\"contentUrl\":\"https:\\\/\\\/panm360.com\\\/wp-content\\\/uploads\\\/2019\\\/12\\\/PAN-M360_Logo_RGB.jpg\",\"width\":1663,\"height\":631,\"caption\":\"PAN M 360\"},\"image\":{\"@id\":\"https:\\\/\\\/panm360.com\\\/en\\\/#\\\/schema\\\/logo\\\/image\\\/\"},\"sameAs\":[\"https:\\\/\\\/www.facebook.com\\\/panm360\\\/\",\"https:\\\/\\\/x.com\\\/PANM360\",\"https:\\\/\\\/www.instagram.com\\\/panm360\\\/\",\"https:\\\/\\\/www.linkedin.com\\\/company\\\/panm360\\\/\",\"https:\\\/\\\/www.youtube.com\\\/channel\\\/UCHEFHd3UhIrV6EJ3ltzVKOA?view_as=subscriber\"]}]}<\/script>\n<!-- \/ Yoast SEO plugin. -->","yoast_head_json":{"title":"Jean Derome and l\u2019ONJM: Protean work, multiplatform concert - PAN M 360","robots":{"index":"index","follow":"follow","max-snippet":"max-snippet:-1","max-image-preview":"max-image-preview:large","max-video-preview":"max-video-preview:-1"},"canonical":"https:\/\/panm360.com\/en\/agenda\/jean-derome-et-lonjm-oeuvre-proteiforme-concert-multiplateforme\/","og_locale":"en_US","og_type":"article","og_title":"Jean Derome and l\u2019ONJM: Protean work, multiplatform concert - PAN M 360","og_description":"Jean Derome is the central artist in the fourth concert by the Orchestre national de jazz de Montr\u00e9al (ONJM), in residence at Place des Arts\u2019 5e salle. Certainly one of the most accomplished composers, improvisers, and multi-instrumentalists (flutes, saxophones, bird callers, etc.) of recent decades in Quebec, and co-founder of the Ambiances Magn\u00e9tiques label in [&hellip;]","og_url":"https:\/\/panm360.com\/en\/agenda\/jean-derome-et-lonjm-oeuvre-proteiforme-concert-multiplateforme\/","og_site_name":"PAN M 360","article_publisher":"https:\/\/www.facebook.com\/panm360\/","article_modified_time":"2020-11-25T17:43:16+00:00","og_image":[{"width":1600,"height":1064,"url":"https:\/\/panm360.com\/wp-content\/uploads\/2020\/11\/200411_Derome_1600.jpg","type":"image\/jpeg"}],"twitter_card":"summary_large_image","twitter_site":"@PANM360","twitter_misc":{"Est. reading time":"1 minute"},"schema":{"@context":"https:\/\/schema.org","@graph":[{"@type":"WebPage","@id":"https:\/\/panm360.com\/en\/agenda\/jean-derome-et-lonjm-oeuvre-proteiforme-concert-multiplateforme\/","url":"https:\/\/panm360.com\/en\/agenda\/jean-derome-et-lonjm-oeuvre-proteiforme-concert-multiplateforme\/","name":"Jean Derome and l\u2019ONJM: Protean work, multiplatform concert - PAN M 360","isPartOf":{"@id":"https:\/\/panm360.com\/en\/#website"},"datePublished":"2020-11-25T17:38:28+00:00","dateModified":"2020-11-25T17:43:16+00:00","breadcrumb":{"@id":"https:\/\/panm360.com\/en\/agenda\/jean-derome-et-lonjm-oeuvre-proteiforme-concert-multiplateforme\/#breadcrumb"},"inLanguage":"en-US","potentialAction":[{"@type":"ReadAction","target":["https:\/\/panm360.com\/en\/agenda\/jean-derome-et-lonjm-oeuvre-proteiforme-concert-multiplateforme\/"]}]},{"@type":"BreadcrumbList","@id":"https:\/\/panm360.com\/en\/agenda\/jean-derome-et-lonjm-oeuvre-proteiforme-concert-multiplateforme\/#breadcrumb","itemListElement":[{"@type":"ListItem","position":1,"name":"Accueil","item":"https:\/\/panm360.com\/en\/"},{"@type":"ListItem","position":2,"name":"Listings","item":"https:\/\/panm360.com\/en\/agenda\/"},{"@type":"ListItem","position":3,"name":"Jean Derome and l\u2019ONJM: Protean work, multiplatform concert"}]},{"@type":"WebSite","@id":"https:\/\/panm360.com\/en\/#website","url":"https:\/\/panm360.com\/en\/","name":"PAN M 360","description":"Le m\u00e9dia num\u00e9rique de la musique !","publisher":{"@id":"https:\/\/panm360.com\/en\/#organization"},"potentialAction":[{"@type":"SearchAction","target":{"@type":"EntryPoint","urlTemplate":"https:\/\/panm360.com\/en\/?s={search_term_string}"},"query-input":{"@type":"PropertyValueSpecification","valueRequired":true,"valueName":"search_term_string"}}],"inLanguage":"en-US"},{"@type":"Organization","@id":"https:\/\/panm360.com\/en\/#organization","name":"PAN M 360","url":"https:\/\/panm360.com\/en\/","logo":{"@type":"ImageObject","inLanguage":"en-US","@id":"https:\/\/panm360.com\/en\/#\/schema\/logo\/image\/","url":"https:\/\/panm360.com\/wp-content\/uploads\/2019\/12\/PAN-M360_Logo_RGB.jpg","contentUrl":"https:\/\/panm360.com\/wp-content\/uploads\/2019\/12\/PAN-M360_Logo_RGB.jpg","width":1663,"height":631,"caption":"PAN M 360"},"image":{"@id":"https:\/\/panm360.com\/en\/#\/schema\/logo\/image\/"},"sameAs":["https:\/\/www.facebook.com\/panm360\/","https:\/\/x.com\/PANM360","https:\/\/www.instagram.com\/panm360\/","https:\/\/www.linkedin.com\/company\/panm360\/","https:\/\/www.youtube.com\/channel\/UCHEFHd3UhIrV6EJ3ltzVKOA?view_as=subscriber"]}]}},"_links":{"self":[{"href":"https:\/\/panm360.com\/en\/wp-json\/wp\/v2\/agenda\/33552","targetHints":{"allow":["GET"]}}],"collection":[{"href":"https:\/\/panm360.com\/en\/wp-json\/wp\/v2\/agenda"}],"about":[{"href":"https:\/\/panm360.com\/en\/wp-json\/wp\/v2\/types\/agenda"}],"author":[{"embeddable":true,"href":"https:\/\/panm360.com\/en\/wp-json\/wp\/v2\/users\/36"}],"wp:attachment":[{"href":"https:\/\/panm360.com\/en\/wp-json\/wp\/v2\/media?parent=33552"}],"wp:term":[{"taxonomy":"category","embeddable":true,"href":"https:\/\/panm360.com\/en\/wp-json\/wp\/v2\/categories?post=33552"},{"taxonomy":"post_tag","embeddable":true,"href":"https:\/\/panm360.com\/en\/wp-json\/wp\/v2\/tags?post=33552"},{"taxonomy":"generale","embeddable":true,"href":"https:\/\/panm360.com\/en\/wp-json\/wp\/v2\/generale?post=33552"},{"taxonomy":"genre","embeddable":true,"href":"https:\/\/panm360.com\/en\/wp-json\/wp\/v2\/genre?post=33552"},{"taxonomy":"pays","embeddable":true,"href":"https:\/\/panm360.com\/en\/wp-json\/wp\/v2\/pays?post=33552"},{"taxonomy":"salle","embeddable":true,"href":"https:\/\/panm360.com\/en\/wp-json\/wp\/v2\/salle?post=33552"},{"taxonomy":"ville","embeddable":true,"href":"https:\/\/panm360.com\/en\/wp-json\/wp\/v2\/ville?post=33552"}],"curies":[{"name":"wp","href":"https:\/\/api.w.org\/{rel}","templated":true}]}}