{"id":164372,"date":"2026-06-09T02:17:42","date_gmt":"2026-06-09T06:17:42","guid":{"rendered":"https:\/\/panm360.com\/?post_type=agenda&#038;p=164372"},"modified":"2026-09-05T02:33:00","modified_gmt":"2026-09-05T06:33:00","slug":"fme-2026-erika-hagen-au-cafe-bar-labstracto","status":"publish","type":"agenda","link":"https:\/\/panm360.com\/en\/agenda\/fme-2026-erika-hagen-au-cafe-bar-labstracto\/","title":{"rendered":"FME 2026 :\u00a0Erika Hagen au Caf\u00e9-bar L\u2019Abstracto"},"content":{"rendered":"\n<p class=\"wp-block-paragraph\">Erika Hagen, alias musical de l&#8217;artiste multidisciplinaire \u00c9rika Hagen-Veilleux, est un projet intime et fougueux, qui s&#8217;inscrit dans la grande famille du indie-rock-folk garage. Inspir\u00e9e de po\u00e8tes comme Patrice Desbiens, du courant des Riot Grrrls ainsi que d&#8217;artistes comme Courtney Barnett, Adrianne Lenker et Avec pas d\u2019casque, ses chansons sont \u00e0 la fois irr\u00e9v\u00e9rencieuses et tendres. R\u00e9cemment r\u00e9cipiendaire de la troisi\u00e8me bourse Karim-Ouellet, elle porte son projet sur sc\u00e8ne, en quatuor, dans de nombreuses salles et festivals, notamment au Festival St-Roch XP, au Festival OFF de Qu\u00e9bec, \u00e0 Pop Montr\u00e9al, au Taverne Tour, au Festival de la chanson de Tadoussac, au Festival Le Phoque OFF, ainsi qu&#8217;aux Francouvertes 2025. \u00c9rika Hagen-Veilleux est une artiste plurielle de la ville de Qu\u00e9bec. Dipl\u00f4m\u00e9e de l\u2019\u00c9cole de cirque de Qu\u00e9bec en 2017, sa pratique kal\u00e9idoscopique cherche \u00e0 \u00e9tablir des dialogues entre le corps, la musique et la po\u00e9sie quotidienne. Principalement mobilis\u00e9e par la musique depuis 2024, son projet Erika Hagen fait para\u00eetre son premier album, Pouvoirs magiques, r\u00e9alis\u00e9 par Dany Placard, au printemps 2025.<\/p>\n\n\n\n<p class=\"wp-block-paragraph\">Erika Hagen, musical alias of the multidisciplinary artist \u00c9rika Hagen-Veilleux, is an intimate and fiery project, which fits into the big family of indie-rock-folk garage. Inspired by poets such as Patrice Desbiens, the Riot Grrrls and artists like Courtney Barnett, Adrianne Lenker and Avec pas d&#8217;casque, his songs are both irreverent and tender. Recently recipient of the third Karim-Ouellet scholarship, she has been performing her project on stage, as a quartet, in numerous venues and festivals, including the St-Roch XP Festival, the OFF Festival of Quebec, Pop Montreal, the Taverne Tour, the Festival de la chanson de Tadoussac, at the Le Phoque OFF Festival, as well as at the 2025 Francouvertes. \u00c9rika Hagen-Veilleux is a plural artist from Quebec City. A graduate of the \u00c9cole de cirque de Qu\u00e9bec in 2017, her kaleidoscopic practice seeks to establish dialogues between the body, music and everyday poetry. Mainly mobilized by music since 2024, her project Erika Hagen releases her first album, Pouvoirs magiques, produced by Dany Placard, in spring 2025.<\/p>\n\n\n\n<p class=\"wp-block-paragraph\"><strong>CE SPECTACLE EST GRATUIT!<\/strong><\/p>\n\n\n\n<iframe data-testid=\"embed-iframe\" style=\"border-radius:12px\" src=\"https:\/\/open.spotify.com\/embed\/artist\/6U0C5SvFQaqJCtAYu9eS7V?utm_source=generator&#038;si=d4f13e1632a84690\" width=\"100%\" height=\"352\" frameBorder=\"0\" allowfullscreen=\"\" allow=\"autoplay; clipboard-write; encrypted-media; fullscreen; picture-in-picture\" loading=\"lazy\"><\/iframe>\n\n\n\n<p class=\"wp-block-paragraph\"><strong><em>Ce contenu provient&nbsp;du Festival de musique \u00e9mergente en Abitibi-T\u00e9miscamingue&nbsp;et est adapt\u00e9 par PAN M 360<\/em><\/strong><a href=\"https:\/\/www.facebook.com\/kevinsaundersonofficial\" target=\"_blank\" rel=\"noopener\"><\/a><a href=\"https:\/\/www.instagram.com\/kevinsaunderson\/\" target=\"_blank\" rel=\"noopener\"><\/a><a href=\"https:\/\/soundcloud.com\/kevinsaunderson\" target=\"_blank\" rel=\"noopener\"><\/a><a href=\"https:\/\/open.spotify.com\/artist\/7Mb2QpmkC5kzR4UV6rkzLZ\" target=\"_blank\" rel=\"noopener\"><\/a><a href=\"https:\/\/www.facebook.com\/kevinsaundersonofficial\" target=\"_blank\" rel=\"noopener\"><\/a><a href=\"https:\/\/www.instagram.com\/kevinsaunderson\/\" target=\"_blank\" rel=\"noopener\"><\/a><a href=\"https:\/\/soundcloud.com\/kevinsaunderson\" target=\"_blank\" rel=\"noopener\"><\/a><a href=\"https:\/\/open.spotify.com\/artist\/7Mb2QpmkC5kzR4UV6rkzLZ\" target=\"_blank\" rel=\"noopener\"><\/a><\/p>\n","protected":false},"excerpt":{"rendered":"<p>Erika Hagen, alias musical de l&#8217;artiste multidisciplinaire \u00c9rika Hagen-Veilleux, est un projet intime et fougueux, qui s&#8217;inscrit dans la grande famille du indie-rock-folk garage. Inspir\u00e9e de po\u00e8tes comme Patrice Desbiens, du courant des Riot Grrrls ainsi que d&#8217;artistes comme Courtney Barnett, Adrianne Lenker et Avec pas d\u2019casque, ses chansons sont \u00e0 la fois irr\u00e9v\u00e9rencieuses et [&hellip;]<\/p>\n","protected":false},"author":936,"featured_media":164370,"menu_order":0,"template":"","format":"standard","meta":{"_acf_changed":false},"categories":[4322],"tags":[],"generale":[3814],"genre":[8941,3199,3200],"pays":[3828],"salle":[10233],"ville":[7283],"class_list":["post-164372","agenda","type-agenda","status-publish","format-standard","has-post-thumbnail","hentry","category-listings-360","generale-lire-en","genre-chanson-keb-franco-en","genre-indie-pop-2","genre-indie-rock-2","pays-canada-en","salle-cafe-bar-labstracto-144-rue-perreault-est-2-en","ville-rouyn-noranda-en"],"acf":[],"yoast_head":"<!-- This site is optimized with the Yoast SEO plugin v28.3 - https:\/\/yoast.com\/product\/yoast-seo-wordpress\/ -->\n<title>FME 2026 :\u00a0Erika Hagen au Caf\u00e9-bar L\u2019Abstracto - PAN M 360<\/title>\n<meta name=\"robots\" content=\"index, follow, max-snippet:-1, max-image-preview:large, max-video-preview:-1\" \/>\n<link rel=\"canonical\" href=\"https:\/\/panm360.com\/en\/agenda\/fme-2026-erika-hagen-au-cafe-bar-labstracto\/\" \/>\n<meta property=\"og:locale\" content=\"en_US\" \/>\n<meta property=\"og:type\" content=\"article\" \/>\n<meta property=\"og:title\" content=\"FME 2026 :\u00a0Erika Hagen au Caf\u00e9-bar L\u2019Abstracto - PAN M 360\" \/>\n<meta property=\"og:description\" content=\"Erika Hagen, alias musical de l&#8217;artiste multidisciplinaire \u00c9rika Hagen-Veilleux, est un projet intime et fougueux, qui s&#8217;inscrit dans la grande famille du indie-rock-folk garage. Inspir\u00e9e de po\u00e8tes comme Patrice Desbiens, du courant des Riot Grrrls ainsi que d&#8217;artistes comme Courtney Barnett, Adrianne Lenker et Avec pas d\u2019casque, ses chansons sont \u00e0 la fois irr\u00e9v\u00e9rencieuses et [&hellip;]\" \/>\n<meta property=\"og:url\" content=\"https:\/\/panm360.com\/en\/agenda\/fme-2026-erika-hagen-au-cafe-bar-labstracto\/\" \/>\n<meta property=\"og:site_name\" content=\"PAN M 360\" \/>\n<meta property=\"article:publisher\" content=\"https:\/\/www.facebook.com\/panm360\/\" \/>\n<meta property=\"article:modified_time\" content=\"2026-09-05T06:33:00+00:00\" \/>\n<meta property=\"og:image\" content=\"https:\/\/panm360.com\/wp-content\/uploads\/2026\/09\/ERIKAHAGEN_1024x640-1024x640-1.jpg\" \/>\n\t<meta property=\"og:image:width\" content=\"1024\" \/>\n\t<meta property=\"og:image:height\" content=\"640\" \/>\n\t<meta property=\"og:image:type\" content=\"image\/jpeg\" \/>\n<meta name=\"twitter:card\" content=\"summary_large_image\" \/>\n<meta name=\"twitter:site\" content=\"@PANM360\" \/>\n<meta name=\"twitter:label1\" content=\"Est. reading time\" \/>\n\t<meta name=\"twitter:data1\" content=\"3 minutes\" \/>\n<script type=\"application\/ld+json\" class=\"yoast-schema-graph\">{\"@context\":\"https:\\\/\\\/schema.org\",\"@graph\":[{\"@type\":\"WebPage\",\"@id\":\"https:\\\/\\\/panm360.com\\\/en\\\/agenda\\\/fme-2026-erika-hagen-au-cafe-bar-labstracto\\\/\",\"url\":\"https:\\\/\\\/panm360.com\\\/en\\\/agenda\\\/fme-2026-erika-hagen-au-cafe-bar-labstracto\\\/\",\"name\":\"FME 2026 :\u00a0Erika Hagen au Caf\u00e9-bar L\u2019Abstracto - PAN M 360\",\"isPartOf\":{\"@id\":\"https:\\\/\\\/panm360.com\\\/en\\\/#website\"},\"primaryImageOfPage\":{\"@id\":\"https:\\\/\\\/panm360.com\\\/en\\\/agenda\\\/fme-2026-erika-hagen-au-cafe-bar-labstracto\\\/#primaryimage\"},\"image\":{\"@id\":\"https:\\\/\\\/panm360.com\\\/en\\\/agenda\\\/fme-2026-erika-hagen-au-cafe-bar-labstracto\\\/#primaryimage\"},\"thumbnailUrl\":\"https:\\\/\\\/panm360.com\\\/wp-content\\\/uploads\\\/2026\\\/09\\\/ERIKAHAGEN_1024x640-1024x640-1.jpg\",\"datePublished\":\"2026-06-09T06:17:42+00:00\",\"dateModified\":\"2026-09-05T06:33:00+00:00\",\"breadcrumb\":{\"@id\":\"https:\\\/\\\/panm360.com\\\/en\\\/agenda\\\/fme-2026-erika-hagen-au-cafe-bar-labstracto\\\/#breadcrumb\"},\"inLanguage\":\"en-US\",\"potentialAction\":[{\"@type\":\"ReadAction\",\"target\":[\"https:\\\/\\\/panm360.com\\\/en\\\/agenda\\\/fme-2026-erika-hagen-au-cafe-bar-labstracto\\\/\"]}]},{\"@type\":\"ImageObject\",\"inLanguage\":\"en-US\",\"@id\":\"https:\\\/\\\/panm360.com\\\/en\\\/agenda\\\/fme-2026-erika-hagen-au-cafe-bar-labstracto\\\/#primaryimage\",\"url\":\"https:\\\/\\\/panm360.com\\\/wp-content\\\/uploads\\\/2026\\\/09\\\/ERIKAHAGEN_1024x640-1024x640-1.jpg\",\"contentUrl\":\"https:\\\/\\\/panm360.com\\\/wp-content\\\/uploads\\\/2026\\\/09\\\/ERIKAHAGEN_1024x640-1024x640-1.jpg\",\"width\":1024,\"height\":640},{\"@type\":\"BreadcrumbList\",\"@id\":\"https:\\\/\\\/panm360.com\\\/en\\\/agenda\\\/fme-2026-erika-hagen-au-cafe-bar-labstracto\\\/#breadcrumb\",\"itemListElement\":[{\"@type\":\"ListItem\",\"position\":1,\"name\":\"Accueil\",\"item\":\"https:\\\/\\\/panm360.com\\\/en\\\/\"},{\"@type\":\"ListItem\",\"position\":2,\"name\":\"Listings\",\"item\":\"https:\\\/\\\/panm360.com\\\/en\\\/agenda\\\/\"},{\"@type\":\"ListItem\",\"position\":3,\"name\":\"FME 2026 :\u00a0Erika Hagen au Caf\u00e9-bar L\u2019Abstracto\"}]},{\"@type\":\"WebSite\",\"@id\":\"https:\\\/\\\/panm360.com\\\/en\\\/#website\",\"url\":\"https:\\\/\\\/panm360.com\\\/en\\\/\",\"name\":\"PAN M 360\",\"description\":\"Le m\u00e9dia num\u00e9rique de la musique !\",\"publisher\":{\"@id\":\"https:\\\/\\\/panm360.com\\\/en\\\/#organization\"},\"potentialAction\":[{\"@type\":\"SearchAction\",\"target\":{\"@type\":\"EntryPoint\",\"urlTemplate\":\"https:\\\/\\\/panm360.com\\\/en\\\/?s={search_term_string}\"},\"query-input\":{\"@type\":\"PropertyValueSpecification\",\"valueRequired\":true,\"valueName\":\"search_term_string\"}}],\"inLanguage\":\"en-US\"},{\"@type\":\"Organization\",\"@id\":\"https:\\\/\\\/panm360.com\\\/en\\\/#organization\",\"name\":\"PAN M 360\",\"url\":\"https:\\\/\\\/panm360.com\\\/en\\\/\",\"logo\":{\"@type\":\"ImageObject\",\"inLanguage\":\"en-US\",\"@id\":\"https:\\\/\\\/panm360.com\\\/en\\\/#\\\/schema\\\/logo\\\/image\\\/\",\"url\":\"https:\\\/\\\/panm360.com\\\/wp-content\\\/uploads\\\/2019\\\/12\\\/PAN-M360_Logo_RGB.jpg\",\"contentUrl\":\"https:\\\/\\\/panm360.com\\\/wp-content\\\/uploads\\\/2019\\\/12\\\/PAN-M360_Logo_RGB.jpg\",\"width\":1663,\"height\":631,\"caption\":\"PAN M 360\"},\"image\":{\"@id\":\"https:\\\/\\\/panm360.com\\\/en\\\/#\\\/schema\\\/logo\\\/image\\\/\"},\"sameAs\":[\"https:\\\/\\\/www.facebook.com\\\/panm360\\\/\",\"https:\\\/\\\/x.com\\\/PANM360\",\"https:\\\/\\\/www.instagram.com\\\/panm360\\\/\",\"https:\\\/\\\/www.linkedin.com\\\/company\\\/panm360\\\/\",\"https:\\\/\\\/www.youtube.com\\\/channel\\\/UCHEFHd3UhIrV6EJ3ltzVKOA?view_as=subscriber\"]}]}<\/script>\n<!-- \/ Yoast SEO plugin. -->","yoast_head_json":{"title":"FME 2026 :\u00a0Erika Hagen au Caf\u00e9-bar L\u2019Abstracto - PAN M 360","robots":{"index":"index","follow":"follow","max-snippet":"max-snippet:-1","max-image-preview":"max-image-preview:large","max-video-preview":"max-video-preview:-1"},"canonical":"https:\/\/panm360.com\/en\/agenda\/fme-2026-erika-hagen-au-cafe-bar-labstracto\/","og_locale":"en_US","og_type":"article","og_title":"FME 2026 :\u00a0Erika Hagen au Caf\u00e9-bar L\u2019Abstracto - PAN M 360","og_description":"Erika Hagen, alias musical de l&#8217;artiste multidisciplinaire \u00c9rika Hagen-Veilleux, est un projet intime et fougueux, qui s&#8217;inscrit dans la grande famille du indie-rock-folk garage. Inspir\u00e9e de po\u00e8tes comme Patrice Desbiens, du courant des Riot Grrrls ainsi que d&#8217;artistes comme Courtney Barnett, Adrianne Lenker et Avec pas d\u2019casque, ses chansons sont \u00e0 la fois irr\u00e9v\u00e9rencieuses et [&hellip;]","og_url":"https:\/\/panm360.com\/en\/agenda\/fme-2026-erika-hagen-au-cafe-bar-labstracto\/","og_site_name":"PAN M 360","article_publisher":"https:\/\/www.facebook.com\/panm360\/","article_modified_time":"2026-09-05T06:33:00+00:00","og_image":[{"width":1024,"height":640,"url":"https:\/\/panm360.com\/wp-content\/uploads\/2026\/09\/ERIKAHAGEN_1024x640-1024x640-1.jpg","type":"image\/jpeg"}],"twitter_card":"summary_large_image","twitter_site":"@PANM360","twitter_misc":{"Est. reading time":"3 minutes"},"schema":{"@context":"https:\/\/schema.org","@graph":[{"@type":"WebPage","@id":"https:\/\/panm360.com\/en\/agenda\/fme-2026-erika-hagen-au-cafe-bar-labstracto\/","url":"https:\/\/panm360.com\/en\/agenda\/fme-2026-erika-hagen-au-cafe-bar-labstracto\/","name":"FME 2026 :\u00a0Erika Hagen au Caf\u00e9-bar L\u2019Abstracto - PAN M 360","isPartOf":{"@id":"https:\/\/panm360.com\/en\/#website"},"primaryImageOfPage":{"@id":"https:\/\/panm360.com\/en\/agenda\/fme-2026-erika-hagen-au-cafe-bar-labstracto\/#primaryimage"},"image":{"@id":"https:\/\/panm360.com\/en\/agenda\/fme-2026-erika-hagen-au-cafe-bar-labstracto\/#primaryimage"},"thumbnailUrl":"https:\/\/panm360.com\/wp-content\/uploads\/2026\/09\/ERIKAHAGEN_1024x640-1024x640-1.jpg","datePublished":"2026-06-09T06:17:42+00:00","dateModified":"2026-09-05T06:33:00+00:00","breadcrumb":{"@id":"https:\/\/panm360.com\/en\/agenda\/fme-2026-erika-hagen-au-cafe-bar-labstracto\/#breadcrumb"},"inLanguage":"en-US","potentialAction":[{"@type":"ReadAction","target":["https:\/\/panm360.com\/en\/agenda\/fme-2026-erika-hagen-au-cafe-bar-labstracto\/"]}]},{"@type":"ImageObject","inLanguage":"en-US","@id":"https:\/\/panm360.com\/en\/agenda\/fme-2026-erika-hagen-au-cafe-bar-labstracto\/#primaryimage","url":"https:\/\/panm360.com\/wp-content\/uploads\/2026\/09\/ERIKAHAGEN_1024x640-1024x640-1.jpg","contentUrl":"https:\/\/panm360.com\/wp-content\/uploads\/2026\/09\/ERIKAHAGEN_1024x640-1024x640-1.jpg","width":1024,"height":640},{"@type":"BreadcrumbList","@id":"https:\/\/panm360.com\/en\/agenda\/fme-2026-erika-hagen-au-cafe-bar-labstracto\/#breadcrumb","itemListElement":[{"@type":"ListItem","position":1,"name":"Accueil","item":"https:\/\/panm360.com\/en\/"},{"@type":"ListItem","position":2,"name":"Listings","item":"https:\/\/panm360.com\/en\/agenda\/"},{"@type":"ListItem","position":3,"name":"FME 2026 :\u00a0Erika Hagen au Caf\u00e9-bar L\u2019Abstracto"}]},{"@type":"WebSite","@id":"https:\/\/panm360.com\/en\/#website","url":"https:\/\/panm360.com\/en\/","name":"PAN M 360","description":"Le m\u00e9dia num\u00e9rique de la musique !","publisher":{"@id":"https:\/\/panm360.com\/en\/#organization"},"potentialAction":[{"@type":"SearchAction","target":{"@type":"EntryPoint","urlTemplate":"https:\/\/panm360.com\/en\/?s={search_term_string}"},"query-input":{"@type":"PropertyValueSpecification","valueRequired":true,"valueName":"search_term_string"}}],"inLanguage":"en-US"},{"@type":"Organization","@id":"https:\/\/panm360.com\/en\/#organization","name":"PAN M 360","url":"https:\/\/panm360.com\/en\/","logo":{"@type":"ImageObject","inLanguage":"en-US","@id":"https:\/\/panm360.com\/en\/#\/schema\/logo\/image\/","url":"https:\/\/panm360.com\/wp-content\/uploads\/2019\/12\/PAN-M360_Logo_RGB.jpg","contentUrl":"https:\/\/panm360.com\/wp-content\/uploads\/2019\/12\/PAN-M360_Logo_RGB.jpg","width":1663,"height":631,"caption":"PAN M 360"},"image":{"@id":"https:\/\/panm360.com\/en\/#\/schema\/logo\/image\/"},"sameAs":["https:\/\/www.facebook.com\/panm360\/","https:\/\/x.com\/PANM360","https:\/\/www.instagram.com\/panm360\/","https:\/\/www.linkedin.com\/company\/panm360\/","https:\/\/www.youtube.com\/channel\/UCHEFHd3UhIrV6EJ3ltzVKOA?view_as=subscriber"]}]}},"_links":{"self":[{"href":"https:\/\/panm360.com\/en\/wp-json\/wp\/v2\/agenda\/164372","targetHints":{"allow":["GET"]}}],"collection":[{"href":"https:\/\/panm360.com\/en\/wp-json\/wp\/v2\/agenda"}],"about":[{"href":"https:\/\/panm360.com\/en\/wp-json\/wp\/v2\/types\/agenda"}],"author":[{"embeddable":true,"href":"https:\/\/panm360.com\/en\/wp-json\/wp\/v2\/users\/936"}],"wp:featuredmedia":[{"embeddable":true,"href":"https:\/\/panm360.com\/en\/wp-json\/wp\/v2\/media\/164370"}],"wp:attachment":[{"href":"https:\/\/panm360.com\/en\/wp-json\/wp\/v2\/media?parent=164372"}],"wp:term":[{"taxonomy":"category","embeddable":true,"href":"https:\/\/panm360.com\/en\/wp-json\/wp\/v2\/categories?post=164372"},{"taxonomy":"post_tag","embeddable":true,"href":"https:\/\/panm360.com\/en\/wp-json\/wp\/v2\/tags?post=164372"},{"taxonomy":"generale","embeddable":true,"href":"https:\/\/panm360.com\/en\/wp-json\/wp\/v2\/generale?post=164372"},{"taxonomy":"genre","embeddable":true,"href":"https:\/\/panm360.com\/en\/wp-json\/wp\/v2\/genre?post=164372"},{"taxonomy":"pays","embeddable":true,"href":"https:\/\/panm360.com\/en\/wp-json\/wp\/v2\/pays?post=164372"},{"taxonomy":"salle","embeddable":true,"href":"https:\/\/panm360.com\/en\/wp-json\/wp\/v2\/salle?post=164372"},{"taxonomy":"ville","embeddable":true,"href":"https:\/\/panm360.com\/en\/wp-json\/wp\/v2\/ville?post=164372"}],"curies":[{"name":"wp","href":"https:\/\/api.w.org\/{rel}","templated":true}]}}