{"id":164366,"date":"2026-06-10T02:05:05","date_gmt":"2026-06-10T06:05:05","guid":{"rendered":"https:\/\/panm360.com\/?post_type=agenda&#038;p=164366"},"modified":"2026-09-05T02:17:17","modified_gmt":"2026-09-05T06:17:17","slug":"fme-2026-fin-de-soiree-thee-soreheads-et-dogo-suicide-a-lagora-des-arts","status":"publish","type":"agenda","link":"https:\/\/panm360.com\/en\/agenda\/fme-2026-fin-de-soiree-thee-soreheads-et-dogo-suicide-a-lagora-des-arts\/","title":{"rendered":"FME 2026 :\u00a0FIN DE SOIR\u00c9E \u2013 Thee Soreheads et Dogo Suicide \u00e0 l&#8217;Agora des Arts"},"content":{"rendered":"\n<p class=\"wp-block-paragraph\"><strong>Dogo Suicide (1h)<\/strong><\/p>\n\n\n\n<p class=\"wp-block-paragraph\">Dans l\u2019esprit que chaque concert pourrait \u00eatre le dernier &#8211; un groupe nomm\u00e9 Dogo Suicide a toutes les raisons du monde de mourir pr\u00e9matur\u00e9ment &#8211; le trio noise rock de Qu\u00e9bec s\u2019est rapidement fait remarquer autant pour ses prestations d\u00e9chain\u00e9es que pour l\u2019odeur de plastique br\u00fbl\u00e9 qui empeste les salles \u00e0 leur sortie de sc\u00e8ne ; la l\u00e9gende veut que les amplis de basse seraient allergiques aux malveillants powerchords de leur bassiste. Tout en \u00e9tant inspir\u00e9 par l\u2019ambiance des tavernes mal fam\u00e9es de la basse-ville de Qu\u00e9bec, le trio se pla\u00eet \u00e0 naviguer parmi les influences multiples de ses membres tout en jouant avec les codes du punk avec d\u00e9sinvolture et imp\u00e9tuosit\u00e9. Les chroniqueurs, journalistes et podcasteurs ont toujours \u00e9prouv\u00e9 une certaine difficult\u00e9 \u00e0 qualifier le genre musical de Dogo Suicide. Voici enfin une r\u00e9ponse \u00e9clair\u00e9e : post-toute mais assez punk dans l\u2019ensemble. Mention honorable \u00e0 la bienveillante chroniqueuse qui a un jour dit que \u00ab les restreindre \u00e0 un groupe de punk serait l\u2019\u00e9quivalent d\u2019affirmer que les Mr.Puffs ne sont qu\u2019un dessert.\u00bb M\u00eame s\u2019il n\u2019a pas encore fait para\u00eetre son premier album, Dogo Suicide embrasse sa tendance hyperactive depuis la sortie de son premier EP \u00ab Sexe pour les yeux \u00bb en septembre 2021. En effet, le jeune trio s\u2019est depuis pr\u00e9sent\u00e9 sur sc\u00e8ne pr\u00e8s de 100 fois et a fait para\u00eetre plusieurs EPs qui furent tous nomin\u00e9s au Gala alternatif de la Musique ind\u00e9pendante Qu\u00e9b\u00e9coise.<\/p>\n\n\n\n<p class=\"wp-block-paragraph\">In the spirit that every concert could be the last &#8211; a band named Dogo Suicide has all the reasons in the world to die prematurely &#8211; The noise rock trio from Quebec was quickly noticed as much for their wild performances as for the smell of burnt plastic that fills the halls when they leave the stage; legend has it that bass amps are allergic to their bassist\u2019s malicious powerchords. While being inspired by the atmosphere of the unfamous taverns of Lower Town, the trio likes to navigate among the multiple influences of its members while playing with punk codes with casualness and impetuosity. Chroniclers, journalists and podcasters have always found it difficult to describe the musical genre of Dogo Suicide. Here is finally an enlightened answer: post-all but quite punk overall. Honorable mention to the benevolent columnist who once said that &#8220;restricting them to a punk band would be the equivalent of saying that Mr.Puffs are just a dessert.&#8221; Even though he has not yet released his first album, Dogo Suicide embraces his hyperactive trend since the release of his first EP &#8220;Sex for the eyes&#8221; in September 2021. Indeed, the young trio has since appeared on stage nearly 100 times and released several EPs that were all nominated at the Gala alternatif de la Musique ind\u00e9pendante Qu\u00e9b\u00e9coise.<\/p>\n\n\n\n<p class=\"wp-block-paragraph\"><strong>Thee Soreheads (00h)<\/strong><\/p>\n\n\n\n<p class=\"wp-block-paragraph\">Form\u00e9 \u00e0 Montr\u00e9al en 2023, Thee Soreheads est un groupe punk \u00e0 front f\u00e9minin construit autour de guitares bruyantes, de hooks accrocheurs et d\u2019une tol\u00e9rance z\u00e9ro pour les conneries. Chantant en anglais, et en espagnol, le groupe \u00e9crit des chansons rapides et bruyantes sur la masculinit\u00e9 toxique, le sexisme, la frustration et le chaos g\u00e9n\u00e9ral de la vie. Inspir\u00e9 par l\u2019\u00e9nergie brute de Bikini Kill, Thee Headcoats et le swagger compl\u00e8tement d\u00e9jant\u00e9 de Amyl and the Sniffers, Thee Soreheads am\u00e8ne intensit\u00e9, humour et un vrai esprit DIY \u00e0 chaque show. 2025 a marqu\u00e9 une grosse ann\u00e9e pour le groupe avec la sortie de leur premier EP, I\u2019m Not Your Fucking Sex Doll, ainsi qu\u2019une premi\u00e8re partie pour GrimSkunk lors d\u2019un spectacle \u00e0 guichets ferm\u00e9s au MTELUS. Depuis, \u00e7a ne fait que monter. En 2026, le groupe a jou\u00e9 au Taverne Tour, remport\u00e9 le Prix du Public au Cabaret Festif!, donn\u00e9 un show \u00e0 guichets ferm\u00e9s aux Foufounes \u00c9lectriques diffus\u00e9 en direct sur Radio-Canada, et brass\u00e9 la cage au Sled Island \u00e0 Calgary. Avec plusieurs festivals au Qu\u00e9bec et en Ontario d\u00e9j\u00e0 derri\u00e8re elles et encore beaucoup de bruit \u00e0 faire, Thee Soreheads ne font que commencer.<\/p>\n\n\n\n<p class=\"wp-block-paragraph\">Formed in Montreal in 2023, Thee Soreheads is a women\u2019s-front punk band built around loud guitars, catchy hooks, and zero tolerance for bullshit. Singing in both English and Spanish, the band writes fast and loud songs about toxic masculinity, sexism, frustration and the general chaos of life. Inspired by the raw energy of Bikini Kill, Thee Headcoats and the completely crazy swagger of Amyl and the Sniffers, Thee Soreheads brings intensity, humor and a real DIY spirit to each show. 2025 marked a big year for the band with the release of their debut EP, I\u2019m Not Your Fucking Sex Doll, as well as an opening act for GrimSkunk during a sold-out show at MTELUS. Since then, it\u2019s only been getting better. In 2026, the group played at the Taverne Tour and won the Audience Award at the Cabaret Festif! , gave a sold-out show to Les Foufounes \u00c9lectriques broadcast live on Radio-Canada, and brewed the cage at Sled Island in Calgary. With several festivals in Quebec and Ontario already behind them and still a lot of noise to make, Thee Soreheads have only just begun.<\/p>\n\n\n\n<p class=\"wp-block-paragraph\"><strong><a href=\"https:\/\/www.fmeat.org\/billetterie\/\">POUR ACHETER VOTRE BILLET, C\u2019EST ICI!<\/a><\/strong><\/p>\n\n\n\n<iframe data-testid=\"embed-iframe\" style=\"border-radius:12px\" src=\"https:\/\/open.spotify.com\/embed\/artist\/1lXg4SS0FSJVRiWq98On85?utm_source=generator&#038;si=c0327108bd2c4794\" width=\"100%\" height=\"352\" frameBorder=\"0\" allowfullscreen=\"\" allow=\"autoplay; clipboard-write; encrypted-media; fullscreen; picture-in-picture\" loading=\"lazy\"><\/iframe>\n\n\n\n<p class=\"wp-block-paragraph\"><strong><em>Ce contenu provient&nbsp;du Festival de musique \u00e9mergente en Abitibi-T\u00e9miscamingue&nbsp;et est adapt\u00e9 par PAN M 360<\/em><\/strong><a href=\"https:\/\/www.facebook.com\/kevinsaundersonofficial\" target=\"_blank\" rel=\"noopener\"><\/a><a href=\"https:\/\/www.instagram.com\/kevinsaunderson\/\" target=\"_blank\" rel=\"noopener\"><\/a><a href=\"https:\/\/soundcloud.com\/kevinsaunderson\" target=\"_blank\" rel=\"noopener\"><\/a><a href=\"https:\/\/open.spotify.com\/artist\/7Mb2QpmkC5kzR4UV6rkzLZ\" target=\"_blank\" rel=\"noopener\"><\/a><a href=\"https:\/\/www.facebook.com\/kevinsaundersonofficial\" target=\"_blank\" rel=\"noopener\"><\/a><a href=\"https:\/\/www.instagram.com\/kevinsaunderson\/\" target=\"_blank\" rel=\"noopener\"><\/a><a href=\"https:\/\/soundcloud.com\/kevinsaunderson\" target=\"_blank\" rel=\"noopener\"><\/a><a href=\"https:\/\/open.spotify.com\/artist\/7Mb2QpmkC5kzR4UV6rkzLZ\" target=\"_blank\" rel=\"noopener\"><\/a><\/p>\n","protected":false},"excerpt":{"rendered":"<p>Dogo Suicide (1h) Dans l\u2019esprit que chaque concert pourrait \u00eatre le dernier &#8211; un groupe nomm\u00e9 Dogo Suicide a toutes les raisons du monde de mourir pr\u00e9matur\u00e9ment &#8211; le trio noise rock de Qu\u00e9bec s\u2019est rapidement fait remarquer autant pour ses prestations d\u00e9chain\u00e9es que pour l\u2019odeur de plastique br\u00fbl\u00e9 qui empeste les salles \u00e0 leur [&hellip;]<\/p>\n","protected":false},"author":936,"featured_media":164365,"menu_order":0,"template":"","format":"standard","meta":{"_acf_changed":true},"categories":[4322],"tags":[],"generale":[3814],"genre":[4204,4208,6201],"pays":[3828],"salle":[10237],"ville":[7283],"class_list":["post-164366","agenda","type-agenda","status-publish","format-standard","has-post-thumbnail","hentry","category-listings-360","generale-lire-en","genre-garage-punk-en","genre-noise-rock-en","genre-punk-rock-en","pays-canada-en","salle-agora-des-arts-170-avenue-murdoch-2-en","ville-rouyn-noranda-en"],"acf":[],"yoast_head":"<!-- This site is optimized with the Yoast SEO plugin v28.3 - https:\/\/yoast.com\/product\/yoast-seo-wordpress\/ -->\n<title>FME 2026 :\u00a0FIN DE SOIR\u00c9E \u2013 Thee Soreheads et Dogo Suicide \u00e0 l&#039;Agora des Arts - PAN M 360<\/title>\n<meta name=\"robots\" content=\"index, follow, max-snippet:-1, max-image-preview:large, max-video-preview:-1\" \/>\n<link rel=\"canonical\" href=\"https:\/\/panm360.com\/en\/agenda\/fme-2026-fin-de-soiree-thee-soreheads-et-dogo-suicide-a-lagora-des-arts\/\" \/>\n<meta property=\"og:locale\" content=\"en_US\" \/>\n<meta property=\"og:type\" content=\"article\" \/>\n<meta property=\"og:title\" content=\"FME 2026 :\u00a0FIN DE SOIR\u00c9E \u2013 Thee Soreheads et Dogo Suicide \u00e0 l&#039;Agora des Arts - PAN M 360\" \/>\n<meta property=\"og:description\" content=\"Dogo Suicide (1h) Dans l\u2019esprit que chaque concert pourrait \u00eatre le dernier &#8211; un groupe nomm\u00e9 Dogo Suicide a toutes les raisons du monde de mourir pr\u00e9matur\u00e9ment &#8211; le trio noise rock de Qu\u00e9bec s\u2019est rapidement fait remarquer autant pour ses prestations d\u00e9chain\u00e9es que pour l\u2019odeur de plastique br\u00fbl\u00e9 qui empeste les salles \u00e0 leur [&hellip;]\" \/>\n<meta property=\"og:url\" content=\"https:\/\/panm360.com\/en\/agenda\/fme-2026-fin-de-soiree-thee-soreheads-et-dogo-suicide-a-lagora-des-arts\/\" \/>\n<meta property=\"og:site_name\" content=\"PAN M 360\" \/>\n<meta property=\"article:publisher\" content=\"https:\/\/www.facebook.com\/panm360\/\" \/>\n<meta property=\"article:modified_time\" content=\"2026-09-05T06:17:17+00:00\" \/>\n<meta property=\"og:image\" content=\"https:\/\/panm360.com\/wp-content\/uploads\/2026\/09\/THEESOREHEADS_1024x640_COMBINEE-1024x640-1.jpg\" \/>\n\t<meta property=\"og:image:width\" content=\"1024\" \/>\n\t<meta property=\"og:image:height\" content=\"640\" \/>\n\t<meta property=\"og:image:type\" content=\"image\/jpeg\" \/>\n<meta name=\"twitter:card\" content=\"summary_large_image\" \/>\n<meta name=\"twitter:site\" content=\"@PANM360\" \/>\n<meta name=\"twitter:label1\" content=\"Est. reading time\" \/>\n\t<meta name=\"twitter:data1\" content=\"5 minutes\" \/>\n<script type=\"application\/ld+json\" class=\"yoast-schema-graph\">{\"@context\":\"https:\\\/\\\/schema.org\",\"@graph\":[{\"@type\":\"WebPage\",\"@id\":\"https:\\\/\\\/panm360.com\\\/en\\\/agenda\\\/fme-2026-fin-de-soiree-thee-soreheads-et-dogo-suicide-a-lagora-des-arts\\\/\",\"url\":\"https:\\\/\\\/panm360.com\\\/en\\\/agenda\\\/fme-2026-fin-de-soiree-thee-soreheads-et-dogo-suicide-a-lagora-des-arts\\\/\",\"name\":\"FME 2026 :\u00a0FIN DE SOIR\u00c9E \u2013 Thee Soreheads et Dogo Suicide \u00e0 l'Agora des Arts - PAN M 360\",\"isPartOf\":{\"@id\":\"https:\\\/\\\/panm360.com\\\/en\\\/#website\"},\"primaryImageOfPage\":{\"@id\":\"https:\\\/\\\/panm360.com\\\/en\\\/agenda\\\/fme-2026-fin-de-soiree-thee-soreheads-et-dogo-suicide-a-lagora-des-arts\\\/#primaryimage\"},\"image\":{\"@id\":\"https:\\\/\\\/panm360.com\\\/en\\\/agenda\\\/fme-2026-fin-de-soiree-thee-soreheads-et-dogo-suicide-a-lagora-des-arts\\\/#primaryimage\"},\"thumbnailUrl\":\"https:\\\/\\\/panm360.com\\\/wp-content\\\/uploads\\\/2026\\\/09\\\/THEESOREHEADS_1024x640_COMBINEE-1024x640-1.jpg\",\"datePublished\":\"2026-06-10T06:05:05+00:00\",\"dateModified\":\"2026-09-05T06:17:17+00:00\",\"breadcrumb\":{\"@id\":\"https:\\\/\\\/panm360.com\\\/en\\\/agenda\\\/fme-2026-fin-de-soiree-thee-soreheads-et-dogo-suicide-a-lagora-des-arts\\\/#breadcrumb\"},\"inLanguage\":\"en-US\",\"potentialAction\":[{\"@type\":\"ReadAction\",\"target\":[\"https:\\\/\\\/panm360.com\\\/en\\\/agenda\\\/fme-2026-fin-de-soiree-thee-soreheads-et-dogo-suicide-a-lagora-des-arts\\\/\"]}]},{\"@type\":\"ImageObject\",\"inLanguage\":\"en-US\",\"@id\":\"https:\\\/\\\/panm360.com\\\/en\\\/agenda\\\/fme-2026-fin-de-soiree-thee-soreheads-et-dogo-suicide-a-lagora-des-arts\\\/#primaryimage\",\"url\":\"https:\\\/\\\/panm360.com\\\/wp-content\\\/uploads\\\/2026\\\/09\\\/THEESOREHEADS_1024x640_COMBINEE-1024x640-1.jpg\",\"contentUrl\":\"https:\\\/\\\/panm360.com\\\/wp-content\\\/uploads\\\/2026\\\/09\\\/THEESOREHEADS_1024x640_COMBINEE-1024x640-1.jpg\",\"width\":1024,\"height\":640},{\"@type\":\"BreadcrumbList\",\"@id\":\"https:\\\/\\\/panm360.com\\\/en\\\/agenda\\\/fme-2026-fin-de-soiree-thee-soreheads-et-dogo-suicide-a-lagora-des-arts\\\/#breadcrumb\",\"itemListElement\":[{\"@type\":\"ListItem\",\"position\":1,\"name\":\"Accueil\",\"item\":\"https:\\\/\\\/panm360.com\\\/en\\\/\"},{\"@type\":\"ListItem\",\"position\":2,\"name\":\"Listings\",\"item\":\"https:\\\/\\\/panm360.com\\\/en\\\/agenda\\\/\"},{\"@type\":\"ListItem\",\"position\":3,\"name\":\"FME 2026 :\u00a0FIN DE SOIR\u00c9E \u2013 Thee Soreheads et Dogo Suicide \u00e0 l&rsquo;Agora des Arts\"}]},{\"@type\":\"WebSite\",\"@id\":\"https:\\\/\\\/panm360.com\\\/en\\\/#website\",\"url\":\"https:\\\/\\\/panm360.com\\\/en\\\/\",\"name\":\"PAN M 360\",\"description\":\"Le m\u00e9dia num\u00e9rique de la musique !\",\"publisher\":{\"@id\":\"https:\\\/\\\/panm360.com\\\/en\\\/#organization\"},\"potentialAction\":[{\"@type\":\"SearchAction\",\"target\":{\"@type\":\"EntryPoint\",\"urlTemplate\":\"https:\\\/\\\/panm360.com\\\/en\\\/?s={search_term_string}\"},\"query-input\":{\"@type\":\"PropertyValueSpecification\",\"valueRequired\":true,\"valueName\":\"search_term_string\"}}],\"inLanguage\":\"en-US\"},{\"@type\":\"Organization\",\"@id\":\"https:\\\/\\\/panm360.com\\\/en\\\/#organization\",\"name\":\"PAN M 360\",\"url\":\"https:\\\/\\\/panm360.com\\\/en\\\/\",\"logo\":{\"@type\":\"ImageObject\",\"inLanguage\":\"en-US\",\"@id\":\"https:\\\/\\\/panm360.com\\\/en\\\/#\\\/schema\\\/logo\\\/image\\\/\",\"url\":\"https:\\\/\\\/panm360.com\\\/wp-content\\\/uploads\\\/2019\\\/12\\\/PAN-M360_Logo_RGB.jpg\",\"contentUrl\":\"https:\\\/\\\/panm360.com\\\/wp-content\\\/uploads\\\/2019\\\/12\\\/PAN-M360_Logo_RGB.jpg\",\"width\":1663,\"height\":631,\"caption\":\"PAN M 360\"},\"image\":{\"@id\":\"https:\\\/\\\/panm360.com\\\/en\\\/#\\\/schema\\\/logo\\\/image\\\/\"},\"sameAs\":[\"https:\\\/\\\/www.facebook.com\\\/panm360\\\/\",\"https:\\\/\\\/x.com\\\/PANM360\",\"https:\\\/\\\/www.instagram.com\\\/panm360\\\/\",\"https:\\\/\\\/www.linkedin.com\\\/company\\\/panm360\\\/\",\"https:\\\/\\\/www.youtube.com\\\/channel\\\/UCHEFHd3UhIrV6EJ3ltzVKOA?view_as=subscriber\"]}]}<\/script>\n<!-- \/ Yoast SEO plugin. -->","yoast_head_json":{"title":"FME 2026 :\u00a0FIN DE SOIR\u00c9E \u2013 Thee Soreheads et Dogo Suicide \u00e0 l'Agora des Arts - PAN M 360","robots":{"index":"index","follow":"follow","max-snippet":"max-snippet:-1","max-image-preview":"max-image-preview:large","max-video-preview":"max-video-preview:-1"},"canonical":"https:\/\/panm360.com\/en\/agenda\/fme-2026-fin-de-soiree-thee-soreheads-et-dogo-suicide-a-lagora-des-arts\/","og_locale":"en_US","og_type":"article","og_title":"FME 2026 :\u00a0FIN DE SOIR\u00c9E \u2013 Thee Soreheads et Dogo Suicide \u00e0 l'Agora des Arts - PAN M 360","og_description":"Dogo Suicide (1h) Dans l\u2019esprit que chaque concert pourrait \u00eatre le dernier &#8211; un groupe nomm\u00e9 Dogo Suicide a toutes les raisons du monde de mourir pr\u00e9matur\u00e9ment &#8211; le trio noise rock de Qu\u00e9bec s\u2019est rapidement fait remarquer autant pour ses prestations d\u00e9chain\u00e9es que pour l\u2019odeur de plastique br\u00fbl\u00e9 qui empeste les salles \u00e0 leur [&hellip;]","og_url":"https:\/\/panm360.com\/en\/agenda\/fme-2026-fin-de-soiree-thee-soreheads-et-dogo-suicide-a-lagora-des-arts\/","og_site_name":"PAN M 360","article_publisher":"https:\/\/www.facebook.com\/panm360\/","article_modified_time":"2026-09-05T06:17:17+00:00","og_image":[{"width":1024,"height":640,"url":"https:\/\/panm360.com\/wp-content\/uploads\/2026\/09\/THEESOREHEADS_1024x640_COMBINEE-1024x640-1.jpg","type":"image\/jpeg"}],"twitter_card":"summary_large_image","twitter_site":"@PANM360","twitter_misc":{"Est. reading time":"5 minutes"},"schema":{"@context":"https:\/\/schema.org","@graph":[{"@type":"WebPage","@id":"https:\/\/panm360.com\/en\/agenda\/fme-2026-fin-de-soiree-thee-soreheads-et-dogo-suicide-a-lagora-des-arts\/","url":"https:\/\/panm360.com\/en\/agenda\/fme-2026-fin-de-soiree-thee-soreheads-et-dogo-suicide-a-lagora-des-arts\/","name":"FME 2026 :\u00a0FIN DE SOIR\u00c9E \u2013 Thee Soreheads et Dogo Suicide \u00e0 l'Agora des Arts - PAN M 360","isPartOf":{"@id":"https:\/\/panm360.com\/en\/#website"},"primaryImageOfPage":{"@id":"https:\/\/panm360.com\/en\/agenda\/fme-2026-fin-de-soiree-thee-soreheads-et-dogo-suicide-a-lagora-des-arts\/#primaryimage"},"image":{"@id":"https:\/\/panm360.com\/en\/agenda\/fme-2026-fin-de-soiree-thee-soreheads-et-dogo-suicide-a-lagora-des-arts\/#primaryimage"},"thumbnailUrl":"https:\/\/panm360.com\/wp-content\/uploads\/2026\/09\/THEESOREHEADS_1024x640_COMBINEE-1024x640-1.jpg","datePublished":"2026-06-10T06:05:05+00:00","dateModified":"2026-09-05T06:17:17+00:00","breadcrumb":{"@id":"https:\/\/panm360.com\/en\/agenda\/fme-2026-fin-de-soiree-thee-soreheads-et-dogo-suicide-a-lagora-des-arts\/#breadcrumb"},"inLanguage":"en-US","potentialAction":[{"@type":"ReadAction","target":["https:\/\/panm360.com\/en\/agenda\/fme-2026-fin-de-soiree-thee-soreheads-et-dogo-suicide-a-lagora-des-arts\/"]}]},{"@type":"ImageObject","inLanguage":"en-US","@id":"https:\/\/panm360.com\/en\/agenda\/fme-2026-fin-de-soiree-thee-soreheads-et-dogo-suicide-a-lagora-des-arts\/#primaryimage","url":"https:\/\/panm360.com\/wp-content\/uploads\/2026\/09\/THEESOREHEADS_1024x640_COMBINEE-1024x640-1.jpg","contentUrl":"https:\/\/panm360.com\/wp-content\/uploads\/2026\/09\/THEESOREHEADS_1024x640_COMBINEE-1024x640-1.jpg","width":1024,"height":640},{"@type":"BreadcrumbList","@id":"https:\/\/panm360.com\/en\/agenda\/fme-2026-fin-de-soiree-thee-soreheads-et-dogo-suicide-a-lagora-des-arts\/#breadcrumb","itemListElement":[{"@type":"ListItem","position":1,"name":"Accueil","item":"https:\/\/panm360.com\/en\/"},{"@type":"ListItem","position":2,"name":"Listings","item":"https:\/\/panm360.com\/en\/agenda\/"},{"@type":"ListItem","position":3,"name":"FME 2026 :\u00a0FIN DE SOIR\u00c9E \u2013 Thee Soreheads et Dogo Suicide \u00e0 l&rsquo;Agora des Arts"}]},{"@type":"WebSite","@id":"https:\/\/panm360.com\/en\/#website","url":"https:\/\/panm360.com\/en\/","name":"PAN M 360","description":"Le m\u00e9dia num\u00e9rique de la musique !","publisher":{"@id":"https:\/\/panm360.com\/en\/#organization"},"potentialAction":[{"@type":"SearchAction","target":{"@type":"EntryPoint","urlTemplate":"https:\/\/panm360.com\/en\/?s={search_term_string}"},"query-input":{"@type":"PropertyValueSpecification","valueRequired":true,"valueName":"search_term_string"}}],"inLanguage":"en-US"},{"@type":"Organization","@id":"https:\/\/panm360.com\/en\/#organization","name":"PAN M 360","url":"https:\/\/panm360.com\/en\/","logo":{"@type":"ImageObject","inLanguage":"en-US","@id":"https:\/\/panm360.com\/en\/#\/schema\/logo\/image\/","url":"https:\/\/panm360.com\/wp-content\/uploads\/2019\/12\/PAN-M360_Logo_RGB.jpg","contentUrl":"https:\/\/panm360.com\/wp-content\/uploads\/2019\/12\/PAN-M360_Logo_RGB.jpg","width":1663,"height":631,"caption":"PAN M 360"},"image":{"@id":"https:\/\/panm360.com\/en\/#\/schema\/logo\/image\/"},"sameAs":["https:\/\/www.facebook.com\/panm360\/","https:\/\/x.com\/PANM360","https:\/\/www.instagram.com\/panm360\/","https:\/\/www.linkedin.com\/company\/panm360\/","https:\/\/www.youtube.com\/channel\/UCHEFHd3UhIrV6EJ3ltzVKOA?view_as=subscriber"]}]}},"_links":{"self":[{"href":"https:\/\/panm360.com\/en\/wp-json\/wp\/v2\/agenda\/164366","targetHints":{"allow":["GET"]}}],"collection":[{"href":"https:\/\/panm360.com\/en\/wp-json\/wp\/v2\/agenda"}],"about":[{"href":"https:\/\/panm360.com\/en\/wp-json\/wp\/v2\/types\/agenda"}],"author":[{"embeddable":true,"href":"https:\/\/panm360.com\/en\/wp-json\/wp\/v2\/users\/936"}],"wp:featuredmedia":[{"embeddable":true,"href":"https:\/\/panm360.com\/en\/wp-json\/wp\/v2\/media\/164365"}],"wp:attachment":[{"href":"https:\/\/panm360.com\/en\/wp-json\/wp\/v2\/media?parent=164366"}],"wp:term":[{"taxonomy":"category","embeddable":true,"href":"https:\/\/panm360.com\/en\/wp-json\/wp\/v2\/categories?post=164366"},{"taxonomy":"post_tag","embeddable":true,"href":"https:\/\/panm360.com\/en\/wp-json\/wp\/v2\/tags?post=164366"},{"taxonomy":"generale","embeddable":true,"href":"https:\/\/panm360.com\/en\/wp-json\/wp\/v2\/generale?post=164366"},{"taxonomy":"genre","embeddable":true,"href":"https:\/\/panm360.com\/en\/wp-json\/wp\/v2\/genre?post=164366"},{"taxonomy":"pays","embeddable":true,"href":"https:\/\/panm360.com\/en\/wp-json\/wp\/v2\/pays?post=164366"},{"taxonomy":"salle","embeddable":true,"href":"https:\/\/panm360.com\/en\/wp-json\/wp\/v2\/salle?post=164366"},{"taxonomy":"ville","embeddable":true,"href":"https:\/\/panm360.com\/en\/wp-json\/wp\/v2\/ville?post=164366"}],"curies":[{"name":"wp","href":"https:\/\/api.w.org\/{rel}","templated":true}]}}