{"id":164350,"date":"2026-06-08T01:28:10","date_gmt":"2026-06-08T05:28:10","guid":{"rendered":"https:\/\/panm360.com\/?post_type=agenda&#038;p=164350"},"modified":"2026-09-05T01:38:04","modified_gmt":"2026-09-05T05:38:04","slug":"fme-2026-mantisse-au-cafe-bar-labstracto","status":"publish","type":"agenda","link":"https:\/\/panm360.com\/en\/agenda\/fme-2026-mantisse-au-cafe-bar-labstracto\/","title":{"rendered":"FME 2026 : Mantisse au Caf\u00e9-bar L\u2019Abstracto"},"content":{"rendered":"\n<p class=\"wp-block-paragraph\">Biographie Mantisse &#8211; 2026 Mantisse est un auteur-compositeur-interpr\u00e8te montr\u00e9alais. Form\u00e9 en guitare et en chant d\u00e8s sa jeunesse, il se tourne vers le hip-hop \u00e0 l\u2019adolescence, un style qui devient central dans sa pratique d\u00e8s l\u2019\u00e2ge de 17 ans. En 2016, il cofonde le groupe de rap LaF avec des amis du CEGEP, marquant ainsi ses d\u00e9buts professionnels. Le groupe s\u2019impose rapidement sur la sc\u00e8ne rap et musicale qu\u00e9b\u00e9coise, notamment en remportant Les Francouvertes en 2018. Avec LaF, Mantisse co-\u00e9crit, co-interpr\u00e8te et co-r\u00e9alise trois EPs, trois albums, en plus de lancer un album solo en 2022, sous l\u2019\u00e9tiquette Disques 7i\u00e8me Ciel. Artiste de sc\u00e8ne prolifique et \u00e9nergique, il cumule plus de 300 spectacles \u00e0 travers les bars, salles et grands festivals du Qu\u00e9bec. \u00c0 la fin de 2022, une remise en question identitaire le ram\u00e8ne \u00e0 ses premiers amours musicaux. En voyageant en Europe et en Am\u00e9rique centrale avec sa guitare, et au contact de musicien\u00b7nes issu\u00b7es du rock et de la chanson, il amorce une recherche artistique plus intime, nourrie par la litt\u00e9rature et des r\u00e9flexions sur l\u2019amour, l\u2019amiti\u00e9 et les liens familiaux \u00e0 l\u2019\u00e8re num\u00e9rique. Ce virage marque une transition vers une musique plus personnelle et profonde, explor\u00e9e notamment en collaboration avec \u00c9tienne Copp\u00e9e et Bnjmn.lloyd, qui l\u2019accompagnent respectivement dans l\u2019\u00e9criture, la direction artistique et l\u2019exploration sonore d\u2019une nouvelle esth\u00e9tique folk contemporaine. En 2026, c\u2019est toujours avec son timbre de voix distingu\u00e9 et son sens de la m\u00e9lodie qu\u2019on lui conna\u00eet, qu\u2019il pr\u00e9sentera un premier album sous l\u2019\u00e9tiquette 117 Records, fruit de cette d\u00e9marche personnelle et artistique.<\/p>\n\n\n\n<p class=\"wp-block-paragraph\">Mantisse is a singer-songwriter from Montreal. Trained in guitar and singing from his youth, he turned to hip-hop in adolescence, a style that became central to his practice at the age of 17. In 2016, he co-founded the rap group LaF with friends from CEGEP, marking his professional debut. The group quickly established itself on the Quebec rap and music scene, notably by winning Les Francouvertes in 2018. With LaF, Mantisse co-wrote, co-performed and co-produced three EPs, three albums, in addition to launching a solo album in 2022, under the label Disques 7i\u00e8me Ciel. A prolific and energetic performing artist, he has performed over 300 shows in bars, venues and major festivals across Quebec. At the end of 2022, a questioning of identity brings him back to his first musical love. Traveling in Europe and Central America with his guitar, and in contact with musicians from rock and song, he initiated a more intimate artistic research, nourished by literature and reflections on love, friendship and family ties in the digital age. This shift marks a transition towards a more personal and deep music, explored notably in collaboration with \u00c9tienne Copp\u00e9e and Bnjmn.lloyd, who accompany him respectively in writing, artistic direction and sound exploration of a new contemporary folk aesthetic. In 2026, it is still with his distinguished tone of voice and his sense of melody that we know him, that he will present a first album under the label 117 Records, fruit of this personal and artistic approach.<\/p>\n\n\n\n<p class=\"wp-block-paragraph\"><strong>CE SPECTACLE EST GRATUIT!<\/strong><\/p>\n\n\n\n<iframe data-testid=\"embed-iframe\" style=\"border-radius:12px\" src=\"https:\/\/open.spotify.com\/embed\/artist\/20iPdUZMRpNULtRfv9mJP7?utm_source=generator&#038;si=8232e283f15642f9\" width=\"100%\" height=\"352\" frameBorder=\"0\" allowfullscreen=\"\" allow=\"autoplay; clipboard-write; encrypted-media; fullscreen; picture-in-picture\" loading=\"lazy\"><\/iframe>\n\n\n\n<p class=\"wp-block-paragraph\"><strong><em>Ce contenu provient\u00a0du Festival de musique \u00e9mergente en Abitibi-T\u00e9miscamingue\u00a0et est adapt\u00e9 par PAN M 360<\/em><\/strong><a href=\"https:\/\/www.facebook.com\/kevinsaundersonofficial\" target=\"_blank\" rel=\"noopener\"><\/a><a href=\"https:\/\/www.instagram.com\/kevinsaunderson\/\" target=\"_blank\" rel=\"noopener\"><\/a><a href=\"https:\/\/soundcloud.com\/kevinsaunderson\" target=\"_blank\" rel=\"noopener\"><\/a><a href=\"https:\/\/open.spotify.com\/artist\/7Mb2QpmkC5kzR4UV6rkzLZ\" target=\"_blank\" rel=\"noopener\"><\/a><a href=\"https:\/\/www.facebook.com\/kevinsaundersonofficial\" target=\"_blank\" rel=\"noopener\"><\/a><a href=\"https:\/\/www.instagram.com\/kevinsaunderson\/\" target=\"_blank\" rel=\"noopener\"><\/a><a href=\"https:\/\/soundcloud.com\/kevinsaunderson\" target=\"_blank\" rel=\"noopener\"><\/a><a href=\"https:\/\/open.spotify.com\/artist\/7Mb2QpmkC5kzR4UV6rkzLZ\" target=\"_blank\" rel=\"noopener\"><\/a><\/p>\n","protected":false},"excerpt":{"rendered":"<p>Biographie Mantisse &#8211; 2026 Mantisse est un auteur-compositeur-interpr\u00e8te montr\u00e9alais. Form\u00e9 en guitare et en chant d\u00e8s sa jeunesse, il se tourne vers le hip-hop \u00e0 l\u2019adolescence, un style qui devient central dans sa pratique d\u00e8s l\u2019\u00e2ge de 17 ans. En 2016, il cofonde le groupe de rap LaF avec des amis du CEGEP, marquant ainsi [&hellip;]<\/p>\n","protected":false},"author":936,"featured_media":164349,"menu_order":0,"template":"","format":"standard","meta":{"_acf_changed":true},"categories":[4322],"tags":[],"generale":[3814],"genre":[8941,3161,3199],"pays":[3828],"salle":[10233],"ville":[7283],"class_list":["post-164350","agenda","type-agenda","status-publish","format-standard","has-post-thumbnail","hentry","category-listings-360","generale-lire-en","genre-chanson-keb-franco-en","genre-folk-2","genre-indie-pop-2","pays-canada-en","salle-cafe-bar-labstracto-144-rue-perreault-est-2-en","ville-rouyn-noranda-en"],"acf":[],"yoast_head":"<!-- This site is optimized with the Yoast SEO plugin v28.3 - https:\/\/yoast.com\/product\/yoast-seo-wordpress\/ -->\n<title>FME 2026 : Mantisse au Caf\u00e9-bar L\u2019Abstracto - PAN M 360<\/title>\n<meta name=\"robots\" content=\"index, follow, max-snippet:-1, max-image-preview:large, max-video-preview:-1\" \/>\n<link rel=\"canonical\" href=\"https:\/\/panm360.com\/en\/agenda\/fme-2026-mantisse-au-cafe-bar-labstracto\/\" \/>\n<meta property=\"og:locale\" content=\"en_US\" \/>\n<meta property=\"og:type\" content=\"article\" \/>\n<meta property=\"og:title\" content=\"FME 2026 : Mantisse au Caf\u00e9-bar L\u2019Abstracto - PAN M 360\" \/>\n<meta property=\"og:description\" content=\"Biographie Mantisse &#8211; 2026 Mantisse est un auteur-compositeur-interpr\u00e8te montr\u00e9alais. Form\u00e9 en guitare et en chant d\u00e8s sa jeunesse, il se tourne vers le hip-hop \u00e0 l\u2019adolescence, un style qui devient central dans sa pratique d\u00e8s l\u2019\u00e2ge de 17 ans. En 2016, il cofonde le groupe de rap LaF avec des amis du CEGEP, marquant ainsi [&hellip;]\" \/>\n<meta property=\"og:url\" content=\"https:\/\/panm360.com\/en\/agenda\/fme-2026-mantisse-au-cafe-bar-labstracto\/\" \/>\n<meta property=\"og:site_name\" content=\"PAN M 360\" \/>\n<meta property=\"article:publisher\" content=\"https:\/\/www.facebook.com\/panm360\/\" \/>\n<meta property=\"article:modified_time\" content=\"2026-09-05T05:38:04+00:00\" \/>\n<meta property=\"og:image\" content=\"https:\/\/panm360.com\/wp-content\/uploads\/2026\/09\/MANTISSE_1024x640-1-1024x640-1.jpg\" \/>\n\t<meta property=\"og:image:width\" content=\"1024\" \/>\n\t<meta property=\"og:image:height\" content=\"640\" \/>\n\t<meta property=\"og:image:type\" content=\"image\/jpeg\" \/>\n<meta name=\"twitter:card\" content=\"summary_large_image\" \/>\n<meta name=\"twitter:site\" content=\"@PANM360\" \/>\n<meta name=\"twitter:label1\" content=\"Est. reading time\" \/>\n\t<meta name=\"twitter:data1\" content=\"3 minutes\" \/>\n<script type=\"application\/ld+json\" class=\"yoast-schema-graph\">{\"@context\":\"https:\\\/\\\/schema.org\",\"@graph\":[{\"@type\":\"WebPage\",\"@id\":\"https:\\\/\\\/panm360.com\\\/en\\\/agenda\\\/fme-2026-mantisse-au-cafe-bar-labstracto\\\/\",\"url\":\"https:\\\/\\\/panm360.com\\\/en\\\/agenda\\\/fme-2026-mantisse-au-cafe-bar-labstracto\\\/\",\"name\":\"FME 2026 : Mantisse au Caf\u00e9-bar L\u2019Abstracto - PAN M 360\",\"isPartOf\":{\"@id\":\"https:\\\/\\\/panm360.com\\\/en\\\/#website\"},\"primaryImageOfPage\":{\"@id\":\"https:\\\/\\\/panm360.com\\\/en\\\/agenda\\\/fme-2026-mantisse-au-cafe-bar-labstracto\\\/#primaryimage\"},\"image\":{\"@id\":\"https:\\\/\\\/panm360.com\\\/en\\\/agenda\\\/fme-2026-mantisse-au-cafe-bar-labstracto\\\/#primaryimage\"},\"thumbnailUrl\":\"https:\\\/\\\/panm360.com\\\/wp-content\\\/uploads\\\/2026\\\/09\\\/MANTISSE_1024x640-1-1024x640-1.jpg\",\"datePublished\":\"2026-06-08T05:28:10+00:00\",\"dateModified\":\"2026-09-05T05:38:04+00:00\",\"breadcrumb\":{\"@id\":\"https:\\\/\\\/panm360.com\\\/en\\\/agenda\\\/fme-2026-mantisse-au-cafe-bar-labstracto\\\/#breadcrumb\"},\"inLanguage\":\"en-US\",\"potentialAction\":[{\"@type\":\"ReadAction\",\"target\":[\"https:\\\/\\\/panm360.com\\\/en\\\/agenda\\\/fme-2026-mantisse-au-cafe-bar-labstracto\\\/\"]}]},{\"@type\":\"ImageObject\",\"inLanguage\":\"en-US\",\"@id\":\"https:\\\/\\\/panm360.com\\\/en\\\/agenda\\\/fme-2026-mantisse-au-cafe-bar-labstracto\\\/#primaryimage\",\"url\":\"https:\\\/\\\/panm360.com\\\/wp-content\\\/uploads\\\/2026\\\/09\\\/MANTISSE_1024x640-1-1024x640-1.jpg\",\"contentUrl\":\"https:\\\/\\\/panm360.com\\\/wp-content\\\/uploads\\\/2026\\\/09\\\/MANTISSE_1024x640-1-1024x640-1.jpg\",\"width\":1024,\"height\":640},{\"@type\":\"BreadcrumbList\",\"@id\":\"https:\\\/\\\/panm360.com\\\/en\\\/agenda\\\/fme-2026-mantisse-au-cafe-bar-labstracto\\\/#breadcrumb\",\"itemListElement\":[{\"@type\":\"ListItem\",\"position\":1,\"name\":\"Accueil\",\"item\":\"https:\\\/\\\/panm360.com\\\/en\\\/\"},{\"@type\":\"ListItem\",\"position\":2,\"name\":\"Listings\",\"item\":\"https:\\\/\\\/panm360.com\\\/en\\\/agenda\\\/\"},{\"@type\":\"ListItem\",\"position\":3,\"name\":\"FME 2026 : Mantisse au Caf\u00e9-bar L\u2019Abstracto\"}]},{\"@type\":\"WebSite\",\"@id\":\"https:\\\/\\\/panm360.com\\\/en\\\/#website\",\"url\":\"https:\\\/\\\/panm360.com\\\/en\\\/\",\"name\":\"PAN M 360\",\"description\":\"Le m\u00e9dia num\u00e9rique de la musique !\",\"publisher\":{\"@id\":\"https:\\\/\\\/panm360.com\\\/en\\\/#organization\"},\"potentialAction\":[{\"@type\":\"SearchAction\",\"target\":{\"@type\":\"EntryPoint\",\"urlTemplate\":\"https:\\\/\\\/panm360.com\\\/en\\\/?s={search_term_string}\"},\"query-input\":{\"@type\":\"PropertyValueSpecification\",\"valueRequired\":true,\"valueName\":\"search_term_string\"}}],\"inLanguage\":\"en-US\"},{\"@type\":\"Organization\",\"@id\":\"https:\\\/\\\/panm360.com\\\/en\\\/#organization\",\"name\":\"PAN M 360\",\"url\":\"https:\\\/\\\/panm360.com\\\/en\\\/\",\"logo\":{\"@type\":\"ImageObject\",\"inLanguage\":\"en-US\",\"@id\":\"https:\\\/\\\/panm360.com\\\/en\\\/#\\\/schema\\\/logo\\\/image\\\/\",\"url\":\"https:\\\/\\\/panm360.com\\\/wp-content\\\/uploads\\\/2019\\\/12\\\/PAN-M360_Logo_RGB.jpg\",\"contentUrl\":\"https:\\\/\\\/panm360.com\\\/wp-content\\\/uploads\\\/2019\\\/12\\\/PAN-M360_Logo_RGB.jpg\",\"width\":1663,\"height\":631,\"caption\":\"PAN M 360\"},\"image\":{\"@id\":\"https:\\\/\\\/panm360.com\\\/en\\\/#\\\/schema\\\/logo\\\/image\\\/\"},\"sameAs\":[\"https:\\\/\\\/www.facebook.com\\\/panm360\\\/\",\"https:\\\/\\\/x.com\\\/PANM360\",\"https:\\\/\\\/www.instagram.com\\\/panm360\\\/\",\"https:\\\/\\\/www.linkedin.com\\\/company\\\/panm360\\\/\",\"https:\\\/\\\/www.youtube.com\\\/channel\\\/UCHEFHd3UhIrV6EJ3ltzVKOA?view_as=subscriber\"]}]}<\/script>\n<!-- \/ Yoast SEO plugin. -->","yoast_head_json":{"title":"FME 2026 : Mantisse au Caf\u00e9-bar L\u2019Abstracto - PAN M 360","robots":{"index":"index","follow":"follow","max-snippet":"max-snippet:-1","max-image-preview":"max-image-preview:large","max-video-preview":"max-video-preview:-1"},"canonical":"https:\/\/panm360.com\/en\/agenda\/fme-2026-mantisse-au-cafe-bar-labstracto\/","og_locale":"en_US","og_type":"article","og_title":"FME 2026 : Mantisse au Caf\u00e9-bar L\u2019Abstracto - PAN M 360","og_description":"Biographie Mantisse &#8211; 2026 Mantisse est un auteur-compositeur-interpr\u00e8te montr\u00e9alais. Form\u00e9 en guitare et en chant d\u00e8s sa jeunesse, il se tourne vers le hip-hop \u00e0 l\u2019adolescence, un style qui devient central dans sa pratique d\u00e8s l\u2019\u00e2ge de 17 ans. En 2016, il cofonde le groupe de rap LaF avec des amis du CEGEP, marquant ainsi [&hellip;]","og_url":"https:\/\/panm360.com\/en\/agenda\/fme-2026-mantisse-au-cafe-bar-labstracto\/","og_site_name":"PAN M 360","article_publisher":"https:\/\/www.facebook.com\/panm360\/","article_modified_time":"2026-09-05T05:38:04+00:00","og_image":[{"width":1024,"height":640,"url":"https:\/\/panm360.com\/wp-content\/uploads\/2026\/09\/MANTISSE_1024x640-1-1024x640-1.jpg","type":"image\/jpeg"}],"twitter_card":"summary_large_image","twitter_site":"@PANM360","twitter_misc":{"Est. reading time":"3 minutes"},"schema":{"@context":"https:\/\/schema.org","@graph":[{"@type":"WebPage","@id":"https:\/\/panm360.com\/en\/agenda\/fme-2026-mantisse-au-cafe-bar-labstracto\/","url":"https:\/\/panm360.com\/en\/agenda\/fme-2026-mantisse-au-cafe-bar-labstracto\/","name":"FME 2026 : Mantisse au Caf\u00e9-bar L\u2019Abstracto - PAN M 360","isPartOf":{"@id":"https:\/\/panm360.com\/en\/#website"},"primaryImageOfPage":{"@id":"https:\/\/panm360.com\/en\/agenda\/fme-2026-mantisse-au-cafe-bar-labstracto\/#primaryimage"},"image":{"@id":"https:\/\/panm360.com\/en\/agenda\/fme-2026-mantisse-au-cafe-bar-labstracto\/#primaryimage"},"thumbnailUrl":"https:\/\/panm360.com\/wp-content\/uploads\/2026\/09\/MANTISSE_1024x640-1-1024x640-1.jpg","datePublished":"2026-06-08T05:28:10+00:00","dateModified":"2026-09-05T05:38:04+00:00","breadcrumb":{"@id":"https:\/\/panm360.com\/en\/agenda\/fme-2026-mantisse-au-cafe-bar-labstracto\/#breadcrumb"},"inLanguage":"en-US","potentialAction":[{"@type":"ReadAction","target":["https:\/\/panm360.com\/en\/agenda\/fme-2026-mantisse-au-cafe-bar-labstracto\/"]}]},{"@type":"ImageObject","inLanguage":"en-US","@id":"https:\/\/panm360.com\/en\/agenda\/fme-2026-mantisse-au-cafe-bar-labstracto\/#primaryimage","url":"https:\/\/panm360.com\/wp-content\/uploads\/2026\/09\/MANTISSE_1024x640-1-1024x640-1.jpg","contentUrl":"https:\/\/panm360.com\/wp-content\/uploads\/2026\/09\/MANTISSE_1024x640-1-1024x640-1.jpg","width":1024,"height":640},{"@type":"BreadcrumbList","@id":"https:\/\/panm360.com\/en\/agenda\/fme-2026-mantisse-au-cafe-bar-labstracto\/#breadcrumb","itemListElement":[{"@type":"ListItem","position":1,"name":"Accueil","item":"https:\/\/panm360.com\/en\/"},{"@type":"ListItem","position":2,"name":"Listings","item":"https:\/\/panm360.com\/en\/agenda\/"},{"@type":"ListItem","position":3,"name":"FME 2026 : Mantisse au Caf\u00e9-bar L\u2019Abstracto"}]},{"@type":"WebSite","@id":"https:\/\/panm360.com\/en\/#website","url":"https:\/\/panm360.com\/en\/","name":"PAN M 360","description":"Le m\u00e9dia num\u00e9rique de la musique !","publisher":{"@id":"https:\/\/panm360.com\/en\/#organization"},"potentialAction":[{"@type":"SearchAction","target":{"@type":"EntryPoint","urlTemplate":"https:\/\/panm360.com\/en\/?s={search_term_string}"},"query-input":{"@type":"PropertyValueSpecification","valueRequired":true,"valueName":"search_term_string"}}],"inLanguage":"en-US"},{"@type":"Organization","@id":"https:\/\/panm360.com\/en\/#organization","name":"PAN M 360","url":"https:\/\/panm360.com\/en\/","logo":{"@type":"ImageObject","inLanguage":"en-US","@id":"https:\/\/panm360.com\/en\/#\/schema\/logo\/image\/","url":"https:\/\/panm360.com\/wp-content\/uploads\/2019\/12\/PAN-M360_Logo_RGB.jpg","contentUrl":"https:\/\/panm360.com\/wp-content\/uploads\/2019\/12\/PAN-M360_Logo_RGB.jpg","width":1663,"height":631,"caption":"PAN M 360"},"image":{"@id":"https:\/\/panm360.com\/en\/#\/schema\/logo\/image\/"},"sameAs":["https:\/\/www.facebook.com\/panm360\/","https:\/\/x.com\/PANM360","https:\/\/www.instagram.com\/panm360\/","https:\/\/www.linkedin.com\/company\/panm360\/","https:\/\/www.youtube.com\/channel\/UCHEFHd3UhIrV6EJ3ltzVKOA?view_as=subscriber"]}]}},"_links":{"self":[{"href":"https:\/\/panm360.com\/en\/wp-json\/wp\/v2\/agenda\/164350","targetHints":{"allow":["GET"]}}],"collection":[{"href":"https:\/\/panm360.com\/en\/wp-json\/wp\/v2\/agenda"}],"about":[{"href":"https:\/\/panm360.com\/en\/wp-json\/wp\/v2\/types\/agenda"}],"author":[{"embeddable":true,"href":"https:\/\/panm360.com\/en\/wp-json\/wp\/v2\/users\/936"}],"wp:featuredmedia":[{"embeddable":true,"href":"https:\/\/panm360.com\/en\/wp-json\/wp\/v2\/media\/164349"}],"wp:attachment":[{"href":"https:\/\/panm360.com\/en\/wp-json\/wp\/v2\/media?parent=164350"}],"wp:term":[{"taxonomy":"category","embeddable":true,"href":"https:\/\/panm360.com\/en\/wp-json\/wp\/v2\/categories?post=164350"},{"taxonomy":"post_tag","embeddable":true,"href":"https:\/\/panm360.com\/en\/wp-json\/wp\/v2\/tags?post=164350"},{"taxonomy":"generale","embeddable":true,"href":"https:\/\/panm360.com\/en\/wp-json\/wp\/v2\/generale?post=164350"},{"taxonomy":"genre","embeddable":true,"href":"https:\/\/panm360.com\/en\/wp-json\/wp\/v2\/genre?post=164350"},{"taxonomy":"pays","embeddable":true,"href":"https:\/\/panm360.com\/en\/wp-json\/wp\/v2\/pays?post=164350"},{"taxonomy":"salle","embeddable":true,"href":"https:\/\/panm360.com\/en\/wp-json\/wp\/v2\/salle?post=164350"},{"taxonomy":"ville","embeddable":true,"href":"https:\/\/panm360.com\/en\/wp-json\/wp\/v2\/ville?post=164350"}],"curies":[{"name":"wp","href":"https:\/\/api.w.org\/{rel}","templated":true}]}}