{"id":155424,"date":"2025-12-09T00:57:23","date_gmt":"2025-12-09T05:57:23","guid":{"rendered":"https:\/\/panm360.com\/?post_type=agenda&#038;p=155424"},"modified":"2026-03-29T01:16:24","modified_gmt":"2026-03-29T05:16:24","slug":"atys-dawe-jasmin-a-la-salle-ludger-duvernay-du-monument-national","status":"publish","type":"agenda","link":"https:\/\/panm360.com\/en\/agenda\/atys-dawe-jasmin-a-la-salle-ludger-duvernay-du-monument-national\/","title":{"rendered":"Atys | Dawe &amp; Jasmin \u00e0 la salle Ludger-Duvernay du Monument-National"},"content":{"rendered":"\n<p class=\"wp-block-paragraph\">Le compositeur am\u00e9ricain Jonathan Dawe, reconnu pour son travail hybride entre baroque et langage actuel, et la metteuse en sc\u00e8ne St\u00e9phanie Jasmin, \u0153uvrant \u00e0 la crois\u00e9e des langages litt\u00e9raires, sc\u00e9niques et visuels, s\u2019emparent de l\u2019op\u00e9ra de Lully et Quinault pour imaginer une nouvelle trag\u00e9die en musique dans l\u2019univers politique des \u00c9tats-Unis des ann\u00e9es 1980. Fruit de la collaboration entre Ballet Op\u00e9ra Pantomime (BOP), l\u2019Op\u00e9ra de Montr\u00e9al, Les Bor\u00e9ades de Montr\u00e9al et UBU compagnie de cr\u00e9ation, le spectacle convoque danse, vid\u00e9o et r\u00eaverie baroque pour sublimer des \u00e9poques o\u00f9 s\u2019affrontent, encore et toujours, la passion amoureuse, le pouvoir et le d\u00e9chirement entre vie intime et image publique. Au d\u00e9but des ann\u00e9es 1980, dans les hautes sph\u00e8res de la politique am\u00e9ricaine, le gouverneur Atys cache l\u2019amour impossible que lui inspire Sangaride, le jeune homme qui doit \u00e9pouser la s\u00e9natrice C\u00e9l\u00e9nia. \u00c0 la t\u00eate du pays, Cyb\u00e8le esp\u00e8re se rapprocher d\u2019Atys, dont elle est \u00e9prise, en le nommant vice-pr\u00e9sident. Mais lorsqu\u2019elle d\u00e9couvre la passion secr\u00e8te qui unit les deux hommes, la pr\u00e9sidente d\u00e9ploie tous ses pouvoirs, m\u00eame les plus occultes, pour causer leur perte et les faire sombrer dans la folie et la mort.<\/p>\n\n\n\n<p class=\"wp-block-paragraph\">American composer Jonathan Dawe, known for his hybrid approach blending baroque and contemporary musical language, joins forces with stage director St\u00e9phanie Jasmin, whose work bridges literary, theatrical, and visual expression. Together, they reimagine Lully and Quinault\u2019s opera as a contemporary political drama, transposed to the United States in the 1980s. A coproduction of Ballet Op\u00e9ra Pantomime (BOP), Op\u00e9ra de Montr\u00e9al, Les Bor\u00e9ades de Montr\u00e9al, and UBU compagnie de cr\u00e9ation, this lyrical work weaves together dance, video, and baroque reverie to illuminate an enduring clash between love and power, and the tension between private desire and public image. In the early 1980s, in the upper echelons of American politics, Governor Atys conceals his impossible love for Sangaride, the young man betrothed to Senator Celenia. Cybele, who rules the country, hopes to get closer to Atys, with whom she is infatuated, by appointing him vice president. But when she discovers the secret passion that unites the two men, the president unleashes all her powers, even the most occult, to bring about their downfall and drive them to madness and death.<\/p>\n\n\n\n<p class=\"wp-block-paragraph\"><strong><a href=\"https:\/\/www.placedesarts.com\/evenement\/atys-dawe-jasmin\">POUR ACHETER VOTRE BILLET, C\u2019EST ICI!<\/a><\/strong><\/p>\n\n\n\n<iframe data-testid=\"embed-iframe\" style=\"border-radius:12px\" src=\"https:\/\/open.spotify.com\/embed\/artist\/1UwlqFifd7eq9V26j2BdYf?utm_source=generator\" width=\"100%\" height=\"352\" frameBorder=\"0\" allowfullscreen=\"\" allow=\"autoplay; clipboard-write; encrypted-media; fullscreen; picture-in-picture\" loading=\"lazy\"><\/iframe>\n\n\n\n<p class=\"wp-block-paragraph\"><em><strong>Ce contenu provient de Place des Arts<\/strong><\/em><strong><em>&nbsp;et est adapt\u00e9 par PAN M 360<\/em><\/strong><\/p>\n","protected":false},"excerpt":{"rendered":"<p>Le compositeur am\u00e9ricain Jonathan Dawe, reconnu pour son travail hybride entre baroque et langage actuel, et la metteuse en sc\u00e8ne St\u00e9phanie Jasmin, \u0153uvrant \u00e0 la crois\u00e9e des langages litt\u00e9raires, sc\u00e9niques et visuels, s\u2019emparent de l\u2019op\u00e9ra de Lully et Quinault pour imaginer une nouvelle trag\u00e9die en musique dans l\u2019univers politique des \u00c9tats-Unis des ann\u00e9es 1980. Fruit [&hellip;]<\/p>\n","protected":false},"author":936,"featured_media":155423,"menu_order":0,"template":"","format":"standard","meta":{"_acf_changed":true,"_crdt_document":""},"categories":[4322],"tags":[],"generale":[3814],"genre":[3087,3243,9786],"pays":[3827],"salle":[7815],"ville":[7246],"class_list":["post-155424","agenda","type-agenda","status-publish","format-standard","has-post-thumbnail","hentry","category-listings-360","generale-lire-en","genre-baroque-pop-2","genre-contemporary-opera","genre-danse-en","pays-united-states","salle-monument-national-salle-ludger-duvernay-en","ville-montreal-en"],"acf":[],"yoast_head":"<!-- This site is optimized with the Yoast SEO plugin v27.4 - https:\/\/yoast.com\/product\/yoast-seo-wordpress\/ -->\n<title>Atys | Dawe &amp; Jasmin \u00e0 la salle Ludger-Duvernay du Monument-National - PAN M 360<\/title>\n<meta name=\"robots\" content=\"index, follow, max-snippet:-1, max-image-preview:large, max-video-preview:-1\" \/>\n<link rel=\"canonical\" href=\"https:\/\/panm360.com\/en\/agenda\/atys-dawe-jasmin-a-la-salle-ludger-duvernay-du-monument-national\/\" \/>\n<meta property=\"og:locale\" content=\"en_US\" \/>\n<meta property=\"og:type\" content=\"article\" \/>\n<meta property=\"og:title\" content=\"Atys | Dawe &amp; Jasmin \u00e0 la salle Ludger-Duvernay du Monument-National - PAN M 360\" \/>\n<meta property=\"og:description\" content=\"Le compositeur am\u00e9ricain Jonathan Dawe, reconnu pour son travail hybride entre baroque et langage actuel, et la metteuse en sc\u00e8ne St\u00e9phanie Jasmin, \u0153uvrant \u00e0 la crois\u00e9e des langages litt\u00e9raires, sc\u00e9niques et visuels, s\u2019emparent de l\u2019op\u00e9ra de Lully et Quinault pour imaginer une nouvelle trag\u00e9die en musique dans l\u2019univers politique des \u00c9tats-Unis des ann\u00e9es 1980. Fruit [&hellip;]\" \/>\n<meta property=\"og:url\" content=\"https:\/\/panm360.com\/en\/agenda\/atys-dawe-jasmin-a-la-salle-ludger-duvernay-du-monument-national\/\" \/>\n<meta property=\"og:site_name\" content=\"PAN M 360\" \/>\n<meta property=\"article:publisher\" content=\"https:\/\/www.facebook.com\/panm360\/\" \/>\n<meta property=\"article:modified_time\" content=\"2026-03-29T05:16:24+00:00\" \/>\n<meta property=\"og:image\" content=\"https:\/\/panm360.com\/wp-content\/uploads\/2026\/03\/177378103533858202269b9c02b09b7b_desktop-scaled.jpeg\" \/>\n\t<meta property=\"og:image:width\" content=\"1200\" \/>\n\t<meta property=\"og:image:height\" content=\"675\" \/>\n\t<meta property=\"og:image:type\" content=\"image\/jpeg\" \/>\n<meta name=\"twitter:card\" content=\"summary_large_image\" \/>\n<meta name=\"twitter:site\" content=\"@PANM360\" \/>\n<meta name=\"twitter:label1\" content=\"Est. reading time\" \/>\n\t<meta name=\"twitter:data1\" content=\"2 minutes\" \/>\n<script type=\"application\/ld+json\" class=\"yoast-schema-graph\">{\"@context\":\"https:\\\/\\\/schema.org\",\"@graph\":[{\"@type\":\"WebPage\",\"@id\":\"https:\\\/\\\/panm360.com\\\/en\\\/agenda\\\/atys-dawe-jasmin-a-la-salle-ludger-duvernay-du-monument-national\\\/\",\"url\":\"https:\\\/\\\/panm360.com\\\/en\\\/agenda\\\/atys-dawe-jasmin-a-la-salle-ludger-duvernay-du-monument-national\\\/\",\"name\":\"Atys | Dawe &amp; Jasmin \u00e0 la salle Ludger-Duvernay du Monument-National - PAN M 360\",\"isPartOf\":{\"@id\":\"https:\\\/\\\/panm360.com\\\/en\\\/#website\"},\"primaryImageOfPage\":{\"@id\":\"https:\\\/\\\/panm360.com\\\/en\\\/agenda\\\/atys-dawe-jasmin-a-la-salle-ludger-duvernay-du-monument-national\\\/#primaryimage\"},\"image\":{\"@id\":\"https:\\\/\\\/panm360.com\\\/en\\\/agenda\\\/atys-dawe-jasmin-a-la-salle-ludger-duvernay-du-monument-national\\\/#primaryimage\"},\"thumbnailUrl\":\"https:\\\/\\\/panm360.com\\\/wp-content\\\/uploads\\\/2026\\\/03\\\/177378103533858202269b9c02b09b7b_desktop-scaled.jpeg\",\"datePublished\":\"2025-12-09T05:57:23+00:00\",\"dateModified\":\"2026-03-29T05:16:24+00:00\",\"breadcrumb\":{\"@id\":\"https:\\\/\\\/panm360.com\\\/en\\\/agenda\\\/atys-dawe-jasmin-a-la-salle-ludger-duvernay-du-monument-national\\\/#breadcrumb\"},\"inLanguage\":\"en-US\",\"potentialAction\":[{\"@type\":\"ReadAction\",\"target\":[\"https:\\\/\\\/panm360.com\\\/en\\\/agenda\\\/atys-dawe-jasmin-a-la-salle-ludger-duvernay-du-monument-national\\\/\"]}]},{\"@type\":\"ImageObject\",\"inLanguage\":\"en-US\",\"@id\":\"https:\\\/\\\/panm360.com\\\/en\\\/agenda\\\/atys-dawe-jasmin-a-la-salle-ludger-duvernay-du-monument-national\\\/#primaryimage\",\"url\":\"https:\\\/\\\/panm360.com\\\/wp-content\\\/uploads\\\/2026\\\/03\\\/177378103533858202269b9c02b09b7b_desktop-scaled.jpeg\",\"contentUrl\":\"https:\\\/\\\/panm360.com\\\/wp-content\\\/uploads\\\/2026\\\/03\\\/177378103533858202269b9c02b09b7b_desktop-scaled.jpeg\",\"width\":1200,\"height\":675},{\"@type\":\"BreadcrumbList\",\"@id\":\"https:\\\/\\\/panm360.com\\\/en\\\/agenda\\\/atys-dawe-jasmin-a-la-salle-ludger-duvernay-du-monument-national\\\/#breadcrumb\",\"itemListElement\":[{\"@type\":\"ListItem\",\"position\":1,\"name\":\"Accueil\",\"item\":\"https:\\\/\\\/panm360.com\\\/en\\\/\"},{\"@type\":\"ListItem\",\"position\":2,\"name\":\"Listings\",\"item\":\"https:\\\/\\\/panm360.com\\\/en\\\/agenda\\\/\"},{\"@type\":\"ListItem\",\"position\":3,\"name\":\"Atys | Dawe &amp; Jasmin \u00e0 la salle Ludger-Duvernay du Monument-National\"}]},{\"@type\":\"WebSite\",\"@id\":\"https:\\\/\\\/panm360.com\\\/en\\\/#website\",\"url\":\"https:\\\/\\\/panm360.com\\\/en\\\/\",\"name\":\"PAN M 360\",\"description\":\"Le m\u00e9dia num\u00e9rique de la musique !\",\"publisher\":{\"@id\":\"https:\\\/\\\/panm360.com\\\/en\\\/#organization\"},\"potentialAction\":[{\"@type\":\"SearchAction\",\"target\":{\"@type\":\"EntryPoint\",\"urlTemplate\":\"https:\\\/\\\/panm360.com\\\/en\\\/?s={search_term_string}\"},\"query-input\":{\"@type\":\"PropertyValueSpecification\",\"valueRequired\":true,\"valueName\":\"search_term_string\"}}],\"inLanguage\":\"en-US\"},{\"@type\":\"Organization\",\"@id\":\"https:\\\/\\\/panm360.com\\\/en\\\/#organization\",\"name\":\"PAN M 360\",\"url\":\"https:\\\/\\\/panm360.com\\\/en\\\/\",\"logo\":{\"@type\":\"ImageObject\",\"inLanguage\":\"en-US\",\"@id\":\"https:\\\/\\\/panm360.com\\\/en\\\/#\\\/schema\\\/logo\\\/image\\\/\",\"url\":\"https:\\\/\\\/panm360.com\\\/wp-content\\\/uploads\\\/2019\\\/12\\\/PAN-M360_Logo_RGB.jpg\",\"contentUrl\":\"https:\\\/\\\/panm360.com\\\/wp-content\\\/uploads\\\/2019\\\/12\\\/PAN-M360_Logo_RGB.jpg\",\"width\":1663,\"height\":631,\"caption\":\"PAN M 360\"},\"image\":{\"@id\":\"https:\\\/\\\/panm360.com\\\/en\\\/#\\\/schema\\\/logo\\\/image\\\/\"},\"sameAs\":[\"https:\\\/\\\/www.facebook.com\\\/panm360\\\/\",\"https:\\\/\\\/x.com\\\/PANM360\",\"https:\\\/\\\/www.instagram.com\\\/panm360\\\/\",\"https:\\\/\\\/www.linkedin.com\\\/company\\\/panm360\\\/\",\"https:\\\/\\\/www.youtube.com\\\/channel\\\/UCHEFHd3UhIrV6EJ3ltzVKOA?view_as=subscriber\"]}]}<\/script>\n<!-- \/ Yoast SEO plugin. -->","yoast_head_json":{"title":"Atys | Dawe &amp; Jasmin \u00e0 la salle Ludger-Duvernay du Monument-National - PAN M 360","robots":{"index":"index","follow":"follow","max-snippet":"max-snippet:-1","max-image-preview":"max-image-preview:large","max-video-preview":"max-video-preview:-1"},"canonical":"https:\/\/panm360.com\/en\/agenda\/atys-dawe-jasmin-a-la-salle-ludger-duvernay-du-monument-national\/","og_locale":"en_US","og_type":"article","og_title":"Atys | Dawe &amp; Jasmin \u00e0 la salle Ludger-Duvernay du Monument-National - PAN M 360","og_description":"Le compositeur am\u00e9ricain Jonathan Dawe, reconnu pour son travail hybride entre baroque et langage actuel, et la metteuse en sc\u00e8ne St\u00e9phanie Jasmin, \u0153uvrant \u00e0 la crois\u00e9e des langages litt\u00e9raires, sc\u00e9niques et visuels, s\u2019emparent de l\u2019op\u00e9ra de Lully et Quinault pour imaginer une nouvelle trag\u00e9die en musique dans l\u2019univers politique des \u00c9tats-Unis des ann\u00e9es 1980. Fruit [&hellip;]","og_url":"https:\/\/panm360.com\/en\/agenda\/atys-dawe-jasmin-a-la-salle-ludger-duvernay-du-monument-national\/","og_site_name":"PAN M 360","article_publisher":"https:\/\/www.facebook.com\/panm360\/","article_modified_time":"2026-03-29T05:16:24+00:00","og_image":[{"width":1200,"height":675,"url":"https:\/\/panm360.com\/wp-content\/uploads\/2026\/03\/177378103533858202269b9c02b09b7b_desktop-scaled.jpeg","type":"image\/jpeg"}],"twitter_card":"summary_large_image","twitter_site":"@PANM360","twitter_misc":{"Est. reading time":"2 minutes"},"schema":{"@context":"https:\/\/schema.org","@graph":[{"@type":"WebPage","@id":"https:\/\/panm360.com\/en\/agenda\/atys-dawe-jasmin-a-la-salle-ludger-duvernay-du-monument-national\/","url":"https:\/\/panm360.com\/en\/agenda\/atys-dawe-jasmin-a-la-salle-ludger-duvernay-du-monument-national\/","name":"Atys | Dawe &amp; Jasmin \u00e0 la salle Ludger-Duvernay du Monument-National - PAN M 360","isPartOf":{"@id":"https:\/\/panm360.com\/en\/#website"},"primaryImageOfPage":{"@id":"https:\/\/panm360.com\/en\/agenda\/atys-dawe-jasmin-a-la-salle-ludger-duvernay-du-monument-national\/#primaryimage"},"image":{"@id":"https:\/\/panm360.com\/en\/agenda\/atys-dawe-jasmin-a-la-salle-ludger-duvernay-du-monument-national\/#primaryimage"},"thumbnailUrl":"https:\/\/panm360.com\/wp-content\/uploads\/2026\/03\/177378103533858202269b9c02b09b7b_desktop-scaled.jpeg","datePublished":"2025-12-09T05:57:23+00:00","dateModified":"2026-03-29T05:16:24+00:00","breadcrumb":{"@id":"https:\/\/panm360.com\/en\/agenda\/atys-dawe-jasmin-a-la-salle-ludger-duvernay-du-monument-national\/#breadcrumb"},"inLanguage":"en-US","potentialAction":[{"@type":"ReadAction","target":["https:\/\/panm360.com\/en\/agenda\/atys-dawe-jasmin-a-la-salle-ludger-duvernay-du-monument-national\/"]}]},{"@type":"ImageObject","inLanguage":"en-US","@id":"https:\/\/panm360.com\/en\/agenda\/atys-dawe-jasmin-a-la-salle-ludger-duvernay-du-monument-national\/#primaryimage","url":"https:\/\/panm360.com\/wp-content\/uploads\/2026\/03\/177378103533858202269b9c02b09b7b_desktop-scaled.jpeg","contentUrl":"https:\/\/panm360.com\/wp-content\/uploads\/2026\/03\/177378103533858202269b9c02b09b7b_desktop-scaled.jpeg","width":1200,"height":675},{"@type":"BreadcrumbList","@id":"https:\/\/panm360.com\/en\/agenda\/atys-dawe-jasmin-a-la-salle-ludger-duvernay-du-monument-national\/#breadcrumb","itemListElement":[{"@type":"ListItem","position":1,"name":"Accueil","item":"https:\/\/panm360.com\/en\/"},{"@type":"ListItem","position":2,"name":"Listings","item":"https:\/\/panm360.com\/en\/agenda\/"},{"@type":"ListItem","position":3,"name":"Atys | Dawe &amp; Jasmin \u00e0 la salle Ludger-Duvernay du Monument-National"}]},{"@type":"WebSite","@id":"https:\/\/panm360.com\/en\/#website","url":"https:\/\/panm360.com\/en\/","name":"PAN M 360","description":"Le m\u00e9dia num\u00e9rique de la musique !","publisher":{"@id":"https:\/\/panm360.com\/en\/#organization"},"potentialAction":[{"@type":"SearchAction","target":{"@type":"EntryPoint","urlTemplate":"https:\/\/panm360.com\/en\/?s={search_term_string}"},"query-input":{"@type":"PropertyValueSpecification","valueRequired":true,"valueName":"search_term_string"}}],"inLanguage":"en-US"},{"@type":"Organization","@id":"https:\/\/panm360.com\/en\/#organization","name":"PAN M 360","url":"https:\/\/panm360.com\/en\/","logo":{"@type":"ImageObject","inLanguage":"en-US","@id":"https:\/\/panm360.com\/en\/#\/schema\/logo\/image\/","url":"https:\/\/panm360.com\/wp-content\/uploads\/2019\/12\/PAN-M360_Logo_RGB.jpg","contentUrl":"https:\/\/panm360.com\/wp-content\/uploads\/2019\/12\/PAN-M360_Logo_RGB.jpg","width":1663,"height":631,"caption":"PAN M 360"},"image":{"@id":"https:\/\/panm360.com\/en\/#\/schema\/logo\/image\/"},"sameAs":["https:\/\/www.facebook.com\/panm360\/","https:\/\/x.com\/PANM360","https:\/\/www.instagram.com\/panm360\/","https:\/\/www.linkedin.com\/company\/panm360\/","https:\/\/www.youtube.com\/channel\/UCHEFHd3UhIrV6EJ3ltzVKOA?view_as=subscriber"]}]}},"_links":{"self":[{"href":"https:\/\/panm360.com\/en\/wp-json\/wp\/v2\/agenda\/155424","targetHints":{"allow":["GET"]}}],"collection":[{"href":"https:\/\/panm360.com\/en\/wp-json\/wp\/v2\/agenda"}],"about":[{"href":"https:\/\/panm360.com\/en\/wp-json\/wp\/v2\/types\/agenda"}],"author":[{"embeddable":true,"href":"https:\/\/panm360.com\/en\/wp-json\/wp\/v2\/users\/936"}],"wp:featuredmedia":[{"embeddable":true,"href":"https:\/\/panm360.com\/en\/wp-json\/wp\/v2\/media\/155423"}],"wp:attachment":[{"href":"https:\/\/panm360.com\/en\/wp-json\/wp\/v2\/media?parent=155424"}],"wp:term":[{"taxonomy":"category","embeddable":true,"href":"https:\/\/panm360.com\/en\/wp-json\/wp\/v2\/categories?post=155424"},{"taxonomy":"post_tag","embeddable":true,"href":"https:\/\/panm360.com\/en\/wp-json\/wp\/v2\/tags?post=155424"},{"taxonomy":"generale","embeddable":true,"href":"https:\/\/panm360.com\/en\/wp-json\/wp\/v2\/generale?post=155424"},{"taxonomy":"genre","embeddable":true,"href":"https:\/\/panm360.com\/en\/wp-json\/wp\/v2\/genre?post=155424"},{"taxonomy":"pays","embeddable":true,"href":"https:\/\/panm360.com\/en\/wp-json\/wp\/v2\/pays?post=155424"},{"taxonomy":"salle","embeddable":true,"href":"https:\/\/panm360.com\/en\/wp-json\/wp\/v2\/salle?post=155424"},{"taxonomy":"ville","embeddable":true,"href":"https:\/\/panm360.com\/en\/wp-json\/wp\/v2\/ville?post=155424"}],"curies":[{"name":"wp","href":"https:\/\/api.w.org\/{rel}","templated":true}]}}