{"id":154182,"date":"2025-12-09T02:02:25","date_gmt":"2025-12-09T07:02:25","guid":{"rendered":"https:\/\/panm360.com\/?post_type=agenda&#038;p=154182"},"modified":"2026-03-11T02:10:27","modified_gmt":"2026-03-11T06:10:27","slug":"opera-de-quebec-la-boheme-de-puccini-a-la-salle-louis-frechette","status":"publish","type":"agenda","link":"https:\/\/panm360.com\/en\/agenda\/opera-de-quebec-la-boheme-de-puccini-a-la-salle-louis-frechette\/","title":{"rendered":"Op\u00e9ra de Qu\u00e9bec : La Boh\u00e8me de Puccini \u00e0 la salle Louis-Fr\u00e9chette"},"content":{"rendered":"\n<p class=\"wp-block-paragraph\">La boh\u00e8me, c\u2019est une des plus belles histoires d\u2019amour de l\u2019op\u00e9ra. Une flamme qui brille intens\u00e9ment avant de s\u2019\u00e9teindre trop t\u00f4t\u2026 Cette production marquera les d\u00e9buts de Clemens Schuldt \u00e0 l\u2019Op\u00e9ra de Qu\u00e9bec. La complicit\u00e9 du chef avec son orchestre apportera une \u00e9nergie unique \u00e0 la production qui offrira \u00e0 sa fabuleuse distribution un \u00e9crin musical id\u00e9al pour briller. On peut compter sur le talent de Jacques Leblanc \u00e0 la mise en sc\u00e8ne pour nous bouleverser avec cette magnifique po\u00e9sie du quotidien! Chef-d\u2019\u0153uvre de Giacomo Puccini, La boh\u00e8me est l\u2019un des op\u00e9ras les plus \u00e9mouvants et populaires du r\u00e9pertoire lyrique. L\u2019histoire suit les amours passionn\u00e9s de Rodolfo, un po\u00e8te fauch\u00e9, et de Mimi, une jeune brodeuse fragile. Leur rencontre, dans une mansarde glaciale, est un coup de foudre, illuminant un quotidien marqu\u00e9 par la pauvret\u00e9. Autour d\u2019eux gravitent leurs amis artistes qui, entre rires, disputes et insouciance, incarnent la beaut\u00e9 fugace de la jeunesse. \u00c0 travers une musique d\u2019une infinie tendresse, Puccini, ma\u00eetre du v\u00e9risme, insuffle \u00e0 La boh\u00e8me une \u00e9motion brute et authentique, capturant avec justesse les espoirs et les douleurs de ses personnages. Avec ses airs sublimes, dont le c\u00e9l\u00e8bre \u00ab Che gelida manina \u00bb, il compose une partition riche en contrastes, o\u00f9 \u00e9clats de joie et trag\u00e9die se m\u00ealent harmonieusement. Son orchestration raffin\u00e9e et ses m\u00e9lodies inoubliables font de cet op\u00e9ra un v\u00e9ritable bijou du r\u00e9pertoire lyrique, capable d\u2019\u00e9mouvoir \u00e0 chaque \u00e9coute.<\/p>\n\n\n\n<p class=\"wp-block-paragraph\">La boh\u00e8me is one of the most beautiful love stories in opera. A flame that burns brightly before fading too soon&#8230; This production will mark the debut of Clemens Schuldt with the Op\u00e9ra de Qu\u00e9bec. The conductor\u2019s close rapport with his orchestra will bring a unique energy to the production, providing its outstanding cast with the ideal musical setting in which to shine. Audiences can also count on the talent of stage director Jacques Leblanc, whose vision promises to move us with the work\u2019s magnificent poetry of everyday life. A masterpiece by Giacomo Puccini, La boh\u00e8me remains one of the most emotional and beloved operas in the lyrical repertoire. The story follows the passionate love between Rodolfo, a struggling poet, and Mim\u00ec, a fragile young seamstress. Their meeting in a freezing attic is love at first sight, bringing light to a daily life marked by poverty. Around them gather their artist friends who, through laughter, quarrels, and carefree moments, capture the fleeting beauty of youth. Through music of infinite tenderness, Puccini, a master of verismo, infuses La boh\u00e8me with raw and authentic emotion, vividly portraying the hopes and sorrows of its characters. With sublime arias, including the famous Che gelida manina, he created a richly contrasted score in which bursts of joy and tragedy blend seamlessly. Its refined orchestration and unforgettable melodies make this opera a true jewel of the lyrical repertoire, capable of moving audiences every time it is heard.<\/p>\n\n\n\n<p class=\"wp-block-paragraph\"><strong><a href=\"https:\/\/grandtheatre.qc.ca\/programmation\/la-boheme-de-puccini\/\">POUR ACHETER VOTRE BILLET, C\u2019EST ICI!<\/a><\/strong><\/p>\n\n\n\n<iframe data-testid=\"embed-iframe\" style=\"border-radius:12px\" src=\"https:\/\/open.spotify.com\/embed\/artist\/0OzxPXyowUEQ532c9AmHUR?utm_source=generator\" width=\"100%\" height=\"352\" frameBorder=\"0\" allowfullscreen=\"\" allow=\"autoplay; clipboard-write; encrypted-media; fullscreen; picture-in-picture\" loading=\"lazy\"><\/iframe>\n\n\n\n<p class=\"wp-block-paragraph\"><em><strong>Ce contenu provient du Grand Th\u00e9\u00e2tre de Qu\u00e9bec<\/strong><\/em><strong><em>&nbsp;et est adapt\u00e9 par PAN M 360<\/em><\/strong><\/p>\n","protected":false},"excerpt":{"rendered":"<p>La boh\u00e8me, c\u2019est une des plus belles histoires d\u2019amour de l\u2019op\u00e9ra. Une flamme qui brille intens\u00e9ment avant de s\u2019\u00e9teindre trop t\u00f4t\u2026 Cette production marquera les d\u00e9buts de Clemens Schuldt \u00e0 l\u2019Op\u00e9ra de Qu\u00e9bec. La complicit\u00e9 du chef avec son orchestre apportera une \u00e9nergie unique \u00e0 la production qui offrira \u00e0 sa fabuleuse distribution un \u00e9crin [&hellip;]<\/p>\n","protected":false},"author":936,"featured_media":154181,"menu_order":0,"template":"","format":"standard","meta":{"_acf_changed":true,"_crdt_document":""},"categories":[4322],"tags":[],"generale":[3814],"genre":[8055,3242],"pays":[3853],"salle":[9921],"ville":[8162],"class_list":["post-154182","agenda","type-agenda","status-publish","format-standard","has-post-thumbnail","hentry","category-listings-360","generale-lire-en","genre-classique-2-en","genre-opera-2","pays-italy-3","salle-salle-louis-frechette-en","ville-quebec-en"],"acf":[],"yoast_head":"<!-- This site is optimized with the Yoast SEO plugin v27.4 - https:\/\/yoast.com\/product\/yoast-seo-wordpress\/ -->\n<title>Op\u00e9ra de Qu\u00e9bec : La Boh\u00e8me de Puccini \u00e0 la salle Louis-Fr\u00e9chette - PAN M 360<\/title>\n<meta name=\"robots\" content=\"index, follow, max-snippet:-1, max-image-preview:large, max-video-preview:-1\" \/>\n<link rel=\"canonical\" href=\"https:\/\/panm360.com\/en\/agenda\/opera-de-quebec-la-boheme-de-puccini-a-la-salle-louis-frechette\/\" \/>\n<meta property=\"og:locale\" content=\"en_US\" \/>\n<meta property=\"og:type\" content=\"article\" \/>\n<meta property=\"og:title\" content=\"Op\u00e9ra de Qu\u00e9bec : La Boh\u00e8me de Puccini \u00e0 la salle Louis-Fr\u00e9chette - PAN M 360\" \/>\n<meta property=\"og:description\" content=\"La boh\u00e8me, c\u2019est une des plus belles histoires d\u2019amour de l\u2019op\u00e9ra. Une flamme qui brille intens\u00e9ment avant de s\u2019\u00e9teindre trop t\u00f4t\u2026 Cette production marquera les d\u00e9buts de Clemens Schuldt \u00e0 l\u2019Op\u00e9ra de Qu\u00e9bec. La complicit\u00e9 du chef avec son orchestre apportera une \u00e9nergie unique \u00e0 la production qui offrira \u00e0 sa fabuleuse distribution un \u00e9crin [&hellip;]\" \/>\n<meta property=\"og:url\" content=\"https:\/\/panm360.com\/en\/agenda\/opera-de-quebec-la-boheme-de-puccini-a-la-salle-louis-frechette\/\" \/>\n<meta property=\"og:site_name\" content=\"PAN M 360\" \/>\n<meta property=\"article:publisher\" content=\"https:\/\/www.facebook.com\/panm360\/\" \/>\n<meta property=\"article:modified_time\" content=\"2026-03-11T06:10:27+00:00\" \/>\n<meta property=\"og:image\" content=\"https:\/\/panm360.com\/wp-content\/uploads\/2026\/03\/174398698111276454667f321252b689_desktop-scaled.jpeg\" \/>\n\t<meta property=\"og:image:width\" content=\"1200\" \/>\n\t<meta property=\"og:image:height\" content=\"675\" \/>\n\t<meta property=\"og:image:type\" content=\"image\/jpeg\" \/>\n<meta name=\"twitter:card\" content=\"summary_large_image\" \/>\n<meta name=\"twitter:site\" content=\"@PANM360\" \/>\n<meta name=\"twitter:label1\" content=\"Est. reading time\" \/>\n\t<meta name=\"twitter:data1\" content=\"3 minutes\" \/>\n<script type=\"application\/ld+json\" class=\"yoast-schema-graph\">{\"@context\":\"https:\\\/\\\/schema.org\",\"@graph\":[{\"@type\":\"WebPage\",\"@id\":\"https:\\\/\\\/panm360.com\\\/en\\\/agenda\\\/opera-de-quebec-la-boheme-de-puccini-a-la-salle-louis-frechette\\\/\",\"url\":\"https:\\\/\\\/panm360.com\\\/en\\\/agenda\\\/opera-de-quebec-la-boheme-de-puccini-a-la-salle-louis-frechette\\\/\",\"name\":\"Op\u00e9ra de Qu\u00e9bec : La Boh\u00e8me de Puccini \u00e0 la salle Louis-Fr\u00e9chette - PAN M 360\",\"isPartOf\":{\"@id\":\"https:\\\/\\\/panm360.com\\\/en\\\/#website\"},\"primaryImageOfPage\":{\"@id\":\"https:\\\/\\\/panm360.com\\\/en\\\/agenda\\\/opera-de-quebec-la-boheme-de-puccini-a-la-salle-louis-frechette\\\/#primaryimage\"},\"image\":{\"@id\":\"https:\\\/\\\/panm360.com\\\/en\\\/agenda\\\/opera-de-quebec-la-boheme-de-puccini-a-la-salle-louis-frechette\\\/#primaryimage\"},\"thumbnailUrl\":\"https:\\\/\\\/panm360.com\\\/wp-content\\\/uploads\\\/2026\\\/03\\\/174398698111276454667f321252b689_desktop-scaled.jpeg\",\"datePublished\":\"2025-12-09T07:02:25+00:00\",\"dateModified\":\"2026-03-11T06:10:27+00:00\",\"breadcrumb\":{\"@id\":\"https:\\\/\\\/panm360.com\\\/en\\\/agenda\\\/opera-de-quebec-la-boheme-de-puccini-a-la-salle-louis-frechette\\\/#breadcrumb\"},\"inLanguage\":\"en-US\",\"potentialAction\":[{\"@type\":\"ReadAction\",\"target\":[\"https:\\\/\\\/panm360.com\\\/en\\\/agenda\\\/opera-de-quebec-la-boheme-de-puccini-a-la-salle-louis-frechette\\\/\"]}]},{\"@type\":\"ImageObject\",\"inLanguage\":\"en-US\",\"@id\":\"https:\\\/\\\/panm360.com\\\/en\\\/agenda\\\/opera-de-quebec-la-boheme-de-puccini-a-la-salle-louis-frechette\\\/#primaryimage\",\"url\":\"https:\\\/\\\/panm360.com\\\/wp-content\\\/uploads\\\/2026\\\/03\\\/174398698111276454667f321252b689_desktop-scaled.jpeg\",\"contentUrl\":\"https:\\\/\\\/panm360.com\\\/wp-content\\\/uploads\\\/2026\\\/03\\\/174398698111276454667f321252b689_desktop-scaled.jpeg\",\"width\":1200,\"height\":675},{\"@type\":\"BreadcrumbList\",\"@id\":\"https:\\\/\\\/panm360.com\\\/en\\\/agenda\\\/opera-de-quebec-la-boheme-de-puccini-a-la-salle-louis-frechette\\\/#breadcrumb\",\"itemListElement\":[{\"@type\":\"ListItem\",\"position\":1,\"name\":\"Accueil\",\"item\":\"https:\\\/\\\/panm360.com\\\/en\\\/\"},{\"@type\":\"ListItem\",\"position\":2,\"name\":\"Listings\",\"item\":\"https:\\\/\\\/panm360.com\\\/en\\\/agenda\\\/\"},{\"@type\":\"ListItem\",\"position\":3,\"name\":\"Op\u00e9ra de Qu\u00e9bec : La Boh\u00e8me de Puccini \u00e0 la salle Louis-Fr\u00e9chette\"}]},{\"@type\":\"WebSite\",\"@id\":\"https:\\\/\\\/panm360.com\\\/en\\\/#website\",\"url\":\"https:\\\/\\\/panm360.com\\\/en\\\/\",\"name\":\"PAN M 360\",\"description\":\"Le m\u00e9dia num\u00e9rique de la musique !\",\"publisher\":{\"@id\":\"https:\\\/\\\/panm360.com\\\/en\\\/#organization\"},\"potentialAction\":[{\"@type\":\"SearchAction\",\"target\":{\"@type\":\"EntryPoint\",\"urlTemplate\":\"https:\\\/\\\/panm360.com\\\/en\\\/?s={search_term_string}\"},\"query-input\":{\"@type\":\"PropertyValueSpecification\",\"valueRequired\":true,\"valueName\":\"search_term_string\"}}],\"inLanguage\":\"en-US\"},{\"@type\":\"Organization\",\"@id\":\"https:\\\/\\\/panm360.com\\\/en\\\/#organization\",\"name\":\"PAN M 360\",\"url\":\"https:\\\/\\\/panm360.com\\\/en\\\/\",\"logo\":{\"@type\":\"ImageObject\",\"inLanguage\":\"en-US\",\"@id\":\"https:\\\/\\\/panm360.com\\\/en\\\/#\\\/schema\\\/logo\\\/image\\\/\",\"url\":\"https:\\\/\\\/panm360.com\\\/wp-content\\\/uploads\\\/2019\\\/12\\\/PAN-M360_Logo_RGB.jpg\",\"contentUrl\":\"https:\\\/\\\/panm360.com\\\/wp-content\\\/uploads\\\/2019\\\/12\\\/PAN-M360_Logo_RGB.jpg\",\"width\":1663,\"height\":631,\"caption\":\"PAN M 360\"},\"image\":{\"@id\":\"https:\\\/\\\/panm360.com\\\/en\\\/#\\\/schema\\\/logo\\\/image\\\/\"},\"sameAs\":[\"https:\\\/\\\/www.facebook.com\\\/panm360\\\/\",\"https:\\\/\\\/x.com\\\/PANM360\",\"https:\\\/\\\/www.instagram.com\\\/panm360\\\/\",\"https:\\\/\\\/www.linkedin.com\\\/company\\\/panm360\\\/\",\"https:\\\/\\\/www.youtube.com\\\/channel\\\/UCHEFHd3UhIrV6EJ3ltzVKOA?view_as=subscriber\"]}]}<\/script>\n<!-- \/ Yoast SEO plugin. -->","yoast_head_json":{"title":"Op\u00e9ra de Qu\u00e9bec : La Boh\u00e8me de Puccini \u00e0 la salle Louis-Fr\u00e9chette - PAN M 360","robots":{"index":"index","follow":"follow","max-snippet":"max-snippet:-1","max-image-preview":"max-image-preview:large","max-video-preview":"max-video-preview:-1"},"canonical":"https:\/\/panm360.com\/en\/agenda\/opera-de-quebec-la-boheme-de-puccini-a-la-salle-louis-frechette\/","og_locale":"en_US","og_type":"article","og_title":"Op\u00e9ra de Qu\u00e9bec : La Boh\u00e8me de Puccini \u00e0 la salle Louis-Fr\u00e9chette - PAN M 360","og_description":"La boh\u00e8me, c\u2019est une des plus belles histoires d\u2019amour de l\u2019op\u00e9ra. Une flamme qui brille intens\u00e9ment avant de s\u2019\u00e9teindre trop t\u00f4t\u2026 Cette production marquera les d\u00e9buts de Clemens Schuldt \u00e0 l\u2019Op\u00e9ra de Qu\u00e9bec. La complicit\u00e9 du chef avec son orchestre apportera une \u00e9nergie unique \u00e0 la production qui offrira \u00e0 sa fabuleuse distribution un \u00e9crin [&hellip;]","og_url":"https:\/\/panm360.com\/en\/agenda\/opera-de-quebec-la-boheme-de-puccini-a-la-salle-louis-frechette\/","og_site_name":"PAN M 360","article_publisher":"https:\/\/www.facebook.com\/panm360\/","article_modified_time":"2026-03-11T06:10:27+00:00","og_image":[{"width":1200,"height":675,"url":"https:\/\/panm360.com\/wp-content\/uploads\/2026\/03\/174398698111276454667f321252b689_desktop-scaled.jpeg","type":"image\/jpeg"}],"twitter_card":"summary_large_image","twitter_site":"@PANM360","twitter_misc":{"Est. reading time":"3 minutes"},"schema":{"@context":"https:\/\/schema.org","@graph":[{"@type":"WebPage","@id":"https:\/\/panm360.com\/en\/agenda\/opera-de-quebec-la-boheme-de-puccini-a-la-salle-louis-frechette\/","url":"https:\/\/panm360.com\/en\/agenda\/opera-de-quebec-la-boheme-de-puccini-a-la-salle-louis-frechette\/","name":"Op\u00e9ra de Qu\u00e9bec : La Boh\u00e8me de Puccini \u00e0 la salle Louis-Fr\u00e9chette - PAN M 360","isPartOf":{"@id":"https:\/\/panm360.com\/en\/#website"},"primaryImageOfPage":{"@id":"https:\/\/panm360.com\/en\/agenda\/opera-de-quebec-la-boheme-de-puccini-a-la-salle-louis-frechette\/#primaryimage"},"image":{"@id":"https:\/\/panm360.com\/en\/agenda\/opera-de-quebec-la-boheme-de-puccini-a-la-salle-louis-frechette\/#primaryimage"},"thumbnailUrl":"https:\/\/panm360.com\/wp-content\/uploads\/2026\/03\/174398698111276454667f321252b689_desktop-scaled.jpeg","datePublished":"2025-12-09T07:02:25+00:00","dateModified":"2026-03-11T06:10:27+00:00","breadcrumb":{"@id":"https:\/\/panm360.com\/en\/agenda\/opera-de-quebec-la-boheme-de-puccini-a-la-salle-louis-frechette\/#breadcrumb"},"inLanguage":"en-US","potentialAction":[{"@type":"ReadAction","target":["https:\/\/panm360.com\/en\/agenda\/opera-de-quebec-la-boheme-de-puccini-a-la-salle-louis-frechette\/"]}]},{"@type":"ImageObject","inLanguage":"en-US","@id":"https:\/\/panm360.com\/en\/agenda\/opera-de-quebec-la-boheme-de-puccini-a-la-salle-louis-frechette\/#primaryimage","url":"https:\/\/panm360.com\/wp-content\/uploads\/2026\/03\/174398698111276454667f321252b689_desktop-scaled.jpeg","contentUrl":"https:\/\/panm360.com\/wp-content\/uploads\/2026\/03\/174398698111276454667f321252b689_desktop-scaled.jpeg","width":1200,"height":675},{"@type":"BreadcrumbList","@id":"https:\/\/panm360.com\/en\/agenda\/opera-de-quebec-la-boheme-de-puccini-a-la-salle-louis-frechette\/#breadcrumb","itemListElement":[{"@type":"ListItem","position":1,"name":"Accueil","item":"https:\/\/panm360.com\/en\/"},{"@type":"ListItem","position":2,"name":"Listings","item":"https:\/\/panm360.com\/en\/agenda\/"},{"@type":"ListItem","position":3,"name":"Op\u00e9ra de Qu\u00e9bec : La Boh\u00e8me de Puccini \u00e0 la salle Louis-Fr\u00e9chette"}]},{"@type":"WebSite","@id":"https:\/\/panm360.com\/en\/#website","url":"https:\/\/panm360.com\/en\/","name":"PAN M 360","description":"Le m\u00e9dia num\u00e9rique de la musique !","publisher":{"@id":"https:\/\/panm360.com\/en\/#organization"},"potentialAction":[{"@type":"SearchAction","target":{"@type":"EntryPoint","urlTemplate":"https:\/\/panm360.com\/en\/?s={search_term_string}"},"query-input":{"@type":"PropertyValueSpecification","valueRequired":true,"valueName":"search_term_string"}}],"inLanguage":"en-US"},{"@type":"Organization","@id":"https:\/\/panm360.com\/en\/#organization","name":"PAN M 360","url":"https:\/\/panm360.com\/en\/","logo":{"@type":"ImageObject","inLanguage":"en-US","@id":"https:\/\/panm360.com\/en\/#\/schema\/logo\/image\/","url":"https:\/\/panm360.com\/wp-content\/uploads\/2019\/12\/PAN-M360_Logo_RGB.jpg","contentUrl":"https:\/\/panm360.com\/wp-content\/uploads\/2019\/12\/PAN-M360_Logo_RGB.jpg","width":1663,"height":631,"caption":"PAN M 360"},"image":{"@id":"https:\/\/panm360.com\/en\/#\/schema\/logo\/image\/"},"sameAs":["https:\/\/www.facebook.com\/panm360\/","https:\/\/x.com\/PANM360","https:\/\/www.instagram.com\/panm360\/","https:\/\/www.linkedin.com\/company\/panm360\/","https:\/\/www.youtube.com\/channel\/UCHEFHd3UhIrV6EJ3ltzVKOA?view_as=subscriber"]}]}},"_links":{"self":[{"href":"https:\/\/panm360.com\/en\/wp-json\/wp\/v2\/agenda\/154182","targetHints":{"allow":["GET"]}}],"collection":[{"href":"https:\/\/panm360.com\/en\/wp-json\/wp\/v2\/agenda"}],"about":[{"href":"https:\/\/panm360.com\/en\/wp-json\/wp\/v2\/types\/agenda"}],"author":[{"embeddable":true,"href":"https:\/\/panm360.com\/en\/wp-json\/wp\/v2\/users\/936"}],"wp:featuredmedia":[{"embeddable":true,"href":"https:\/\/panm360.com\/en\/wp-json\/wp\/v2\/media\/154181"}],"wp:attachment":[{"href":"https:\/\/panm360.com\/en\/wp-json\/wp\/v2\/media?parent=154182"}],"wp:term":[{"taxonomy":"category","embeddable":true,"href":"https:\/\/panm360.com\/en\/wp-json\/wp\/v2\/categories?post=154182"},{"taxonomy":"post_tag","embeddable":true,"href":"https:\/\/panm360.com\/en\/wp-json\/wp\/v2\/tags?post=154182"},{"taxonomy":"generale","embeddable":true,"href":"https:\/\/panm360.com\/en\/wp-json\/wp\/v2\/generale?post=154182"},{"taxonomy":"genre","embeddable":true,"href":"https:\/\/panm360.com\/en\/wp-json\/wp\/v2\/genre?post=154182"},{"taxonomy":"pays","embeddable":true,"href":"https:\/\/panm360.com\/en\/wp-json\/wp\/v2\/pays?post=154182"},{"taxonomy":"salle","embeddable":true,"href":"https:\/\/panm360.com\/en\/wp-json\/wp\/v2\/salle?post=154182"},{"taxonomy":"ville","embeddable":true,"href":"https:\/\/panm360.com\/en\/wp-json\/wp\/v2\/ville?post=154182"}],"curies":[{"name":"wp","href":"https:\/\/api.w.org\/{rel}","templated":true}]}}