{"id":153490,"date":"2025-12-02T18:56:32","date_gmt":"2025-12-02T23:56:32","guid":{"rendered":"https:\/\/panm360.com\/?post_type=agenda&#038;p=153490"},"modified":"2026-03-01T19:01:00","modified_gmt":"2026-03-02T00:01:00","slug":"viva-vivaldi-quatre-saisons-gloria-a-la-maison-symphonique","status":"publish","type":"agenda","link":"https:\/\/panm360.com\/en\/agenda\/viva-vivaldi-quatre-saisons-gloria-a-la-maison-symphonique\/","title":{"rendered":"Viva Vivaldi : Quatre saisons &amp; Gloria \u00e0 la Maison symphonique"},"content":{"rendered":"\n<p class=\"wp-block-paragraph\">Pour c\u00e9l\u00e9brer le 70e anniversaire des Petits Chanteurs du Mont-Royal (PCMR), cette soir\u00e9e enchantera les spectateurs avec deux chefs-d\u2019\u0153uvre d\u2019Antonio Vivaldi. Sous la direction d\u2019Andrei Feher, le concert d\u00e9butera avec les c\u00e9l\u00e8bres Quatre saisons, op. 8, une \u0153uvre lumineuse et vibrante, mettant en vedette le violoniste solo Marc Djokic. Les quatre concertos, La primavera, L\u2019estate, L\u2019autunno, et L\u2019inverno, exploreront les changements de saisons avec une intensit\u00e9 qui capte \u00e0 la perfection l\u2019esprit de la nature. Apr\u00e8s l\u2019entracte, le majestueux Gloria de Vivaldi, une \u0153uvre sacr\u00e9e envo\u00fbtante sera pr\u00e9sent\u00e9e avec Les Petits Chanteurs du Mont-Royal, dirig\u00e9e par Andrew Gray.<\/p>\n\n\n\n<p class=\"wp-block-paragraph\">To celebrate the 70th anniversary of Les Petits Chanteurs du Mont-Royal (PCMR), this enchanting evening will feature two masterpieces by Antonio Vivaldi. Under the direction of Andrei Feher, the concert will open with the famous Four Seasons, Op. 8, a luminous and vibrant work showcasing OCM\u2019s concertmaster Marc Djokic as soloist. The four concertos, Spring, Summer, Autumn, and Fall, will explore the changing seasons with a striking intensity that perfectly captures nature\u2019s ever-shifting moods. After intermission, the OCM will present the majestic Gloria, Vivaldi\u2019s captivating sacred work, featuring Les Petits Chanteurs du Mont-Royal under their Musical Director, Andrew Gray.<\/p>\n\n\n\n<p class=\"wp-block-paragraph\"><strong><a href=\"https:\/\/am.ticketmaster.com\/pda\/fr-ca\/buy\/virtual-venue\/UDZTMDUzMA==\">POUR ACHETER VOTRE BILLET, C\u2019EST ICI!<\/a><\/strong><\/p>\n\n\n\n<iframe data-testid=\"embed-iframe\" style=\"border-radius:12px\" src=\"https:\/\/open.spotify.com\/embed\/album\/7pikDMmSZjD9jw2wEi2oqC?utm_source=generator\" width=\"100%\" height=\"352\" frameBorder=\"0\" allowfullscreen=\"\" allow=\"autoplay; clipboard-write; encrypted-media; fullscreen; picture-in-picture\" loading=\"lazy\"><\/iframe>\n\n\n\n<p class=\"wp-block-paragraph\"><strong><em>Ce contenu provient de la Place des Arts et est adapt\u00e9 par PAN M 360<\/em><\/strong><\/p>\n","protected":false},"excerpt":{"rendered":"<p>Pour c\u00e9l\u00e9brer le 70e anniversaire des Petits Chanteurs du Mont-Royal (PCMR), cette soir\u00e9e enchantera les spectateurs avec deux chefs-d\u2019\u0153uvre d\u2019Antonio Vivaldi. Sous la direction d\u2019Andrei Feher, le concert d\u00e9butera avec les c\u00e9l\u00e8bres Quatre saisons, op. 8, une \u0153uvre lumineuse et vibrante, mettant en vedette le violoniste solo Marc Djokic. Les quatre concertos, La primavera, L\u2019estate, [&hellip;]<\/p>\n","protected":false},"author":936,"featured_media":153489,"menu_order":0,"template":"","format":"standard","meta":{"_acf_changed":true,"_crdt_document":""},"categories":[4322],"tags":[],"generale":[3814],"genre":[3086,8055],"pays":[3853],"salle":[7031],"ville":[7246],"class_list":["post-153490","agenda","type-agenda","status-publish","format-standard","has-post-thumbnail","hentry","category-listings-360","generale-lire-en","genre-baroque-2","genre-classique-2-en","pays-italy-3","salle-maison-symphonique-en","ville-montreal-en"],"acf":[],"yoast_head":"<!-- This site is optimized with the Yoast SEO plugin v27.4 - https:\/\/yoast.com\/product\/yoast-seo-wordpress\/ -->\n<title>Viva Vivaldi : Quatre saisons &amp; Gloria \u00e0 la Maison symphonique - PAN M 360<\/title>\n<meta name=\"robots\" content=\"index, follow, max-snippet:-1, max-image-preview:large, max-video-preview:-1\" \/>\n<link rel=\"canonical\" href=\"https:\/\/panm360.com\/en\/agenda\/viva-vivaldi-quatre-saisons-gloria-a-la-maison-symphonique\/\" \/>\n<meta property=\"og:locale\" content=\"en_US\" \/>\n<meta property=\"og:type\" content=\"article\" \/>\n<meta property=\"og:title\" content=\"Viva Vivaldi : Quatre saisons &amp; Gloria \u00e0 la Maison symphonique - PAN M 360\" \/>\n<meta property=\"og:description\" content=\"Pour c\u00e9l\u00e9brer le 70e anniversaire des Petits Chanteurs du Mont-Royal (PCMR), cette soir\u00e9e enchantera les spectateurs avec deux chefs-d\u2019\u0153uvre d\u2019Antonio Vivaldi. Sous la direction d\u2019Andrei Feher, le concert d\u00e9butera avec les c\u00e9l\u00e8bres Quatre saisons, op. 8, une \u0153uvre lumineuse et vibrante, mettant en vedette le violoniste solo Marc Djokic. Les quatre concertos, La primavera, L\u2019estate, [&hellip;]\" \/>\n<meta property=\"og:url\" content=\"https:\/\/panm360.com\/en\/agenda\/viva-vivaldi-quatre-saisons-gloria-a-la-maison-symphonique\/\" \/>\n<meta property=\"og:site_name\" content=\"PAN M 360\" \/>\n<meta property=\"article:publisher\" content=\"https:\/\/www.facebook.com\/panm360\/\" \/>\n<meta property=\"article:modified_time\" content=\"2026-03-02T00:01:00+00:00\" \/>\n<meta property=\"og:image\" content=\"https:\/\/panm360.com\/wp-content\/uploads\/2026\/03\/17483650077461108496835eecfb565e_desktop-scaled.jpeg\" \/>\n\t<meta property=\"og:image:width\" content=\"1200\" \/>\n\t<meta property=\"og:image:height\" content=\"675\" \/>\n\t<meta property=\"og:image:type\" content=\"image\/jpeg\" \/>\n<meta name=\"twitter:card\" content=\"summary_large_image\" \/>\n<meta name=\"twitter:site\" content=\"@PANM360\" \/>\n<meta name=\"twitter:label1\" content=\"Est. reading time\" \/>\n\t<meta name=\"twitter:data1\" content=\"2 minutes\" \/>\n<script type=\"application\/ld+json\" class=\"yoast-schema-graph\">{\"@context\":\"https:\\\/\\\/schema.org\",\"@graph\":[{\"@type\":\"WebPage\",\"@id\":\"https:\\\/\\\/panm360.com\\\/en\\\/agenda\\\/viva-vivaldi-quatre-saisons-gloria-a-la-maison-symphonique\\\/\",\"url\":\"https:\\\/\\\/panm360.com\\\/en\\\/agenda\\\/viva-vivaldi-quatre-saisons-gloria-a-la-maison-symphonique\\\/\",\"name\":\"Viva Vivaldi : Quatre saisons &amp; Gloria \u00e0 la Maison symphonique - PAN M 360\",\"isPartOf\":{\"@id\":\"https:\\\/\\\/panm360.com\\\/en\\\/#website\"},\"primaryImageOfPage\":{\"@id\":\"https:\\\/\\\/panm360.com\\\/en\\\/agenda\\\/viva-vivaldi-quatre-saisons-gloria-a-la-maison-symphonique\\\/#primaryimage\"},\"image\":{\"@id\":\"https:\\\/\\\/panm360.com\\\/en\\\/agenda\\\/viva-vivaldi-quatre-saisons-gloria-a-la-maison-symphonique\\\/#primaryimage\"},\"thumbnailUrl\":\"https:\\\/\\\/panm360.com\\\/wp-content\\\/uploads\\\/2026\\\/03\\\/17483650077461108496835eecfb565e_desktop-scaled.jpeg\",\"datePublished\":\"2025-12-02T23:56:32+00:00\",\"dateModified\":\"2026-03-02T00:01:00+00:00\",\"breadcrumb\":{\"@id\":\"https:\\\/\\\/panm360.com\\\/en\\\/agenda\\\/viva-vivaldi-quatre-saisons-gloria-a-la-maison-symphonique\\\/#breadcrumb\"},\"inLanguage\":\"en-US\",\"potentialAction\":[{\"@type\":\"ReadAction\",\"target\":[\"https:\\\/\\\/panm360.com\\\/en\\\/agenda\\\/viva-vivaldi-quatre-saisons-gloria-a-la-maison-symphonique\\\/\"]}]},{\"@type\":\"ImageObject\",\"inLanguage\":\"en-US\",\"@id\":\"https:\\\/\\\/panm360.com\\\/en\\\/agenda\\\/viva-vivaldi-quatre-saisons-gloria-a-la-maison-symphonique\\\/#primaryimage\",\"url\":\"https:\\\/\\\/panm360.com\\\/wp-content\\\/uploads\\\/2026\\\/03\\\/17483650077461108496835eecfb565e_desktop-scaled.jpeg\",\"contentUrl\":\"https:\\\/\\\/panm360.com\\\/wp-content\\\/uploads\\\/2026\\\/03\\\/17483650077461108496835eecfb565e_desktop-scaled.jpeg\",\"width\":1200,\"height\":675},{\"@type\":\"BreadcrumbList\",\"@id\":\"https:\\\/\\\/panm360.com\\\/en\\\/agenda\\\/viva-vivaldi-quatre-saisons-gloria-a-la-maison-symphonique\\\/#breadcrumb\",\"itemListElement\":[{\"@type\":\"ListItem\",\"position\":1,\"name\":\"Accueil\",\"item\":\"https:\\\/\\\/panm360.com\\\/en\\\/\"},{\"@type\":\"ListItem\",\"position\":2,\"name\":\"Listings\",\"item\":\"https:\\\/\\\/panm360.com\\\/en\\\/agenda\\\/\"},{\"@type\":\"ListItem\",\"position\":3,\"name\":\"Viva Vivaldi : Quatre saisons &amp; Gloria \u00e0 la Maison symphonique\"}]},{\"@type\":\"WebSite\",\"@id\":\"https:\\\/\\\/panm360.com\\\/en\\\/#website\",\"url\":\"https:\\\/\\\/panm360.com\\\/en\\\/\",\"name\":\"PAN M 360\",\"description\":\"Le m\u00e9dia num\u00e9rique de la musique !\",\"publisher\":{\"@id\":\"https:\\\/\\\/panm360.com\\\/en\\\/#organization\"},\"potentialAction\":[{\"@type\":\"SearchAction\",\"target\":{\"@type\":\"EntryPoint\",\"urlTemplate\":\"https:\\\/\\\/panm360.com\\\/en\\\/?s={search_term_string}\"},\"query-input\":{\"@type\":\"PropertyValueSpecification\",\"valueRequired\":true,\"valueName\":\"search_term_string\"}}],\"inLanguage\":\"en-US\"},{\"@type\":\"Organization\",\"@id\":\"https:\\\/\\\/panm360.com\\\/en\\\/#organization\",\"name\":\"PAN M 360\",\"url\":\"https:\\\/\\\/panm360.com\\\/en\\\/\",\"logo\":{\"@type\":\"ImageObject\",\"inLanguage\":\"en-US\",\"@id\":\"https:\\\/\\\/panm360.com\\\/en\\\/#\\\/schema\\\/logo\\\/image\\\/\",\"url\":\"https:\\\/\\\/panm360.com\\\/wp-content\\\/uploads\\\/2019\\\/12\\\/PAN-M360_Logo_RGB.jpg\",\"contentUrl\":\"https:\\\/\\\/panm360.com\\\/wp-content\\\/uploads\\\/2019\\\/12\\\/PAN-M360_Logo_RGB.jpg\",\"width\":1663,\"height\":631,\"caption\":\"PAN M 360\"},\"image\":{\"@id\":\"https:\\\/\\\/panm360.com\\\/en\\\/#\\\/schema\\\/logo\\\/image\\\/\"},\"sameAs\":[\"https:\\\/\\\/www.facebook.com\\\/panm360\\\/\",\"https:\\\/\\\/x.com\\\/PANM360\",\"https:\\\/\\\/www.instagram.com\\\/panm360\\\/\",\"https:\\\/\\\/www.linkedin.com\\\/company\\\/panm360\\\/\",\"https:\\\/\\\/www.youtube.com\\\/channel\\\/UCHEFHd3UhIrV6EJ3ltzVKOA?view_as=subscriber\"]}]}<\/script>\n<!-- \/ Yoast SEO plugin. -->","yoast_head_json":{"title":"Viva Vivaldi : Quatre saisons &amp; Gloria \u00e0 la Maison symphonique - PAN M 360","robots":{"index":"index","follow":"follow","max-snippet":"max-snippet:-1","max-image-preview":"max-image-preview:large","max-video-preview":"max-video-preview:-1"},"canonical":"https:\/\/panm360.com\/en\/agenda\/viva-vivaldi-quatre-saisons-gloria-a-la-maison-symphonique\/","og_locale":"en_US","og_type":"article","og_title":"Viva Vivaldi : Quatre saisons &amp; Gloria \u00e0 la Maison symphonique - PAN M 360","og_description":"Pour c\u00e9l\u00e9brer le 70e anniversaire des Petits Chanteurs du Mont-Royal (PCMR), cette soir\u00e9e enchantera les spectateurs avec deux chefs-d\u2019\u0153uvre d\u2019Antonio Vivaldi. Sous la direction d\u2019Andrei Feher, le concert d\u00e9butera avec les c\u00e9l\u00e8bres Quatre saisons, op. 8, une \u0153uvre lumineuse et vibrante, mettant en vedette le violoniste solo Marc Djokic. Les quatre concertos, La primavera, L\u2019estate, [&hellip;]","og_url":"https:\/\/panm360.com\/en\/agenda\/viva-vivaldi-quatre-saisons-gloria-a-la-maison-symphonique\/","og_site_name":"PAN M 360","article_publisher":"https:\/\/www.facebook.com\/panm360\/","article_modified_time":"2026-03-02T00:01:00+00:00","og_image":[{"width":1200,"height":675,"url":"https:\/\/panm360.com\/wp-content\/uploads\/2026\/03\/17483650077461108496835eecfb565e_desktop-scaled.jpeg","type":"image\/jpeg"}],"twitter_card":"summary_large_image","twitter_site":"@PANM360","twitter_misc":{"Est. reading time":"2 minutes"},"schema":{"@context":"https:\/\/schema.org","@graph":[{"@type":"WebPage","@id":"https:\/\/panm360.com\/en\/agenda\/viva-vivaldi-quatre-saisons-gloria-a-la-maison-symphonique\/","url":"https:\/\/panm360.com\/en\/agenda\/viva-vivaldi-quatre-saisons-gloria-a-la-maison-symphonique\/","name":"Viva Vivaldi : Quatre saisons &amp; Gloria \u00e0 la Maison symphonique - PAN M 360","isPartOf":{"@id":"https:\/\/panm360.com\/en\/#website"},"primaryImageOfPage":{"@id":"https:\/\/panm360.com\/en\/agenda\/viva-vivaldi-quatre-saisons-gloria-a-la-maison-symphonique\/#primaryimage"},"image":{"@id":"https:\/\/panm360.com\/en\/agenda\/viva-vivaldi-quatre-saisons-gloria-a-la-maison-symphonique\/#primaryimage"},"thumbnailUrl":"https:\/\/panm360.com\/wp-content\/uploads\/2026\/03\/17483650077461108496835eecfb565e_desktop-scaled.jpeg","datePublished":"2025-12-02T23:56:32+00:00","dateModified":"2026-03-02T00:01:00+00:00","breadcrumb":{"@id":"https:\/\/panm360.com\/en\/agenda\/viva-vivaldi-quatre-saisons-gloria-a-la-maison-symphonique\/#breadcrumb"},"inLanguage":"en-US","potentialAction":[{"@type":"ReadAction","target":["https:\/\/panm360.com\/en\/agenda\/viva-vivaldi-quatre-saisons-gloria-a-la-maison-symphonique\/"]}]},{"@type":"ImageObject","inLanguage":"en-US","@id":"https:\/\/panm360.com\/en\/agenda\/viva-vivaldi-quatre-saisons-gloria-a-la-maison-symphonique\/#primaryimage","url":"https:\/\/panm360.com\/wp-content\/uploads\/2026\/03\/17483650077461108496835eecfb565e_desktop-scaled.jpeg","contentUrl":"https:\/\/panm360.com\/wp-content\/uploads\/2026\/03\/17483650077461108496835eecfb565e_desktop-scaled.jpeg","width":1200,"height":675},{"@type":"BreadcrumbList","@id":"https:\/\/panm360.com\/en\/agenda\/viva-vivaldi-quatre-saisons-gloria-a-la-maison-symphonique\/#breadcrumb","itemListElement":[{"@type":"ListItem","position":1,"name":"Accueil","item":"https:\/\/panm360.com\/en\/"},{"@type":"ListItem","position":2,"name":"Listings","item":"https:\/\/panm360.com\/en\/agenda\/"},{"@type":"ListItem","position":3,"name":"Viva Vivaldi : Quatre saisons &amp; Gloria \u00e0 la Maison symphonique"}]},{"@type":"WebSite","@id":"https:\/\/panm360.com\/en\/#website","url":"https:\/\/panm360.com\/en\/","name":"PAN M 360","description":"Le m\u00e9dia num\u00e9rique de la musique !","publisher":{"@id":"https:\/\/panm360.com\/en\/#organization"},"potentialAction":[{"@type":"SearchAction","target":{"@type":"EntryPoint","urlTemplate":"https:\/\/panm360.com\/en\/?s={search_term_string}"},"query-input":{"@type":"PropertyValueSpecification","valueRequired":true,"valueName":"search_term_string"}}],"inLanguage":"en-US"},{"@type":"Organization","@id":"https:\/\/panm360.com\/en\/#organization","name":"PAN M 360","url":"https:\/\/panm360.com\/en\/","logo":{"@type":"ImageObject","inLanguage":"en-US","@id":"https:\/\/panm360.com\/en\/#\/schema\/logo\/image\/","url":"https:\/\/panm360.com\/wp-content\/uploads\/2019\/12\/PAN-M360_Logo_RGB.jpg","contentUrl":"https:\/\/panm360.com\/wp-content\/uploads\/2019\/12\/PAN-M360_Logo_RGB.jpg","width":1663,"height":631,"caption":"PAN M 360"},"image":{"@id":"https:\/\/panm360.com\/en\/#\/schema\/logo\/image\/"},"sameAs":["https:\/\/www.facebook.com\/panm360\/","https:\/\/x.com\/PANM360","https:\/\/www.instagram.com\/panm360\/","https:\/\/www.linkedin.com\/company\/panm360\/","https:\/\/www.youtube.com\/channel\/UCHEFHd3UhIrV6EJ3ltzVKOA?view_as=subscriber"]}]}},"_links":{"self":[{"href":"https:\/\/panm360.com\/en\/wp-json\/wp\/v2\/agenda\/153490","targetHints":{"allow":["GET"]}}],"collection":[{"href":"https:\/\/panm360.com\/en\/wp-json\/wp\/v2\/agenda"}],"about":[{"href":"https:\/\/panm360.com\/en\/wp-json\/wp\/v2\/types\/agenda"}],"author":[{"embeddable":true,"href":"https:\/\/panm360.com\/en\/wp-json\/wp\/v2\/users\/936"}],"wp:featuredmedia":[{"embeddable":true,"href":"https:\/\/panm360.com\/en\/wp-json\/wp\/v2\/media\/153489"}],"wp:attachment":[{"href":"https:\/\/panm360.com\/en\/wp-json\/wp\/v2\/media?parent=153490"}],"wp:term":[{"taxonomy":"category","embeddable":true,"href":"https:\/\/panm360.com\/en\/wp-json\/wp\/v2\/categories?post=153490"},{"taxonomy":"post_tag","embeddable":true,"href":"https:\/\/panm360.com\/en\/wp-json\/wp\/v2\/tags?post=153490"},{"taxonomy":"generale","embeddable":true,"href":"https:\/\/panm360.com\/en\/wp-json\/wp\/v2\/generale?post=153490"},{"taxonomy":"genre","embeddable":true,"href":"https:\/\/panm360.com\/en\/wp-json\/wp\/v2\/genre?post=153490"},{"taxonomy":"pays","embeddable":true,"href":"https:\/\/panm360.com\/en\/wp-json\/wp\/v2\/pays?post=153490"},{"taxonomy":"salle","embeddable":true,"href":"https:\/\/panm360.com\/en\/wp-json\/wp\/v2\/salle?post=153490"},{"taxonomy":"ville","embeddable":true,"href":"https:\/\/panm360.com\/en\/wp-json\/wp\/v2\/ville?post=153490"}],"curies":[{"name":"wp","href":"https:\/\/api.w.org\/{rel}","templated":true}]}}