{"id":152885,"date":"2025-12-09T17:15:24","date_gmt":"2025-12-09T22:15:24","guid":{"rendered":"https:\/\/panm360.com\/?post_type=agenda&#038;p=152885"},"modified":"2026-02-15T17:21:46","modified_gmt":"2026-02-15T22:21:46","slug":"festival-international-de-jazz-de-montreal-st-vincent-symphonique-a-la-salle-wilfrid-pelletier","status":"publish","type":"agenda","link":"https:\/\/panm360.com\/en\/agenda\/festival-international-de-jazz-de-montreal-st-vincent-symphonique-a-la-salle-wilfrid-pelletier\/","title":{"rendered":"Festival International de Jazz de Montr\u00e9al : St. Vincent symphonique \u00e0 la salle Wilfrid-Pelletier"},"content":{"rendered":"\n<p class=\"wp-block-paragraph\">Cet \u00e9t\u00e9, St. Vincent s&#8217;aventurera une fois de plus en territoire inconnu avec une toute premi\u00e8re s\u00e9rie limit\u00e9e de concerts orchestraux. Pour cette escale montr\u00e9alaise, ce spectacle exceptionnel pr\u00e9sentera une s\u00e9lection de morceaux pr\u00e9f\u00e9r\u00e9s et de titres moins connus issus de la discographie de St. Vincent, qui prendront vie dans de nouvelles dimensions envo\u00fbtantes gr\u00e2ce \u00e0 la collaboration de Jules Buckley, artiste laur\u00e9at d&#8217;un Grammy Award et orchestrateur, arrangeur et chef d&#8217;orchestre de renom. Ensemble, St. Vincent et Buckley feront appel \u00e0 un orchestre local pour cr\u00e9er de nouveaux univers sonores \u00e0 partir de ses albums acclam\u00e9s \u2014 notamment Marry Me, Actor, Strange Mercy, St. Vincent, MASSEDUCTION, Daddy&#8217;s Home et All Born Screaming. Cette soir\u00e9e inoubliable promet d&#8217;offrir des r\u00e9interpr\u00e9tations symphoniques uniques des chansons de l&#8217;une des \u0153uvres les plus \u00e9clectiques et acclam\u00e9es de la musique moderne. Depuis pr\u00e8s de 20 ans, St. Vincent est consid\u00e9r\u00e9e comme l&#8217;une des figures les plus innovantes et fascinantes de la musique moderne. Elle n&#8217;a cess\u00e9 de r\u00e9inventer son identit\u00e9 sonore et visuelle \u00e0 travers un catalogue kal\u00e9idoscopique et a remport\u00e9 six Grammy Awards au cours de sa carri\u00e8re.<\/p>\n\n\n\n<p class=\"wp-block-paragraph\">This summer, St. Vincent will venture once more into unexplored territory with a first-ever limited run of orchestral performances. For its Montreal stop, the show will see a selection of favourites and deep cuts spanning the St. Vincent discography brought to life in spellbinding new dimensions, with the aid of Grammy-winning artist and renowned orchestrator, arranger, and conductor Jules Buckley. Together, St. Vincent and Buckley will enlist an established local orchestra to forge new sonic worlds from her acclaimed albums\u2014including Marry Me, Actor, Strange Mercy, St. Vincent, MASSEDUCTION, Daddy\u2019s Home, and All Born Screaming\u2014in what promises to be an unforgettable evening of unique symphonic reinterpretations of songs from one of modern music\u2019s most eclectic and acclaimed bodies of work. St. Vincent has been regarded as one of the most innovative and fascinating presences in modern music for nearly 20 years, constantly reinventing her audio and visual personae over the course of a kaleidoscopic catalog and winning six Grammy Awards along the way.<\/p>\n\n\n\n<p class=\"wp-block-paragraph\"><strong><a href=\"https:\/\/am.ticketmaster.com\/pda\/fr-ca\/buy\/virtual-venue\/UDZXMDYyOA==\">POUR ACHETER VOTRE BILLET, C\u2019EST ICI!<\/a><\/strong><\/p>\n\n\n\n<iframe data-testid=\"embed-iframe\" style=\"border-radius:12px\" src=\"https:\/\/open.spotify.com\/embed\/artist\/7bcbShaqKdcyjnmv4Ix8j6?utm_source=generator\" width=\"100%\" height=\"352\" frameBorder=\"0\" allowfullscreen=\"\" allow=\"autoplay; clipboard-write; encrypted-media; fullscreen; picture-in-picture\" loading=\"lazy\"><\/iframe>\n\n\n\n<p class=\"wp-block-paragraph\"><strong><em>Ce contenu provient de la Place des Arts et est adapt\u00e9 par PAN M 360<\/em><\/strong><\/p>\n","protected":false},"excerpt":{"rendered":"<p>Cet \u00e9t\u00e9, St. Vincent s&#8217;aventurera une fois de plus en territoire inconnu avec une toute premi\u00e8re s\u00e9rie limit\u00e9e de concerts orchestraux. Pour cette escale montr\u00e9alaise, ce spectacle exceptionnel pr\u00e9sentera une s\u00e9lection de morceaux pr\u00e9f\u00e9r\u00e9s et de titres moins connus issus de la discographie de St. Vincent, qui prendront vie dans de nouvelles dimensions envo\u00fbtantes gr\u00e2ce [&hellip;]<\/p>\n","protected":false},"author":936,"featured_media":152884,"menu_order":0,"template":"","format":"standard","meta":{"_acf_changed":true,"_crdt_document":""},"categories":[4322],"tags":[],"generale":[3814],"genre":[8096,9942,10416],"pays":[3827],"salle":[7078],"ville":[7246],"class_list":["post-152885","agenda","type-agenda","status-publish","format-standard","has-post-thumbnail","hentry","category-listings-360","generale-lire-en","genre-alternative-2-en","genre-art-rock-rock-en","genre-pop-symphonique-pop-en","pays-united-states","salle-salle-wilfrid-pelletier-en","ville-montreal-en"],"acf":[],"yoast_head":"<!-- This site is optimized with the Yoast SEO plugin v27.4 - https:\/\/yoast.com\/product\/yoast-seo-wordpress\/ -->\n<title>Festival International de Jazz de Montr\u00e9al : St. Vincent symphonique \u00e0 la salle Wilfrid-Pelletier - PAN M 360<\/title>\n<meta name=\"robots\" content=\"index, follow, max-snippet:-1, max-image-preview:large, max-video-preview:-1\" \/>\n<link rel=\"canonical\" href=\"https:\/\/panm360.com\/en\/agenda\/festival-international-de-jazz-de-montreal-st-vincent-symphonique-a-la-salle-wilfrid-pelletier\/\" \/>\n<meta property=\"og:locale\" content=\"en_US\" \/>\n<meta property=\"og:type\" content=\"article\" \/>\n<meta property=\"og:title\" content=\"Festival International de Jazz de Montr\u00e9al : St. Vincent symphonique \u00e0 la salle Wilfrid-Pelletier - PAN M 360\" \/>\n<meta property=\"og:description\" content=\"Cet \u00e9t\u00e9, St. Vincent s&#8217;aventurera une fois de plus en territoire inconnu avec une toute premi\u00e8re s\u00e9rie limit\u00e9e de concerts orchestraux. Pour cette escale montr\u00e9alaise, ce spectacle exceptionnel pr\u00e9sentera une s\u00e9lection de morceaux pr\u00e9f\u00e9r\u00e9s et de titres moins connus issus de la discographie de St. Vincent, qui prendront vie dans de nouvelles dimensions envo\u00fbtantes gr\u00e2ce [&hellip;]\" \/>\n<meta property=\"og:url\" content=\"https:\/\/panm360.com\/en\/agenda\/festival-international-de-jazz-de-montreal-st-vincent-symphonique-a-la-salle-wilfrid-pelletier\/\" \/>\n<meta property=\"og:site_name\" content=\"PAN M 360\" \/>\n<meta property=\"article:publisher\" content=\"https:\/\/www.facebook.com\/panm360\/\" \/>\n<meta property=\"article:modified_time\" content=\"2026-02-15T22:21:46+00:00\" \/>\n<meta property=\"og:image\" content=\"https:\/\/panm360.com\/wp-content\/uploads\/2026\/02\/177030636311486473676984bb3bacae5_desktop-scaled.jpeg\" \/>\n\t<meta property=\"og:image:width\" content=\"1200\" \/>\n\t<meta property=\"og:image:height\" content=\"675\" \/>\n\t<meta property=\"og:image:type\" content=\"image\/jpeg\" \/>\n<meta name=\"twitter:card\" content=\"summary_large_image\" \/>\n<meta name=\"twitter:site\" content=\"@PANM360\" \/>\n<meta name=\"twitter:label1\" content=\"Est. reading time\" \/>\n\t<meta name=\"twitter:data1\" content=\"3 minutes\" \/>\n<script type=\"application\/ld+json\" class=\"yoast-schema-graph\">{\"@context\":\"https:\\\/\\\/schema.org\",\"@graph\":[{\"@type\":\"WebPage\",\"@id\":\"https:\\\/\\\/panm360.com\\\/en\\\/agenda\\\/festival-international-de-jazz-de-montreal-st-vincent-symphonique-a-la-salle-wilfrid-pelletier\\\/\",\"url\":\"https:\\\/\\\/panm360.com\\\/en\\\/agenda\\\/festival-international-de-jazz-de-montreal-st-vincent-symphonique-a-la-salle-wilfrid-pelletier\\\/\",\"name\":\"Festival International de Jazz de Montr\u00e9al : St. Vincent symphonique \u00e0 la salle Wilfrid-Pelletier - PAN M 360\",\"isPartOf\":{\"@id\":\"https:\\\/\\\/panm360.com\\\/en\\\/#website\"},\"primaryImageOfPage\":{\"@id\":\"https:\\\/\\\/panm360.com\\\/en\\\/agenda\\\/festival-international-de-jazz-de-montreal-st-vincent-symphonique-a-la-salle-wilfrid-pelletier\\\/#primaryimage\"},\"image\":{\"@id\":\"https:\\\/\\\/panm360.com\\\/en\\\/agenda\\\/festival-international-de-jazz-de-montreal-st-vincent-symphonique-a-la-salle-wilfrid-pelletier\\\/#primaryimage\"},\"thumbnailUrl\":\"https:\\\/\\\/panm360.com\\\/wp-content\\\/uploads\\\/2026\\\/02\\\/177030636311486473676984bb3bacae5_desktop-scaled.jpeg\",\"datePublished\":\"2025-12-09T22:15:24+00:00\",\"dateModified\":\"2026-02-15T22:21:46+00:00\",\"breadcrumb\":{\"@id\":\"https:\\\/\\\/panm360.com\\\/en\\\/agenda\\\/festival-international-de-jazz-de-montreal-st-vincent-symphonique-a-la-salle-wilfrid-pelletier\\\/#breadcrumb\"},\"inLanguage\":\"en-US\",\"potentialAction\":[{\"@type\":\"ReadAction\",\"target\":[\"https:\\\/\\\/panm360.com\\\/en\\\/agenda\\\/festival-international-de-jazz-de-montreal-st-vincent-symphonique-a-la-salle-wilfrid-pelletier\\\/\"]}]},{\"@type\":\"ImageObject\",\"inLanguage\":\"en-US\",\"@id\":\"https:\\\/\\\/panm360.com\\\/en\\\/agenda\\\/festival-international-de-jazz-de-montreal-st-vincent-symphonique-a-la-salle-wilfrid-pelletier\\\/#primaryimage\",\"url\":\"https:\\\/\\\/panm360.com\\\/wp-content\\\/uploads\\\/2026\\\/02\\\/177030636311486473676984bb3bacae5_desktop-scaled.jpeg\",\"contentUrl\":\"https:\\\/\\\/panm360.com\\\/wp-content\\\/uploads\\\/2026\\\/02\\\/177030636311486473676984bb3bacae5_desktop-scaled.jpeg\",\"width\":1200,\"height\":675},{\"@type\":\"BreadcrumbList\",\"@id\":\"https:\\\/\\\/panm360.com\\\/en\\\/agenda\\\/festival-international-de-jazz-de-montreal-st-vincent-symphonique-a-la-salle-wilfrid-pelletier\\\/#breadcrumb\",\"itemListElement\":[{\"@type\":\"ListItem\",\"position\":1,\"name\":\"Accueil\",\"item\":\"https:\\\/\\\/panm360.com\\\/en\\\/\"},{\"@type\":\"ListItem\",\"position\":2,\"name\":\"Listings\",\"item\":\"https:\\\/\\\/panm360.com\\\/en\\\/agenda\\\/\"},{\"@type\":\"ListItem\",\"position\":3,\"name\":\"Festival International de Jazz de Montr\u00e9al : St. Vincent symphonique \u00e0 la salle Wilfrid-Pelletier\"}]},{\"@type\":\"WebSite\",\"@id\":\"https:\\\/\\\/panm360.com\\\/en\\\/#website\",\"url\":\"https:\\\/\\\/panm360.com\\\/en\\\/\",\"name\":\"PAN M 360\",\"description\":\"Le m\u00e9dia num\u00e9rique de la musique !\",\"publisher\":{\"@id\":\"https:\\\/\\\/panm360.com\\\/en\\\/#organization\"},\"potentialAction\":[{\"@type\":\"SearchAction\",\"target\":{\"@type\":\"EntryPoint\",\"urlTemplate\":\"https:\\\/\\\/panm360.com\\\/en\\\/?s={search_term_string}\"},\"query-input\":{\"@type\":\"PropertyValueSpecification\",\"valueRequired\":true,\"valueName\":\"search_term_string\"}}],\"inLanguage\":\"en-US\"},{\"@type\":\"Organization\",\"@id\":\"https:\\\/\\\/panm360.com\\\/en\\\/#organization\",\"name\":\"PAN M 360\",\"url\":\"https:\\\/\\\/panm360.com\\\/en\\\/\",\"logo\":{\"@type\":\"ImageObject\",\"inLanguage\":\"en-US\",\"@id\":\"https:\\\/\\\/panm360.com\\\/en\\\/#\\\/schema\\\/logo\\\/image\\\/\",\"url\":\"https:\\\/\\\/panm360.com\\\/wp-content\\\/uploads\\\/2019\\\/12\\\/PAN-M360_Logo_RGB.jpg\",\"contentUrl\":\"https:\\\/\\\/panm360.com\\\/wp-content\\\/uploads\\\/2019\\\/12\\\/PAN-M360_Logo_RGB.jpg\",\"width\":1663,\"height\":631,\"caption\":\"PAN M 360\"},\"image\":{\"@id\":\"https:\\\/\\\/panm360.com\\\/en\\\/#\\\/schema\\\/logo\\\/image\\\/\"},\"sameAs\":[\"https:\\\/\\\/www.facebook.com\\\/panm360\\\/\",\"https:\\\/\\\/x.com\\\/PANM360\",\"https:\\\/\\\/www.instagram.com\\\/panm360\\\/\",\"https:\\\/\\\/www.linkedin.com\\\/company\\\/panm360\\\/\",\"https:\\\/\\\/www.youtube.com\\\/channel\\\/UCHEFHd3UhIrV6EJ3ltzVKOA?view_as=subscriber\"]}]}<\/script>\n<!-- \/ Yoast SEO plugin. -->","yoast_head_json":{"title":"Festival International de Jazz de Montr\u00e9al : St. Vincent symphonique \u00e0 la salle Wilfrid-Pelletier - PAN M 360","robots":{"index":"index","follow":"follow","max-snippet":"max-snippet:-1","max-image-preview":"max-image-preview:large","max-video-preview":"max-video-preview:-1"},"canonical":"https:\/\/panm360.com\/en\/agenda\/festival-international-de-jazz-de-montreal-st-vincent-symphonique-a-la-salle-wilfrid-pelletier\/","og_locale":"en_US","og_type":"article","og_title":"Festival International de Jazz de Montr\u00e9al : St. Vincent symphonique \u00e0 la salle Wilfrid-Pelletier - PAN M 360","og_description":"Cet \u00e9t\u00e9, St. Vincent s&#8217;aventurera une fois de plus en territoire inconnu avec une toute premi\u00e8re s\u00e9rie limit\u00e9e de concerts orchestraux. Pour cette escale montr\u00e9alaise, ce spectacle exceptionnel pr\u00e9sentera une s\u00e9lection de morceaux pr\u00e9f\u00e9r\u00e9s et de titres moins connus issus de la discographie de St. Vincent, qui prendront vie dans de nouvelles dimensions envo\u00fbtantes gr\u00e2ce [&hellip;]","og_url":"https:\/\/panm360.com\/en\/agenda\/festival-international-de-jazz-de-montreal-st-vincent-symphonique-a-la-salle-wilfrid-pelletier\/","og_site_name":"PAN M 360","article_publisher":"https:\/\/www.facebook.com\/panm360\/","article_modified_time":"2026-02-15T22:21:46+00:00","og_image":[{"width":1200,"height":675,"url":"https:\/\/panm360.com\/wp-content\/uploads\/2026\/02\/177030636311486473676984bb3bacae5_desktop-scaled.jpeg","type":"image\/jpeg"}],"twitter_card":"summary_large_image","twitter_site":"@PANM360","twitter_misc":{"Est. reading time":"3 minutes"},"schema":{"@context":"https:\/\/schema.org","@graph":[{"@type":"WebPage","@id":"https:\/\/panm360.com\/en\/agenda\/festival-international-de-jazz-de-montreal-st-vincent-symphonique-a-la-salle-wilfrid-pelletier\/","url":"https:\/\/panm360.com\/en\/agenda\/festival-international-de-jazz-de-montreal-st-vincent-symphonique-a-la-salle-wilfrid-pelletier\/","name":"Festival International de Jazz de Montr\u00e9al : St. Vincent symphonique \u00e0 la salle Wilfrid-Pelletier - PAN M 360","isPartOf":{"@id":"https:\/\/panm360.com\/en\/#website"},"primaryImageOfPage":{"@id":"https:\/\/panm360.com\/en\/agenda\/festival-international-de-jazz-de-montreal-st-vincent-symphonique-a-la-salle-wilfrid-pelletier\/#primaryimage"},"image":{"@id":"https:\/\/panm360.com\/en\/agenda\/festival-international-de-jazz-de-montreal-st-vincent-symphonique-a-la-salle-wilfrid-pelletier\/#primaryimage"},"thumbnailUrl":"https:\/\/panm360.com\/wp-content\/uploads\/2026\/02\/177030636311486473676984bb3bacae5_desktop-scaled.jpeg","datePublished":"2025-12-09T22:15:24+00:00","dateModified":"2026-02-15T22:21:46+00:00","breadcrumb":{"@id":"https:\/\/panm360.com\/en\/agenda\/festival-international-de-jazz-de-montreal-st-vincent-symphonique-a-la-salle-wilfrid-pelletier\/#breadcrumb"},"inLanguage":"en-US","potentialAction":[{"@type":"ReadAction","target":["https:\/\/panm360.com\/en\/agenda\/festival-international-de-jazz-de-montreal-st-vincent-symphonique-a-la-salle-wilfrid-pelletier\/"]}]},{"@type":"ImageObject","inLanguage":"en-US","@id":"https:\/\/panm360.com\/en\/agenda\/festival-international-de-jazz-de-montreal-st-vincent-symphonique-a-la-salle-wilfrid-pelletier\/#primaryimage","url":"https:\/\/panm360.com\/wp-content\/uploads\/2026\/02\/177030636311486473676984bb3bacae5_desktop-scaled.jpeg","contentUrl":"https:\/\/panm360.com\/wp-content\/uploads\/2026\/02\/177030636311486473676984bb3bacae5_desktop-scaled.jpeg","width":1200,"height":675},{"@type":"BreadcrumbList","@id":"https:\/\/panm360.com\/en\/agenda\/festival-international-de-jazz-de-montreal-st-vincent-symphonique-a-la-salle-wilfrid-pelletier\/#breadcrumb","itemListElement":[{"@type":"ListItem","position":1,"name":"Accueil","item":"https:\/\/panm360.com\/en\/"},{"@type":"ListItem","position":2,"name":"Listings","item":"https:\/\/panm360.com\/en\/agenda\/"},{"@type":"ListItem","position":3,"name":"Festival International de Jazz de Montr\u00e9al : St. Vincent symphonique \u00e0 la salle Wilfrid-Pelletier"}]},{"@type":"WebSite","@id":"https:\/\/panm360.com\/en\/#website","url":"https:\/\/panm360.com\/en\/","name":"PAN M 360","description":"Le m\u00e9dia num\u00e9rique de la musique !","publisher":{"@id":"https:\/\/panm360.com\/en\/#organization"},"potentialAction":[{"@type":"SearchAction","target":{"@type":"EntryPoint","urlTemplate":"https:\/\/panm360.com\/en\/?s={search_term_string}"},"query-input":{"@type":"PropertyValueSpecification","valueRequired":true,"valueName":"search_term_string"}}],"inLanguage":"en-US"},{"@type":"Organization","@id":"https:\/\/panm360.com\/en\/#organization","name":"PAN M 360","url":"https:\/\/panm360.com\/en\/","logo":{"@type":"ImageObject","inLanguage":"en-US","@id":"https:\/\/panm360.com\/en\/#\/schema\/logo\/image\/","url":"https:\/\/panm360.com\/wp-content\/uploads\/2019\/12\/PAN-M360_Logo_RGB.jpg","contentUrl":"https:\/\/panm360.com\/wp-content\/uploads\/2019\/12\/PAN-M360_Logo_RGB.jpg","width":1663,"height":631,"caption":"PAN M 360"},"image":{"@id":"https:\/\/panm360.com\/en\/#\/schema\/logo\/image\/"},"sameAs":["https:\/\/www.facebook.com\/panm360\/","https:\/\/x.com\/PANM360","https:\/\/www.instagram.com\/panm360\/","https:\/\/www.linkedin.com\/company\/panm360\/","https:\/\/www.youtube.com\/channel\/UCHEFHd3UhIrV6EJ3ltzVKOA?view_as=subscriber"]}]}},"_links":{"self":[{"href":"https:\/\/panm360.com\/en\/wp-json\/wp\/v2\/agenda\/152885","targetHints":{"allow":["GET"]}}],"collection":[{"href":"https:\/\/panm360.com\/en\/wp-json\/wp\/v2\/agenda"}],"about":[{"href":"https:\/\/panm360.com\/en\/wp-json\/wp\/v2\/types\/agenda"}],"author":[{"embeddable":true,"href":"https:\/\/panm360.com\/en\/wp-json\/wp\/v2\/users\/936"}],"wp:featuredmedia":[{"embeddable":true,"href":"https:\/\/panm360.com\/en\/wp-json\/wp\/v2\/media\/152884"}],"wp:attachment":[{"href":"https:\/\/panm360.com\/en\/wp-json\/wp\/v2\/media?parent=152885"}],"wp:term":[{"taxonomy":"category","embeddable":true,"href":"https:\/\/panm360.com\/en\/wp-json\/wp\/v2\/categories?post=152885"},{"taxonomy":"post_tag","embeddable":true,"href":"https:\/\/panm360.com\/en\/wp-json\/wp\/v2\/tags?post=152885"},{"taxonomy":"generale","embeddable":true,"href":"https:\/\/panm360.com\/en\/wp-json\/wp\/v2\/generale?post=152885"},{"taxonomy":"genre","embeddable":true,"href":"https:\/\/panm360.com\/en\/wp-json\/wp\/v2\/genre?post=152885"},{"taxonomy":"pays","embeddable":true,"href":"https:\/\/panm360.com\/en\/wp-json\/wp\/v2\/pays?post=152885"},{"taxonomy":"salle","embeddable":true,"href":"https:\/\/panm360.com\/en\/wp-json\/wp\/v2\/salle?post=152885"},{"taxonomy":"ville","embeddable":true,"href":"https:\/\/panm360.com\/en\/wp-json\/wp\/v2\/ville?post=152885"}],"curies":[{"name":"wp","href":"https:\/\/api.w.org\/{rel}","templated":true}]}}