{"id":150916,"date":"2025-11-03T15:33:34","date_gmt":"2025-11-03T20:33:34","guid":{"rendered":"https:\/\/panm360.com\/?post_type=agenda&#038;p=150916"},"modified":"2026-01-02T15:38:00","modified_gmt":"2026-01-02T20:38:00","slug":"andre-schuen-daniel-heide-a-la-salle-bourgie","status":"publish","type":"agenda","link":"https:\/\/panm360.com\/en\/agenda\/andre-schuen-daniel-heide-a-la-salle-bourgie\/","title":{"rendered":"Andr\u00e8 Schuen &amp; Daniel Heide \u00e0 la salle Bourgie"},"content":{"rendered":"\n<p class=\"wp-block-paragraph\">Deux des plus grands compositeurs de lieder se rencontrent dans ce programme riche en \u00e9motion et en raffinement. Lou\u00e9 pour sa voix lyrique et sensible, le baryton Andr\u00e8 Schuen interpr\u00e8te des lieder inspir\u00e9s par la nature, l\u2019amour et l\u2019espoir, mais aussi par la douleur du h\u00e9ros d\u00e9s\u0153uvr\u00e9 qui cherche l\u2019apaisement de ses tourments, comme en t\u00e9moignent les quatre Chants d\u2019un compagnon errant.<\/p>\n\n\n\n<p class=\"wp-block-paragraph\">Two great lieder composers meet in this refined and emotionally resonant programme. Praised for his sensitive and lyrical voice, baritone Andr\u00e8 Schuen performs lieder inspired not only by nature, love, and hope, but by the lovelorn hero\u2019s quest to relieve his suffering, as in Mahler\u2019s four Songs of a Wayfarer.<\/p>\n\n\n\n<p class=\"wp-block-paragraph\"><strong>Programme<\/strong><\/p>\n\n\n\n<p class=\"wp-block-paragraph\"><strong>G. MAHLER<br><\/strong>Lieder eines fahrenden Gesellen\u00a0[Chants d\u2019un compagnon errant]<br>R\u00fcckert-Lieder<br><strong>SCHUBERT<br><\/strong>Fahrt zum Hades\u00a0[Voyage vers Had\u00e8s], D. 526<br>Lied eines Schiffers an die Dioskuren\u00a0[Chant d&#8217;un marin aux Dioscures], D. 360<br>Der Schiffer\u00a0[Le marin], D. 536<br>Die Mutter Erde\u00a0[La m\u00e8re Terre], D. 788<br>Prometheus, D. 674<br>\u00dcber Wildemann\u00a0[Au\u2011dessus\u00a0de\u00a0Wildemann], D. 884<br>Am Fenster\u00a0[\u00c0 la fen\u00eatre], D. 878<br>Der Wanderer\u00a0[Le voyageur], D. 649<br>An mein Herz\u00a0[\u00c0 mon c\u0153ur], D. 860<\/p>\n\n\n\n<p class=\"wp-block-paragraph\"><strong>Program<\/strong><\/p>\n\n\n\n<p class=\"wp-block-paragraph\">\u00a0<strong>G. MAHLER<br><\/strong>Lieder eines fahrenden Gesellen\u00a0[Songs of a Wayfarer]<br>R\u00fcckert-Lieder<br><strong>SCHUBERT<br><\/strong>Fahrt zum Hades\u00a0[Journey to Hades], D. 526<br>Lied eines Schiffers an die Dioskuren\u00a0[Song of a seafarer to the Dioscuri], D. 360<br>Der Schiffer\u00a0[The boatman], D. 536<br>Die Mutter Erde\u00a0[Mother Earth], D. 788<br>Prometheus, D. 674<br>\u00dcber Wildemann\u00a0[Above Wildemann], D. 884<br>Am Fenster\u00a0[At the window], D. 878<br>Der Wanderer\u00a0[The wanderer], D. 649<br>An mein Herz\u00a0[To my heart], D. 860<\/p>\n\n\n\n<p class=\"wp-block-paragraph\"><strong><a href=\"https:\/\/www.mbam.qc.ca\/fr\/activites\/andre-schuen-baryton-daniel-heide-piano\/\">POUR ACHETER VOTRE BILLET, C\u2019EST ICI!<\/a><\/strong><\/p>\n\n\n\n<iframe data-testid=\"embed-iframe\" style=\"border-radius:12px\" src=\"https:\/\/open.spotify.com\/embed\/artist\/2p0UyoPfYfI76PCStuXfOP?utm_source=generator\" width=\"100%\" height=\"352\" frameBorder=\"0\" allowfullscreen=\"\" allow=\"autoplay; clipboard-write; encrypted-media; fullscreen; picture-in-picture\" loading=\"lazy\"><\/iframe>\n\n\n\n<p class=\"wp-block-paragraph\"><strong><em>Ce contenu provient<\/em>&nbsp;<em>de la salle Bourgie&nbsp;et est adapt\u00e9 par PAN M 360<\/em><\/strong><\/p>\n","protected":false},"excerpt":{"rendered":"<p>Deux des plus grands compositeurs de lieder se rencontrent dans ce programme riche en \u00e9motion et en raffinement. Lou\u00e9 pour sa voix lyrique et sensible, le baryton Andr\u00e8 Schuen interpr\u00e8te des lieder inspir\u00e9s par la nature, l\u2019amour et l\u2019espoir, mais aussi par la douleur du h\u00e9ros d\u00e9s\u0153uvr\u00e9 qui cherche l\u2019apaisement de ses tourments, comme en [&hellip;]<\/p>\n","protected":false},"author":936,"featured_media":150915,"menu_order":0,"template":"","format":"standard","meta":{"_acf_changed":true,"_crdt_document":""},"categories":[4322],"tags":[],"generale":[3814],"genre":[8055,8339],"pays":[3831],"salle":[7019],"ville":[7246],"class_list":["post-150916","agenda","type-agenda","status-publish","format-standard","has-post-thumbnail","hentry","category-listings-360","generale-lire-en","genre-classique-2-en","genre-periode-romantique-en","pays-austria-en","salle-salle-bourgie-en","ville-montreal-en"],"acf":[],"yoast_head":"<!-- This site is optimized with the Yoast SEO plugin v27.4 - https:\/\/yoast.com\/product\/yoast-seo-wordpress\/ -->\n<title>Andr\u00e8 Schuen &amp; Daniel Heide \u00e0 la salle Bourgie - PAN M 360<\/title>\n<meta name=\"robots\" content=\"index, follow, max-snippet:-1, max-image-preview:large, max-video-preview:-1\" \/>\n<link rel=\"canonical\" href=\"https:\/\/panm360.com\/en\/agenda\/andre-schuen-daniel-heide-a-la-salle-bourgie\/\" \/>\n<meta property=\"og:locale\" content=\"en_US\" \/>\n<meta property=\"og:type\" content=\"article\" \/>\n<meta property=\"og:title\" content=\"Andr\u00e8 Schuen &amp; Daniel Heide \u00e0 la salle Bourgie - PAN M 360\" \/>\n<meta property=\"og:description\" content=\"Deux des plus grands compositeurs de lieder se rencontrent dans ce programme riche en \u00e9motion et en raffinement. Lou\u00e9 pour sa voix lyrique et sensible, le baryton Andr\u00e8 Schuen interpr\u00e8te des lieder inspir\u00e9s par la nature, l\u2019amour et l\u2019espoir, mais aussi par la douleur du h\u00e9ros d\u00e9s\u0153uvr\u00e9 qui cherche l\u2019apaisement de ses tourments, comme en [&hellip;]\" \/>\n<meta property=\"og:url\" content=\"https:\/\/panm360.com\/en\/agenda\/andre-schuen-daniel-heide-a-la-salle-bourgie\/\" \/>\n<meta property=\"og:site_name\" content=\"PAN M 360\" \/>\n<meta property=\"article:publisher\" content=\"https:\/\/www.facebook.com\/panm360\/\" \/>\n<meta property=\"article:modified_time\" content=\"2026-01-02T20:38:00+00:00\" \/>\n<meta property=\"og:image\" content=\"https:\/\/panm360.com\/wp-content\/uploads\/2026\/01\/telechargement-4-scaled.webp\" \/>\n\t<meta property=\"og:image:width\" content=\"1200\" \/>\n\t<meta property=\"og:image:height\" content=\"800\" \/>\n\t<meta property=\"og:image:type\" content=\"image\/webp\" \/>\n<meta name=\"twitter:card\" content=\"summary_large_image\" \/>\n<meta name=\"twitter:site\" content=\"@PANM360\" \/>\n<meta name=\"twitter:label1\" content=\"Est. reading time\" \/>\n\t<meta name=\"twitter:data1\" content=\"2 minutes\" \/>\n<script type=\"application\/ld+json\" class=\"yoast-schema-graph\">{\"@context\":\"https:\\\/\\\/schema.org\",\"@graph\":[{\"@type\":\"WebPage\",\"@id\":\"https:\\\/\\\/panm360.com\\\/en\\\/agenda\\\/andre-schuen-daniel-heide-a-la-salle-bourgie\\\/\",\"url\":\"https:\\\/\\\/panm360.com\\\/en\\\/agenda\\\/andre-schuen-daniel-heide-a-la-salle-bourgie\\\/\",\"name\":\"Andr\u00e8 Schuen &amp; Daniel Heide \u00e0 la salle Bourgie - PAN M 360\",\"isPartOf\":{\"@id\":\"https:\\\/\\\/panm360.com\\\/en\\\/#website\"},\"primaryImageOfPage\":{\"@id\":\"https:\\\/\\\/panm360.com\\\/en\\\/agenda\\\/andre-schuen-daniel-heide-a-la-salle-bourgie\\\/#primaryimage\"},\"image\":{\"@id\":\"https:\\\/\\\/panm360.com\\\/en\\\/agenda\\\/andre-schuen-daniel-heide-a-la-salle-bourgie\\\/#primaryimage\"},\"thumbnailUrl\":\"https:\\\/\\\/panm360.com\\\/wp-content\\\/uploads\\\/2026\\\/01\\\/telechargement-4-scaled.webp\",\"datePublished\":\"2025-11-03T20:33:34+00:00\",\"dateModified\":\"2026-01-02T20:38:00+00:00\",\"breadcrumb\":{\"@id\":\"https:\\\/\\\/panm360.com\\\/en\\\/agenda\\\/andre-schuen-daniel-heide-a-la-salle-bourgie\\\/#breadcrumb\"},\"inLanguage\":\"en-US\",\"potentialAction\":[{\"@type\":\"ReadAction\",\"target\":[\"https:\\\/\\\/panm360.com\\\/en\\\/agenda\\\/andre-schuen-daniel-heide-a-la-salle-bourgie\\\/\"]}]},{\"@type\":\"ImageObject\",\"inLanguage\":\"en-US\",\"@id\":\"https:\\\/\\\/panm360.com\\\/en\\\/agenda\\\/andre-schuen-daniel-heide-a-la-salle-bourgie\\\/#primaryimage\",\"url\":\"https:\\\/\\\/panm360.com\\\/wp-content\\\/uploads\\\/2026\\\/01\\\/telechargement-4-scaled.webp\",\"contentUrl\":\"https:\\\/\\\/panm360.com\\\/wp-content\\\/uploads\\\/2026\\\/01\\\/telechargement-4-scaled.webp\",\"width\":1200,\"height\":800},{\"@type\":\"BreadcrumbList\",\"@id\":\"https:\\\/\\\/panm360.com\\\/en\\\/agenda\\\/andre-schuen-daniel-heide-a-la-salle-bourgie\\\/#breadcrumb\",\"itemListElement\":[{\"@type\":\"ListItem\",\"position\":1,\"name\":\"Accueil\",\"item\":\"https:\\\/\\\/panm360.com\\\/en\\\/\"},{\"@type\":\"ListItem\",\"position\":2,\"name\":\"Listings\",\"item\":\"https:\\\/\\\/panm360.com\\\/en\\\/agenda\\\/\"},{\"@type\":\"ListItem\",\"position\":3,\"name\":\"Andr\u00e8 Schuen &amp; Daniel Heide \u00e0 la salle Bourgie\"}]},{\"@type\":\"WebSite\",\"@id\":\"https:\\\/\\\/panm360.com\\\/en\\\/#website\",\"url\":\"https:\\\/\\\/panm360.com\\\/en\\\/\",\"name\":\"PAN M 360\",\"description\":\"Le m\u00e9dia num\u00e9rique de la musique !\",\"publisher\":{\"@id\":\"https:\\\/\\\/panm360.com\\\/en\\\/#organization\"},\"potentialAction\":[{\"@type\":\"SearchAction\",\"target\":{\"@type\":\"EntryPoint\",\"urlTemplate\":\"https:\\\/\\\/panm360.com\\\/en\\\/?s={search_term_string}\"},\"query-input\":{\"@type\":\"PropertyValueSpecification\",\"valueRequired\":true,\"valueName\":\"search_term_string\"}}],\"inLanguage\":\"en-US\"},{\"@type\":\"Organization\",\"@id\":\"https:\\\/\\\/panm360.com\\\/en\\\/#organization\",\"name\":\"PAN M 360\",\"url\":\"https:\\\/\\\/panm360.com\\\/en\\\/\",\"logo\":{\"@type\":\"ImageObject\",\"inLanguage\":\"en-US\",\"@id\":\"https:\\\/\\\/panm360.com\\\/en\\\/#\\\/schema\\\/logo\\\/image\\\/\",\"url\":\"https:\\\/\\\/panm360.com\\\/wp-content\\\/uploads\\\/2019\\\/12\\\/PAN-M360_Logo_RGB.jpg\",\"contentUrl\":\"https:\\\/\\\/panm360.com\\\/wp-content\\\/uploads\\\/2019\\\/12\\\/PAN-M360_Logo_RGB.jpg\",\"width\":1663,\"height\":631,\"caption\":\"PAN M 360\"},\"image\":{\"@id\":\"https:\\\/\\\/panm360.com\\\/en\\\/#\\\/schema\\\/logo\\\/image\\\/\"},\"sameAs\":[\"https:\\\/\\\/www.facebook.com\\\/panm360\\\/\",\"https:\\\/\\\/x.com\\\/PANM360\",\"https:\\\/\\\/www.instagram.com\\\/panm360\\\/\",\"https:\\\/\\\/www.linkedin.com\\\/company\\\/panm360\\\/\",\"https:\\\/\\\/www.youtube.com\\\/channel\\\/UCHEFHd3UhIrV6EJ3ltzVKOA?view_as=subscriber\"]}]}<\/script>\n<!-- \/ Yoast SEO plugin. -->","yoast_head_json":{"title":"Andr\u00e8 Schuen &amp; Daniel Heide \u00e0 la salle Bourgie - PAN M 360","robots":{"index":"index","follow":"follow","max-snippet":"max-snippet:-1","max-image-preview":"max-image-preview:large","max-video-preview":"max-video-preview:-1"},"canonical":"https:\/\/panm360.com\/en\/agenda\/andre-schuen-daniel-heide-a-la-salle-bourgie\/","og_locale":"en_US","og_type":"article","og_title":"Andr\u00e8 Schuen &amp; Daniel Heide \u00e0 la salle Bourgie - PAN M 360","og_description":"Deux des plus grands compositeurs de lieder se rencontrent dans ce programme riche en \u00e9motion et en raffinement. Lou\u00e9 pour sa voix lyrique et sensible, le baryton Andr\u00e8 Schuen interpr\u00e8te des lieder inspir\u00e9s par la nature, l\u2019amour et l\u2019espoir, mais aussi par la douleur du h\u00e9ros d\u00e9s\u0153uvr\u00e9 qui cherche l\u2019apaisement de ses tourments, comme en [&hellip;]","og_url":"https:\/\/panm360.com\/en\/agenda\/andre-schuen-daniel-heide-a-la-salle-bourgie\/","og_site_name":"PAN M 360","article_publisher":"https:\/\/www.facebook.com\/panm360\/","article_modified_time":"2026-01-02T20:38:00+00:00","og_image":[{"width":1200,"height":800,"url":"https:\/\/panm360.com\/wp-content\/uploads\/2026\/01\/telechargement-4-scaled.webp","type":"image\/webp"}],"twitter_card":"summary_large_image","twitter_site":"@PANM360","twitter_misc":{"Est. reading time":"2 minutes"},"schema":{"@context":"https:\/\/schema.org","@graph":[{"@type":"WebPage","@id":"https:\/\/panm360.com\/en\/agenda\/andre-schuen-daniel-heide-a-la-salle-bourgie\/","url":"https:\/\/panm360.com\/en\/agenda\/andre-schuen-daniel-heide-a-la-salle-bourgie\/","name":"Andr\u00e8 Schuen &amp; Daniel Heide \u00e0 la salle Bourgie - PAN M 360","isPartOf":{"@id":"https:\/\/panm360.com\/en\/#website"},"primaryImageOfPage":{"@id":"https:\/\/panm360.com\/en\/agenda\/andre-schuen-daniel-heide-a-la-salle-bourgie\/#primaryimage"},"image":{"@id":"https:\/\/panm360.com\/en\/agenda\/andre-schuen-daniel-heide-a-la-salle-bourgie\/#primaryimage"},"thumbnailUrl":"https:\/\/panm360.com\/wp-content\/uploads\/2026\/01\/telechargement-4-scaled.webp","datePublished":"2025-11-03T20:33:34+00:00","dateModified":"2026-01-02T20:38:00+00:00","breadcrumb":{"@id":"https:\/\/panm360.com\/en\/agenda\/andre-schuen-daniel-heide-a-la-salle-bourgie\/#breadcrumb"},"inLanguage":"en-US","potentialAction":[{"@type":"ReadAction","target":["https:\/\/panm360.com\/en\/agenda\/andre-schuen-daniel-heide-a-la-salle-bourgie\/"]}]},{"@type":"ImageObject","inLanguage":"en-US","@id":"https:\/\/panm360.com\/en\/agenda\/andre-schuen-daniel-heide-a-la-salle-bourgie\/#primaryimage","url":"https:\/\/panm360.com\/wp-content\/uploads\/2026\/01\/telechargement-4-scaled.webp","contentUrl":"https:\/\/panm360.com\/wp-content\/uploads\/2026\/01\/telechargement-4-scaled.webp","width":1200,"height":800},{"@type":"BreadcrumbList","@id":"https:\/\/panm360.com\/en\/agenda\/andre-schuen-daniel-heide-a-la-salle-bourgie\/#breadcrumb","itemListElement":[{"@type":"ListItem","position":1,"name":"Accueil","item":"https:\/\/panm360.com\/en\/"},{"@type":"ListItem","position":2,"name":"Listings","item":"https:\/\/panm360.com\/en\/agenda\/"},{"@type":"ListItem","position":3,"name":"Andr\u00e8 Schuen &amp; Daniel Heide \u00e0 la salle Bourgie"}]},{"@type":"WebSite","@id":"https:\/\/panm360.com\/en\/#website","url":"https:\/\/panm360.com\/en\/","name":"PAN M 360","description":"Le m\u00e9dia num\u00e9rique de la musique !","publisher":{"@id":"https:\/\/panm360.com\/en\/#organization"},"potentialAction":[{"@type":"SearchAction","target":{"@type":"EntryPoint","urlTemplate":"https:\/\/panm360.com\/en\/?s={search_term_string}"},"query-input":{"@type":"PropertyValueSpecification","valueRequired":true,"valueName":"search_term_string"}}],"inLanguage":"en-US"},{"@type":"Organization","@id":"https:\/\/panm360.com\/en\/#organization","name":"PAN M 360","url":"https:\/\/panm360.com\/en\/","logo":{"@type":"ImageObject","inLanguage":"en-US","@id":"https:\/\/panm360.com\/en\/#\/schema\/logo\/image\/","url":"https:\/\/panm360.com\/wp-content\/uploads\/2019\/12\/PAN-M360_Logo_RGB.jpg","contentUrl":"https:\/\/panm360.com\/wp-content\/uploads\/2019\/12\/PAN-M360_Logo_RGB.jpg","width":1663,"height":631,"caption":"PAN M 360"},"image":{"@id":"https:\/\/panm360.com\/en\/#\/schema\/logo\/image\/"},"sameAs":["https:\/\/www.facebook.com\/panm360\/","https:\/\/x.com\/PANM360","https:\/\/www.instagram.com\/panm360\/","https:\/\/www.linkedin.com\/company\/panm360\/","https:\/\/www.youtube.com\/channel\/UCHEFHd3UhIrV6EJ3ltzVKOA?view_as=subscriber"]}]}},"_links":{"self":[{"href":"https:\/\/panm360.com\/en\/wp-json\/wp\/v2\/agenda\/150916","targetHints":{"allow":["GET"]}}],"collection":[{"href":"https:\/\/panm360.com\/en\/wp-json\/wp\/v2\/agenda"}],"about":[{"href":"https:\/\/panm360.com\/en\/wp-json\/wp\/v2\/types\/agenda"}],"author":[{"embeddable":true,"href":"https:\/\/panm360.com\/en\/wp-json\/wp\/v2\/users\/936"}],"wp:featuredmedia":[{"embeddable":true,"href":"https:\/\/panm360.com\/en\/wp-json\/wp\/v2\/media\/150915"}],"wp:attachment":[{"href":"https:\/\/panm360.com\/en\/wp-json\/wp\/v2\/media?parent=150916"}],"wp:term":[{"taxonomy":"category","embeddable":true,"href":"https:\/\/panm360.com\/en\/wp-json\/wp\/v2\/categories?post=150916"},{"taxonomy":"post_tag","embeddable":true,"href":"https:\/\/panm360.com\/en\/wp-json\/wp\/v2\/tags?post=150916"},{"taxonomy":"generale","embeddable":true,"href":"https:\/\/panm360.com\/en\/wp-json\/wp\/v2\/generale?post=150916"},{"taxonomy":"genre","embeddable":true,"href":"https:\/\/panm360.com\/en\/wp-json\/wp\/v2\/genre?post=150916"},{"taxonomy":"pays","embeddable":true,"href":"https:\/\/panm360.com\/en\/wp-json\/wp\/v2\/pays?post=150916"},{"taxonomy":"salle","embeddable":true,"href":"https:\/\/panm360.com\/en\/wp-json\/wp\/v2\/salle?post=150916"},{"taxonomy":"ville","embeddable":true,"href":"https:\/\/panm360.com\/en\/wp-json\/wp\/v2\/ville?post=150916"}],"curies":[{"name":"wp","href":"https:\/\/api.w.org\/{rel}","templated":true}]}}