{"id":149627,"date":"2025-09-09T01:23:43","date_gmt":"2025-09-09T05:23:43","guid":{"rendered":"https:\/\/panm360.com\/?post_type=agenda&#038;p=149627"},"modified":"2025-12-09T01:42:36","modified_gmt":"2025-12-09T06:42:36","slug":"les-violons-du-roy-les-violons-a-rome-de-corelli-a-nino-rota-a-la-salle-raoul-jobin","status":"publish","type":"agenda","link":"https:\/\/panm360.com\/en\/agenda\/les-violons-du-roy-les-violons-a-rome-de-corelli-a-nino-rota-a-la-salle-raoul-jobin\/","title":{"rendered":"Les Violons du Roy : Les Violons \u00e0 Rome, de Corelli \u00e0 Nino Rota \u00e0 la salle Raoul-Jobin"},"content":{"rendered":"\n<p class=\"wp-block-paragraph\">Corelli y a forg\u00e9 le concerto grosso, Respighi en a c\u00e9l\u00e9br\u00e9 la beaut\u00e9 et Nino Rota y a sign\u00e9 d\u2019innombrables musiques de films. Pour Handel, Rome a eu une importance d\u00e9terminante alors qu\u2019il \u00e9tait jeune compositeur, m\u00eame si son op\u00e9ra consacr\u00e9 au plus c\u00e9l\u00e8bre empereur romain a \u00e9t\u00e9 compos\u00e9 \u00e0 Londres. Un concert hommage \u00e0 la Ville \u00e9ternelle qui sera l\u2019occasion des d\u00e9buts de la contralto Rose Naggar-Tremblay et du jeune chef Kyrian Friedenberg avec Les Violons du Roy.<\/p>\n\n\n\n<p class=\"wp-block-paragraph\">Rome is where Corelli developed the concerto grosso, where Respighi was inspired while celebrating its beauty, and where Nino Rota composed countless film scores. For Handel, Rome played a decisive role during his early career, even though his opera about the most famous Roman emperor was composed in London. This tribute to the Eternal City will mark the debut of contralto Rose Naggar-Tremblay and young conductor Kyrian Friedenberg with Les Violons du Roy.<\/p>\n\n\n\n<p class=\"wp-block-paragraph\"><strong>Programme<\/strong><\/p>\n\n\n\n<p class=\"wp-block-paragraph\">A. CORELLI<br>Concerto grosso en fa majeur, op.&nbsp;6 n\u00b0&nbsp;6<br>G.F. HANDEL<br>Extraits de&nbsp;Giulio Cesare in Egitto, HWV&nbsp;17<br>O. RESPIGHI<br>Il tramonto&nbsp;pour voix et cordes<br>N. ROTA<br>Concerto pour cordes<\/p>\n\n\n\n<p class=\"wp-block-paragraph\"><strong>Program<\/strong><\/p>\n\n\n\n<p class=\"wp-block-paragraph\">A. CORELLI<br>Concerto grosso in F Major, Op.&nbsp;6 No.&nbsp;6<br>G.F. HANDEL<br>Excerpts from&nbsp;Giulio Cesare in Egitto, HWV&nbsp;17<br>O. RESPIGHI<br>Il tramonto&nbsp;for voice and strings<br>N. ROTA<br>Concerto for strings<\/p>\n\n\n\n<p class=\"wp-block-paragraph\"><a href=\"https:\/\/palaismontcalm-violonsduroy.tuxedobillet.com\/violonsduroy\/les-violons-a-rome14h\"><strong>POUR ACHETER VOTRE BILLET, C\u2019EST ICI! (14H)<\/strong><\/a><\/p>\n\n\n\n<p class=\"wp-block-paragraph\"><a href=\"https:\/\/palaismontcalm-violonsduroy.tuxedobillet.com\/violonsduroy\/les-violons-a-rome19h30\"><strong>POUR ACHETER VOTRE BILLET, C\u2019EST ICI! (19H30)<\/strong><\/a><\/p>\n\n\n\n<iframe data-testid=\"embed-iframe\" style=\"border-radius:12px\" src=\"https:\/\/open.spotify.com\/embed\/artist\/5dmMpIyAVaH6b9FLFgWPrF?utm_source=generator\" width=\"100%\" height=\"352\" frameBorder=\"0\" allowfullscreen=\"\" allow=\"autoplay; clipboard-write; encrypted-media; fullscreen; picture-in-picture\" loading=\"lazy\"><\/iframe>\n\n\n\n<p class=\"wp-block-paragraph\"><strong><em>Ce contenu provient<\/em>&nbsp;<em>des Violons du Roy&nbsp;et est adapt\u00e9 par PAN M 360<\/em><\/strong><\/p>\n","protected":false},"excerpt":{"rendered":"<p>Corelli y a forg\u00e9 le concerto grosso, Respighi en a c\u00e9l\u00e9br\u00e9 la beaut\u00e9 et Nino Rota y a sign\u00e9 d\u2019innombrables musiques de films. Pour Handel, Rome a eu une importance d\u00e9terminante alors qu\u2019il \u00e9tait jeune compositeur, m\u00eame si son op\u00e9ra consacr\u00e9 au plus c\u00e9l\u00e8bre empereur romain a \u00e9t\u00e9 compos\u00e9 \u00e0 Londres. Un concert hommage \u00e0 [&hellip;]<\/p>\n","protected":false},"author":936,"featured_media":149624,"menu_order":0,"template":"","format":"standard","meta":{"_acf_changed":true,"_crdt_document":""},"categories":[4322],"tags":[],"generale":[3814],"genre":[3086,8055,9949],"pays":[3853],"salle":[8536],"ville":[8162],"class_list":["post-149627","agenda","type-agenda","status-publish","format-standard","has-post-thumbnail","hentry","category-listings-360","generale-lire-en","genre-baroque-2","genre-classique-2-en","genre-musique-de-film-en","pays-italy-3","salle-salle-raoul-jobin-du-palais-montcalm-en","ville-quebec-en"],"acf":[],"yoast_head":"<!-- This site is optimized with the Yoast SEO plugin v27.4 - https:\/\/yoast.com\/product\/yoast-seo-wordpress\/ -->\n<title>Les Violons du Roy : Les Violons \u00e0 Rome, de Corelli \u00e0 Nino Rota \u00e0 la salle Raoul-Jobin - PAN M 360<\/title>\n<meta name=\"robots\" content=\"index, follow, max-snippet:-1, max-image-preview:large, max-video-preview:-1\" \/>\n<link rel=\"canonical\" href=\"https:\/\/panm360.com\/en\/agenda\/les-violons-du-roy-les-violons-a-rome-de-corelli-a-nino-rota-a-la-salle-raoul-jobin\/\" \/>\n<meta property=\"og:locale\" content=\"en_US\" \/>\n<meta property=\"og:type\" content=\"article\" \/>\n<meta property=\"og:title\" content=\"Les Violons du Roy : Les Violons \u00e0 Rome, de Corelli \u00e0 Nino Rota \u00e0 la salle Raoul-Jobin - PAN M 360\" \/>\n<meta property=\"og:description\" content=\"Corelli y a forg\u00e9 le concerto grosso, Respighi en a c\u00e9l\u00e9br\u00e9 la beaut\u00e9 et Nino Rota y a sign\u00e9 d\u2019innombrables musiques de films. Pour Handel, Rome a eu une importance d\u00e9terminante alors qu\u2019il \u00e9tait jeune compositeur, m\u00eame si son op\u00e9ra consacr\u00e9 au plus c\u00e9l\u00e8bre empereur romain a \u00e9t\u00e9 compos\u00e9 \u00e0 Londres. Un concert hommage \u00e0 [&hellip;]\" \/>\n<meta property=\"og:url\" content=\"https:\/\/panm360.com\/en\/agenda\/les-violons-du-roy-les-violons-a-rome-de-corelli-a-nino-rota-a-la-salle-raoul-jobin\/\" \/>\n<meta property=\"og:site_name\" content=\"PAN M 360\" \/>\n<meta property=\"article:publisher\" content=\"https:\/\/www.facebook.com\/panm360\/\" \/>\n<meta property=\"article:modified_time\" content=\"2025-12-09T06:42:36+00:00\" \/>\n<meta name=\"twitter:card\" content=\"summary_large_image\" \/>\n<meta name=\"twitter:site\" content=\"@PANM360\" \/>\n<meta name=\"twitter:label1\" content=\"Est. reading time\" \/>\n\t<meta name=\"twitter:data1\" content=\"2 minutes\" \/>\n<script type=\"application\/ld+json\" class=\"yoast-schema-graph\">{\"@context\":\"https:\\\/\\\/schema.org\",\"@graph\":[{\"@type\":\"WebPage\",\"@id\":\"https:\\\/\\\/panm360.com\\\/en\\\/agenda\\\/les-violons-du-roy-les-violons-a-rome-de-corelli-a-nino-rota-a-la-salle-raoul-jobin\\\/\",\"url\":\"https:\\\/\\\/panm360.com\\\/en\\\/agenda\\\/les-violons-du-roy-les-violons-a-rome-de-corelli-a-nino-rota-a-la-salle-raoul-jobin\\\/\",\"name\":\"Les Violons du Roy : Les Violons \u00e0 Rome, de Corelli \u00e0 Nino Rota \u00e0 la salle Raoul-Jobin - PAN M 360\",\"isPartOf\":{\"@id\":\"https:\\\/\\\/panm360.com\\\/en\\\/#website\"},\"primaryImageOfPage\":{\"@id\":\"https:\\\/\\\/panm360.com\\\/en\\\/agenda\\\/les-violons-du-roy-les-violons-a-rome-de-corelli-a-nino-rota-a-la-salle-raoul-jobin\\\/#primaryimage\"},\"image\":{\"@id\":\"https:\\\/\\\/panm360.com\\\/en\\\/agenda\\\/les-violons-du-roy-les-violons-a-rome-de-corelli-a-nino-rota-a-la-salle-raoul-jobin\\\/#primaryimage\"},\"thumbnailUrl\":\"https:\\\/\\\/panm360.com\\\/wp-content\\\/uploads\\\/2025\\\/12\\\/telechargement.avif\",\"datePublished\":\"2025-09-09T05:23:43+00:00\",\"dateModified\":\"2025-12-09T06:42:36+00:00\",\"breadcrumb\":{\"@id\":\"https:\\\/\\\/panm360.com\\\/en\\\/agenda\\\/les-violons-du-roy-les-violons-a-rome-de-corelli-a-nino-rota-a-la-salle-raoul-jobin\\\/#breadcrumb\"},\"inLanguage\":\"en-US\",\"potentialAction\":[{\"@type\":\"ReadAction\",\"target\":[\"https:\\\/\\\/panm360.com\\\/en\\\/agenda\\\/les-violons-du-roy-les-violons-a-rome-de-corelli-a-nino-rota-a-la-salle-raoul-jobin\\\/\"]}]},{\"@type\":\"ImageObject\",\"inLanguage\":\"en-US\",\"@id\":\"https:\\\/\\\/panm360.com\\\/en\\\/agenda\\\/les-violons-du-roy-les-violons-a-rome-de-corelli-a-nino-rota-a-la-salle-raoul-jobin\\\/#primaryimage\",\"url\":\"https:\\\/\\\/panm360.com\\\/wp-content\\\/uploads\\\/2025\\\/12\\\/telechargement.avif\",\"contentUrl\":\"https:\\\/\\\/panm360.com\\\/wp-content\\\/uploads\\\/2025\\\/12\\\/telechargement.avif\"},{\"@type\":\"BreadcrumbList\",\"@id\":\"https:\\\/\\\/panm360.com\\\/en\\\/agenda\\\/les-violons-du-roy-les-violons-a-rome-de-corelli-a-nino-rota-a-la-salle-raoul-jobin\\\/#breadcrumb\",\"itemListElement\":[{\"@type\":\"ListItem\",\"position\":1,\"name\":\"Accueil\",\"item\":\"https:\\\/\\\/panm360.com\\\/en\\\/\"},{\"@type\":\"ListItem\",\"position\":2,\"name\":\"Listings\",\"item\":\"https:\\\/\\\/panm360.com\\\/en\\\/agenda\\\/\"},{\"@type\":\"ListItem\",\"position\":3,\"name\":\"Les Violons du Roy : Les Violons \u00e0 Rome, de Corelli \u00e0 Nino Rota \u00e0 la salle Raoul-Jobin\"}]},{\"@type\":\"WebSite\",\"@id\":\"https:\\\/\\\/panm360.com\\\/en\\\/#website\",\"url\":\"https:\\\/\\\/panm360.com\\\/en\\\/\",\"name\":\"PAN M 360\",\"description\":\"Le m\u00e9dia num\u00e9rique de la musique !\",\"publisher\":{\"@id\":\"https:\\\/\\\/panm360.com\\\/en\\\/#organization\"},\"potentialAction\":[{\"@type\":\"SearchAction\",\"target\":{\"@type\":\"EntryPoint\",\"urlTemplate\":\"https:\\\/\\\/panm360.com\\\/en\\\/?s={search_term_string}\"},\"query-input\":{\"@type\":\"PropertyValueSpecification\",\"valueRequired\":true,\"valueName\":\"search_term_string\"}}],\"inLanguage\":\"en-US\"},{\"@type\":\"Organization\",\"@id\":\"https:\\\/\\\/panm360.com\\\/en\\\/#organization\",\"name\":\"PAN M 360\",\"url\":\"https:\\\/\\\/panm360.com\\\/en\\\/\",\"logo\":{\"@type\":\"ImageObject\",\"inLanguage\":\"en-US\",\"@id\":\"https:\\\/\\\/panm360.com\\\/en\\\/#\\\/schema\\\/logo\\\/image\\\/\",\"url\":\"https:\\\/\\\/panm360.com\\\/wp-content\\\/uploads\\\/2019\\\/12\\\/PAN-M360_Logo_RGB.jpg\",\"contentUrl\":\"https:\\\/\\\/panm360.com\\\/wp-content\\\/uploads\\\/2019\\\/12\\\/PAN-M360_Logo_RGB.jpg\",\"width\":1663,\"height\":631,\"caption\":\"PAN M 360\"},\"image\":{\"@id\":\"https:\\\/\\\/panm360.com\\\/en\\\/#\\\/schema\\\/logo\\\/image\\\/\"},\"sameAs\":[\"https:\\\/\\\/www.facebook.com\\\/panm360\\\/\",\"https:\\\/\\\/x.com\\\/PANM360\",\"https:\\\/\\\/www.instagram.com\\\/panm360\\\/\",\"https:\\\/\\\/www.linkedin.com\\\/company\\\/panm360\\\/\",\"https:\\\/\\\/www.youtube.com\\\/channel\\\/UCHEFHd3UhIrV6EJ3ltzVKOA?view_as=subscriber\"]}]}<\/script>\n<!-- \/ Yoast SEO plugin. -->","yoast_head_json":{"title":"Les Violons du Roy : Les Violons \u00e0 Rome, de Corelli \u00e0 Nino Rota \u00e0 la salle Raoul-Jobin - PAN M 360","robots":{"index":"index","follow":"follow","max-snippet":"max-snippet:-1","max-image-preview":"max-image-preview:large","max-video-preview":"max-video-preview:-1"},"canonical":"https:\/\/panm360.com\/en\/agenda\/les-violons-du-roy-les-violons-a-rome-de-corelli-a-nino-rota-a-la-salle-raoul-jobin\/","og_locale":"en_US","og_type":"article","og_title":"Les Violons du Roy : Les Violons \u00e0 Rome, de Corelli \u00e0 Nino Rota \u00e0 la salle Raoul-Jobin - PAN M 360","og_description":"Corelli y a forg\u00e9 le concerto grosso, Respighi en a c\u00e9l\u00e9br\u00e9 la beaut\u00e9 et Nino Rota y a sign\u00e9 d\u2019innombrables musiques de films. Pour Handel, Rome a eu une importance d\u00e9terminante alors qu\u2019il \u00e9tait jeune compositeur, m\u00eame si son op\u00e9ra consacr\u00e9 au plus c\u00e9l\u00e8bre empereur romain a \u00e9t\u00e9 compos\u00e9 \u00e0 Londres. Un concert hommage \u00e0 [&hellip;]","og_url":"https:\/\/panm360.com\/en\/agenda\/les-violons-du-roy-les-violons-a-rome-de-corelli-a-nino-rota-a-la-salle-raoul-jobin\/","og_site_name":"PAN M 360","article_publisher":"https:\/\/www.facebook.com\/panm360\/","article_modified_time":"2025-12-09T06:42:36+00:00","twitter_card":"summary_large_image","twitter_site":"@PANM360","twitter_misc":{"Est. reading time":"2 minutes"},"schema":{"@context":"https:\/\/schema.org","@graph":[{"@type":"WebPage","@id":"https:\/\/panm360.com\/en\/agenda\/les-violons-du-roy-les-violons-a-rome-de-corelli-a-nino-rota-a-la-salle-raoul-jobin\/","url":"https:\/\/panm360.com\/en\/agenda\/les-violons-du-roy-les-violons-a-rome-de-corelli-a-nino-rota-a-la-salle-raoul-jobin\/","name":"Les Violons du Roy : Les Violons \u00e0 Rome, de Corelli \u00e0 Nino Rota \u00e0 la salle Raoul-Jobin - PAN M 360","isPartOf":{"@id":"https:\/\/panm360.com\/en\/#website"},"primaryImageOfPage":{"@id":"https:\/\/panm360.com\/en\/agenda\/les-violons-du-roy-les-violons-a-rome-de-corelli-a-nino-rota-a-la-salle-raoul-jobin\/#primaryimage"},"image":{"@id":"https:\/\/panm360.com\/en\/agenda\/les-violons-du-roy-les-violons-a-rome-de-corelli-a-nino-rota-a-la-salle-raoul-jobin\/#primaryimage"},"thumbnailUrl":"https:\/\/panm360.com\/wp-content\/uploads\/2025\/12\/telechargement.avif","datePublished":"2025-09-09T05:23:43+00:00","dateModified":"2025-12-09T06:42:36+00:00","breadcrumb":{"@id":"https:\/\/panm360.com\/en\/agenda\/les-violons-du-roy-les-violons-a-rome-de-corelli-a-nino-rota-a-la-salle-raoul-jobin\/#breadcrumb"},"inLanguage":"en-US","potentialAction":[{"@type":"ReadAction","target":["https:\/\/panm360.com\/en\/agenda\/les-violons-du-roy-les-violons-a-rome-de-corelli-a-nino-rota-a-la-salle-raoul-jobin\/"]}]},{"@type":"ImageObject","inLanguage":"en-US","@id":"https:\/\/panm360.com\/en\/agenda\/les-violons-du-roy-les-violons-a-rome-de-corelli-a-nino-rota-a-la-salle-raoul-jobin\/#primaryimage","url":"https:\/\/panm360.com\/wp-content\/uploads\/2025\/12\/telechargement.avif","contentUrl":"https:\/\/panm360.com\/wp-content\/uploads\/2025\/12\/telechargement.avif"},{"@type":"BreadcrumbList","@id":"https:\/\/panm360.com\/en\/agenda\/les-violons-du-roy-les-violons-a-rome-de-corelli-a-nino-rota-a-la-salle-raoul-jobin\/#breadcrumb","itemListElement":[{"@type":"ListItem","position":1,"name":"Accueil","item":"https:\/\/panm360.com\/en\/"},{"@type":"ListItem","position":2,"name":"Listings","item":"https:\/\/panm360.com\/en\/agenda\/"},{"@type":"ListItem","position":3,"name":"Les Violons du Roy : Les Violons \u00e0 Rome, de Corelli \u00e0 Nino Rota \u00e0 la salle Raoul-Jobin"}]},{"@type":"WebSite","@id":"https:\/\/panm360.com\/en\/#website","url":"https:\/\/panm360.com\/en\/","name":"PAN M 360","description":"Le m\u00e9dia num\u00e9rique de la musique !","publisher":{"@id":"https:\/\/panm360.com\/en\/#organization"},"potentialAction":[{"@type":"SearchAction","target":{"@type":"EntryPoint","urlTemplate":"https:\/\/panm360.com\/en\/?s={search_term_string}"},"query-input":{"@type":"PropertyValueSpecification","valueRequired":true,"valueName":"search_term_string"}}],"inLanguage":"en-US"},{"@type":"Organization","@id":"https:\/\/panm360.com\/en\/#organization","name":"PAN M 360","url":"https:\/\/panm360.com\/en\/","logo":{"@type":"ImageObject","inLanguage":"en-US","@id":"https:\/\/panm360.com\/en\/#\/schema\/logo\/image\/","url":"https:\/\/panm360.com\/wp-content\/uploads\/2019\/12\/PAN-M360_Logo_RGB.jpg","contentUrl":"https:\/\/panm360.com\/wp-content\/uploads\/2019\/12\/PAN-M360_Logo_RGB.jpg","width":1663,"height":631,"caption":"PAN M 360"},"image":{"@id":"https:\/\/panm360.com\/en\/#\/schema\/logo\/image\/"},"sameAs":["https:\/\/www.facebook.com\/panm360\/","https:\/\/x.com\/PANM360","https:\/\/www.instagram.com\/panm360\/","https:\/\/www.linkedin.com\/company\/panm360\/","https:\/\/www.youtube.com\/channel\/UCHEFHd3UhIrV6EJ3ltzVKOA?view_as=subscriber"]}]}},"_links":{"self":[{"href":"https:\/\/panm360.com\/en\/wp-json\/wp\/v2\/agenda\/149627","targetHints":{"allow":["GET"]}}],"collection":[{"href":"https:\/\/panm360.com\/en\/wp-json\/wp\/v2\/agenda"}],"about":[{"href":"https:\/\/panm360.com\/en\/wp-json\/wp\/v2\/types\/agenda"}],"author":[{"embeddable":true,"href":"https:\/\/panm360.com\/en\/wp-json\/wp\/v2\/users\/936"}],"wp:featuredmedia":[{"embeddable":true,"href":"https:\/\/panm360.com\/en\/wp-json\/wp\/v2\/media\/149624"}],"wp:attachment":[{"href":"https:\/\/panm360.com\/en\/wp-json\/wp\/v2\/media?parent=149627"}],"wp:term":[{"taxonomy":"category","embeddable":true,"href":"https:\/\/panm360.com\/en\/wp-json\/wp\/v2\/categories?post=149627"},{"taxonomy":"post_tag","embeddable":true,"href":"https:\/\/panm360.com\/en\/wp-json\/wp\/v2\/tags?post=149627"},{"taxonomy":"generale","embeddable":true,"href":"https:\/\/panm360.com\/en\/wp-json\/wp\/v2\/generale?post=149627"},{"taxonomy":"genre","embeddable":true,"href":"https:\/\/panm360.com\/en\/wp-json\/wp\/v2\/genre?post=149627"},{"taxonomy":"pays","embeddable":true,"href":"https:\/\/panm360.com\/en\/wp-json\/wp\/v2\/pays?post=149627"},{"taxonomy":"salle","embeddable":true,"href":"https:\/\/panm360.com\/en\/wp-json\/wp\/v2\/salle?post=149627"},{"taxonomy":"ville","embeddable":true,"href":"https:\/\/panm360.com\/en\/wp-json\/wp\/v2\/ville?post=149627"}],"curies":[{"name":"wp","href":"https:\/\/api.w.org\/{rel}","templated":true}]}}