{"id":149592,"date":"2026-03-03T00:26:00","date_gmt":"2026-03-03T05:26:00","guid":{"rendered":"https:\/\/panm360.com\/?post_type=agenda&#038;p=149592"},"modified":"2026-03-03T13:52:01","modified_gmt":"2026-03-03T18:52:01","slug":"arion-orchestre-baroque-les-larmes-de-marie-a-la-salle-bourgie-2","status":"publish","type":"agenda","link":"https:\/\/panm360.com\/en\/agenda\/arion-orchestre-baroque-les-larmes-de-marie-a-la-salle-bourgie-2\/","title":{"rendered":"Arion Orchestre Baroque :\u00a0Les larmes de Marie \u00e0 la salle Bourgie"},"content":{"rendered":"\n<p class=\"wp-block-paragraph\">L\u2019on vous promet autant de larmes de bonheur que de tristesse, et parfois les deux \u00e0 la fois, lors de ce programme qui a comme point focal le nom Marie. Marie comme la m\u00e8re du Christ au pied de la croix dans l\u2019\u00e9mouvante cantate\u00a0Il pianto di Maria\u00a0de Giuseppe Battista Ferrandini. Mais aussi comme dans le pr\u00e9nom de trois compositrices d\u2019exception du XVIIIe si\u00e8cle qui ont laiss\u00e9 leur marque \u00e0 l\u2019op\u00e9ra \u2013 Grimani, Walpurgis et Agnesi \u2013 cette derni\u00e8re nous offrant \u00e9galement un concerto pour clavecin. Pour ce programme Arion accueille la contralto Anthea Pichanick qui vous ravira assur\u00e9ment, et la cheffe et claveciniste Marie van Rhijn, \u00e0 la carri\u00e8re florissante, que nous accueillons toutes les deux pour la premi\u00e8re fois \u00e0 Montr\u00e9al.<\/p>\n\n\n\n<p class=\"wp-block-paragraph\">You are promised as many tears of joy as of sorrow, and sometimes both at once, in this program whose focal point is the name Marie. Marie as in the mother of Christ at the foot of the cross in Giuseppe Battista Ferrandini\u2019s moving cantata Il pianto di Maria. But also Marie as in the first name of three exceptional 18th-century women composers who left their mark on opera \u2013 Grimani, Walpurgis, and Agnesi \u2013the latter also offering us a harpsichord concerto. For this program, Arion welcomes contralto Anthea Pichanick, who is sure to delight you, and conductor and harpsichordist Marie van Rhijn, whose flourishing career brings her to Montr\u00e9al for the first time, as we welcome both artists to the city.<\/p>\n\n\n\n<p class=\"wp-block-paragraph\"><strong>Programme\/program<\/strong><\/p>\n\n\n\n<p class=\"wp-block-paragraph\">\u0152uvres de\/works by Maria Teresa Agnesi, Giovanni Battista Ferrandini, Maria Margherita Grimani, Antonio Vivaldi et Maria Antonia Walpurgis<\/p>\n\n\n\n<p class=\"wp-block-paragraph\"><strong><a href=\"https:\/\/arionbaroque.tuxedobillet.com\/Arionbaroque\/les-larmes-de-marie\">POUR ACHETER VOTRE BILLET, C\u2019EST ICI!<\/a><\/strong><\/p>\n\n\n\n<iframe data-testid=\"embed-iframe\" style=\"border-radius:12px\" src=\"https:\/\/open.spotify.com\/embed\/artist\/1Kh5gDVZJMlava2z887PqK?utm_source=generator\" width=\"100%\" height=\"352\" frameBorder=\"0\" allowfullscreen=\"\" allow=\"autoplay; clipboard-write; encrypted-media; fullscreen; picture-in-picture\" loading=\"lazy\"><\/iframe>\n\n\n\n<p class=\"wp-block-paragraph\"><strong><em>Ce contenu provient de l\u2019Arion Orchestre Baroque et est adapt\u00e9 par PAN M 360<\/em><\/strong><\/p>\n","protected":false},"excerpt":{"rendered":"<p>L\u2019on vous promet autant de larmes de bonheur que de tristesse, et parfois les deux \u00e0 la fois, lors de ce programme qui a comme point focal le nom Marie. Marie comme la m\u00e8re du Christ au pied de la croix dans l\u2019\u00e9mouvante cantate\u00a0Il pianto di Maria\u00a0de Giuseppe Battista Ferrandini. Mais aussi comme dans le [&hellip;]<\/p>\n","protected":false},"author":936,"featured_media":149591,"menu_order":0,"template":"","format":"standard","meta":{"_acf_changed":true,"_crdt_document":""},"categories":[4322],"tags":[],"generale":[3814],"genre":[3086,8055],"pays":[3853],"salle":[7019],"ville":[7246],"class_list":["post-149592","agenda","type-agenda","status-publish","format-standard","has-post-thumbnail","hentry","category-listings-360","generale-lire-en","genre-baroque-2","genre-classique-2-en","pays-italy-3","salle-salle-bourgie-en","ville-montreal-en"],"acf":[],"yoast_head":"<!-- This site is optimized with the Yoast SEO plugin v27.4 - https:\/\/yoast.com\/product\/yoast-seo-wordpress\/ -->\n<title>Arion Orchestre Baroque :\u00a0Les larmes de Marie \u00e0 la salle Bourgie - PAN M 360<\/title>\n<meta name=\"robots\" content=\"index, follow, max-snippet:-1, max-image-preview:large, max-video-preview:-1\" \/>\n<link rel=\"canonical\" href=\"https:\/\/panm360.com\/en\/agenda\/arion-orchestre-baroque-les-larmes-de-marie-a-la-salle-bourgie-2\/\" \/>\n<meta property=\"og:locale\" content=\"en_US\" \/>\n<meta property=\"og:type\" content=\"article\" \/>\n<meta property=\"og:title\" content=\"Arion Orchestre Baroque :\u00a0Les larmes de Marie \u00e0 la salle Bourgie - PAN M 360\" \/>\n<meta property=\"og:description\" content=\"L\u2019on vous promet autant de larmes de bonheur que de tristesse, et parfois les deux \u00e0 la fois, lors de ce programme qui a comme point focal le nom Marie. Marie comme la m\u00e8re du Christ au pied de la croix dans l\u2019\u00e9mouvante cantate\u00a0Il pianto di Maria\u00a0de Giuseppe Battista Ferrandini. Mais aussi comme dans le [&hellip;]\" \/>\n<meta property=\"og:url\" content=\"https:\/\/panm360.com\/en\/agenda\/arion-orchestre-baroque-les-larmes-de-marie-a-la-salle-bourgie-2\/\" \/>\n<meta property=\"og:site_name\" content=\"PAN M 360\" \/>\n<meta property=\"article:publisher\" content=\"https:\/\/www.facebook.com\/panm360\/\" \/>\n<meta property=\"article:modified_time\" content=\"2026-03-03T18:52:01+00:00\" \/>\n<meta property=\"og:image\" content=\"https:\/\/panm360.com\/wp-content\/uploads\/2025\/12\/LES-LARMES-DE-MARIE_-OQzOXP-qpJxr2VW-4jY_.jpg\" \/>\n\t<meta property=\"og:image:width\" content=\"695\" \/>\n\t<meta property=\"og:image:height\" content=\"380\" \/>\n\t<meta property=\"og:image:type\" content=\"image\/jpeg\" \/>\n<meta name=\"twitter:card\" content=\"summary_large_image\" \/>\n<meta name=\"twitter:site\" content=\"@PANM360\" \/>\n<meta name=\"twitter:label1\" content=\"Est. reading time\" \/>\n\t<meta name=\"twitter:data1\" content=\"2 minutes\" \/>\n<script type=\"application\/ld+json\" class=\"yoast-schema-graph\">{\"@context\":\"https:\\\/\\\/schema.org\",\"@graph\":[{\"@type\":\"WebPage\",\"@id\":\"https:\\\/\\\/panm360.com\\\/en\\\/agenda\\\/arion-orchestre-baroque-les-larmes-de-marie-a-la-salle-bourgie-2\\\/\",\"url\":\"https:\\\/\\\/panm360.com\\\/en\\\/agenda\\\/arion-orchestre-baroque-les-larmes-de-marie-a-la-salle-bourgie-2\\\/\",\"name\":\"Arion Orchestre Baroque :\u00a0Les larmes de Marie \u00e0 la salle Bourgie - PAN M 360\",\"isPartOf\":{\"@id\":\"https:\\\/\\\/panm360.com\\\/en\\\/#website\"},\"primaryImageOfPage\":{\"@id\":\"https:\\\/\\\/panm360.com\\\/en\\\/agenda\\\/arion-orchestre-baroque-les-larmes-de-marie-a-la-salle-bourgie-2\\\/#primaryimage\"},\"image\":{\"@id\":\"https:\\\/\\\/panm360.com\\\/en\\\/agenda\\\/arion-orchestre-baroque-les-larmes-de-marie-a-la-salle-bourgie-2\\\/#primaryimage\"},\"thumbnailUrl\":\"https:\\\/\\\/panm360.com\\\/wp-content\\\/uploads\\\/2025\\\/12\\\/LES-LARMES-DE-MARIE_-OQzOXP-qpJxr2VW-4jY_.jpg\",\"datePublished\":\"2026-03-03T05:26:00+00:00\",\"dateModified\":\"2026-03-03T18:52:01+00:00\",\"breadcrumb\":{\"@id\":\"https:\\\/\\\/panm360.com\\\/en\\\/agenda\\\/arion-orchestre-baroque-les-larmes-de-marie-a-la-salle-bourgie-2\\\/#breadcrumb\"},\"inLanguage\":\"en-US\",\"potentialAction\":[{\"@type\":\"ReadAction\",\"target\":[\"https:\\\/\\\/panm360.com\\\/en\\\/agenda\\\/arion-orchestre-baroque-les-larmes-de-marie-a-la-salle-bourgie-2\\\/\"]}]},{\"@type\":\"ImageObject\",\"inLanguage\":\"en-US\",\"@id\":\"https:\\\/\\\/panm360.com\\\/en\\\/agenda\\\/arion-orchestre-baroque-les-larmes-de-marie-a-la-salle-bourgie-2\\\/#primaryimage\",\"url\":\"https:\\\/\\\/panm360.com\\\/wp-content\\\/uploads\\\/2025\\\/12\\\/LES-LARMES-DE-MARIE_-OQzOXP-qpJxr2VW-4jY_.jpg\",\"contentUrl\":\"https:\\\/\\\/panm360.com\\\/wp-content\\\/uploads\\\/2025\\\/12\\\/LES-LARMES-DE-MARIE_-OQzOXP-qpJxr2VW-4jY_.jpg\",\"width\":695,\"height\":380},{\"@type\":\"BreadcrumbList\",\"@id\":\"https:\\\/\\\/panm360.com\\\/en\\\/agenda\\\/arion-orchestre-baroque-les-larmes-de-marie-a-la-salle-bourgie-2\\\/#breadcrumb\",\"itemListElement\":[{\"@type\":\"ListItem\",\"position\":1,\"name\":\"Accueil\",\"item\":\"https:\\\/\\\/panm360.com\\\/en\\\/\"},{\"@type\":\"ListItem\",\"position\":2,\"name\":\"Listings\",\"item\":\"https:\\\/\\\/panm360.com\\\/en\\\/agenda\\\/\"},{\"@type\":\"ListItem\",\"position\":3,\"name\":\"Arion Orchestre Baroque :\u00a0Les larmes de Marie \u00e0 la salle Bourgie\"}]},{\"@type\":\"WebSite\",\"@id\":\"https:\\\/\\\/panm360.com\\\/en\\\/#website\",\"url\":\"https:\\\/\\\/panm360.com\\\/en\\\/\",\"name\":\"PAN M 360\",\"description\":\"Le m\u00e9dia num\u00e9rique de la musique !\",\"publisher\":{\"@id\":\"https:\\\/\\\/panm360.com\\\/en\\\/#organization\"},\"potentialAction\":[{\"@type\":\"SearchAction\",\"target\":{\"@type\":\"EntryPoint\",\"urlTemplate\":\"https:\\\/\\\/panm360.com\\\/en\\\/?s={search_term_string}\"},\"query-input\":{\"@type\":\"PropertyValueSpecification\",\"valueRequired\":true,\"valueName\":\"search_term_string\"}}],\"inLanguage\":\"en-US\"},{\"@type\":\"Organization\",\"@id\":\"https:\\\/\\\/panm360.com\\\/en\\\/#organization\",\"name\":\"PAN M 360\",\"url\":\"https:\\\/\\\/panm360.com\\\/en\\\/\",\"logo\":{\"@type\":\"ImageObject\",\"inLanguage\":\"en-US\",\"@id\":\"https:\\\/\\\/panm360.com\\\/en\\\/#\\\/schema\\\/logo\\\/image\\\/\",\"url\":\"https:\\\/\\\/panm360.com\\\/wp-content\\\/uploads\\\/2019\\\/12\\\/PAN-M360_Logo_RGB.jpg\",\"contentUrl\":\"https:\\\/\\\/panm360.com\\\/wp-content\\\/uploads\\\/2019\\\/12\\\/PAN-M360_Logo_RGB.jpg\",\"width\":1663,\"height\":631,\"caption\":\"PAN M 360\"},\"image\":{\"@id\":\"https:\\\/\\\/panm360.com\\\/en\\\/#\\\/schema\\\/logo\\\/image\\\/\"},\"sameAs\":[\"https:\\\/\\\/www.facebook.com\\\/panm360\\\/\",\"https:\\\/\\\/x.com\\\/PANM360\",\"https:\\\/\\\/www.instagram.com\\\/panm360\\\/\",\"https:\\\/\\\/www.linkedin.com\\\/company\\\/panm360\\\/\",\"https:\\\/\\\/www.youtube.com\\\/channel\\\/UCHEFHd3UhIrV6EJ3ltzVKOA?view_as=subscriber\"]}]}<\/script>\n<!-- \/ Yoast SEO plugin. -->","yoast_head_json":{"title":"Arion Orchestre Baroque :\u00a0Les larmes de Marie \u00e0 la salle Bourgie - PAN M 360","robots":{"index":"index","follow":"follow","max-snippet":"max-snippet:-1","max-image-preview":"max-image-preview:large","max-video-preview":"max-video-preview:-1"},"canonical":"https:\/\/panm360.com\/en\/agenda\/arion-orchestre-baroque-les-larmes-de-marie-a-la-salle-bourgie-2\/","og_locale":"en_US","og_type":"article","og_title":"Arion Orchestre Baroque :\u00a0Les larmes de Marie \u00e0 la salle Bourgie - PAN M 360","og_description":"L\u2019on vous promet autant de larmes de bonheur que de tristesse, et parfois les deux \u00e0 la fois, lors de ce programme qui a comme point focal le nom Marie. Marie comme la m\u00e8re du Christ au pied de la croix dans l\u2019\u00e9mouvante cantate\u00a0Il pianto di Maria\u00a0de Giuseppe Battista Ferrandini. Mais aussi comme dans le [&hellip;]","og_url":"https:\/\/panm360.com\/en\/agenda\/arion-orchestre-baroque-les-larmes-de-marie-a-la-salle-bourgie-2\/","og_site_name":"PAN M 360","article_publisher":"https:\/\/www.facebook.com\/panm360\/","article_modified_time":"2026-03-03T18:52:01+00:00","og_image":[{"width":695,"height":380,"url":"https:\/\/panm360.com\/wp-content\/uploads\/2025\/12\/LES-LARMES-DE-MARIE_-OQzOXP-qpJxr2VW-4jY_.jpg","type":"image\/jpeg"}],"twitter_card":"summary_large_image","twitter_site":"@PANM360","twitter_misc":{"Est. reading time":"2 minutes"},"schema":{"@context":"https:\/\/schema.org","@graph":[{"@type":"WebPage","@id":"https:\/\/panm360.com\/en\/agenda\/arion-orchestre-baroque-les-larmes-de-marie-a-la-salle-bourgie-2\/","url":"https:\/\/panm360.com\/en\/agenda\/arion-orchestre-baroque-les-larmes-de-marie-a-la-salle-bourgie-2\/","name":"Arion Orchestre Baroque :\u00a0Les larmes de Marie \u00e0 la salle Bourgie - PAN M 360","isPartOf":{"@id":"https:\/\/panm360.com\/en\/#website"},"primaryImageOfPage":{"@id":"https:\/\/panm360.com\/en\/agenda\/arion-orchestre-baroque-les-larmes-de-marie-a-la-salle-bourgie-2\/#primaryimage"},"image":{"@id":"https:\/\/panm360.com\/en\/agenda\/arion-orchestre-baroque-les-larmes-de-marie-a-la-salle-bourgie-2\/#primaryimage"},"thumbnailUrl":"https:\/\/panm360.com\/wp-content\/uploads\/2025\/12\/LES-LARMES-DE-MARIE_-OQzOXP-qpJxr2VW-4jY_.jpg","datePublished":"2026-03-03T05:26:00+00:00","dateModified":"2026-03-03T18:52:01+00:00","breadcrumb":{"@id":"https:\/\/panm360.com\/en\/agenda\/arion-orchestre-baroque-les-larmes-de-marie-a-la-salle-bourgie-2\/#breadcrumb"},"inLanguage":"en-US","potentialAction":[{"@type":"ReadAction","target":["https:\/\/panm360.com\/en\/agenda\/arion-orchestre-baroque-les-larmes-de-marie-a-la-salle-bourgie-2\/"]}]},{"@type":"ImageObject","inLanguage":"en-US","@id":"https:\/\/panm360.com\/en\/agenda\/arion-orchestre-baroque-les-larmes-de-marie-a-la-salle-bourgie-2\/#primaryimage","url":"https:\/\/panm360.com\/wp-content\/uploads\/2025\/12\/LES-LARMES-DE-MARIE_-OQzOXP-qpJxr2VW-4jY_.jpg","contentUrl":"https:\/\/panm360.com\/wp-content\/uploads\/2025\/12\/LES-LARMES-DE-MARIE_-OQzOXP-qpJxr2VW-4jY_.jpg","width":695,"height":380},{"@type":"BreadcrumbList","@id":"https:\/\/panm360.com\/en\/agenda\/arion-orchestre-baroque-les-larmes-de-marie-a-la-salle-bourgie-2\/#breadcrumb","itemListElement":[{"@type":"ListItem","position":1,"name":"Accueil","item":"https:\/\/panm360.com\/en\/"},{"@type":"ListItem","position":2,"name":"Listings","item":"https:\/\/panm360.com\/en\/agenda\/"},{"@type":"ListItem","position":3,"name":"Arion Orchestre Baroque :\u00a0Les larmes de Marie \u00e0 la salle Bourgie"}]},{"@type":"WebSite","@id":"https:\/\/panm360.com\/en\/#website","url":"https:\/\/panm360.com\/en\/","name":"PAN M 360","description":"Le m\u00e9dia num\u00e9rique de la musique !","publisher":{"@id":"https:\/\/panm360.com\/en\/#organization"},"potentialAction":[{"@type":"SearchAction","target":{"@type":"EntryPoint","urlTemplate":"https:\/\/panm360.com\/en\/?s={search_term_string}"},"query-input":{"@type":"PropertyValueSpecification","valueRequired":true,"valueName":"search_term_string"}}],"inLanguage":"en-US"},{"@type":"Organization","@id":"https:\/\/panm360.com\/en\/#organization","name":"PAN M 360","url":"https:\/\/panm360.com\/en\/","logo":{"@type":"ImageObject","inLanguage":"en-US","@id":"https:\/\/panm360.com\/en\/#\/schema\/logo\/image\/","url":"https:\/\/panm360.com\/wp-content\/uploads\/2019\/12\/PAN-M360_Logo_RGB.jpg","contentUrl":"https:\/\/panm360.com\/wp-content\/uploads\/2019\/12\/PAN-M360_Logo_RGB.jpg","width":1663,"height":631,"caption":"PAN M 360"},"image":{"@id":"https:\/\/panm360.com\/en\/#\/schema\/logo\/image\/"},"sameAs":["https:\/\/www.facebook.com\/panm360\/","https:\/\/x.com\/PANM360","https:\/\/www.instagram.com\/panm360\/","https:\/\/www.linkedin.com\/company\/panm360\/","https:\/\/www.youtube.com\/channel\/UCHEFHd3UhIrV6EJ3ltzVKOA?view_as=subscriber"]}]}},"_links":{"self":[{"href":"https:\/\/panm360.com\/en\/wp-json\/wp\/v2\/agenda\/149592","targetHints":{"allow":["GET"]}}],"collection":[{"href":"https:\/\/panm360.com\/en\/wp-json\/wp\/v2\/agenda"}],"about":[{"href":"https:\/\/panm360.com\/en\/wp-json\/wp\/v2\/types\/agenda"}],"author":[{"embeddable":true,"href":"https:\/\/panm360.com\/en\/wp-json\/wp\/v2\/users\/936"}],"wp:featuredmedia":[{"embeddable":true,"href":"https:\/\/panm360.com\/en\/wp-json\/wp\/v2\/media\/149591"}],"wp:attachment":[{"href":"https:\/\/panm360.com\/en\/wp-json\/wp\/v2\/media?parent=149592"}],"wp:term":[{"taxonomy":"category","embeddable":true,"href":"https:\/\/panm360.com\/en\/wp-json\/wp\/v2\/categories?post=149592"},{"taxonomy":"post_tag","embeddable":true,"href":"https:\/\/panm360.com\/en\/wp-json\/wp\/v2\/tags?post=149592"},{"taxonomy":"generale","embeddable":true,"href":"https:\/\/panm360.com\/en\/wp-json\/wp\/v2\/generale?post=149592"},{"taxonomy":"genre","embeddable":true,"href":"https:\/\/panm360.com\/en\/wp-json\/wp\/v2\/genre?post=149592"},{"taxonomy":"pays","embeddable":true,"href":"https:\/\/panm360.com\/en\/wp-json\/wp\/v2\/pays?post=149592"},{"taxonomy":"salle","embeddable":true,"href":"https:\/\/panm360.com\/en\/wp-json\/wp\/v2\/salle?post=149592"},{"taxonomy":"ville","embeddable":true,"href":"https:\/\/panm360.com\/en\/wp-json\/wp\/v2\/ville?post=149592"}],"curies":[{"name":"wp","href":"https:\/\/api.w.org\/{rel}","templated":true}]}}