{"id":139807,"date":"2025-07-01T13:45:00","date_gmt":"2025-07-01T17:45:00","guid":{"rendered":"https:\/\/panm360.com\/?post_type=agenda&#038;p=139807"},"modified":"2025-07-02T15:53:01","modified_gmt":"2025-07-02T19:53:01","slug":"festival-international-de-jazz-de-montreal-esperanza-spalding-a-la-scene-td","status":"publish","type":"agenda","link":"https:\/\/panm360.com\/en\/agenda\/festival-international-de-jazz-de-montreal-esperanza-spalding-a-la-scene-td\/","title":{"rendered":"Festival International de Jazz de Montr\u00e9al : Esperanza Spalding \u00e0 la sc\u00e8ne TD"},"content":{"rendered":"\n<p class=\"wp-block-paragraph\">Contrebassiste et chanteuse, Esperanza Spalding est une artiste plusieurs fois prim\u00e9e aux Grammy Awards, reconnue pour son approche audacieusement hybride du jazz contemporain. Salu\u00e9e comme une prodige d\u00e8s son adolescence, elle se fait remarquer au cours des ann\u00e9es 2000 avec ses premiers albums Junjo et Esperanza, ce dernier atteignant le sommet des palmar\u00e8s de jazz contemporain. En 2010, elle cr\u00e9e la surprise en remportant le Grammy de la R\u00e9v\u00e9lation de l\u2019ann\u00e9e \u2014 une premi\u00e8re pour une musicienne de jazz \u2014, ce qui propulse son troisi\u00e8me album, Chamber Music Society, dans le Top 40 du Billboard, devenant ainsi l\u2019album de jazz contemporain le plus vendu de l\u2019ann\u00e9e. En parall\u00e8le, Spalding s\u2019impose comme p\u00e9dagogue, devenant la plus jeune professeure \u00e0 int\u00e9grer le corps enseignant du Berklee College of Music.<br>Elle d\u00e9croche un second Grammy pour Radio Music Society en 2012. Depuis, elle poursuit une trajectoire r\u00e9solument exp\u00e9rimentale, encha\u00eenant des albums \u00e0 forte dimension conceptuelle : Emily\u2019s D+Evolution (2016), Twelve Little Spells (2019) et Songwrights Apothecary Lab (2021), explorent les fronti\u00e8res du jazz, de l\u2019art rock, du R&amp;B, des styles afro-latins, du n\u00e9o-prog et de la pop exp\u00e9rimentale. Malgr\u00e9 cette diversit\u00e9, les standards de jazz intimes et subtilement interpr\u00e9t\u00e9s demeurent au c\u0153ur de son identit\u00e9 musicale, comme en t\u00e9moignent son album en duo avec le pianiste Fred Hersch, Alive at the Village Vanguard (2023), et sa collaboration teint\u00e9e de folk et de bossa nova avec Milton Nascimento, Milton + Esperanza (2024).<\/p>\n\n\n\n<p class=\"wp-block-paragraph\">Bassist and singer Esperanza Spalding is a Grammy-winning performer with an ambitiously cross-pollinated approach to contemporary jazz. Hailed as a prodigy in her teens, she garnered wider attention in the 2000s with the release of her debut, Junjo, and its follow-up, Esperanza, the latter of which topped the contemporary jazz charts. In 2010, she won Best New Artist at the Grammys, an accolade that helped propel her third album, Chamber Music Society, into the Billboard Top 40 as the best-selling contemporary jazz album that year. At the same time, Spalding won respect as a teacher, becoming the youngest faculty member at the Berklee College of Music.<br>She took home a second Grammy for 2012&#8217;s Radio Music Society. Spalding has remained a forward-thinking maverick artist, issuing a series of increasingly concept-driven albums, including 2016&#8217;s Emily&#8217;s D+Evolution, 2019&#8217;s Twelve Little Spells, and 2021&#8217;s Songwrights Apothecary Lab, all of which found her moving far afield of jazz into art rock, R&amp;B, Afro-Latin styles, neo-prog, and experimental pop. Still, intimate and artfully rendered standards and jazz remain a core of her musical identity, as on her 2023 duo album with Fred Hersch, Alive at the Village Vanguard and her 2024 folk and bossa nova-tinged collaboration with Milton Nascimento, Milton + Esperanza.<\/p>\n\n\n\n<p class=\"wp-block-paragraph\"><strong>CE SPECTACLE EST GRATUIT!<\/strong><\/p>\n\n\n\n<iframe style=\"border-radius:12px\" src=\"https:\/\/open.spotify.com\/embed\/artist\/5bepW5vcdRzheNc0F8lHJ5?utm_source=generator\" width=\"100%\" height=\"352\" frameBorder=\"0\" allowfullscreen=\"\" allow=\"autoplay; clipboard-write; encrypted-media; fullscreen; picture-in-picture\" loading=\"lazy\"><\/iframe>\n\n\n\n<p class=\"wp-block-paragraph\"><strong style=\"font-style: italic;\">Ce contenu provient d<\/strong><strong><em>&#8216;AllMusic <\/em><\/strong><strong><em>et est adapt\u00e9 par PAN M 360<\/em><\/strong><\/p>\n","protected":false},"excerpt":{"rendered":"<p>Contrebassiste et chanteuse, Esperanza Spalding est une artiste plusieurs fois prim\u00e9e aux Grammy Awards, reconnue pour son approche audacieusement hybride du jazz contemporain. Salu\u00e9e comme une prodige d\u00e8s son adolescence, elle se fait remarquer au cours des ann\u00e9es 2000 avec ses premiers albums Junjo et Esperanza, ce dernier atteignant le sommet des palmar\u00e8s de jazz [&hellip;]<\/p>\n","protected":false},"author":936,"featured_media":139805,"menu_order":0,"template":"","format":"standard","meta":{"_acf_changed":true,"_crdt_document":""},"categories":[4322],"tags":[],"generale":[3814],"genre":[3098,4162,10085],"pays":[3827],"salle":[7812],"ville":[7246],"class_list":["post-139807","agenda","type-agenda","status-publish","format-standard","has-post-thumbnail","hentry","category-listings-360","generale-lire-en","genre-bossa-nova-2","genre-jazz-en-2","genre-post-bop-en","pays-united-states","salle-scene-td-en","ville-montreal-en"],"acf":[],"yoast_head":"<!-- This site is optimized with the Yoast SEO plugin v27.4 - https:\/\/yoast.com\/product\/yoast-seo-wordpress\/ -->\n<title>Festival International de Jazz de Montr\u00e9al : Esperanza Spalding \u00e0 la sc\u00e8ne TD - PAN M 360<\/title>\n<meta name=\"robots\" content=\"index, follow, max-snippet:-1, max-image-preview:large, max-video-preview:-1\" \/>\n<link rel=\"canonical\" href=\"https:\/\/panm360.com\/en\/agenda\/festival-international-de-jazz-de-montreal-esperanza-spalding-a-la-scene-td\/\" \/>\n<meta property=\"og:locale\" content=\"en_US\" \/>\n<meta property=\"og:type\" content=\"article\" \/>\n<meta property=\"og:title\" content=\"Festival International de Jazz de Montr\u00e9al : Esperanza Spalding \u00e0 la sc\u00e8ne TD - PAN M 360\" \/>\n<meta property=\"og:description\" content=\"Contrebassiste et chanteuse, Esperanza Spalding est une artiste plusieurs fois prim\u00e9e aux Grammy Awards, reconnue pour son approche audacieusement hybride du jazz contemporain. Salu\u00e9e comme une prodige d\u00e8s son adolescence, elle se fait remarquer au cours des ann\u00e9es 2000 avec ses premiers albums Junjo et Esperanza, ce dernier atteignant le sommet des palmar\u00e8s de jazz [&hellip;]\" \/>\n<meta property=\"og:url\" content=\"https:\/\/panm360.com\/en\/agenda\/festival-international-de-jazz-de-montreal-esperanza-spalding-a-la-scene-td\/\" \/>\n<meta property=\"og:site_name\" content=\"PAN M 360\" \/>\n<meta property=\"article:publisher\" content=\"https:\/\/www.facebook.com\/panm360\/\" \/>\n<meta property=\"article:modified_time\" content=\"2025-07-02T19:53:01+00:00\" \/>\n<meta property=\"og:image\" content=\"https:\/\/panm360.com\/wp-content\/uploads\/2025\/06\/FIJM25_Esperanza_Spalding_1104x767.jpg\" \/>\n\t<meta property=\"og:image:width\" content=\"1104\" \/>\n\t<meta property=\"og:image:height\" content=\"767\" \/>\n\t<meta property=\"og:image:type\" content=\"image\/jpeg\" \/>\n<meta name=\"twitter:card\" content=\"summary_large_image\" \/>\n<meta name=\"twitter:site\" content=\"@PANM360\" \/>\n<meta name=\"twitter:label1\" content=\"Est. reading time\" \/>\n\t<meta name=\"twitter:data1\" content=\"2 minutes\" \/>\n<script type=\"application\/ld+json\" class=\"yoast-schema-graph\">{\"@context\":\"https:\\\/\\\/schema.org\",\"@graph\":[{\"@type\":\"WebPage\",\"@id\":\"https:\\\/\\\/panm360.com\\\/en\\\/agenda\\\/festival-international-de-jazz-de-montreal-esperanza-spalding-a-la-scene-td\\\/\",\"url\":\"https:\\\/\\\/panm360.com\\\/en\\\/agenda\\\/festival-international-de-jazz-de-montreal-esperanza-spalding-a-la-scene-td\\\/\",\"name\":\"Festival International de Jazz de Montr\u00e9al : Esperanza Spalding \u00e0 la sc\u00e8ne TD - PAN M 360\",\"isPartOf\":{\"@id\":\"https:\\\/\\\/panm360.com\\\/en\\\/#website\"},\"primaryImageOfPage\":{\"@id\":\"https:\\\/\\\/panm360.com\\\/en\\\/agenda\\\/festival-international-de-jazz-de-montreal-esperanza-spalding-a-la-scene-td\\\/#primaryimage\"},\"image\":{\"@id\":\"https:\\\/\\\/panm360.com\\\/en\\\/agenda\\\/festival-international-de-jazz-de-montreal-esperanza-spalding-a-la-scene-td\\\/#primaryimage\"},\"thumbnailUrl\":\"https:\\\/\\\/panm360.com\\\/wp-content\\\/uploads\\\/2025\\\/06\\\/FIJM25_Esperanza_Spalding_1104x767.jpg\",\"datePublished\":\"2025-07-01T17:45:00+00:00\",\"dateModified\":\"2025-07-02T19:53:01+00:00\",\"breadcrumb\":{\"@id\":\"https:\\\/\\\/panm360.com\\\/en\\\/agenda\\\/festival-international-de-jazz-de-montreal-esperanza-spalding-a-la-scene-td\\\/#breadcrumb\"},\"inLanguage\":\"en-US\",\"potentialAction\":[{\"@type\":\"ReadAction\",\"target\":[\"https:\\\/\\\/panm360.com\\\/en\\\/agenda\\\/festival-international-de-jazz-de-montreal-esperanza-spalding-a-la-scene-td\\\/\"]}]},{\"@type\":\"ImageObject\",\"inLanguage\":\"en-US\",\"@id\":\"https:\\\/\\\/panm360.com\\\/en\\\/agenda\\\/festival-international-de-jazz-de-montreal-esperanza-spalding-a-la-scene-td\\\/#primaryimage\",\"url\":\"https:\\\/\\\/panm360.com\\\/wp-content\\\/uploads\\\/2025\\\/06\\\/FIJM25_Esperanza_Spalding_1104x767.jpg\",\"contentUrl\":\"https:\\\/\\\/panm360.com\\\/wp-content\\\/uploads\\\/2025\\\/06\\\/FIJM25_Esperanza_Spalding_1104x767.jpg\",\"width\":1104,\"height\":767},{\"@type\":\"BreadcrumbList\",\"@id\":\"https:\\\/\\\/panm360.com\\\/en\\\/agenda\\\/festival-international-de-jazz-de-montreal-esperanza-spalding-a-la-scene-td\\\/#breadcrumb\",\"itemListElement\":[{\"@type\":\"ListItem\",\"position\":1,\"name\":\"Accueil\",\"item\":\"https:\\\/\\\/panm360.com\\\/en\\\/\"},{\"@type\":\"ListItem\",\"position\":2,\"name\":\"Listings\",\"item\":\"https:\\\/\\\/panm360.com\\\/en\\\/agenda\\\/\"},{\"@type\":\"ListItem\",\"position\":3,\"name\":\"Festival International de Jazz de Montr\u00e9al : Esperanza Spalding \u00e0 la sc\u00e8ne TD\"}]},{\"@type\":\"WebSite\",\"@id\":\"https:\\\/\\\/panm360.com\\\/en\\\/#website\",\"url\":\"https:\\\/\\\/panm360.com\\\/en\\\/\",\"name\":\"PAN M 360\",\"description\":\"Le m\u00e9dia num\u00e9rique de la musique !\",\"publisher\":{\"@id\":\"https:\\\/\\\/panm360.com\\\/en\\\/#organization\"},\"potentialAction\":[{\"@type\":\"SearchAction\",\"target\":{\"@type\":\"EntryPoint\",\"urlTemplate\":\"https:\\\/\\\/panm360.com\\\/en\\\/?s={search_term_string}\"},\"query-input\":{\"@type\":\"PropertyValueSpecification\",\"valueRequired\":true,\"valueName\":\"search_term_string\"}}],\"inLanguage\":\"en-US\"},{\"@type\":\"Organization\",\"@id\":\"https:\\\/\\\/panm360.com\\\/en\\\/#organization\",\"name\":\"PAN M 360\",\"url\":\"https:\\\/\\\/panm360.com\\\/en\\\/\",\"logo\":{\"@type\":\"ImageObject\",\"inLanguage\":\"en-US\",\"@id\":\"https:\\\/\\\/panm360.com\\\/en\\\/#\\\/schema\\\/logo\\\/image\\\/\",\"url\":\"https:\\\/\\\/panm360.com\\\/wp-content\\\/uploads\\\/2019\\\/12\\\/PAN-M360_Logo_RGB.jpg\",\"contentUrl\":\"https:\\\/\\\/panm360.com\\\/wp-content\\\/uploads\\\/2019\\\/12\\\/PAN-M360_Logo_RGB.jpg\",\"width\":1663,\"height\":631,\"caption\":\"PAN M 360\"},\"image\":{\"@id\":\"https:\\\/\\\/panm360.com\\\/en\\\/#\\\/schema\\\/logo\\\/image\\\/\"},\"sameAs\":[\"https:\\\/\\\/www.facebook.com\\\/panm360\\\/\",\"https:\\\/\\\/x.com\\\/PANM360\",\"https:\\\/\\\/www.instagram.com\\\/panm360\\\/\",\"https:\\\/\\\/www.linkedin.com\\\/company\\\/panm360\\\/\",\"https:\\\/\\\/www.youtube.com\\\/channel\\\/UCHEFHd3UhIrV6EJ3ltzVKOA?view_as=subscriber\"]}]}<\/script>\n<!-- \/ Yoast SEO plugin. -->","yoast_head_json":{"title":"Festival International de Jazz de Montr\u00e9al : Esperanza Spalding \u00e0 la sc\u00e8ne TD - PAN M 360","robots":{"index":"index","follow":"follow","max-snippet":"max-snippet:-1","max-image-preview":"max-image-preview:large","max-video-preview":"max-video-preview:-1"},"canonical":"https:\/\/panm360.com\/en\/agenda\/festival-international-de-jazz-de-montreal-esperanza-spalding-a-la-scene-td\/","og_locale":"en_US","og_type":"article","og_title":"Festival International de Jazz de Montr\u00e9al : Esperanza Spalding \u00e0 la sc\u00e8ne TD - PAN M 360","og_description":"Contrebassiste et chanteuse, Esperanza Spalding est une artiste plusieurs fois prim\u00e9e aux Grammy Awards, reconnue pour son approche audacieusement hybride du jazz contemporain. Salu\u00e9e comme une prodige d\u00e8s son adolescence, elle se fait remarquer au cours des ann\u00e9es 2000 avec ses premiers albums Junjo et Esperanza, ce dernier atteignant le sommet des palmar\u00e8s de jazz [&hellip;]","og_url":"https:\/\/panm360.com\/en\/agenda\/festival-international-de-jazz-de-montreal-esperanza-spalding-a-la-scene-td\/","og_site_name":"PAN M 360","article_publisher":"https:\/\/www.facebook.com\/panm360\/","article_modified_time":"2025-07-02T19:53:01+00:00","og_image":[{"width":1104,"height":767,"url":"https:\/\/panm360.com\/wp-content\/uploads\/2025\/06\/FIJM25_Esperanza_Spalding_1104x767.jpg","type":"image\/jpeg"}],"twitter_card":"summary_large_image","twitter_site":"@PANM360","twitter_misc":{"Est. reading time":"2 minutes"},"schema":{"@context":"https:\/\/schema.org","@graph":[{"@type":"WebPage","@id":"https:\/\/panm360.com\/en\/agenda\/festival-international-de-jazz-de-montreal-esperanza-spalding-a-la-scene-td\/","url":"https:\/\/panm360.com\/en\/agenda\/festival-international-de-jazz-de-montreal-esperanza-spalding-a-la-scene-td\/","name":"Festival International de Jazz de Montr\u00e9al : Esperanza Spalding \u00e0 la sc\u00e8ne TD - PAN M 360","isPartOf":{"@id":"https:\/\/panm360.com\/en\/#website"},"primaryImageOfPage":{"@id":"https:\/\/panm360.com\/en\/agenda\/festival-international-de-jazz-de-montreal-esperanza-spalding-a-la-scene-td\/#primaryimage"},"image":{"@id":"https:\/\/panm360.com\/en\/agenda\/festival-international-de-jazz-de-montreal-esperanza-spalding-a-la-scene-td\/#primaryimage"},"thumbnailUrl":"https:\/\/panm360.com\/wp-content\/uploads\/2025\/06\/FIJM25_Esperanza_Spalding_1104x767.jpg","datePublished":"2025-07-01T17:45:00+00:00","dateModified":"2025-07-02T19:53:01+00:00","breadcrumb":{"@id":"https:\/\/panm360.com\/en\/agenda\/festival-international-de-jazz-de-montreal-esperanza-spalding-a-la-scene-td\/#breadcrumb"},"inLanguage":"en-US","potentialAction":[{"@type":"ReadAction","target":["https:\/\/panm360.com\/en\/agenda\/festival-international-de-jazz-de-montreal-esperanza-spalding-a-la-scene-td\/"]}]},{"@type":"ImageObject","inLanguage":"en-US","@id":"https:\/\/panm360.com\/en\/agenda\/festival-international-de-jazz-de-montreal-esperanza-spalding-a-la-scene-td\/#primaryimage","url":"https:\/\/panm360.com\/wp-content\/uploads\/2025\/06\/FIJM25_Esperanza_Spalding_1104x767.jpg","contentUrl":"https:\/\/panm360.com\/wp-content\/uploads\/2025\/06\/FIJM25_Esperanza_Spalding_1104x767.jpg","width":1104,"height":767},{"@type":"BreadcrumbList","@id":"https:\/\/panm360.com\/en\/agenda\/festival-international-de-jazz-de-montreal-esperanza-spalding-a-la-scene-td\/#breadcrumb","itemListElement":[{"@type":"ListItem","position":1,"name":"Accueil","item":"https:\/\/panm360.com\/en\/"},{"@type":"ListItem","position":2,"name":"Listings","item":"https:\/\/panm360.com\/en\/agenda\/"},{"@type":"ListItem","position":3,"name":"Festival International de Jazz de Montr\u00e9al : Esperanza Spalding \u00e0 la sc\u00e8ne TD"}]},{"@type":"WebSite","@id":"https:\/\/panm360.com\/en\/#website","url":"https:\/\/panm360.com\/en\/","name":"PAN M 360","description":"Le m\u00e9dia num\u00e9rique de la musique !","publisher":{"@id":"https:\/\/panm360.com\/en\/#organization"},"potentialAction":[{"@type":"SearchAction","target":{"@type":"EntryPoint","urlTemplate":"https:\/\/panm360.com\/en\/?s={search_term_string}"},"query-input":{"@type":"PropertyValueSpecification","valueRequired":true,"valueName":"search_term_string"}}],"inLanguage":"en-US"},{"@type":"Organization","@id":"https:\/\/panm360.com\/en\/#organization","name":"PAN M 360","url":"https:\/\/panm360.com\/en\/","logo":{"@type":"ImageObject","inLanguage":"en-US","@id":"https:\/\/panm360.com\/en\/#\/schema\/logo\/image\/","url":"https:\/\/panm360.com\/wp-content\/uploads\/2019\/12\/PAN-M360_Logo_RGB.jpg","contentUrl":"https:\/\/panm360.com\/wp-content\/uploads\/2019\/12\/PAN-M360_Logo_RGB.jpg","width":1663,"height":631,"caption":"PAN M 360"},"image":{"@id":"https:\/\/panm360.com\/en\/#\/schema\/logo\/image\/"},"sameAs":["https:\/\/www.facebook.com\/panm360\/","https:\/\/x.com\/PANM360","https:\/\/www.instagram.com\/panm360\/","https:\/\/www.linkedin.com\/company\/panm360\/","https:\/\/www.youtube.com\/channel\/UCHEFHd3UhIrV6EJ3ltzVKOA?view_as=subscriber"]}]}},"_links":{"self":[{"href":"https:\/\/panm360.com\/en\/wp-json\/wp\/v2\/agenda\/139807","targetHints":{"allow":["GET"]}}],"collection":[{"href":"https:\/\/panm360.com\/en\/wp-json\/wp\/v2\/agenda"}],"about":[{"href":"https:\/\/panm360.com\/en\/wp-json\/wp\/v2\/types\/agenda"}],"author":[{"embeddable":true,"href":"https:\/\/panm360.com\/en\/wp-json\/wp\/v2\/users\/936"}],"wp:featuredmedia":[{"embeddable":true,"href":"https:\/\/panm360.com\/en\/wp-json\/wp\/v2\/media\/139805"}],"wp:attachment":[{"href":"https:\/\/panm360.com\/en\/wp-json\/wp\/v2\/media?parent=139807"}],"wp:term":[{"taxonomy":"category","embeddable":true,"href":"https:\/\/panm360.com\/en\/wp-json\/wp\/v2\/categories?post=139807"},{"taxonomy":"post_tag","embeddable":true,"href":"https:\/\/panm360.com\/en\/wp-json\/wp\/v2\/tags?post=139807"},{"taxonomy":"generale","embeddable":true,"href":"https:\/\/panm360.com\/en\/wp-json\/wp\/v2\/generale?post=139807"},{"taxonomy":"genre","embeddable":true,"href":"https:\/\/panm360.com\/en\/wp-json\/wp\/v2\/genre?post=139807"},{"taxonomy":"pays","embeddable":true,"href":"https:\/\/panm360.com\/en\/wp-json\/wp\/v2\/pays?post=139807"},{"taxonomy":"salle","embeddable":true,"href":"https:\/\/panm360.com\/en\/wp-json\/wp\/v2\/salle?post=139807"},{"taxonomy":"ville","embeddable":true,"href":"https:\/\/panm360.com\/en\/wp-json\/wp\/v2\/ville?post=139807"}],"curies":[{"name":"wp","href":"https:\/\/api.w.org\/{rel}","templated":true}]}}