{"id":139695,"date":"2025-06-29T03:05:00","date_gmt":"2025-06-29T07:05:00","guid":{"rendered":"https:\/\/panm360.com\/?post_type=agenda&#038;p=139695"},"modified":"2025-06-30T17:25:21","modified_gmt":"2025-06-30T21:25:21","slug":"festival-international-de-jazz-de-montreal-jeff-goldblum-the-mildred-snitzer-orchestra-a-la-salle-wilfrid-pelletier","status":"publish","type":"agenda","link":"https:\/\/panm360.com\/en\/agenda\/festival-international-de-jazz-de-montreal-jeff-goldblum-the-mildred-snitzer-orchestra-a-la-salle-wilfrid-pelletier\/","title":{"rendered":"Festival International de Jazz de Montr\u00e9al : Jeff Goldblum &amp; The Mildred Snitzer Orchestra \u00e0 la salle Wilfrid-Pelletier"},"content":{"rendered":"\n<p class=\"wp-block-paragraph\">Cr\u00e9\u00e9 il y a 30 ans par Jeff Goldblum, The Mildred Snitzer Orchestra s\u2019est produit devant des publics ravis dans tous les \u00c9tats-Unis et dans le monde entier, jouant des arrangements contemporains de classiques du jazz et de l&#8217;American Songbook.<br>Actuellement covedette du Magicien d&#8217;Oz avec Ariana Grande et Cynthia Erivo dans le film\u00a0Wicked, acclam\u00e9 par la critique et qui a fait un tabac au box-office mondial, Jeff Goldblum a une carri\u00e8re riche en histoire qui s&#8217;\u00e9tend sur six d\u00e9cennies de travail prim\u00e9 en tant qu&#8217;acteur principal au cin\u00e9ma, \u00e0 la t\u00e9l\u00e9vision et au th\u00e9\u00e2tre. Il a \u00e9galement produit des projets pour le cin\u00e9ma et la t\u00e9l\u00e9vision et a \u00e9t\u00e9 nomm\u00e9 aux Oscars pour son court m\u00e9trage\u00a0Little Surprises.<\/p>\n\n\n\n<p class=\"wp-block-paragraph\">Founded by Jeff Goldblum 30 years ago, The Mildred Snitzer Orchestra has performed for delighted audiences throughout the United States and all over the world playing contemporary arrangements of classic jazz and American Songbook standards.<br>Currently co-starring as The Wizard of Oz with Ariana Grande and Cynthia Erivo in the critically acclaimed global box office smash,\u00a0Wicked, Jeff Goldblum\u2019s storied career now spans 6 decades of award-winning work as a starring actor in film, television and theatre. He has also produced both film and television projects and is an Oscar-nominated director for his short feature film \u201cLittle Surprises.&#8221;<\/p>\n\n\n\n<p class=\"wp-block-paragraph\"><strong><a href=\"https:\/\/am.ticketmaster.com\/pda\/fr-ca\/virtual-venue\/UDVXMDYzMA==\">POUR ACHETER VOTRE BILLET, C\u2019EST ICI!<\/a><\/strong><\/p>\n\n\n\n<iframe style=\"border-radius:12px\" src=\"https:\/\/open.spotify.com\/embed\/artist\/7lbrnX0ng1Il12RdEU1Ohu?utm_source=generator\" width=\"100%\" height=\"352\" frameBorder=\"0\" allowfullscreen=\"\" allow=\"autoplay; clipboard-write; encrypted-media; fullscreen; picture-in-picture\" loading=\"lazy\"><\/iframe>\n\n\n\n<p class=\"wp-block-paragraph\"><em><strong>Ce contenu provient de Place des Arts<\/strong><\/em><strong><em> et est adapt\u00e9 par PAN M 360<\/em><\/strong><\/p>\n","protected":false},"excerpt":{"rendered":"<p>Cr\u00e9\u00e9 il y a 30 ans par Jeff Goldblum, The Mildred Snitzer Orchestra s\u2019est produit devant des publics ravis dans tous les \u00c9tats-Unis et dans le monde entier, jouant des arrangements contemporains de classiques du jazz et de l&#8217;American Songbook.Actuellement covedette du Magicien d&#8217;Oz avec Ariana Grande et Cynthia Erivo dans le film\u00a0Wicked, acclam\u00e9 par [&hellip;]<\/p>\n","protected":false},"author":936,"featured_media":139694,"menu_order":0,"template":"","format":"standard","meta":{"_acf_changed":true,"_crdt_document":""},"categories":[4322],"tags":[],"generale":[3814],"genre":[4162,3301],"pays":[3827],"salle":[7078],"ville":[7246],"class_list":["post-139695","agenda","type-agenda","status-publish","format-standard","has-post-thumbnail","hentry","category-listings-360","generale-lire-en","genre-jazz-en-2","genre-swing-2","pays-united-states","salle-salle-wilfrid-pelletier-en","ville-montreal-en"],"acf":[],"yoast_head":"<!-- This site is optimized with the Yoast SEO plugin v27.4 - https:\/\/yoast.com\/product\/yoast-seo-wordpress\/ -->\n<title>Festival International de Jazz de Montr\u00e9al : Jeff Goldblum &amp; The Mildred Snitzer Orchestra \u00e0 la salle Wilfrid-Pelletier - PAN M 360<\/title>\n<meta name=\"robots\" content=\"index, follow, max-snippet:-1, max-image-preview:large, max-video-preview:-1\" \/>\n<link rel=\"canonical\" href=\"https:\/\/panm360.com\/en\/agenda\/festival-international-de-jazz-de-montreal-jeff-goldblum-the-mildred-snitzer-orchestra-a-la-salle-wilfrid-pelletier\/\" \/>\n<meta property=\"og:locale\" content=\"en_US\" \/>\n<meta property=\"og:type\" content=\"article\" \/>\n<meta property=\"og:title\" content=\"Festival International de Jazz de Montr\u00e9al : Jeff Goldblum &amp; The Mildred Snitzer Orchestra \u00e0 la salle Wilfrid-Pelletier - PAN M 360\" \/>\n<meta property=\"og:description\" content=\"Cr\u00e9\u00e9 il y a 30 ans par Jeff Goldblum, The Mildred Snitzer Orchestra s\u2019est produit devant des publics ravis dans tous les \u00c9tats-Unis et dans le monde entier, jouant des arrangements contemporains de classiques du jazz et de l&#8217;American Songbook.Actuellement covedette du Magicien d&#8217;Oz avec Ariana Grande et Cynthia Erivo dans le film\u00a0Wicked, acclam\u00e9 par [&hellip;]\" \/>\n<meta property=\"og:url\" content=\"https:\/\/panm360.com\/en\/agenda\/festival-international-de-jazz-de-montreal-jeff-goldblum-the-mildred-snitzer-orchestra-a-la-salle-wilfrid-pelletier\/\" \/>\n<meta property=\"og:site_name\" content=\"PAN M 360\" \/>\n<meta property=\"article:publisher\" content=\"https:\/\/www.facebook.com\/panm360\/\" \/>\n<meta property=\"article:modified_time\" content=\"2025-06-30T21:25:21+00:00\" \/>\n<meta property=\"og:image\" content=\"https:\/\/panm360.com\/wp-content\/uploads\/2025\/06\/FIJM25-Jeff-Goldblum1104x767.jpg\" \/>\n\t<meta property=\"og:image:width\" content=\"1104\" \/>\n\t<meta property=\"og:image:height\" content=\"767\" \/>\n\t<meta property=\"og:image:type\" content=\"image\/jpeg\" \/>\n<meta name=\"twitter:card\" content=\"summary_large_image\" \/>\n<meta name=\"twitter:site\" content=\"@PANM360\" \/>\n<meta name=\"twitter:label1\" content=\"Est. reading time\" \/>\n\t<meta name=\"twitter:data1\" content=\"1 minute\" \/>\n<script type=\"application\/ld+json\" class=\"yoast-schema-graph\">{\"@context\":\"https:\\\/\\\/schema.org\",\"@graph\":[{\"@type\":\"WebPage\",\"@id\":\"https:\\\/\\\/panm360.com\\\/en\\\/agenda\\\/festival-international-de-jazz-de-montreal-jeff-goldblum-the-mildred-snitzer-orchestra-a-la-salle-wilfrid-pelletier\\\/\",\"url\":\"https:\\\/\\\/panm360.com\\\/en\\\/agenda\\\/festival-international-de-jazz-de-montreal-jeff-goldblum-the-mildred-snitzer-orchestra-a-la-salle-wilfrid-pelletier\\\/\",\"name\":\"Festival International de Jazz de Montr\u00e9al : Jeff Goldblum &amp; The Mildred Snitzer Orchestra \u00e0 la salle Wilfrid-Pelletier - PAN M 360\",\"isPartOf\":{\"@id\":\"https:\\\/\\\/panm360.com\\\/en\\\/#website\"},\"primaryImageOfPage\":{\"@id\":\"https:\\\/\\\/panm360.com\\\/en\\\/agenda\\\/festival-international-de-jazz-de-montreal-jeff-goldblum-the-mildred-snitzer-orchestra-a-la-salle-wilfrid-pelletier\\\/#primaryimage\"},\"image\":{\"@id\":\"https:\\\/\\\/panm360.com\\\/en\\\/agenda\\\/festival-international-de-jazz-de-montreal-jeff-goldblum-the-mildred-snitzer-orchestra-a-la-salle-wilfrid-pelletier\\\/#primaryimage\"},\"thumbnailUrl\":\"https:\\\/\\\/panm360.com\\\/wp-content\\\/uploads\\\/2025\\\/06\\\/FIJM25-Jeff-Goldblum1104x767.jpg\",\"datePublished\":\"2025-06-29T07:05:00+00:00\",\"dateModified\":\"2025-06-30T21:25:21+00:00\",\"breadcrumb\":{\"@id\":\"https:\\\/\\\/panm360.com\\\/en\\\/agenda\\\/festival-international-de-jazz-de-montreal-jeff-goldblum-the-mildred-snitzer-orchestra-a-la-salle-wilfrid-pelletier\\\/#breadcrumb\"},\"inLanguage\":\"en-US\",\"potentialAction\":[{\"@type\":\"ReadAction\",\"target\":[\"https:\\\/\\\/panm360.com\\\/en\\\/agenda\\\/festival-international-de-jazz-de-montreal-jeff-goldblum-the-mildred-snitzer-orchestra-a-la-salle-wilfrid-pelletier\\\/\"]}]},{\"@type\":\"ImageObject\",\"inLanguage\":\"en-US\",\"@id\":\"https:\\\/\\\/panm360.com\\\/en\\\/agenda\\\/festival-international-de-jazz-de-montreal-jeff-goldblum-the-mildred-snitzer-orchestra-a-la-salle-wilfrid-pelletier\\\/#primaryimage\",\"url\":\"https:\\\/\\\/panm360.com\\\/wp-content\\\/uploads\\\/2025\\\/06\\\/FIJM25-Jeff-Goldblum1104x767.jpg\",\"contentUrl\":\"https:\\\/\\\/panm360.com\\\/wp-content\\\/uploads\\\/2025\\\/06\\\/FIJM25-Jeff-Goldblum1104x767.jpg\",\"width\":1104,\"height\":767},{\"@type\":\"BreadcrumbList\",\"@id\":\"https:\\\/\\\/panm360.com\\\/en\\\/agenda\\\/festival-international-de-jazz-de-montreal-jeff-goldblum-the-mildred-snitzer-orchestra-a-la-salle-wilfrid-pelletier\\\/#breadcrumb\",\"itemListElement\":[{\"@type\":\"ListItem\",\"position\":1,\"name\":\"Accueil\",\"item\":\"https:\\\/\\\/panm360.com\\\/en\\\/\"},{\"@type\":\"ListItem\",\"position\":2,\"name\":\"Listings\",\"item\":\"https:\\\/\\\/panm360.com\\\/en\\\/agenda\\\/\"},{\"@type\":\"ListItem\",\"position\":3,\"name\":\"Festival International de Jazz de Montr\u00e9al : Jeff Goldblum &amp; The Mildred Snitzer Orchestra \u00e0 la salle Wilfrid-Pelletier\"}]},{\"@type\":\"WebSite\",\"@id\":\"https:\\\/\\\/panm360.com\\\/en\\\/#website\",\"url\":\"https:\\\/\\\/panm360.com\\\/en\\\/\",\"name\":\"PAN M 360\",\"description\":\"Le m\u00e9dia num\u00e9rique de la musique !\",\"publisher\":{\"@id\":\"https:\\\/\\\/panm360.com\\\/en\\\/#organization\"},\"potentialAction\":[{\"@type\":\"SearchAction\",\"target\":{\"@type\":\"EntryPoint\",\"urlTemplate\":\"https:\\\/\\\/panm360.com\\\/en\\\/?s={search_term_string}\"},\"query-input\":{\"@type\":\"PropertyValueSpecification\",\"valueRequired\":true,\"valueName\":\"search_term_string\"}}],\"inLanguage\":\"en-US\"},{\"@type\":\"Organization\",\"@id\":\"https:\\\/\\\/panm360.com\\\/en\\\/#organization\",\"name\":\"PAN M 360\",\"url\":\"https:\\\/\\\/panm360.com\\\/en\\\/\",\"logo\":{\"@type\":\"ImageObject\",\"inLanguage\":\"en-US\",\"@id\":\"https:\\\/\\\/panm360.com\\\/en\\\/#\\\/schema\\\/logo\\\/image\\\/\",\"url\":\"https:\\\/\\\/panm360.com\\\/wp-content\\\/uploads\\\/2019\\\/12\\\/PAN-M360_Logo_RGB.jpg\",\"contentUrl\":\"https:\\\/\\\/panm360.com\\\/wp-content\\\/uploads\\\/2019\\\/12\\\/PAN-M360_Logo_RGB.jpg\",\"width\":1663,\"height\":631,\"caption\":\"PAN M 360\"},\"image\":{\"@id\":\"https:\\\/\\\/panm360.com\\\/en\\\/#\\\/schema\\\/logo\\\/image\\\/\"},\"sameAs\":[\"https:\\\/\\\/www.facebook.com\\\/panm360\\\/\",\"https:\\\/\\\/x.com\\\/PANM360\",\"https:\\\/\\\/www.instagram.com\\\/panm360\\\/\",\"https:\\\/\\\/www.linkedin.com\\\/company\\\/panm360\\\/\",\"https:\\\/\\\/www.youtube.com\\\/channel\\\/UCHEFHd3UhIrV6EJ3ltzVKOA?view_as=subscriber\"]}]}<\/script>\n<!-- \/ Yoast SEO plugin. -->","yoast_head_json":{"title":"Festival International de Jazz de Montr\u00e9al : Jeff Goldblum &amp; The Mildred Snitzer Orchestra \u00e0 la salle Wilfrid-Pelletier - PAN M 360","robots":{"index":"index","follow":"follow","max-snippet":"max-snippet:-1","max-image-preview":"max-image-preview:large","max-video-preview":"max-video-preview:-1"},"canonical":"https:\/\/panm360.com\/en\/agenda\/festival-international-de-jazz-de-montreal-jeff-goldblum-the-mildred-snitzer-orchestra-a-la-salle-wilfrid-pelletier\/","og_locale":"en_US","og_type":"article","og_title":"Festival International de Jazz de Montr\u00e9al : Jeff Goldblum &amp; The Mildred Snitzer Orchestra \u00e0 la salle Wilfrid-Pelletier - PAN M 360","og_description":"Cr\u00e9\u00e9 il y a 30 ans par Jeff Goldblum, The Mildred Snitzer Orchestra s\u2019est produit devant des publics ravis dans tous les \u00c9tats-Unis et dans le monde entier, jouant des arrangements contemporains de classiques du jazz et de l&#8217;American Songbook.Actuellement covedette du Magicien d&#8217;Oz avec Ariana Grande et Cynthia Erivo dans le film\u00a0Wicked, acclam\u00e9 par [&hellip;]","og_url":"https:\/\/panm360.com\/en\/agenda\/festival-international-de-jazz-de-montreal-jeff-goldblum-the-mildred-snitzer-orchestra-a-la-salle-wilfrid-pelletier\/","og_site_name":"PAN M 360","article_publisher":"https:\/\/www.facebook.com\/panm360\/","article_modified_time":"2025-06-30T21:25:21+00:00","og_image":[{"width":1104,"height":767,"url":"https:\/\/panm360.com\/wp-content\/uploads\/2025\/06\/FIJM25-Jeff-Goldblum1104x767.jpg","type":"image\/jpeg"}],"twitter_card":"summary_large_image","twitter_site":"@PANM360","twitter_misc":{"Est. reading time":"1 minute"},"schema":{"@context":"https:\/\/schema.org","@graph":[{"@type":"WebPage","@id":"https:\/\/panm360.com\/en\/agenda\/festival-international-de-jazz-de-montreal-jeff-goldblum-the-mildred-snitzer-orchestra-a-la-salle-wilfrid-pelletier\/","url":"https:\/\/panm360.com\/en\/agenda\/festival-international-de-jazz-de-montreal-jeff-goldblum-the-mildred-snitzer-orchestra-a-la-salle-wilfrid-pelletier\/","name":"Festival International de Jazz de Montr\u00e9al : Jeff Goldblum &amp; The Mildred Snitzer Orchestra \u00e0 la salle Wilfrid-Pelletier - PAN M 360","isPartOf":{"@id":"https:\/\/panm360.com\/en\/#website"},"primaryImageOfPage":{"@id":"https:\/\/panm360.com\/en\/agenda\/festival-international-de-jazz-de-montreal-jeff-goldblum-the-mildred-snitzer-orchestra-a-la-salle-wilfrid-pelletier\/#primaryimage"},"image":{"@id":"https:\/\/panm360.com\/en\/agenda\/festival-international-de-jazz-de-montreal-jeff-goldblum-the-mildred-snitzer-orchestra-a-la-salle-wilfrid-pelletier\/#primaryimage"},"thumbnailUrl":"https:\/\/panm360.com\/wp-content\/uploads\/2025\/06\/FIJM25-Jeff-Goldblum1104x767.jpg","datePublished":"2025-06-29T07:05:00+00:00","dateModified":"2025-06-30T21:25:21+00:00","breadcrumb":{"@id":"https:\/\/panm360.com\/en\/agenda\/festival-international-de-jazz-de-montreal-jeff-goldblum-the-mildred-snitzer-orchestra-a-la-salle-wilfrid-pelletier\/#breadcrumb"},"inLanguage":"en-US","potentialAction":[{"@type":"ReadAction","target":["https:\/\/panm360.com\/en\/agenda\/festival-international-de-jazz-de-montreal-jeff-goldblum-the-mildred-snitzer-orchestra-a-la-salle-wilfrid-pelletier\/"]}]},{"@type":"ImageObject","inLanguage":"en-US","@id":"https:\/\/panm360.com\/en\/agenda\/festival-international-de-jazz-de-montreal-jeff-goldblum-the-mildred-snitzer-orchestra-a-la-salle-wilfrid-pelletier\/#primaryimage","url":"https:\/\/panm360.com\/wp-content\/uploads\/2025\/06\/FIJM25-Jeff-Goldblum1104x767.jpg","contentUrl":"https:\/\/panm360.com\/wp-content\/uploads\/2025\/06\/FIJM25-Jeff-Goldblum1104x767.jpg","width":1104,"height":767},{"@type":"BreadcrumbList","@id":"https:\/\/panm360.com\/en\/agenda\/festival-international-de-jazz-de-montreal-jeff-goldblum-the-mildred-snitzer-orchestra-a-la-salle-wilfrid-pelletier\/#breadcrumb","itemListElement":[{"@type":"ListItem","position":1,"name":"Accueil","item":"https:\/\/panm360.com\/en\/"},{"@type":"ListItem","position":2,"name":"Listings","item":"https:\/\/panm360.com\/en\/agenda\/"},{"@type":"ListItem","position":3,"name":"Festival International de Jazz de Montr\u00e9al : Jeff Goldblum &amp; The Mildred Snitzer Orchestra \u00e0 la salle Wilfrid-Pelletier"}]},{"@type":"WebSite","@id":"https:\/\/panm360.com\/en\/#website","url":"https:\/\/panm360.com\/en\/","name":"PAN M 360","description":"Le m\u00e9dia num\u00e9rique de la musique !","publisher":{"@id":"https:\/\/panm360.com\/en\/#organization"},"potentialAction":[{"@type":"SearchAction","target":{"@type":"EntryPoint","urlTemplate":"https:\/\/panm360.com\/en\/?s={search_term_string}"},"query-input":{"@type":"PropertyValueSpecification","valueRequired":true,"valueName":"search_term_string"}}],"inLanguage":"en-US"},{"@type":"Organization","@id":"https:\/\/panm360.com\/en\/#organization","name":"PAN M 360","url":"https:\/\/panm360.com\/en\/","logo":{"@type":"ImageObject","inLanguage":"en-US","@id":"https:\/\/panm360.com\/en\/#\/schema\/logo\/image\/","url":"https:\/\/panm360.com\/wp-content\/uploads\/2019\/12\/PAN-M360_Logo_RGB.jpg","contentUrl":"https:\/\/panm360.com\/wp-content\/uploads\/2019\/12\/PAN-M360_Logo_RGB.jpg","width":1663,"height":631,"caption":"PAN M 360"},"image":{"@id":"https:\/\/panm360.com\/en\/#\/schema\/logo\/image\/"},"sameAs":["https:\/\/www.facebook.com\/panm360\/","https:\/\/x.com\/PANM360","https:\/\/www.instagram.com\/panm360\/","https:\/\/www.linkedin.com\/company\/panm360\/","https:\/\/www.youtube.com\/channel\/UCHEFHd3UhIrV6EJ3ltzVKOA?view_as=subscriber"]}]}},"_links":{"self":[{"href":"https:\/\/panm360.com\/en\/wp-json\/wp\/v2\/agenda\/139695","targetHints":{"allow":["GET"]}}],"collection":[{"href":"https:\/\/panm360.com\/en\/wp-json\/wp\/v2\/agenda"}],"about":[{"href":"https:\/\/panm360.com\/en\/wp-json\/wp\/v2\/types\/agenda"}],"author":[{"embeddable":true,"href":"https:\/\/panm360.com\/en\/wp-json\/wp\/v2\/users\/936"}],"wp:featuredmedia":[{"embeddable":true,"href":"https:\/\/panm360.com\/en\/wp-json\/wp\/v2\/media\/139694"}],"wp:attachment":[{"href":"https:\/\/panm360.com\/en\/wp-json\/wp\/v2\/media?parent=139695"}],"wp:term":[{"taxonomy":"category","embeddable":true,"href":"https:\/\/panm360.com\/en\/wp-json\/wp\/v2\/categories?post=139695"},{"taxonomy":"post_tag","embeddable":true,"href":"https:\/\/panm360.com\/en\/wp-json\/wp\/v2\/tags?post=139695"},{"taxonomy":"generale","embeddable":true,"href":"https:\/\/panm360.com\/en\/wp-json\/wp\/v2\/generale?post=139695"},{"taxonomy":"genre","embeddable":true,"href":"https:\/\/panm360.com\/en\/wp-json\/wp\/v2\/genre?post=139695"},{"taxonomy":"pays","embeddable":true,"href":"https:\/\/panm360.com\/en\/wp-json\/wp\/v2\/pays?post=139695"},{"taxonomy":"salle","embeddable":true,"href":"https:\/\/panm360.com\/en\/wp-json\/wp\/v2\/salle?post=139695"},{"taxonomy":"ville","embeddable":true,"href":"https:\/\/panm360.com\/en\/wp-json\/wp\/v2\/ville?post=139695"}],"curies":[{"name":"wp","href":"https:\/\/api.w.org\/{rel}","templated":true}]}}