{"id":139591,"date":"2025-07-10T09:21:00","date_gmt":"2025-07-10T13:21:00","guid":{"rendered":"https:\/\/panm360.com\/?post_type=agenda&#038;p=139591"},"modified":"2025-07-11T09:22:14","modified_gmt":"2025-07-11T13:22:14","slug":"festival-international-du-domaine-forget-hommage-a-frank-sinatra","status":"publish","type":"agenda","link":"https:\/\/panm360.com\/en\/agenda\/festival-international-du-domaine-forget-hommage-a-frank-sinatra\/","title":{"rendered":"Festival International du Domaine Forget : Hommage \u00e0 Frank Sinatra"},"content":{"rendered":"\n<p class=\"wp-block-paragraph\">Ce concert r\u00e9unit Marc Hervieux et l&#8217;Orchestre national de jazz de Montr\u00e9al dans un hommage chaleureux \u00e0 Frank Sinatra et aux crooners l\u00e9gendaires de son \u00e9poque, qui redonne vie \u00e0 l&#8217;esprit et \u00e0 la magie de cette \u00e8re musicale. Une soir\u00e9e plac\u00e9e sous le signe du swing et de la voix, c\u00e9l\u00e9brant l\u2019\u00e9l\u00e9gance intemporelle des grands noms du jazz vocal.<\/p>\n\n\n\n<p class=\"wp-block-paragraph\">This concert brings together Marc Hervieux and the Orchestre national de jazz de Montr\u00e9al in a heartfelt tribute to Frank Sinatra and the legendary crooners of his era, reviving the spirit and magic of that golden age of music. An evening of swing and song, celebrating the timeless elegance of the great names in vocal jazz.<\/p>\n\n\n\n<p class=\"wp-block-paragraph\"><strong>LES BILLETS POUR CE SPECTACLE SONT \u00c9PUIS\u00c9S!<\/strong><\/p>\n\n\n\n<iframe style=\"border-radius:12px\" src=\"https:\/\/open.spotify.com\/embed\/artist\/1Mxqyy3pSjf8kZZL4QVxS0?utm_source=generator\" width=\"100%\" height=\"352\" frameBorder=\"0\" allowfullscreen=\"\" allow=\"autoplay; clipboard-write; encrypted-media; fullscreen; picture-in-picture\" loading=\"lazy\"><\/iframe>\n\n\n\n<p class=\"wp-block-paragraph\"><strong><em>Ce contenu provient du Domaine Forget et est adapt\u00e9 par PAN M 360<\/em><\/strong><\/p>\n\n\n\n<p class=\"wp-block-paragraph\"><a href=\"https:\/\/www.onjm.ca\/\" target=\"_blank\" rel=\"noreferrer noopener\"><\/a><\/p>\n","protected":false},"excerpt":{"rendered":"<p>Ce concert r\u00e9unit Marc Hervieux et l&#8217;Orchestre national de jazz de Montr\u00e9al dans un hommage chaleureux \u00e0 Frank Sinatra et aux crooners l\u00e9gendaires de son \u00e9poque, qui redonne vie \u00e0 l&#8217;esprit et \u00e0 la magie de cette \u00e8re musicale. Une soir\u00e9e plac\u00e9e sous le signe du swing et de la voix, c\u00e9l\u00e9brant l\u2019\u00e9l\u00e9gance intemporelle des [&hellip;]<\/p>\n","protected":false},"author":936,"featured_media":139590,"menu_order":0,"template":"","format":"standard","meta":{"_acf_changed":true,"_crdt_document":""},"categories":[4322],"tags":[],"generale":[3814],"genre":[9535,4707],"pays":[3827],"salle":[9256],"ville":[9257],"class_list":["post-139591","agenda","type-agenda","status-publish","format-standard","has-post-thumbnail","hentry","category-listings-360","generale-lire-en","genre-hommage-en","genre-vocal-jazz-jazz","pays-united-states","salle-salle-de-concert-du-domaine-forget-de-charlevoix-5-en","ville-charlevoix-en"],"acf":[],"yoast_head":"<!-- This site is optimized with the Yoast SEO plugin v27.4 - https:\/\/yoast.com\/product\/yoast-seo-wordpress\/ -->\n<title>Festival International du Domaine Forget : Hommage \u00e0 Frank Sinatra - PAN M 360<\/title>\n<meta name=\"robots\" content=\"index, follow, max-snippet:-1, max-image-preview:large, max-video-preview:-1\" \/>\n<link rel=\"canonical\" href=\"https:\/\/panm360.com\/en\/agenda\/festival-international-du-domaine-forget-hommage-a-frank-sinatra\/\" \/>\n<meta property=\"og:locale\" content=\"en_US\" \/>\n<meta property=\"og:type\" content=\"article\" \/>\n<meta property=\"og:title\" content=\"Festival International du Domaine Forget : Hommage \u00e0 Frank Sinatra - PAN M 360\" \/>\n<meta property=\"og:description\" content=\"Ce concert r\u00e9unit Marc Hervieux et l&#8217;Orchestre national de jazz de Montr\u00e9al dans un hommage chaleureux \u00e0 Frank Sinatra et aux crooners l\u00e9gendaires de son \u00e9poque, qui redonne vie \u00e0 l&#8217;esprit et \u00e0 la magie de cette \u00e8re musicale. Une soir\u00e9e plac\u00e9e sous le signe du swing et de la voix, c\u00e9l\u00e9brant l\u2019\u00e9l\u00e9gance intemporelle des [&hellip;]\" \/>\n<meta property=\"og:url\" content=\"https:\/\/panm360.com\/en\/agenda\/festival-international-du-domaine-forget-hommage-a-frank-sinatra\/\" \/>\n<meta property=\"og:site_name\" content=\"PAN M 360\" \/>\n<meta property=\"article:publisher\" content=\"https:\/\/www.facebook.com\/panm360\/\" \/>\n<meta property=\"article:modified_time\" content=\"2025-07-11T13:22:14+00:00\" \/>\n<meta property=\"og:image\" content=\"https:\/\/panm360.com\/wp-content\/uploads\/2025\/06\/marc-hervieux_13juillet.jpg\" \/>\n\t<meta property=\"og:image:width\" content=\"1100\" \/>\n\t<meta property=\"og:image:height\" content=\"650\" \/>\n\t<meta property=\"og:image:type\" content=\"image\/jpeg\" \/>\n<meta name=\"twitter:card\" content=\"summary_large_image\" \/>\n<meta name=\"twitter:site\" content=\"@PANM360\" \/>\n<meta name=\"twitter:label1\" content=\"Est. reading time\" \/>\n\t<meta name=\"twitter:data1\" content=\"1 minute\" \/>\n<script type=\"application\/ld+json\" class=\"yoast-schema-graph\">{\"@context\":\"https:\\\/\\\/schema.org\",\"@graph\":[{\"@type\":\"WebPage\",\"@id\":\"https:\\\/\\\/panm360.com\\\/en\\\/agenda\\\/festival-international-du-domaine-forget-hommage-a-frank-sinatra\\\/\",\"url\":\"https:\\\/\\\/panm360.com\\\/en\\\/agenda\\\/festival-international-du-domaine-forget-hommage-a-frank-sinatra\\\/\",\"name\":\"Festival International du Domaine Forget : Hommage \u00e0 Frank Sinatra - PAN M 360\",\"isPartOf\":{\"@id\":\"https:\\\/\\\/panm360.com\\\/en\\\/#website\"},\"primaryImageOfPage\":{\"@id\":\"https:\\\/\\\/panm360.com\\\/en\\\/agenda\\\/festival-international-du-domaine-forget-hommage-a-frank-sinatra\\\/#primaryimage\"},\"image\":{\"@id\":\"https:\\\/\\\/panm360.com\\\/en\\\/agenda\\\/festival-international-du-domaine-forget-hommage-a-frank-sinatra\\\/#primaryimage\"},\"thumbnailUrl\":\"https:\\\/\\\/panm360.com\\\/wp-content\\\/uploads\\\/2025\\\/06\\\/marc-hervieux_13juillet.jpg\",\"datePublished\":\"2025-07-10T13:21:00+00:00\",\"dateModified\":\"2025-07-11T13:22:14+00:00\",\"breadcrumb\":{\"@id\":\"https:\\\/\\\/panm360.com\\\/en\\\/agenda\\\/festival-international-du-domaine-forget-hommage-a-frank-sinatra\\\/#breadcrumb\"},\"inLanguage\":\"en-US\",\"potentialAction\":[{\"@type\":\"ReadAction\",\"target\":[\"https:\\\/\\\/panm360.com\\\/en\\\/agenda\\\/festival-international-du-domaine-forget-hommage-a-frank-sinatra\\\/\"]}]},{\"@type\":\"ImageObject\",\"inLanguage\":\"en-US\",\"@id\":\"https:\\\/\\\/panm360.com\\\/en\\\/agenda\\\/festival-international-du-domaine-forget-hommage-a-frank-sinatra\\\/#primaryimage\",\"url\":\"https:\\\/\\\/panm360.com\\\/wp-content\\\/uploads\\\/2025\\\/06\\\/marc-hervieux_13juillet.jpg\",\"contentUrl\":\"https:\\\/\\\/panm360.com\\\/wp-content\\\/uploads\\\/2025\\\/06\\\/marc-hervieux_13juillet.jpg\",\"width\":1100,\"height\":650},{\"@type\":\"BreadcrumbList\",\"@id\":\"https:\\\/\\\/panm360.com\\\/en\\\/agenda\\\/festival-international-du-domaine-forget-hommage-a-frank-sinatra\\\/#breadcrumb\",\"itemListElement\":[{\"@type\":\"ListItem\",\"position\":1,\"name\":\"Accueil\",\"item\":\"https:\\\/\\\/panm360.com\\\/en\\\/\"},{\"@type\":\"ListItem\",\"position\":2,\"name\":\"Listings\",\"item\":\"https:\\\/\\\/panm360.com\\\/en\\\/agenda\\\/\"},{\"@type\":\"ListItem\",\"position\":3,\"name\":\"Festival International du Domaine Forget : Hommage \u00e0 Frank Sinatra\"}]},{\"@type\":\"WebSite\",\"@id\":\"https:\\\/\\\/panm360.com\\\/en\\\/#website\",\"url\":\"https:\\\/\\\/panm360.com\\\/en\\\/\",\"name\":\"PAN M 360\",\"description\":\"Le m\u00e9dia num\u00e9rique de la musique !\",\"publisher\":{\"@id\":\"https:\\\/\\\/panm360.com\\\/en\\\/#organization\"},\"potentialAction\":[{\"@type\":\"SearchAction\",\"target\":{\"@type\":\"EntryPoint\",\"urlTemplate\":\"https:\\\/\\\/panm360.com\\\/en\\\/?s={search_term_string}\"},\"query-input\":{\"@type\":\"PropertyValueSpecification\",\"valueRequired\":true,\"valueName\":\"search_term_string\"}}],\"inLanguage\":\"en-US\"},{\"@type\":\"Organization\",\"@id\":\"https:\\\/\\\/panm360.com\\\/en\\\/#organization\",\"name\":\"PAN M 360\",\"url\":\"https:\\\/\\\/panm360.com\\\/en\\\/\",\"logo\":{\"@type\":\"ImageObject\",\"inLanguage\":\"en-US\",\"@id\":\"https:\\\/\\\/panm360.com\\\/en\\\/#\\\/schema\\\/logo\\\/image\\\/\",\"url\":\"https:\\\/\\\/panm360.com\\\/wp-content\\\/uploads\\\/2019\\\/12\\\/PAN-M360_Logo_RGB.jpg\",\"contentUrl\":\"https:\\\/\\\/panm360.com\\\/wp-content\\\/uploads\\\/2019\\\/12\\\/PAN-M360_Logo_RGB.jpg\",\"width\":1663,\"height\":631,\"caption\":\"PAN M 360\"},\"image\":{\"@id\":\"https:\\\/\\\/panm360.com\\\/en\\\/#\\\/schema\\\/logo\\\/image\\\/\"},\"sameAs\":[\"https:\\\/\\\/www.facebook.com\\\/panm360\\\/\",\"https:\\\/\\\/x.com\\\/PANM360\",\"https:\\\/\\\/www.instagram.com\\\/panm360\\\/\",\"https:\\\/\\\/www.linkedin.com\\\/company\\\/panm360\\\/\",\"https:\\\/\\\/www.youtube.com\\\/channel\\\/UCHEFHd3UhIrV6EJ3ltzVKOA?view_as=subscriber\"]}]}<\/script>\n<!-- \/ Yoast SEO plugin. -->","yoast_head_json":{"title":"Festival International du Domaine Forget : Hommage \u00e0 Frank Sinatra - PAN M 360","robots":{"index":"index","follow":"follow","max-snippet":"max-snippet:-1","max-image-preview":"max-image-preview:large","max-video-preview":"max-video-preview:-1"},"canonical":"https:\/\/panm360.com\/en\/agenda\/festival-international-du-domaine-forget-hommage-a-frank-sinatra\/","og_locale":"en_US","og_type":"article","og_title":"Festival International du Domaine Forget : Hommage \u00e0 Frank Sinatra - PAN M 360","og_description":"Ce concert r\u00e9unit Marc Hervieux et l&#8217;Orchestre national de jazz de Montr\u00e9al dans un hommage chaleureux \u00e0 Frank Sinatra et aux crooners l\u00e9gendaires de son \u00e9poque, qui redonne vie \u00e0 l&#8217;esprit et \u00e0 la magie de cette \u00e8re musicale. Une soir\u00e9e plac\u00e9e sous le signe du swing et de la voix, c\u00e9l\u00e9brant l\u2019\u00e9l\u00e9gance intemporelle des [&hellip;]","og_url":"https:\/\/panm360.com\/en\/agenda\/festival-international-du-domaine-forget-hommage-a-frank-sinatra\/","og_site_name":"PAN M 360","article_publisher":"https:\/\/www.facebook.com\/panm360\/","article_modified_time":"2025-07-11T13:22:14+00:00","og_image":[{"width":1100,"height":650,"url":"https:\/\/panm360.com\/wp-content\/uploads\/2025\/06\/marc-hervieux_13juillet.jpg","type":"image\/jpeg"}],"twitter_card":"summary_large_image","twitter_site":"@PANM360","twitter_misc":{"Est. reading time":"1 minute"},"schema":{"@context":"https:\/\/schema.org","@graph":[{"@type":"WebPage","@id":"https:\/\/panm360.com\/en\/agenda\/festival-international-du-domaine-forget-hommage-a-frank-sinatra\/","url":"https:\/\/panm360.com\/en\/agenda\/festival-international-du-domaine-forget-hommage-a-frank-sinatra\/","name":"Festival International du Domaine Forget : Hommage \u00e0 Frank Sinatra - PAN M 360","isPartOf":{"@id":"https:\/\/panm360.com\/en\/#website"},"primaryImageOfPage":{"@id":"https:\/\/panm360.com\/en\/agenda\/festival-international-du-domaine-forget-hommage-a-frank-sinatra\/#primaryimage"},"image":{"@id":"https:\/\/panm360.com\/en\/agenda\/festival-international-du-domaine-forget-hommage-a-frank-sinatra\/#primaryimage"},"thumbnailUrl":"https:\/\/panm360.com\/wp-content\/uploads\/2025\/06\/marc-hervieux_13juillet.jpg","datePublished":"2025-07-10T13:21:00+00:00","dateModified":"2025-07-11T13:22:14+00:00","breadcrumb":{"@id":"https:\/\/panm360.com\/en\/agenda\/festival-international-du-domaine-forget-hommage-a-frank-sinatra\/#breadcrumb"},"inLanguage":"en-US","potentialAction":[{"@type":"ReadAction","target":["https:\/\/panm360.com\/en\/agenda\/festival-international-du-domaine-forget-hommage-a-frank-sinatra\/"]}]},{"@type":"ImageObject","inLanguage":"en-US","@id":"https:\/\/panm360.com\/en\/agenda\/festival-international-du-domaine-forget-hommage-a-frank-sinatra\/#primaryimage","url":"https:\/\/panm360.com\/wp-content\/uploads\/2025\/06\/marc-hervieux_13juillet.jpg","contentUrl":"https:\/\/panm360.com\/wp-content\/uploads\/2025\/06\/marc-hervieux_13juillet.jpg","width":1100,"height":650},{"@type":"BreadcrumbList","@id":"https:\/\/panm360.com\/en\/agenda\/festival-international-du-domaine-forget-hommage-a-frank-sinatra\/#breadcrumb","itemListElement":[{"@type":"ListItem","position":1,"name":"Accueil","item":"https:\/\/panm360.com\/en\/"},{"@type":"ListItem","position":2,"name":"Listings","item":"https:\/\/panm360.com\/en\/agenda\/"},{"@type":"ListItem","position":3,"name":"Festival International du Domaine Forget : Hommage \u00e0 Frank Sinatra"}]},{"@type":"WebSite","@id":"https:\/\/panm360.com\/en\/#website","url":"https:\/\/panm360.com\/en\/","name":"PAN M 360","description":"Le m\u00e9dia num\u00e9rique de la musique !","publisher":{"@id":"https:\/\/panm360.com\/en\/#organization"},"potentialAction":[{"@type":"SearchAction","target":{"@type":"EntryPoint","urlTemplate":"https:\/\/panm360.com\/en\/?s={search_term_string}"},"query-input":{"@type":"PropertyValueSpecification","valueRequired":true,"valueName":"search_term_string"}}],"inLanguage":"en-US"},{"@type":"Organization","@id":"https:\/\/panm360.com\/en\/#organization","name":"PAN M 360","url":"https:\/\/panm360.com\/en\/","logo":{"@type":"ImageObject","inLanguage":"en-US","@id":"https:\/\/panm360.com\/en\/#\/schema\/logo\/image\/","url":"https:\/\/panm360.com\/wp-content\/uploads\/2019\/12\/PAN-M360_Logo_RGB.jpg","contentUrl":"https:\/\/panm360.com\/wp-content\/uploads\/2019\/12\/PAN-M360_Logo_RGB.jpg","width":1663,"height":631,"caption":"PAN M 360"},"image":{"@id":"https:\/\/panm360.com\/en\/#\/schema\/logo\/image\/"},"sameAs":["https:\/\/www.facebook.com\/panm360\/","https:\/\/x.com\/PANM360","https:\/\/www.instagram.com\/panm360\/","https:\/\/www.linkedin.com\/company\/panm360\/","https:\/\/www.youtube.com\/channel\/UCHEFHd3UhIrV6EJ3ltzVKOA?view_as=subscriber"]}]}},"_links":{"self":[{"href":"https:\/\/panm360.com\/en\/wp-json\/wp\/v2\/agenda\/139591","targetHints":{"allow":["GET"]}}],"collection":[{"href":"https:\/\/panm360.com\/en\/wp-json\/wp\/v2\/agenda"}],"about":[{"href":"https:\/\/panm360.com\/en\/wp-json\/wp\/v2\/types\/agenda"}],"author":[{"embeddable":true,"href":"https:\/\/panm360.com\/en\/wp-json\/wp\/v2\/users\/936"}],"wp:featuredmedia":[{"embeddable":true,"href":"https:\/\/panm360.com\/en\/wp-json\/wp\/v2\/media\/139590"}],"wp:attachment":[{"href":"https:\/\/panm360.com\/en\/wp-json\/wp\/v2\/media?parent=139591"}],"wp:term":[{"taxonomy":"category","embeddable":true,"href":"https:\/\/panm360.com\/en\/wp-json\/wp\/v2\/categories?post=139591"},{"taxonomy":"post_tag","embeddable":true,"href":"https:\/\/panm360.com\/en\/wp-json\/wp\/v2\/tags?post=139591"},{"taxonomy":"generale","embeddable":true,"href":"https:\/\/panm360.com\/en\/wp-json\/wp\/v2\/generale?post=139591"},{"taxonomy":"genre","embeddable":true,"href":"https:\/\/panm360.com\/en\/wp-json\/wp\/v2\/genre?post=139591"},{"taxonomy":"pays","embeddable":true,"href":"https:\/\/panm360.com\/en\/wp-json\/wp\/v2\/pays?post=139591"},{"taxonomy":"salle","embeddable":true,"href":"https:\/\/panm360.com\/en\/wp-json\/wp\/v2\/salle?post=139591"},{"taxonomy":"ville","embeddable":true,"href":"https:\/\/panm360.com\/en\/wp-json\/wp\/v2\/ville?post=139591"}],"curies":[{"name":"wp","href":"https:\/\/api.w.org\/{rel}","templated":true}]}}