{"id":139510,"date":"2025-07-19T10:59:00","date_gmt":"2025-07-19T14:59:00","guid":{"rendered":"https:\/\/panm360.com\/?post_type=agenda&#038;p=139510"},"modified":"2025-07-20T11:15:20","modified_gmt":"2025-07-20T15:15:20","slug":"festival-international-nuits-dafrique-las-karamba-a-la-scene-td","status":"publish","type":"agenda","link":"https:\/\/panm360.com\/en\/agenda\/festival-international-nuits-dafrique-las-karamba-a-la-scene-td\/","title":{"rendered":"Festival International Nuits d\u2019Afrique :\u00a0Las Karamba \u00e0 la sc\u00e8ne TD"},"content":{"rendered":"\n<p class=\"wp-block-paragraph\">Vivante et enivrante, la musique de ce groupe de femmes ind\u00e9pendantes, \u00e9nergiques et cr\u00e9atives concentre tout l\u2019esprit de Barcelone la multiculturelle, la ville o\u00f9 il s\u2019est form\u00e9. Bol\u00e9ro, son, salsa, rumba, cha-cha-cha, timba\u2026 Positives et engag\u00e9es, ces six musiciennes aux origines multiples brassent avec fr\u00e9n\u00e9sie des rythmes urbains contagieux aux couleurs cubaines. Exemples de force et de libert\u00e9 pour les femmes du monde entier, ces admiratrices de Celia Cruz rendent hommage \u00e0 la Reine de la salsa sur leur dernier album Te lo digo cantando (2024) .<\/p>\n\n\n\n<p class=\"wp-block-paragraph\">Lively and intoxicating, the music of this group of independent, energetic and creative women captures the spirit of multicultural Barcelona, the city where they first joined forces. Bolero, son, salsa, rumba, cha-cha-cha\u2026 Upbeat and politically engaged, these six musicians of different origins whip up a feast of infectious urban rhythms with a Cuban twist. Models of strength and freedom for women around the world, and great admirers of Celia Cruz, they pay tribute to this Queen of Salsa on their latest album Te lo digo cantando (2024).<\/p>\n\n\n\n<p class=\"wp-block-paragraph\"><strong>CE SPECTACLE EST GRATUIT!<\/strong><\/p>\n\n\n\n<iframe style=\"border-radius:12px\" src=\"https:\/\/open.spotify.com\/embed\/artist\/0AQvWQJIxKdxpYuZHCxO85?utm_source=generator\" width=\"100%\" height=\"352\" frameBorder=\"0\" allowfullscreen=\"\" allow=\"autoplay; clipboard-write; encrypted-media; fullscreen; picture-in-picture\" loading=\"lazy\"><\/iframe>\n\n\n\n<p class=\"wp-block-paragraph\"><em><strong>Ce contenu provient du&nbsp;<\/strong><\/em><strong><em>Festival International Nuits d\u2019Afrique&nbsp;et est adapt\u00e9 par PAN M 360<\/em><\/strong><\/p>\n","protected":false},"excerpt":{"rendered":"<p>Vivante et enivrante, la musique de ce groupe de femmes ind\u00e9pendantes, \u00e9nergiques et cr\u00e9atives concentre tout l\u2019esprit de Barcelone la multiculturelle, la ville o\u00f9 il s\u2019est form\u00e9. Bol\u00e9ro, son, salsa, rumba, cha-cha-cha, timba\u2026 Positives et engag\u00e9es, ces six musiciennes aux origines multiples brassent avec fr\u00e9n\u00e9sie des rythmes urbains contagieux aux couleurs cubaines. Exemples de force [&hellip;]<\/p>\n","protected":false},"author":936,"featured_media":139509,"menu_order":0,"template":"","format":"standard","meta":{"_acf_changed":true,"_crdt_document":""},"categories":[4322],"tags":[],"generale":[3814],"genre":[4561,3285],"pays":[4482,4325,3845,3835],"salle":[7812],"ville":[7246],"class_list":["post-139510","agenda","type-agenda","status-publish","format-standard","has-post-thumbnail","hentry","category-listings-360","generale-lire-en","genre-afro-latin-en","genre-salsa-2","pays-argentina","pays-cuba-en","pays-spain-2","pays-venezuela-en","salle-scene-td-en","ville-montreal-en"],"acf":[],"yoast_head":"<!-- This site is optimized with the Yoast SEO plugin v27.4 - https:\/\/yoast.com\/product\/yoast-seo-wordpress\/ -->\n<title>Festival International Nuits d\u2019Afrique :\u00a0Las Karamba \u00e0 la sc\u00e8ne TD - PAN M 360<\/title>\n<meta name=\"robots\" content=\"index, follow, max-snippet:-1, max-image-preview:large, max-video-preview:-1\" \/>\n<link rel=\"canonical\" href=\"https:\/\/panm360.com\/en\/agenda\/festival-international-nuits-dafrique-las-karamba-a-la-scene-td\/\" \/>\n<meta property=\"og:locale\" content=\"en_US\" \/>\n<meta property=\"og:type\" content=\"article\" \/>\n<meta property=\"og:title\" content=\"Festival International Nuits d\u2019Afrique :\u00a0Las Karamba \u00e0 la sc\u00e8ne TD - PAN M 360\" \/>\n<meta property=\"og:description\" content=\"Vivante et enivrante, la musique de ce groupe de femmes ind\u00e9pendantes, \u00e9nergiques et cr\u00e9atives concentre tout l\u2019esprit de Barcelone la multiculturelle, la ville o\u00f9 il s\u2019est form\u00e9. Bol\u00e9ro, son, salsa, rumba, cha-cha-cha, timba\u2026 Positives et engag\u00e9es, ces six musiciennes aux origines multiples brassent avec fr\u00e9n\u00e9sie des rythmes urbains contagieux aux couleurs cubaines. Exemples de force [&hellip;]\" \/>\n<meta property=\"og:url\" content=\"https:\/\/panm360.com\/en\/agenda\/festival-international-nuits-dafrique-las-karamba-a-la-scene-td\/\" \/>\n<meta property=\"og:site_name\" content=\"PAN M 360\" \/>\n<meta property=\"article:publisher\" content=\"https:\/\/www.facebook.com\/panm360\/\" \/>\n<meta property=\"article:modified_time\" content=\"2025-07-20T15:15:20+00:00\" \/>\n<meta property=\"og:image\" content=\"https:\/\/panm360.com\/wp-content\/uploads\/2025\/06\/A-LA-UNE-1500x1500_EXTERIEUR35-scaled.jpg\" \/>\n\t<meta property=\"og:image:width\" content=\"1200\" \/>\n\t<meta property=\"og:image:height\" content=\"1200\" \/>\n\t<meta property=\"og:image:type\" content=\"image\/jpeg\" \/>\n<meta name=\"twitter:card\" content=\"summary_large_image\" \/>\n<meta name=\"twitter:site\" content=\"@PANM360\" \/>\n<meta name=\"twitter:label1\" content=\"Est. reading time\" \/>\n\t<meta name=\"twitter:data1\" content=\"1 minute\" \/>\n<script type=\"application\/ld+json\" class=\"yoast-schema-graph\">{\"@context\":\"https:\\\/\\\/schema.org\",\"@graph\":[{\"@type\":\"WebPage\",\"@id\":\"https:\\\/\\\/panm360.com\\\/en\\\/agenda\\\/festival-international-nuits-dafrique-las-karamba-a-la-scene-td\\\/\",\"url\":\"https:\\\/\\\/panm360.com\\\/en\\\/agenda\\\/festival-international-nuits-dafrique-las-karamba-a-la-scene-td\\\/\",\"name\":\"Festival International Nuits d\u2019Afrique :\u00a0Las Karamba \u00e0 la sc\u00e8ne TD - PAN M 360\",\"isPartOf\":{\"@id\":\"https:\\\/\\\/panm360.com\\\/en\\\/#website\"},\"primaryImageOfPage\":{\"@id\":\"https:\\\/\\\/panm360.com\\\/en\\\/agenda\\\/festival-international-nuits-dafrique-las-karamba-a-la-scene-td\\\/#primaryimage\"},\"image\":{\"@id\":\"https:\\\/\\\/panm360.com\\\/en\\\/agenda\\\/festival-international-nuits-dafrique-las-karamba-a-la-scene-td\\\/#primaryimage\"},\"thumbnailUrl\":\"https:\\\/\\\/panm360.com\\\/wp-content\\\/uploads\\\/2025\\\/06\\\/A-LA-UNE-1500x1500_EXTERIEUR35-scaled.jpg\",\"datePublished\":\"2025-07-19T14:59:00+00:00\",\"dateModified\":\"2025-07-20T15:15:20+00:00\",\"breadcrumb\":{\"@id\":\"https:\\\/\\\/panm360.com\\\/en\\\/agenda\\\/festival-international-nuits-dafrique-las-karamba-a-la-scene-td\\\/#breadcrumb\"},\"inLanguage\":\"en-US\",\"potentialAction\":[{\"@type\":\"ReadAction\",\"target\":[\"https:\\\/\\\/panm360.com\\\/en\\\/agenda\\\/festival-international-nuits-dafrique-las-karamba-a-la-scene-td\\\/\"]}]},{\"@type\":\"ImageObject\",\"inLanguage\":\"en-US\",\"@id\":\"https:\\\/\\\/panm360.com\\\/en\\\/agenda\\\/festival-international-nuits-dafrique-las-karamba-a-la-scene-td\\\/#primaryimage\",\"url\":\"https:\\\/\\\/panm360.com\\\/wp-content\\\/uploads\\\/2025\\\/06\\\/A-LA-UNE-1500x1500_EXTERIEUR35-scaled.jpg\",\"contentUrl\":\"https:\\\/\\\/panm360.com\\\/wp-content\\\/uploads\\\/2025\\\/06\\\/A-LA-UNE-1500x1500_EXTERIEUR35-scaled.jpg\",\"width\":1200,\"height\":1200},{\"@type\":\"BreadcrumbList\",\"@id\":\"https:\\\/\\\/panm360.com\\\/en\\\/agenda\\\/festival-international-nuits-dafrique-las-karamba-a-la-scene-td\\\/#breadcrumb\",\"itemListElement\":[{\"@type\":\"ListItem\",\"position\":1,\"name\":\"Accueil\",\"item\":\"https:\\\/\\\/panm360.com\\\/en\\\/\"},{\"@type\":\"ListItem\",\"position\":2,\"name\":\"Listings\",\"item\":\"https:\\\/\\\/panm360.com\\\/en\\\/agenda\\\/\"},{\"@type\":\"ListItem\",\"position\":3,\"name\":\"Festival International Nuits d\u2019Afrique :\u00a0Las Karamba \u00e0 la sc\u00e8ne TD\"}]},{\"@type\":\"WebSite\",\"@id\":\"https:\\\/\\\/panm360.com\\\/en\\\/#website\",\"url\":\"https:\\\/\\\/panm360.com\\\/en\\\/\",\"name\":\"PAN M 360\",\"description\":\"Le m\u00e9dia num\u00e9rique de la musique !\",\"publisher\":{\"@id\":\"https:\\\/\\\/panm360.com\\\/en\\\/#organization\"},\"potentialAction\":[{\"@type\":\"SearchAction\",\"target\":{\"@type\":\"EntryPoint\",\"urlTemplate\":\"https:\\\/\\\/panm360.com\\\/en\\\/?s={search_term_string}\"},\"query-input\":{\"@type\":\"PropertyValueSpecification\",\"valueRequired\":true,\"valueName\":\"search_term_string\"}}],\"inLanguage\":\"en-US\"},{\"@type\":\"Organization\",\"@id\":\"https:\\\/\\\/panm360.com\\\/en\\\/#organization\",\"name\":\"PAN M 360\",\"url\":\"https:\\\/\\\/panm360.com\\\/en\\\/\",\"logo\":{\"@type\":\"ImageObject\",\"inLanguage\":\"en-US\",\"@id\":\"https:\\\/\\\/panm360.com\\\/en\\\/#\\\/schema\\\/logo\\\/image\\\/\",\"url\":\"https:\\\/\\\/panm360.com\\\/wp-content\\\/uploads\\\/2019\\\/12\\\/PAN-M360_Logo_RGB.jpg\",\"contentUrl\":\"https:\\\/\\\/panm360.com\\\/wp-content\\\/uploads\\\/2019\\\/12\\\/PAN-M360_Logo_RGB.jpg\",\"width\":1663,\"height\":631,\"caption\":\"PAN M 360\"},\"image\":{\"@id\":\"https:\\\/\\\/panm360.com\\\/en\\\/#\\\/schema\\\/logo\\\/image\\\/\"},\"sameAs\":[\"https:\\\/\\\/www.facebook.com\\\/panm360\\\/\",\"https:\\\/\\\/x.com\\\/PANM360\",\"https:\\\/\\\/www.instagram.com\\\/panm360\\\/\",\"https:\\\/\\\/www.linkedin.com\\\/company\\\/panm360\\\/\",\"https:\\\/\\\/www.youtube.com\\\/channel\\\/UCHEFHd3UhIrV6EJ3ltzVKOA?view_as=subscriber\"]}]}<\/script>\n<!-- \/ Yoast SEO plugin. -->","yoast_head_json":{"title":"Festival International Nuits d\u2019Afrique :\u00a0Las Karamba \u00e0 la sc\u00e8ne TD - PAN M 360","robots":{"index":"index","follow":"follow","max-snippet":"max-snippet:-1","max-image-preview":"max-image-preview:large","max-video-preview":"max-video-preview:-1"},"canonical":"https:\/\/panm360.com\/en\/agenda\/festival-international-nuits-dafrique-las-karamba-a-la-scene-td\/","og_locale":"en_US","og_type":"article","og_title":"Festival International Nuits d\u2019Afrique :\u00a0Las Karamba \u00e0 la sc\u00e8ne TD - PAN M 360","og_description":"Vivante et enivrante, la musique de ce groupe de femmes ind\u00e9pendantes, \u00e9nergiques et cr\u00e9atives concentre tout l\u2019esprit de Barcelone la multiculturelle, la ville o\u00f9 il s\u2019est form\u00e9. Bol\u00e9ro, son, salsa, rumba, cha-cha-cha, timba\u2026 Positives et engag\u00e9es, ces six musiciennes aux origines multiples brassent avec fr\u00e9n\u00e9sie des rythmes urbains contagieux aux couleurs cubaines. Exemples de force [&hellip;]","og_url":"https:\/\/panm360.com\/en\/agenda\/festival-international-nuits-dafrique-las-karamba-a-la-scene-td\/","og_site_name":"PAN M 360","article_publisher":"https:\/\/www.facebook.com\/panm360\/","article_modified_time":"2025-07-20T15:15:20+00:00","og_image":[{"width":1200,"height":1200,"url":"https:\/\/panm360.com\/wp-content\/uploads\/2025\/06\/A-LA-UNE-1500x1500_EXTERIEUR35-scaled.jpg","type":"image\/jpeg"}],"twitter_card":"summary_large_image","twitter_site":"@PANM360","twitter_misc":{"Est. reading time":"1 minute"},"schema":{"@context":"https:\/\/schema.org","@graph":[{"@type":"WebPage","@id":"https:\/\/panm360.com\/en\/agenda\/festival-international-nuits-dafrique-las-karamba-a-la-scene-td\/","url":"https:\/\/panm360.com\/en\/agenda\/festival-international-nuits-dafrique-las-karamba-a-la-scene-td\/","name":"Festival International Nuits d\u2019Afrique :\u00a0Las Karamba \u00e0 la sc\u00e8ne TD - PAN M 360","isPartOf":{"@id":"https:\/\/panm360.com\/en\/#website"},"primaryImageOfPage":{"@id":"https:\/\/panm360.com\/en\/agenda\/festival-international-nuits-dafrique-las-karamba-a-la-scene-td\/#primaryimage"},"image":{"@id":"https:\/\/panm360.com\/en\/agenda\/festival-international-nuits-dafrique-las-karamba-a-la-scene-td\/#primaryimage"},"thumbnailUrl":"https:\/\/panm360.com\/wp-content\/uploads\/2025\/06\/A-LA-UNE-1500x1500_EXTERIEUR35-scaled.jpg","datePublished":"2025-07-19T14:59:00+00:00","dateModified":"2025-07-20T15:15:20+00:00","breadcrumb":{"@id":"https:\/\/panm360.com\/en\/agenda\/festival-international-nuits-dafrique-las-karamba-a-la-scene-td\/#breadcrumb"},"inLanguage":"en-US","potentialAction":[{"@type":"ReadAction","target":["https:\/\/panm360.com\/en\/agenda\/festival-international-nuits-dafrique-las-karamba-a-la-scene-td\/"]}]},{"@type":"ImageObject","inLanguage":"en-US","@id":"https:\/\/panm360.com\/en\/agenda\/festival-international-nuits-dafrique-las-karamba-a-la-scene-td\/#primaryimage","url":"https:\/\/panm360.com\/wp-content\/uploads\/2025\/06\/A-LA-UNE-1500x1500_EXTERIEUR35-scaled.jpg","contentUrl":"https:\/\/panm360.com\/wp-content\/uploads\/2025\/06\/A-LA-UNE-1500x1500_EXTERIEUR35-scaled.jpg","width":1200,"height":1200},{"@type":"BreadcrumbList","@id":"https:\/\/panm360.com\/en\/agenda\/festival-international-nuits-dafrique-las-karamba-a-la-scene-td\/#breadcrumb","itemListElement":[{"@type":"ListItem","position":1,"name":"Accueil","item":"https:\/\/panm360.com\/en\/"},{"@type":"ListItem","position":2,"name":"Listings","item":"https:\/\/panm360.com\/en\/agenda\/"},{"@type":"ListItem","position":3,"name":"Festival International Nuits d\u2019Afrique :\u00a0Las Karamba \u00e0 la sc\u00e8ne TD"}]},{"@type":"WebSite","@id":"https:\/\/panm360.com\/en\/#website","url":"https:\/\/panm360.com\/en\/","name":"PAN M 360","description":"Le m\u00e9dia num\u00e9rique de la musique !","publisher":{"@id":"https:\/\/panm360.com\/en\/#organization"},"potentialAction":[{"@type":"SearchAction","target":{"@type":"EntryPoint","urlTemplate":"https:\/\/panm360.com\/en\/?s={search_term_string}"},"query-input":{"@type":"PropertyValueSpecification","valueRequired":true,"valueName":"search_term_string"}}],"inLanguage":"en-US"},{"@type":"Organization","@id":"https:\/\/panm360.com\/en\/#organization","name":"PAN M 360","url":"https:\/\/panm360.com\/en\/","logo":{"@type":"ImageObject","inLanguage":"en-US","@id":"https:\/\/panm360.com\/en\/#\/schema\/logo\/image\/","url":"https:\/\/panm360.com\/wp-content\/uploads\/2019\/12\/PAN-M360_Logo_RGB.jpg","contentUrl":"https:\/\/panm360.com\/wp-content\/uploads\/2019\/12\/PAN-M360_Logo_RGB.jpg","width":1663,"height":631,"caption":"PAN M 360"},"image":{"@id":"https:\/\/panm360.com\/en\/#\/schema\/logo\/image\/"},"sameAs":["https:\/\/www.facebook.com\/panm360\/","https:\/\/x.com\/PANM360","https:\/\/www.instagram.com\/panm360\/","https:\/\/www.linkedin.com\/company\/panm360\/","https:\/\/www.youtube.com\/channel\/UCHEFHd3UhIrV6EJ3ltzVKOA?view_as=subscriber"]}]}},"_links":{"self":[{"href":"https:\/\/panm360.com\/en\/wp-json\/wp\/v2\/agenda\/139510","targetHints":{"allow":["GET"]}}],"collection":[{"href":"https:\/\/panm360.com\/en\/wp-json\/wp\/v2\/agenda"}],"about":[{"href":"https:\/\/panm360.com\/en\/wp-json\/wp\/v2\/types\/agenda"}],"author":[{"embeddable":true,"href":"https:\/\/panm360.com\/en\/wp-json\/wp\/v2\/users\/936"}],"wp:featuredmedia":[{"embeddable":true,"href":"https:\/\/panm360.com\/en\/wp-json\/wp\/v2\/media\/139509"}],"wp:attachment":[{"href":"https:\/\/panm360.com\/en\/wp-json\/wp\/v2\/media?parent=139510"}],"wp:term":[{"taxonomy":"category","embeddable":true,"href":"https:\/\/panm360.com\/en\/wp-json\/wp\/v2\/categories?post=139510"},{"taxonomy":"post_tag","embeddable":true,"href":"https:\/\/panm360.com\/en\/wp-json\/wp\/v2\/tags?post=139510"},{"taxonomy":"generale","embeddable":true,"href":"https:\/\/panm360.com\/en\/wp-json\/wp\/v2\/generale?post=139510"},{"taxonomy":"genre","embeddable":true,"href":"https:\/\/panm360.com\/en\/wp-json\/wp\/v2\/genre?post=139510"},{"taxonomy":"pays","embeddable":true,"href":"https:\/\/panm360.com\/en\/wp-json\/wp\/v2\/pays?post=139510"},{"taxonomy":"salle","embeddable":true,"href":"https:\/\/panm360.com\/en\/wp-json\/wp\/v2\/salle?post=139510"},{"taxonomy":"ville","embeddable":true,"href":"https:\/\/panm360.com\/en\/wp-json\/wp\/v2\/ville?post=139510"}],"curies":[{"name":"wp","href":"https:\/\/api.w.org\/{rel}","templated":true}]}}