{"id":138115,"date":"2025-06-05T00:23:00","date_gmt":"2025-06-05T04:23:00","guid":{"rendered":"https:\/\/panm360.com\/?post_type=agenda&#038;p=138115"},"modified":"2025-06-06T17:29:47","modified_gmt":"2025-06-06T21:29:47","slug":"festival-classica-vivaldi-en-feu-a-leglise-sainte-famille","status":"publish","type":"agenda","link":"https:\/\/panm360.com\/en\/agenda\/festival-classica-vivaldi-en-feu-a-leglise-sainte-famille\/","title":{"rendered":"Festival Classica : Vivaldi en feu \u00e0 l&#8217;\u00c9glise Sainte-Famille"},"content":{"rendered":"\n<p class=\"wp-block-paragraph\">Le ch\u0153ur de femmes d&#8217;Ensemble ArtChoral, accompagn\u00e9 par l&#8217;Ensemble Caprice sous la direction de Matthias Maute, interpr\u00e8te un programme d\u00e9di\u00e9 \u00e0 l&#8217;intensit\u00e9 et \u00e0 la virtuosit\u00e9 de Vivaldi. La formation vocale aux accents ang\u00e9liques met en valeur toute la richesse des voix f\u00e9minines \u00e0 travers des extraits du&nbsp;Gloria&nbsp;et du&nbsp;Magnificat, ainsi que le motet dramatique&nbsp;In furore, port\u00e9 par la soprano Janelle Lucyk. Quant aux concertos du \u00ab Pr\u00eatre roux \u00bb, ils ne sont rien de moins qu\u2019un v\u00e9ritable feu d\u2019artifice. Place \u00e0&nbsp;Vivaldi en feu!<\/p>\n\n\n\n<p class=\"wp-block-paragraph\">Ensemble ArtChoral\u2019s women\u2019s choir, accompanied by Ensemble Caprice, under the direction of Matthias Maute, present a program showcasing Vivaldi in all his intensity and virtuosity. Excerpts from the&nbsp;Gloria&nbsp;and the&nbsp;Magnificat, and the dramatic motet&nbsp;In furore&nbsp;featuring soprano Janelle Lucyk, display the full glory of the female voice. Instrumental fireworks in two of the \u201cRed Priest\u2019s\u201d concertos complete this incandescent program: Vivaldi on Fire!<\/p>\n\n\n\n<p class=\"wp-block-paragraph\"><strong>Programme\/program<\/strong><\/p>\n\n\n\n<p class=\"wp-block-paragraph\"><strong>Antonio Vivaldi\u00a0(1678-1741)<br><\/strong>Concerto en do majeur pour deux fl\u00fbtes \u00e0 bec, deux violons et basse continue\/Concerto in C major for two recorders, two violins and basso continuo\u00a0<br>Allegro<br>Largo<br>Adagio<br>Gloria, RV 589 (extraits\/excerpts)\u00a0<br>Andante. Et in terra pax<br>Adagio. Gratias agimus tibi<br>Allegro. Propter magnam gloriam<br>Largo. Domine Deus<br>Allegro. Domine, Fili unigenite<br>Motet\u00a0In furore iustissimae irae, RV626\u00a0<br>Concerto en r\u00e9 mineur, RV 535\u00a0<br>Magnificat,\u00a0RV 610 (extraits\/excerpts)\u00a0<br>Magnificat<br>Et exultavit<br>Et misericordia<br>Fecit potentiam<br>Deposuit potentes<br>Suscepit Israel<br>Sicut locutus est<br>Sonata \u00a0\u00ab La Follia \u00bb, op. 1, no 12, RV 63<br>Psaume Laudate Dominum, RV 606<br>Psaume In exitu Israel, RV 604<\/p>\n\n\n\n<p class=\"wp-block-paragraph\"><strong><a href=\"https:\/\/festivalclassica.tuxedobillet.com\/main\/vivaldi-en-feu\/20250610193000\">POUR ACHETER VOTRE BILLET, C\u2019EST ICI!<\/a><\/strong><\/p>\n\n\n\n<iframe style=\"border-radius:12px\" src=\"https:\/\/open.spotify.com\/embed\/artist\/2QOIawHpSlOwXDvSqQ9YJR?utm_source=generator\" width=\"100%\" height=\"352\" frameBorder=\"0\" allowfullscreen=\"\" allow=\"autoplay; clipboard-write; encrypted-media; fullscreen; picture-in-picture\" loading=\"lazy\"><\/iframe>\n\n\n\n<p class=\"wp-block-paragraph\"><em><strong>Ce contenu provient d<\/strong><\/em><strong><em>u Festival Classica<\/em><\/strong><strong><em>&nbsp;et est adapt\u00e9 par PAN M 360<\/em><\/strong><\/p>\n","protected":false},"excerpt":{"rendered":"<p>Le ch\u0153ur de femmes d&#8217;Ensemble ArtChoral, accompagn\u00e9 par l&#8217;Ensemble Caprice sous la direction de Matthias Maute, interpr\u00e8te un programme d\u00e9di\u00e9 \u00e0 l&#8217;intensit\u00e9 et \u00e0 la virtuosit\u00e9 de Vivaldi. La formation vocale aux accents ang\u00e9liques met en valeur toute la richesse des voix f\u00e9minines \u00e0 travers des extraits du&nbsp;Gloria&nbsp;et du&nbsp;Magnificat, ainsi que le motet dramatique&nbsp;In furore, [&hellip;]<\/p>\n","protected":false},"author":936,"featured_media":138114,"menu_order":0,"template":"","format":"standard","meta":{"_acf_changed":true,"_crdt_document":""},"categories":[4322],"tags":[],"generale":[3814],"genre":[3086,3108],"pays":[3853],"salle":[8556],"ville":[8557],"class_list":["post-138115","agenda","type-agenda","status-publish","format-standard","has-post-thumbnail","hentry","category-listings-360","generale-lire-en","genre-baroque-2","genre-choral-music","pays-italy-3","salle-eglise-sainte-famille-en","ville-boucherville-en"],"acf":[],"yoast_head":"<!-- This site is optimized with the Yoast SEO plugin v27.4 - https:\/\/yoast.com\/product\/yoast-seo-wordpress\/ -->\n<title>Festival Classica : Vivaldi en feu \u00e0 l&#039;\u00c9glise Sainte-Famille - PAN M 360<\/title>\n<meta name=\"robots\" content=\"index, follow, max-snippet:-1, max-image-preview:large, max-video-preview:-1\" \/>\n<link rel=\"canonical\" href=\"https:\/\/panm360.com\/en\/agenda\/festival-classica-vivaldi-en-feu-a-leglise-sainte-famille\/\" \/>\n<meta property=\"og:locale\" content=\"en_US\" \/>\n<meta property=\"og:type\" content=\"article\" \/>\n<meta property=\"og:title\" content=\"Festival Classica : Vivaldi en feu \u00e0 l&#039;\u00c9glise Sainte-Famille - PAN M 360\" \/>\n<meta property=\"og:description\" content=\"Le ch\u0153ur de femmes d&#8217;Ensemble ArtChoral, accompagn\u00e9 par l&#8217;Ensemble Caprice sous la direction de Matthias Maute, interpr\u00e8te un programme d\u00e9di\u00e9 \u00e0 l&#8217;intensit\u00e9 et \u00e0 la virtuosit\u00e9 de Vivaldi. La formation vocale aux accents ang\u00e9liques met en valeur toute la richesse des voix f\u00e9minines \u00e0 travers des extraits du&nbsp;Gloria&nbsp;et du&nbsp;Magnificat, ainsi que le motet dramatique&nbsp;In furore, [&hellip;]\" \/>\n<meta property=\"og:url\" content=\"https:\/\/panm360.com\/en\/agenda\/festival-classica-vivaldi-en-feu-a-leglise-sainte-famille\/\" \/>\n<meta property=\"og:site_name\" content=\"PAN M 360\" \/>\n<meta property=\"article:publisher\" content=\"https:\/\/www.facebook.com\/panm360\/\" \/>\n<meta property=\"article:modified_time\" content=\"2025-06-06T21:29:47+00:00\" \/>\n<meta property=\"og:image\" content=\"https:\/\/panm360.com\/wp-content\/uploads\/2025\/05\/7-697fc866-1920w-scaled.webp\" \/>\n\t<meta property=\"og:image:width\" content=\"1200\" \/>\n\t<meta property=\"og:image:height\" content=\"675\" \/>\n\t<meta property=\"og:image:type\" content=\"image\/webp\" \/>\n<meta name=\"twitter:card\" content=\"summary_large_image\" \/>\n<meta name=\"twitter:site\" content=\"@PANM360\" \/>\n<meta name=\"twitter:label1\" content=\"Est. reading time\" \/>\n\t<meta name=\"twitter:data1\" content=\"1 minute\" \/>\n<script type=\"application\/ld+json\" class=\"yoast-schema-graph\">{\"@context\":\"https:\\\/\\\/schema.org\",\"@graph\":[{\"@type\":\"WebPage\",\"@id\":\"https:\\\/\\\/panm360.com\\\/en\\\/agenda\\\/festival-classica-vivaldi-en-feu-a-leglise-sainte-famille\\\/\",\"url\":\"https:\\\/\\\/panm360.com\\\/en\\\/agenda\\\/festival-classica-vivaldi-en-feu-a-leglise-sainte-famille\\\/\",\"name\":\"Festival Classica : Vivaldi en feu \u00e0 l'\u00c9glise Sainte-Famille - PAN M 360\",\"isPartOf\":{\"@id\":\"https:\\\/\\\/panm360.com\\\/en\\\/#website\"},\"primaryImageOfPage\":{\"@id\":\"https:\\\/\\\/panm360.com\\\/en\\\/agenda\\\/festival-classica-vivaldi-en-feu-a-leglise-sainte-famille\\\/#primaryimage\"},\"image\":{\"@id\":\"https:\\\/\\\/panm360.com\\\/en\\\/agenda\\\/festival-classica-vivaldi-en-feu-a-leglise-sainte-famille\\\/#primaryimage\"},\"thumbnailUrl\":\"https:\\\/\\\/panm360.com\\\/wp-content\\\/uploads\\\/2025\\\/05\\\/7-697fc866-1920w-scaled.webp\",\"datePublished\":\"2025-06-05T04:23:00+00:00\",\"dateModified\":\"2025-06-06T21:29:47+00:00\",\"breadcrumb\":{\"@id\":\"https:\\\/\\\/panm360.com\\\/en\\\/agenda\\\/festival-classica-vivaldi-en-feu-a-leglise-sainte-famille\\\/#breadcrumb\"},\"inLanguage\":\"en-US\",\"potentialAction\":[{\"@type\":\"ReadAction\",\"target\":[\"https:\\\/\\\/panm360.com\\\/en\\\/agenda\\\/festival-classica-vivaldi-en-feu-a-leglise-sainte-famille\\\/\"]}]},{\"@type\":\"ImageObject\",\"inLanguage\":\"en-US\",\"@id\":\"https:\\\/\\\/panm360.com\\\/en\\\/agenda\\\/festival-classica-vivaldi-en-feu-a-leglise-sainte-famille\\\/#primaryimage\",\"url\":\"https:\\\/\\\/panm360.com\\\/wp-content\\\/uploads\\\/2025\\\/05\\\/7-697fc866-1920w-scaled.webp\",\"contentUrl\":\"https:\\\/\\\/panm360.com\\\/wp-content\\\/uploads\\\/2025\\\/05\\\/7-697fc866-1920w-scaled.webp\",\"width\":1200,\"height\":675},{\"@type\":\"BreadcrumbList\",\"@id\":\"https:\\\/\\\/panm360.com\\\/en\\\/agenda\\\/festival-classica-vivaldi-en-feu-a-leglise-sainte-famille\\\/#breadcrumb\",\"itemListElement\":[{\"@type\":\"ListItem\",\"position\":1,\"name\":\"Accueil\",\"item\":\"https:\\\/\\\/panm360.com\\\/en\\\/\"},{\"@type\":\"ListItem\",\"position\":2,\"name\":\"Listings\",\"item\":\"https:\\\/\\\/panm360.com\\\/en\\\/agenda\\\/\"},{\"@type\":\"ListItem\",\"position\":3,\"name\":\"Festival Classica : Vivaldi en feu \u00e0 l&#8217;\u00c9glise Sainte-Famille\"}]},{\"@type\":\"WebSite\",\"@id\":\"https:\\\/\\\/panm360.com\\\/en\\\/#website\",\"url\":\"https:\\\/\\\/panm360.com\\\/en\\\/\",\"name\":\"PAN M 360\",\"description\":\"Le m\u00e9dia num\u00e9rique de la musique !\",\"publisher\":{\"@id\":\"https:\\\/\\\/panm360.com\\\/en\\\/#organization\"},\"potentialAction\":[{\"@type\":\"SearchAction\",\"target\":{\"@type\":\"EntryPoint\",\"urlTemplate\":\"https:\\\/\\\/panm360.com\\\/en\\\/?s={search_term_string}\"},\"query-input\":{\"@type\":\"PropertyValueSpecification\",\"valueRequired\":true,\"valueName\":\"search_term_string\"}}],\"inLanguage\":\"en-US\"},{\"@type\":\"Organization\",\"@id\":\"https:\\\/\\\/panm360.com\\\/en\\\/#organization\",\"name\":\"PAN M 360\",\"url\":\"https:\\\/\\\/panm360.com\\\/en\\\/\",\"logo\":{\"@type\":\"ImageObject\",\"inLanguage\":\"en-US\",\"@id\":\"https:\\\/\\\/panm360.com\\\/en\\\/#\\\/schema\\\/logo\\\/image\\\/\",\"url\":\"https:\\\/\\\/panm360.com\\\/wp-content\\\/uploads\\\/2019\\\/12\\\/PAN-M360_Logo_RGB.jpg\",\"contentUrl\":\"https:\\\/\\\/panm360.com\\\/wp-content\\\/uploads\\\/2019\\\/12\\\/PAN-M360_Logo_RGB.jpg\",\"width\":1663,\"height\":631,\"caption\":\"PAN M 360\"},\"image\":{\"@id\":\"https:\\\/\\\/panm360.com\\\/en\\\/#\\\/schema\\\/logo\\\/image\\\/\"},\"sameAs\":[\"https:\\\/\\\/www.facebook.com\\\/panm360\\\/\",\"https:\\\/\\\/x.com\\\/PANM360\",\"https:\\\/\\\/www.instagram.com\\\/panm360\\\/\",\"https:\\\/\\\/www.linkedin.com\\\/company\\\/panm360\\\/\",\"https:\\\/\\\/www.youtube.com\\\/channel\\\/UCHEFHd3UhIrV6EJ3ltzVKOA?view_as=subscriber\"]}]}<\/script>\n<!-- \/ Yoast SEO plugin. -->","yoast_head_json":{"title":"Festival Classica : Vivaldi en feu \u00e0 l'\u00c9glise Sainte-Famille - PAN M 360","robots":{"index":"index","follow":"follow","max-snippet":"max-snippet:-1","max-image-preview":"max-image-preview:large","max-video-preview":"max-video-preview:-1"},"canonical":"https:\/\/panm360.com\/en\/agenda\/festival-classica-vivaldi-en-feu-a-leglise-sainte-famille\/","og_locale":"en_US","og_type":"article","og_title":"Festival Classica : Vivaldi en feu \u00e0 l'\u00c9glise Sainte-Famille - PAN M 360","og_description":"Le ch\u0153ur de femmes d&#8217;Ensemble ArtChoral, accompagn\u00e9 par l&#8217;Ensemble Caprice sous la direction de Matthias Maute, interpr\u00e8te un programme d\u00e9di\u00e9 \u00e0 l&#8217;intensit\u00e9 et \u00e0 la virtuosit\u00e9 de Vivaldi. La formation vocale aux accents ang\u00e9liques met en valeur toute la richesse des voix f\u00e9minines \u00e0 travers des extraits du&nbsp;Gloria&nbsp;et du&nbsp;Magnificat, ainsi que le motet dramatique&nbsp;In furore, [&hellip;]","og_url":"https:\/\/panm360.com\/en\/agenda\/festival-classica-vivaldi-en-feu-a-leglise-sainte-famille\/","og_site_name":"PAN M 360","article_publisher":"https:\/\/www.facebook.com\/panm360\/","article_modified_time":"2025-06-06T21:29:47+00:00","og_image":[{"width":1200,"height":675,"url":"https:\/\/panm360.com\/wp-content\/uploads\/2025\/05\/7-697fc866-1920w-scaled.webp","type":"image\/webp"}],"twitter_card":"summary_large_image","twitter_site":"@PANM360","twitter_misc":{"Est. reading time":"1 minute"},"schema":{"@context":"https:\/\/schema.org","@graph":[{"@type":"WebPage","@id":"https:\/\/panm360.com\/en\/agenda\/festival-classica-vivaldi-en-feu-a-leglise-sainte-famille\/","url":"https:\/\/panm360.com\/en\/agenda\/festival-classica-vivaldi-en-feu-a-leglise-sainte-famille\/","name":"Festival Classica : Vivaldi en feu \u00e0 l'\u00c9glise Sainte-Famille - PAN M 360","isPartOf":{"@id":"https:\/\/panm360.com\/en\/#website"},"primaryImageOfPage":{"@id":"https:\/\/panm360.com\/en\/agenda\/festival-classica-vivaldi-en-feu-a-leglise-sainte-famille\/#primaryimage"},"image":{"@id":"https:\/\/panm360.com\/en\/agenda\/festival-classica-vivaldi-en-feu-a-leglise-sainte-famille\/#primaryimage"},"thumbnailUrl":"https:\/\/panm360.com\/wp-content\/uploads\/2025\/05\/7-697fc866-1920w-scaled.webp","datePublished":"2025-06-05T04:23:00+00:00","dateModified":"2025-06-06T21:29:47+00:00","breadcrumb":{"@id":"https:\/\/panm360.com\/en\/agenda\/festival-classica-vivaldi-en-feu-a-leglise-sainte-famille\/#breadcrumb"},"inLanguage":"en-US","potentialAction":[{"@type":"ReadAction","target":["https:\/\/panm360.com\/en\/agenda\/festival-classica-vivaldi-en-feu-a-leglise-sainte-famille\/"]}]},{"@type":"ImageObject","inLanguage":"en-US","@id":"https:\/\/panm360.com\/en\/agenda\/festival-classica-vivaldi-en-feu-a-leglise-sainte-famille\/#primaryimage","url":"https:\/\/panm360.com\/wp-content\/uploads\/2025\/05\/7-697fc866-1920w-scaled.webp","contentUrl":"https:\/\/panm360.com\/wp-content\/uploads\/2025\/05\/7-697fc866-1920w-scaled.webp","width":1200,"height":675},{"@type":"BreadcrumbList","@id":"https:\/\/panm360.com\/en\/agenda\/festival-classica-vivaldi-en-feu-a-leglise-sainte-famille\/#breadcrumb","itemListElement":[{"@type":"ListItem","position":1,"name":"Accueil","item":"https:\/\/panm360.com\/en\/"},{"@type":"ListItem","position":2,"name":"Listings","item":"https:\/\/panm360.com\/en\/agenda\/"},{"@type":"ListItem","position":3,"name":"Festival Classica : Vivaldi en feu \u00e0 l&#8217;\u00c9glise Sainte-Famille"}]},{"@type":"WebSite","@id":"https:\/\/panm360.com\/en\/#website","url":"https:\/\/panm360.com\/en\/","name":"PAN M 360","description":"Le m\u00e9dia num\u00e9rique de la musique !","publisher":{"@id":"https:\/\/panm360.com\/en\/#organization"},"potentialAction":[{"@type":"SearchAction","target":{"@type":"EntryPoint","urlTemplate":"https:\/\/panm360.com\/en\/?s={search_term_string}"},"query-input":{"@type":"PropertyValueSpecification","valueRequired":true,"valueName":"search_term_string"}}],"inLanguage":"en-US"},{"@type":"Organization","@id":"https:\/\/panm360.com\/en\/#organization","name":"PAN M 360","url":"https:\/\/panm360.com\/en\/","logo":{"@type":"ImageObject","inLanguage":"en-US","@id":"https:\/\/panm360.com\/en\/#\/schema\/logo\/image\/","url":"https:\/\/panm360.com\/wp-content\/uploads\/2019\/12\/PAN-M360_Logo_RGB.jpg","contentUrl":"https:\/\/panm360.com\/wp-content\/uploads\/2019\/12\/PAN-M360_Logo_RGB.jpg","width":1663,"height":631,"caption":"PAN M 360"},"image":{"@id":"https:\/\/panm360.com\/en\/#\/schema\/logo\/image\/"},"sameAs":["https:\/\/www.facebook.com\/panm360\/","https:\/\/x.com\/PANM360","https:\/\/www.instagram.com\/panm360\/","https:\/\/www.linkedin.com\/company\/panm360\/","https:\/\/www.youtube.com\/channel\/UCHEFHd3UhIrV6EJ3ltzVKOA?view_as=subscriber"]}]}},"_links":{"self":[{"href":"https:\/\/panm360.com\/en\/wp-json\/wp\/v2\/agenda\/138115","targetHints":{"allow":["GET"]}}],"collection":[{"href":"https:\/\/panm360.com\/en\/wp-json\/wp\/v2\/agenda"}],"about":[{"href":"https:\/\/panm360.com\/en\/wp-json\/wp\/v2\/types\/agenda"}],"author":[{"embeddable":true,"href":"https:\/\/panm360.com\/en\/wp-json\/wp\/v2\/users\/936"}],"wp:featuredmedia":[{"embeddable":true,"href":"https:\/\/panm360.com\/en\/wp-json\/wp\/v2\/media\/138114"}],"wp:attachment":[{"href":"https:\/\/panm360.com\/en\/wp-json\/wp\/v2\/media?parent=138115"}],"wp:term":[{"taxonomy":"category","embeddable":true,"href":"https:\/\/panm360.com\/en\/wp-json\/wp\/v2\/categories?post=138115"},{"taxonomy":"post_tag","embeddable":true,"href":"https:\/\/panm360.com\/en\/wp-json\/wp\/v2\/tags?post=138115"},{"taxonomy":"generale","embeddable":true,"href":"https:\/\/panm360.com\/en\/wp-json\/wp\/v2\/generale?post=138115"},{"taxonomy":"genre","embeddable":true,"href":"https:\/\/panm360.com\/en\/wp-json\/wp\/v2\/genre?post=138115"},{"taxonomy":"pays","embeddable":true,"href":"https:\/\/panm360.com\/en\/wp-json\/wp\/v2\/pays?post=138115"},{"taxonomy":"salle","embeddable":true,"href":"https:\/\/panm360.com\/en\/wp-json\/wp\/v2\/salle?post=138115"},{"taxonomy":"ville","embeddable":true,"href":"https:\/\/panm360.com\/en\/wp-json\/wp\/v2\/ville?post=138115"}],"curies":[{"name":"wp","href":"https:\/\/api.w.org\/{rel}","templated":true}]}}