{"id":137062,"date":"2025-09-24T23:43:00","date_gmt":"2025-09-25T03:43:00","guid":{"rendered":"https:\/\/panm360.com\/?post_type=agenda&#038;p=137062"},"modified":"2025-09-25T09:07:42","modified_gmt":"2025-09-25T13:07:42","slug":"osm-brahms-dvorak-splendeur-du-romantisme","status":"publish","type":"agenda","link":"https:\/\/panm360.com\/en\/agenda\/osm-brahms-dvorak-splendeur-du-romantisme\/","title":{"rendered":"OSM : Brahms &amp; Dvo\u0159\u00e1k &#8211; splendeur du romantisme"},"content":{"rendered":"\n<p class=\"wp-block-paragraph\">L\u00f3pez rend un vibrant hommage \u00e0 la Finlande \u00e0 travers son po\u00e8me symphonique\u00a0Aino, tandis que Dvo\u0159\u00e1k affirme avec \u00e9clat son identit\u00e9 slave en ins\u00e9rant, pour la premi\u00e8re fois, une danse folklorique dans sa\u00a0Symphonie n\u00b06. Enfin, laissez-vous envo\u00fbter par le l\u00e9gendaire\u00a0Concerto\u00a0pour violon de Brahms, un monument du r\u00e9pertoire, magistralement interpr\u00e9t\u00e9 par le violoniste mondialement reconnu James\u00a0Ehnes.<\/p>\n\n\n\n<p class=\"wp-block-paragraph\">L\u00f3pez\u2019s symphonic poem\u00a0Aino\u00a0is a beautiful tribute to Finland, while Dvo\u0159\u00e1k affirms his Slavic identity in his\u00a0Symphony No. 6\u00a0by using material from a Slavic folk dance for the first time. Finally, let yourself be enchanted by Brahms\u2019 legendary\u00a0Violin Concerto, a mainstay of the instrument\u2019s repertoire, which will be masterfully performed by the internationally acclaimed violinist James Ehnes.<\/p>\n\n\n\n<p class=\"wp-block-paragraph\"><strong>Programme<\/strong><\/p>\n\n\n\n<p class=\"wp-block-paragraph\">Jimmy L\u00f3pez,\u00a0Aino\u00a0(14 min)<br>Johannes Brahms, Concerto pour violon, op. 77 (35 min)<br>Anton\u00edn Dvo\u0159\u00e1k, Symphonie no 6, op. 60, B. 112 (41 min)<\/p>\n\n\n\n<p class=\"wp-block-paragraph\"><strong>Program<\/strong><\/p>\n\n\n\n<p class=\"wp-block-paragraph\">Jimmy L\u00f3pez,\u00a0Aino\u00a0(14 min)<br>Johannes Brahms, Concerto for Violin, Op.\u202f77 (35 min)<br>Anton\u00edn Dvo\u0159\u00e1k, Symphony No.\u202f6, Op.\u202f60, B.\u202f112 (41 min)<\/p>\n\n\n\n<p class=\"wp-block-paragraph\"><strong><a href=\"https:\/\/mon.osm.ca\/overview\/3660\">POUR ACHETER VOTRE BILLET, C\u2019EST ICI!<\/a><\/strong><\/p>\n\n\n\n<iframe style=\"border-radius:12px\" src=\"https:\/\/open.spotify.com\/embed\/album\/2RXsGWyr28Rxx0Ogluq5Nd?utm_source=generator\" width=\"100%\" height=\"352\" frameBorder=\"0\" allowfullscreen=\"\" allow=\"autoplay; clipboard-write; encrypted-media; fullscreen; picture-in-picture\" loading=\"lazy\"><\/iframe>\n\n\n\n<p class=\"wp-block-paragraph\"><strong><em>Ce contenu provient de l\u2019Orchestre symphonique de Montr\u00e9al et est adapt\u00e9 par PAN M 360<\/em><\/strong><\/p>\n","protected":false},"excerpt":{"rendered":"<p>L\u00f3pez rend un vibrant hommage \u00e0 la Finlande \u00e0 travers son po\u00e8me symphonique\u00a0Aino, tandis que Dvo\u0159\u00e1k affirme avec \u00e9clat son identit\u00e9 slave en ins\u00e9rant, pour la premi\u00e8re fois, une danse folklorique dans sa\u00a0Symphonie n\u00b06. Enfin, laissez-vous envo\u00fbter par le l\u00e9gendaire\u00a0Concerto\u00a0pour violon de Brahms, un monument du r\u00e9pertoire, magistralement interpr\u00e9t\u00e9 par le violoniste mondialement reconnu James\u00a0Ehnes. [&hellip;]<\/p>\n","protected":false},"author":936,"featured_media":137061,"menu_order":0,"template":"","format":"standard","meta":{"_acf_changed":true,"_crdt_document":""},"categories":[4322],"tags":[],"generale":[3814],"genre":[8055,8339],"pays":[4960,3832,4948],"salle":[7031],"ville":[7246],"class_list":["post-137062","agenda","type-agenda","status-publish","format-standard","has-post-thumbnail","hentry","category-listings-360","generale-lire-en","genre-classique-2-en","genre-periode-romantique-en","pays-czech-republic","pays-allemagne-en","pays-peru","salle-maison-symphonique-en","ville-montreal-en"],"acf":[],"yoast_head":"<!-- This site is optimized with the Yoast SEO plugin v27.4 - https:\/\/yoast.com\/product\/yoast-seo-wordpress\/ -->\n<title>OSM : Brahms &amp; Dvo\u0159\u00e1k - splendeur du romantisme - PAN M 360<\/title>\n<meta name=\"robots\" content=\"index, follow, max-snippet:-1, max-image-preview:large, max-video-preview:-1\" \/>\n<link rel=\"canonical\" href=\"https:\/\/panm360.com\/en\/agenda\/osm-brahms-dvorak-splendeur-du-romantisme\/\" \/>\n<meta property=\"og:locale\" content=\"en_US\" \/>\n<meta property=\"og:type\" content=\"article\" \/>\n<meta property=\"og:title\" content=\"OSM : Brahms &amp; Dvo\u0159\u00e1k - splendeur du romantisme - PAN M 360\" \/>\n<meta property=\"og:description\" content=\"L\u00f3pez rend un vibrant hommage \u00e0 la Finlande \u00e0 travers son po\u00e8me symphonique\u00a0Aino, tandis que Dvo\u0159\u00e1k affirme avec \u00e9clat son identit\u00e9 slave en ins\u00e9rant, pour la premi\u00e8re fois, une danse folklorique dans sa\u00a0Symphonie n\u00b06. Enfin, laissez-vous envo\u00fbter par le l\u00e9gendaire\u00a0Concerto\u00a0pour violon de Brahms, un monument du r\u00e9pertoire, magistralement interpr\u00e9t\u00e9 par le violoniste mondialement reconnu James\u00a0Ehnes. [&hellip;]\" \/>\n<meta property=\"og:url\" content=\"https:\/\/panm360.com\/en\/agenda\/osm-brahms-dvorak-splendeur-du-romantisme\/\" \/>\n<meta property=\"og:site_name\" content=\"PAN M 360\" \/>\n<meta property=\"article:publisher\" content=\"https:\/\/www.facebook.com\/panm360\/\" \/>\n<meta property=\"article:modified_time\" content=\"2025-09-25T13:07:42+00:00\" \/>\n<meta property=\"og:image\" content=\"https:\/\/panm360.com\/wp-content\/uploads\/2025\/05\/brahms-dvorak-splendeur-du-romantisme-1080.webp\" \/>\n\t<meta property=\"og:image:width\" content=\"1080\" \/>\n\t<meta property=\"og:image:height\" content=\"1080\" \/>\n\t<meta property=\"og:image:type\" content=\"image\/webp\" \/>\n<meta name=\"twitter:card\" content=\"summary_large_image\" \/>\n<meta name=\"twitter:site\" content=\"@PANM360\" \/>\n<meta name=\"twitter:label1\" content=\"Est. reading time\" \/>\n\t<meta name=\"twitter:data1\" content=\"1 minute\" \/>\n<script type=\"application\/ld+json\" class=\"yoast-schema-graph\">{\"@context\":\"https:\\\/\\\/schema.org\",\"@graph\":[{\"@type\":\"WebPage\",\"@id\":\"https:\\\/\\\/panm360.com\\\/en\\\/agenda\\\/osm-brahms-dvorak-splendeur-du-romantisme\\\/\",\"url\":\"https:\\\/\\\/panm360.com\\\/en\\\/agenda\\\/osm-brahms-dvorak-splendeur-du-romantisme\\\/\",\"name\":\"OSM : Brahms &amp; Dvo\u0159\u00e1k - splendeur du romantisme - PAN M 360\",\"isPartOf\":{\"@id\":\"https:\\\/\\\/panm360.com\\\/en\\\/#website\"},\"primaryImageOfPage\":{\"@id\":\"https:\\\/\\\/panm360.com\\\/en\\\/agenda\\\/osm-brahms-dvorak-splendeur-du-romantisme\\\/#primaryimage\"},\"image\":{\"@id\":\"https:\\\/\\\/panm360.com\\\/en\\\/agenda\\\/osm-brahms-dvorak-splendeur-du-romantisme\\\/#primaryimage\"},\"thumbnailUrl\":\"https:\\\/\\\/panm360.com\\\/wp-content\\\/uploads\\\/2025\\\/05\\\/brahms-dvorak-splendeur-du-romantisme-1080.webp\",\"datePublished\":\"2025-09-25T03:43:00+00:00\",\"dateModified\":\"2025-09-25T13:07:42+00:00\",\"breadcrumb\":{\"@id\":\"https:\\\/\\\/panm360.com\\\/en\\\/agenda\\\/osm-brahms-dvorak-splendeur-du-romantisme\\\/#breadcrumb\"},\"inLanguage\":\"en-US\",\"potentialAction\":[{\"@type\":\"ReadAction\",\"target\":[\"https:\\\/\\\/panm360.com\\\/en\\\/agenda\\\/osm-brahms-dvorak-splendeur-du-romantisme\\\/\"]}]},{\"@type\":\"ImageObject\",\"inLanguage\":\"en-US\",\"@id\":\"https:\\\/\\\/panm360.com\\\/en\\\/agenda\\\/osm-brahms-dvorak-splendeur-du-romantisme\\\/#primaryimage\",\"url\":\"https:\\\/\\\/panm360.com\\\/wp-content\\\/uploads\\\/2025\\\/05\\\/brahms-dvorak-splendeur-du-romantisme-1080.webp\",\"contentUrl\":\"https:\\\/\\\/panm360.com\\\/wp-content\\\/uploads\\\/2025\\\/05\\\/brahms-dvorak-splendeur-du-romantisme-1080.webp\",\"width\":1080,\"height\":1080},{\"@type\":\"BreadcrumbList\",\"@id\":\"https:\\\/\\\/panm360.com\\\/en\\\/agenda\\\/osm-brahms-dvorak-splendeur-du-romantisme\\\/#breadcrumb\",\"itemListElement\":[{\"@type\":\"ListItem\",\"position\":1,\"name\":\"Accueil\",\"item\":\"https:\\\/\\\/panm360.com\\\/en\\\/\"},{\"@type\":\"ListItem\",\"position\":2,\"name\":\"Listings\",\"item\":\"https:\\\/\\\/panm360.com\\\/en\\\/agenda\\\/\"},{\"@type\":\"ListItem\",\"position\":3,\"name\":\"OSM : Brahms &amp; Dvo\u0159\u00e1k &#8211; splendeur du romantisme\"}]},{\"@type\":\"WebSite\",\"@id\":\"https:\\\/\\\/panm360.com\\\/en\\\/#website\",\"url\":\"https:\\\/\\\/panm360.com\\\/en\\\/\",\"name\":\"PAN M 360\",\"description\":\"Le m\u00e9dia num\u00e9rique de la musique !\",\"publisher\":{\"@id\":\"https:\\\/\\\/panm360.com\\\/en\\\/#organization\"},\"potentialAction\":[{\"@type\":\"SearchAction\",\"target\":{\"@type\":\"EntryPoint\",\"urlTemplate\":\"https:\\\/\\\/panm360.com\\\/en\\\/?s={search_term_string}\"},\"query-input\":{\"@type\":\"PropertyValueSpecification\",\"valueRequired\":true,\"valueName\":\"search_term_string\"}}],\"inLanguage\":\"en-US\"},{\"@type\":\"Organization\",\"@id\":\"https:\\\/\\\/panm360.com\\\/en\\\/#organization\",\"name\":\"PAN M 360\",\"url\":\"https:\\\/\\\/panm360.com\\\/en\\\/\",\"logo\":{\"@type\":\"ImageObject\",\"inLanguage\":\"en-US\",\"@id\":\"https:\\\/\\\/panm360.com\\\/en\\\/#\\\/schema\\\/logo\\\/image\\\/\",\"url\":\"https:\\\/\\\/panm360.com\\\/wp-content\\\/uploads\\\/2019\\\/12\\\/PAN-M360_Logo_RGB.jpg\",\"contentUrl\":\"https:\\\/\\\/panm360.com\\\/wp-content\\\/uploads\\\/2019\\\/12\\\/PAN-M360_Logo_RGB.jpg\",\"width\":1663,\"height\":631,\"caption\":\"PAN M 360\"},\"image\":{\"@id\":\"https:\\\/\\\/panm360.com\\\/en\\\/#\\\/schema\\\/logo\\\/image\\\/\"},\"sameAs\":[\"https:\\\/\\\/www.facebook.com\\\/panm360\\\/\",\"https:\\\/\\\/x.com\\\/PANM360\",\"https:\\\/\\\/www.instagram.com\\\/panm360\\\/\",\"https:\\\/\\\/www.linkedin.com\\\/company\\\/panm360\\\/\",\"https:\\\/\\\/www.youtube.com\\\/channel\\\/UCHEFHd3UhIrV6EJ3ltzVKOA?view_as=subscriber\"]}]}<\/script>\n<!-- \/ Yoast SEO plugin. -->","yoast_head_json":{"title":"OSM : Brahms &amp; Dvo\u0159\u00e1k - splendeur du romantisme - PAN M 360","robots":{"index":"index","follow":"follow","max-snippet":"max-snippet:-1","max-image-preview":"max-image-preview:large","max-video-preview":"max-video-preview:-1"},"canonical":"https:\/\/panm360.com\/en\/agenda\/osm-brahms-dvorak-splendeur-du-romantisme\/","og_locale":"en_US","og_type":"article","og_title":"OSM : Brahms &amp; Dvo\u0159\u00e1k - splendeur du romantisme - PAN M 360","og_description":"L\u00f3pez rend un vibrant hommage \u00e0 la Finlande \u00e0 travers son po\u00e8me symphonique\u00a0Aino, tandis que Dvo\u0159\u00e1k affirme avec \u00e9clat son identit\u00e9 slave en ins\u00e9rant, pour la premi\u00e8re fois, une danse folklorique dans sa\u00a0Symphonie n\u00b06. Enfin, laissez-vous envo\u00fbter par le l\u00e9gendaire\u00a0Concerto\u00a0pour violon de Brahms, un monument du r\u00e9pertoire, magistralement interpr\u00e9t\u00e9 par le violoniste mondialement reconnu James\u00a0Ehnes. [&hellip;]","og_url":"https:\/\/panm360.com\/en\/agenda\/osm-brahms-dvorak-splendeur-du-romantisme\/","og_site_name":"PAN M 360","article_publisher":"https:\/\/www.facebook.com\/panm360\/","article_modified_time":"2025-09-25T13:07:42+00:00","og_image":[{"width":1080,"height":1080,"url":"https:\/\/panm360.com\/wp-content\/uploads\/2025\/05\/brahms-dvorak-splendeur-du-romantisme-1080.webp","type":"image\/webp"}],"twitter_card":"summary_large_image","twitter_site":"@PANM360","twitter_misc":{"Est. reading time":"1 minute"},"schema":{"@context":"https:\/\/schema.org","@graph":[{"@type":"WebPage","@id":"https:\/\/panm360.com\/en\/agenda\/osm-brahms-dvorak-splendeur-du-romantisme\/","url":"https:\/\/panm360.com\/en\/agenda\/osm-brahms-dvorak-splendeur-du-romantisme\/","name":"OSM : Brahms &amp; Dvo\u0159\u00e1k - splendeur du romantisme - PAN M 360","isPartOf":{"@id":"https:\/\/panm360.com\/en\/#website"},"primaryImageOfPage":{"@id":"https:\/\/panm360.com\/en\/agenda\/osm-brahms-dvorak-splendeur-du-romantisme\/#primaryimage"},"image":{"@id":"https:\/\/panm360.com\/en\/agenda\/osm-brahms-dvorak-splendeur-du-romantisme\/#primaryimage"},"thumbnailUrl":"https:\/\/panm360.com\/wp-content\/uploads\/2025\/05\/brahms-dvorak-splendeur-du-romantisme-1080.webp","datePublished":"2025-09-25T03:43:00+00:00","dateModified":"2025-09-25T13:07:42+00:00","breadcrumb":{"@id":"https:\/\/panm360.com\/en\/agenda\/osm-brahms-dvorak-splendeur-du-romantisme\/#breadcrumb"},"inLanguage":"en-US","potentialAction":[{"@type":"ReadAction","target":["https:\/\/panm360.com\/en\/agenda\/osm-brahms-dvorak-splendeur-du-romantisme\/"]}]},{"@type":"ImageObject","inLanguage":"en-US","@id":"https:\/\/panm360.com\/en\/agenda\/osm-brahms-dvorak-splendeur-du-romantisme\/#primaryimage","url":"https:\/\/panm360.com\/wp-content\/uploads\/2025\/05\/brahms-dvorak-splendeur-du-romantisme-1080.webp","contentUrl":"https:\/\/panm360.com\/wp-content\/uploads\/2025\/05\/brahms-dvorak-splendeur-du-romantisme-1080.webp","width":1080,"height":1080},{"@type":"BreadcrumbList","@id":"https:\/\/panm360.com\/en\/agenda\/osm-brahms-dvorak-splendeur-du-romantisme\/#breadcrumb","itemListElement":[{"@type":"ListItem","position":1,"name":"Accueil","item":"https:\/\/panm360.com\/en\/"},{"@type":"ListItem","position":2,"name":"Listings","item":"https:\/\/panm360.com\/en\/agenda\/"},{"@type":"ListItem","position":3,"name":"OSM : Brahms &amp; Dvo\u0159\u00e1k &#8211; splendeur du romantisme"}]},{"@type":"WebSite","@id":"https:\/\/panm360.com\/en\/#website","url":"https:\/\/panm360.com\/en\/","name":"PAN M 360","description":"Le m\u00e9dia num\u00e9rique de la musique !","publisher":{"@id":"https:\/\/panm360.com\/en\/#organization"},"potentialAction":[{"@type":"SearchAction","target":{"@type":"EntryPoint","urlTemplate":"https:\/\/panm360.com\/en\/?s={search_term_string}"},"query-input":{"@type":"PropertyValueSpecification","valueRequired":true,"valueName":"search_term_string"}}],"inLanguage":"en-US"},{"@type":"Organization","@id":"https:\/\/panm360.com\/en\/#organization","name":"PAN M 360","url":"https:\/\/panm360.com\/en\/","logo":{"@type":"ImageObject","inLanguage":"en-US","@id":"https:\/\/panm360.com\/en\/#\/schema\/logo\/image\/","url":"https:\/\/panm360.com\/wp-content\/uploads\/2019\/12\/PAN-M360_Logo_RGB.jpg","contentUrl":"https:\/\/panm360.com\/wp-content\/uploads\/2019\/12\/PAN-M360_Logo_RGB.jpg","width":1663,"height":631,"caption":"PAN M 360"},"image":{"@id":"https:\/\/panm360.com\/en\/#\/schema\/logo\/image\/"},"sameAs":["https:\/\/www.facebook.com\/panm360\/","https:\/\/x.com\/PANM360","https:\/\/www.instagram.com\/panm360\/","https:\/\/www.linkedin.com\/company\/panm360\/","https:\/\/www.youtube.com\/channel\/UCHEFHd3UhIrV6EJ3ltzVKOA?view_as=subscriber"]}]}},"_links":{"self":[{"href":"https:\/\/panm360.com\/en\/wp-json\/wp\/v2\/agenda\/137062","targetHints":{"allow":["GET"]}}],"collection":[{"href":"https:\/\/panm360.com\/en\/wp-json\/wp\/v2\/agenda"}],"about":[{"href":"https:\/\/panm360.com\/en\/wp-json\/wp\/v2\/types\/agenda"}],"author":[{"embeddable":true,"href":"https:\/\/panm360.com\/en\/wp-json\/wp\/v2\/users\/936"}],"wp:featuredmedia":[{"embeddable":true,"href":"https:\/\/panm360.com\/en\/wp-json\/wp\/v2\/media\/137061"}],"wp:attachment":[{"href":"https:\/\/panm360.com\/en\/wp-json\/wp\/v2\/media?parent=137062"}],"wp:term":[{"taxonomy":"category","embeddable":true,"href":"https:\/\/panm360.com\/en\/wp-json\/wp\/v2\/categories?post=137062"},{"taxonomy":"post_tag","embeddable":true,"href":"https:\/\/panm360.com\/en\/wp-json\/wp\/v2\/tags?post=137062"},{"taxonomy":"generale","embeddable":true,"href":"https:\/\/panm360.com\/en\/wp-json\/wp\/v2\/generale?post=137062"},{"taxonomy":"genre","embeddable":true,"href":"https:\/\/panm360.com\/en\/wp-json\/wp\/v2\/genre?post=137062"},{"taxonomy":"pays","embeddable":true,"href":"https:\/\/panm360.com\/en\/wp-json\/wp\/v2\/pays?post=137062"},{"taxonomy":"salle","embeddable":true,"href":"https:\/\/panm360.com\/en\/wp-json\/wp\/v2\/salle?post=137062"},{"taxonomy":"ville","embeddable":true,"href":"https:\/\/panm360.com\/en\/wp-json\/wp\/v2\/ville?post=137062"}],"curies":[{"name":"wp","href":"https:\/\/api.w.org\/{rel}","templated":true}]}}