{"id":137050,"date":"2025-10-09T00:20:00","date_gmt":"2025-10-09T04:20:00","guid":{"rendered":"https:\/\/panm360.com\/?post_type=agenda&#038;p=137050"},"modified":"2025-10-09T17:11:07","modified_gmt":"2025-10-09T21:11:07","slug":"osm-le-chant-du-cygne-de-mahler","status":"publish","type":"agenda","link":"https:\/\/panm360.com\/en\/agenda\/osm-le-chant-du-cygne-de-mahler\/","title":{"rendered":"OSM : Le chant du cygne de Mahler"},"content":{"rendered":"\n<p class=\"wp-block-paragraph\">Rafael Payare poursuit le cycle Mahler, initi\u00e9 en 2022, avec la\u00a0Symphonie n\u00b0 9, une \u0153uvre instrumentale d\u2019une richesse inou\u00efe o\u00f9 chaque note r\u00e9sonne avec une profonde \u00e9motion. Mahler y orchestre une r\u00e9conciliation poignante entre l\u2019\u00eatre humain et l\u2019univers, offrant une spiritualit\u00e9 intense et cr\u00e9ant des instants de beaut\u00e9 \u00e9poustouflante. Une opportunit\u00e9 de vivre un concert m\u00ealant intensit\u00e9 musicale et introspection.<\/p>\n\n\n\n<p class=\"wp-block-paragraph\">Rafael Payare continues the Mahler cycle he launched in 2022 with\u00a0Symphony No. 9, an instrumental masterpiece of unparalleled richness, where every note resonates with deep emotion. In this work, Mahler evokes humanity\u2019s reconciliation with the universe, weaving deep spirituality with moments of awe-inspiring beauty. A rare opportunity to experience a concert that is both musically intense and introspective.<\/p>\n\n\n\n<p class=\"wp-block-paragraph\"><strong>Programme<\/strong><\/p>\n\n\n\n<p class=\"wp-block-paragraph\">Gustav Mahler, Symphonie no 9 (81 min)<\/p>\n\n\n\n<p class=\"wp-block-paragraph\"><strong>Program<\/strong><\/p>\n\n\n\n<p class=\"wp-block-paragraph\">Gustav Mahler, Symphony No.\u202f9 (81 min)<\/p>\n\n\n\n<p class=\"wp-block-paragraph\"><strong><a href=\"https:\/\/mon.osm.ca\/overview\/3669?queueittoken=e_safetynetfr~ts_1746415434~ce_true~rt_safetynet~h_a3876d57c636b756c399f6bfb04ec810a29f1512a72254b58542630634126593\">POUR ACHETER VOTRE BILLET, C\u2019EST ICI!<\/a><\/strong><\/p>\n\n\n\n<iframe style=\"border-radius:12px\" src=\"https:\/\/open.spotify.com\/embed\/album\/47EhDXxH1QRJtebEIwQ4NI?utm_source=generator\" width=\"100%\" height=\"352\" frameBorder=\"0\" allowfullscreen=\"\" allow=\"autoplay; clipboard-write; encrypted-media; fullscreen; picture-in-picture\" loading=\"lazy\"><\/iframe>\n\n\n\n<p class=\"wp-block-paragraph\"><strong><em>Ce contenu provient de l\u2019Orchestre symphonique de Montr\u00e9al et est adapt\u00e9 par PAN M 360<\/em><\/strong><\/p>\n","protected":false},"excerpt":{"rendered":"<p>Rafael Payare poursuit le cycle Mahler, initi\u00e9 en 2022, avec la\u00a0Symphonie n\u00b0 9, une \u0153uvre instrumentale d\u2019une richesse inou\u00efe o\u00f9 chaque note r\u00e9sonne avec une profonde \u00e9motion. Mahler y orchestre une r\u00e9conciliation poignante entre l\u2019\u00eatre humain et l\u2019univers, offrant une spiritualit\u00e9 intense et cr\u00e9ant des instants de beaut\u00e9 \u00e9poustouflante. Une opportunit\u00e9 de vivre un concert [&hellip;]<\/p>\n","protected":false},"author":936,"featured_media":137049,"menu_order":0,"template":"","format":"standard","meta":{"_acf_changed":true,"_crdt_document":""},"categories":[4322],"tags":[],"generale":[3814],"genre":[8055,7670],"pays":[3831],"salle":[7031],"ville":[7246],"class_list":["post-137050","agenda","type-agenda","status-publish","format-standard","has-post-thumbnail","hentry","category-listings-360","generale-lire-en","genre-classique-2-en","genre-post-romantique-classique-en","pays-austria-en","salle-maison-symphonique-en","ville-montreal-en"],"acf":[],"yoast_head":"<!-- This site is optimized with the Yoast SEO plugin v27.4 - https:\/\/yoast.com\/product\/yoast-seo-wordpress\/ -->\n<title>OSM : Le chant du cygne de Mahler - PAN M 360<\/title>\n<meta name=\"robots\" content=\"index, follow, max-snippet:-1, max-image-preview:large, max-video-preview:-1\" \/>\n<link rel=\"canonical\" href=\"https:\/\/panm360.com\/en\/agenda\/osm-le-chant-du-cygne-de-mahler\/\" \/>\n<meta property=\"og:locale\" content=\"en_US\" \/>\n<meta property=\"og:type\" content=\"article\" \/>\n<meta property=\"og:title\" content=\"OSM : Le chant du cygne de Mahler - PAN M 360\" \/>\n<meta property=\"og:description\" content=\"Rafael Payare poursuit le cycle Mahler, initi\u00e9 en 2022, avec la\u00a0Symphonie n\u00b0 9, une \u0153uvre instrumentale d\u2019une richesse inou\u00efe o\u00f9 chaque note r\u00e9sonne avec une profonde \u00e9motion. Mahler y orchestre une r\u00e9conciliation poignante entre l\u2019\u00eatre humain et l\u2019univers, offrant une spiritualit\u00e9 intense et cr\u00e9ant des instants de beaut\u00e9 \u00e9poustouflante. Une opportunit\u00e9 de vivre un concert [&hellip;]\" \/>\n<meta property=\"og:url\" content=\"https:\/\/panm360.com\/en\/agenda\/osm-le-chant-du-cygne-de-mahler\/\" \/>\n<meta property=\"og:site_name\" content=\"PAN M 360\" \/>\n<meta property=\"article:publisher\" content=\"https:\/\/www.facebook.com\/panm360\/\" \/>\n<meta property=\"article:modified_time\" content=\"2025-10-09T21:11:07+00:00\" \/>\n<meta property=\"og:image\" content=\"https:\/\/panm360.com\/wp-content\/uploads\/2025\/05\/le-chant-du-cygne-de-mahler-1080x1080-1.webp\" \/>\n\t<meta property=\"og:image:width\" content=\"1080\" \/>\n\t<meta property=\"og:image:height\" content=\"1080\" \/>\n\t<meta property=\"og:image:type\" content=\"image\/webp\" \/>\n<meta name=\"twitter:card\" content=\"summary_large_image\" \/>\n<meta name=\"twitter:site\" content=\"@PANM360\" \/>\n<meta name=\"twitter:label1\" content=\"Est. reading time\" \/>\n\t<meta name=\"twitter:data1\" content=\"1 minute\" \/>\n<script type=\"application\/ld+json\" class=\"yoast-schema-graph\">{\"@context\":\"https:\\\/\\\/schema.org\",\"@graph\":[{\"@type\":\"WebPage\",\"@id\":\"https:\\\/\\\/panm360.com\\\/en\\\/agenda\\\/osm-le-chant-du-cygne-de-mahler\\\/\",\"url\":\"https:\\\/\\\/panm360.com\\\/en\\\/agenda\\\/osm-le-chant-du-cygne-de-mahler\\\/\",\"name\":\"OSM : Le chant du cygne de Mahler - PAN M 360\",\"isPartOf\":{\"@id\":\"https:\\\/\\\/panm360.com\\\/en\\\/#website\"},\"primaryImageOfPage\":{\"@id\":\"https:\\\/\\\/panm360.com\\\/en\\\/agenda\\\/osm-le-chant-du-cygne-de-mahler\\\/#primaryimage\"},\"image\":{\"@id\":\"https:\\\/\\\/panm360.com\\\/en\\\/agenda\\\/osm-le-chant-du-cygne-de-mahler\\\/#primaryimage\"},\"thumbnailUrl\":\"https:\\\/\\\/panm360.com\\\/wp-content\\\/uploads\\\/2025\\\/05\\\/le-chant-du-cygne-de-mahler-1080x1080-1.webp\",\"datePublished\":\"2025-10-09T04:20:00+00:00\",\"dateModified\":\"2025-10-09T21:11:07+00:00\",\"breadcrumb\":{\"@id\":\"https:\\\/\\\/panm360.com\\\/en\\\/agenda\\\/osm-le-chant-du-cygne-de-mahler\\\/#breadcrumb\"},\"inLanguage\":\"en-US\",\"potentialAction\":[{\"@type\":\"ReadAction\",\"target\":[\"https:\\\/\\\/panm360.com\\\/en\\\/agenda\\\/osm-le-chant-du-cygne-de-mahler\\\/\"]}]},{\"@type\":\"ImageObject\",\"inLanguage\":\"en-US\",\"@id\":\"https:\\\/\\\/panm360.com\\\/en\\\/agenda\\\/osm-le-chant-du-cygne-de-mahler\\\/#primaryimage\",\"url\":\"https:\\\/\\\/panm360.com\\\/wp-content\\\/uploads\\\/2025\\\/05\\\/le-chant-du-cygne-de-mahler-1080x1080-1.webp\",\"contentUrl\":\"https:\\\/\\\/panm360.com\\\/wp-content\\\/uploads\\\/2025\\\/05\\\/le-chant-du-cygne-de-mahler-1080x1080-1.webp\",\"width\":1080,\"height\":1080},{\"@type\":\"BreadcrumbList\",\"@id\":\"https:\\\/\\\/panm360.com\\\/en\\\/agenda\\\/osm-le-chant-du-cygne-de-mahler\\\/#breadcrumb\",\"itemListElement\":[{\"@type\":\"ListItem\",\"position\":1,\"name\":\"Accueil\",\"item\":\"https:\\\/\\\/panm360.com\\\/en\\\/\"},{\"@type\":\"ListItem\",\"position\":2,\"name\":\"Listings\",\"item\":\"https:\\\/\\\/panm360.com\\\/en\\\/agenda\\\/\"},{\"@type\":\"ListItem\",\"position\":3,\"name\":\"OSM : Le chant du cygne de Mahler\"}]},{\"@type\":\"WebSite\",\"@id\":\"https:\\\/\\\/panm360.com\\\/en\\\/#website\",\"url\":\"https:\\\/\\\/panm360.com\\\/en\\\/\",\"name\":\"PAN M 360\",\"description\":\"Le m\u00e9dia num\u00e9rique de la musique !\",\"publisher\":{\"@id\":\"https:\\\/\\\/panm360.com\\\/en\\\/#organization\"},\"potentialAction\":[{\"@type\":\"SearchAction\",\"target\":{\"@type\":\"EntryPoint\",\"urlTemplate\":\"https:\\\/\\\/panm360.com\\\/en\\\/?s={search_term_string}\"},\"query-input\":{\"@type\":\"PropertyValueSpecification\",\"valueRequired\":true,\"valueName\":\"search_term_string\"}}],\"inLanguage\":\"en-US\"},{\"@type\":\"Organization\",\"@id\":\"https:\\\/\\\/panm360.com\\\/en\\\/#organization\",\"name\":\"PAN M 360\",\"url\":\"https:\\\/\\\/panm360.com\\\/en\\\/\",\"logo\":{\"@type\":\"ImageObject\",\"inLanguage\":\"en-US\",\"@id\":\"https:\\\/\\\/panm360.com\\\/en\\\/#\\\/schema\\\/logo\\\/image\\\/\",\"url\":\"https:\\\/\\\/panm360.com\\\/wp-content\\\/uploads\\\/2019\\\/12\\\/PAN-M360_Logo_RGB.jpg\",\"contentUrl\":\"https:\\\/\\\/panm360.com\\\/wp-content\\\/uploads\\\/2019\\\/12\\\/PAN-M360_Logo_RGB.jpg\",\"width\":1663,\"height\":631,\"caption\":\"PAN M 360\"},\"image\":{\"@id\":\"https:\\\/\\\/panm360.com\\\/en\\\/#\\\/schema\\\/logo\\\/image\\\/\"},\"sameAs\":[\"https:\\\/\\\/www.facebook.com\\\/panm360\\\/\",\"https:\\\/\\\/x.com\\\/PANM360\",\"https:\\\/\\\/www.instagram.com\\\/panm360\\\/\",\"https:\\\/\\\/www.linkedin.com\\\/company\\\/panm360\\\/\",\"https:\\\/\\\/www.youtube.com\\\/channel\\\/UCHEFHd3UhIrV6EJ3ltzVKOA?view_as=subscriber\"]}]}<\/script>\n<!-- \/ Yoast SEO plugin. -->","yoast_head_json":{"title":"OSM : Le chant du cygne de Mahler - PAN M 360","robots":{"index":"index","follow":"follow","max-snippet":"max-snippet:-1","max-image-preview":"max-image-preview:large","max-video-preview":"max-video-preview:-1"},"canonical":"https:\/\/panm360.com\/en\/agenda\/osm-le-chant-du-cygne-de-mahler\/","og_locale":"en_US","og_type":"article","og_title":"OSM : Le chant du cygne de Mahler - PAN M 360","og_description":"Rafael Payare poursuit le cycle Mahler, initi\u00e9 en 2022, avec la\u00a0Symphonie n\u00b0 9, une \u0153uvre instrumentale d\u2019une richesse inou\u00efe o\u00f9 chaque note r\u00e9sonne avec une profonde \u00e9motion. Mahler y orchestre une r\u00e9conciliation poignante entre l\u2019\u00eatre humain et l\u2019univers, offrant une spiritualit\u00e9 intense et cr\u00e9ant des instants de beaut\u00e9 \u00e9poustouflante. Une opportunit\u00e9 de vivre un concert [&hellip;]","og_url":"https:\/\/panm360.com\/en\/agenda\/osm-le-chant-du-cygne-de-mahler\/","og_site_name":"PAN M 360","article_publisher":"https:\/\/www.facebook.com\/panm360\/","article_modified_time":"2025-10-09T21:11:07+00:00","og_image":[{"width":1080,"height":1080,"url":"https:\/\/panm360.com\/wp-content\/uploads\/2025\/05\/le-chant-du-cygne-de-mahler-1080x1080-1.webp","type":"image\/webp"}],"twitter_card":"summary_large_image","twitter_site":"@PANM360","twitter_misc":{"Est. reading time":"1 minute"},"schema":{"@context":"https:\/\/schema.org","@graph":[{"@type":"WebPage","@id":"https:\/\/panm360.com\/en\/agenda\/osm-le-chant-du-cygne-de-mahler\/","url":"https:\/\/panm360.com\/en\/agenda\/osm-le-chant-du-cygne-de-mahler\/","name":"OSM : Le chant du cygne de Mahler - PAN M 360","isPartOf":{"@id":"https:\/\/panm360.com\/en\/#website"},"primaryImageOfPage":{"@id":"https:\/\/panm360.com\/en\/agenda\/osm-le-chant-du-cygne-de-mahler\/#primaryimage"},"image":{"@id":"https:\/\/panm360.com\/en\/agenda\/osm-le-chant-du-cygne-de-mahler\/#primaryimage"},"thumbnailUrl":"https:\/\/panm360.com\/wp-content\/uploads\/2025\/05\/le-chant-du-cygne-de-mahler-1080x1080-1.webp","datePublished":"2025-10-09T04:20:00+00:00","dateModified":"2025-10-09T21:11:07+00:00","breadcrumb":{"@id":"https:\/\/panm360.com\/en\/agenda\/osm-le-chant-du-cygne-de-mahler\/#breadcrumb"},"inLanguage":"en-US","potentialAction":[{"@type":"ReadAction","target":["https:\/\/panm360.com\/en\/agenda\/osm-le-chant-du-cygne-de-mahler\/"]}]},{"@type":"ImageObject","inLanguage":"en-US","@id":"https:\/\/panm360.com\/en\/agenda\/osm-le-chant-du-cygne-de-mahler\/#primaryimage","url":"https:\/\/panm360.com\/wp-content\/uploads\/2025\/05\/le-chant-du-cygne-de-mahler-1080x1080-1.webp","contentUrl":"https:\/\/panm360.com\/wp-content\/uploads\/2025\/05\/le-chant-du-cygne-de-mahler-1080x1080-1.webp","width":1080,"height":1080},{"@type":"BreadcrumbList","@id":"https:\/\/panm360.com\/en\/agenda\/osm-le-chant-du-cygne-de-mahler\/#breadcrumb","itemListElement":[{"@type":"ListItem","position":1,"name":"Accueil","item":"https:\/\/panm360.com\/en\/"},{"@type":"ListItem","position":2,"name":"Listings","item":"https:\/\/panm360.com\/en\/agenda\/"},{"@type":"ListItem","position":3,"name":"OSM : Le chant du cygne de Mahler"}]},{"@type":"WebSite","@id":"https:\/\/panm360.com\/en\/#website","url":"https:\/\/panm360.com\/en\/","name":"PAN M 360","description":"Le m\u00e9dia num\u00e9rique de la musique !","publisher":{"@id":"https:\/\/panm360.com\/en\/#organization"},"potentialAction":[{"@type":"SearchAction","target":{"@type":"EntryPoint","urlTemplate":"https:\/\/panm360.com\/en\/?s={search_term_string}"},"query-input":{"@type":"PropertyValueSpecification","valueRequired":true,"valueName":"search_term_string"}}],"inLanguage":"en-US"},{"@type":"Organization","@id":"https:\/\/panm360.com\/en\/#organization","name":"PAN M 360","url":"https:\/\/panm360.com\/en\/","logo":{"@type":"ImageObject","inLanguage":"en-US","@id":"https:\/\/panm360.com\/en\/#\/schema\/logo\/image\/","url":"https:\/\/panm360.com\/wp-content\/uploads\/2019\/12\/PAN-M360_Logo_RGB.jpg","contentUrl":"https:\/\/panm360.com\/wp-content\/uploads\/2019\/12\/PAN-M360_Logo_RGB.jpg","width":1663,"height":631,"caption":"PAN M 360"},"image":{"@id":"https:\/\/panm360.com\/en\/#\/schema\/logo\/image\/"},"sameAs":["https:\/\/www.facebook.com\/panm360\/","https:\/\/x.com\/PANM360","https:\/\/www.instagram.com\/panm360\/","https:\/\/www.linkedin.com\/company\/panm360\/","https:\/\/www.youtube.com\/channel\/UCHEFHd3UhIrV6EJ3ltzVKOA?view_as=subscriber"]}]}},"_links":{"self":[{"href":"https:\/\/panm360.com\/en\/wp-json\/wp\/v2\/agenda\/137050","targetHints":{"allow":["GET"]}}],"collection":[{"href":"https:\/\/panm360.com\/en\/wp-json\/wp\/v2\/agenda"}],"about":[{"href":"https:\/\/panm360.com\/en\/wp-json\/wp\/v2\/types\/agenda"}],"author":[{"embeddable":true,"href":"https:\/\/panm360.com\/en\/wp-json\/wp\/v2\/users\/936"}],"wp:featuredmedia":[{"embeddable":true,"href":"https:\/\/panm360.com\/en\/wp-json\/wp\/v2\/media\/137049"}],"wp:attachment":[{"href":"https:\/\/panm360.com\/en\/wp-json\/wp\/v2\/media?parent=137050"}],"wp:term":[{"taxonomy":"category","embeddable":true,"href":"https:\/\/panm360.com\/en\/wp-json\/wp\/v2\/categories?post=137050"},{"taxonomy":"post_tag","embeddable":true,"href":"https:\/\/panm360.com\/en\/wp-json\/wp\/v2\/tags?post=137050"},{"taxonomy":"generale","embeddable":true,"href":"https:\/\/panm360.com\/en\/wp-json\/wp\/v2\/generale?post=137050"},{"taxonomy":"genre","embeddable":true,"href":"https:\/\/panm360.com\/en\/wp-json\/wp\/v2\/genre?post=137050"},{"taxonomy":"pays","embeddable":true,"href":"https:\/\/panm360.com\/en\/wp-json\/wp\/v2\/pays?post=137050"},{"taxonomy":"salle","embeddable":true,"href":"https:\/\/panm360.com\/en\/wp-json\/wp\/v2\/salle?post=137050"},{"taxonomy":"ville","embeddable":true,"href":"https:\/\/panm360.com\/en\/wp-json\/wp\/v2\/ville?post=137050"}],"curies":[{"name":"wp","href":"https:\/\/api.w.org\/{rel}","templated":true}]}}