{"id":134264,"date":"2025-07-19T11:23:00","date_gmt":"2025-07-19T15:23:00","guid":{"rendered":"https:\/\/panm360.com\/?post_type=agenda&#038;p=134264"},"modified":"2025-07-20T11:25:27","modified_gmt":"2025-07-20T15:25:27","slug":"the-weeknd-et-playboi-carti-au-parc-jean-drapeau","status":"publish","type":"agenda","link":"https:\/\/panm360.com\/en\/agenda\/the-weeknd-et-playboi-carti-au-parc-jean-drapeau\/","title":{"rendered":"The Weeknd et Playboi Carti au parc Jean-Drapeau"},"content":{"rendered":"\n<p class=\"wp-block-paragraph\"><strong>The Weeknd<\/strong><\/p>\n\n\n\n<p class=\"wp-block-paragraph\">The Weeknd est le pseudonyme d&#8217;Abel Tesfaye, un artiste pass\u00e9 du statut d\u2019\u00e9nigme \u00e0 celui de superstar, racontant ses exc\u00e8s \u00e9motionnels et physiques \u00e0 travers des ballades de R&amp;B alternatif sombre et des morceaux \u00e9lectro-pop fluorescents. Le chanteur et auteur-compositeur a \u00e9merg\u00e9 de Toronto en 2011 avec trois mixtapes qui, \u00e0 premi\u00e8re vue, ne semblaient pas destin\u00e9es au grand public. Pourtant, en seulement quelques ann\u00e9es, Tesfaye a encha\u00een\u00e9 les succ\u00e8s pop dans le Top 10, faisant conna\u00eetre son timbre plaintif \u00e0 l\u2019\u00e9chelle mondiale. Parmi eux : un duo avec Ariana Grande (Love Me Harder), une ballade dramatique issue de la bande originale de Fifty Shades of Grey (le titre prim\u00e9 aux Grammy Awards Earned It), une collaboration disco-funk avec Max Martin (I Can\u2019t Feel My Face) et une production \u00e9l\u00e9gante sign\u00e9e Daft Punk (Starboy). Tesfaye a \u00e9galement domin\u00e9 les classements d\u2019albums au Canada et \u00e0 l\u2019international, remportant plusieurs Grammy Awards avec ses deuxi\u00e8me et troisi\u00e8me albums studio, Beauty Behind the Madness (2015) et Starboy (2016). Il a entam\u00e9 la d\u00e9cennie suivante avec After Hours (2020), son troisi\u00e8me album multi-platine cons\u00e9cutif, port\u00e9 par le tube plan\u00e9taire Blinding Lights, puis a poursuivi avec Dawn FM (2022), une \u00e9volution conceptuelle de son esth\u00e9tique r\u00e9tro-moderne. Explorant \u00e9galement le cin\u00e9ma et l\u2019\u00e9criture, il est devenu une figure centrale de la s\u00e9rie t\u00e9l\u00e9vis\u00e9e dramatique The Idol (2023), dont la bande originale lui a valu de nouveaux succ\u00e8s dans le Top 10 avec Double Fantasy et Popular. Apr\u00e8s des collaborations avec Future et Metro Boomin, il a annonc\u00e9 son cinqui\u00e8me album, Hurry Up Tomorrow (2025), avec le titre club sombre Dancing in Flames.<\/p>\n\n\n\n<p class=\"wp-block-paragraph\">The Weeknd is the alias of Abel Tesfaye, an enigma turned superstar whose accounts of emotionally and physically toxic indulgences are related through morose alternative R&amp;B ballads and fluorescent electro-pop throwbacks alike. The singer and songwriter rose out of Toronto in 2011 with three mixtapes that seemed to have no designs on mainstream appeal. Within only a few years, however, Tesfaye had scored a variety of Top Ten pop hits that made his aching tenor known on a global level. These included a duet with Ariana Grande (&#8220;Love Me Harder&#8221;), a dramatic ballad from the soundtrack of Fifty Shades of Grey (the Grammy-winning &#8220;Earned It&#8221;), a disco-funk collaboration with Max Martin (&#8220;I Can&#8217;t Feel My Face&#8221;), and a sleek Daft Punk production (&#8220;Starboy&#8221;). Additionally, Tesfaye topped album charts at home and abroad and collected more Grammys with his second and third proper albums, Beauty Behind the Madness (2015) and Starboy (2016). He entered the next decade with his third straight multi-platinum LP, After Hours (2020), the source of the global smash &#8220;Blinding Lights,&#8221; and followed with Dawn FM (2022), a conceptual refinement of his retro-modern aesthetic. Having delved into acting and screenwriting, Tesfaye then became a driving force behind the dramatic television series The Idol (2023). Its soundtrack added to his tally of Top Ten entries with &#8220;Double Fantasy&#8221; and &#8220;Popular.&#8221; Following collaborations with Future and Metro Boomin, he heralded his fifth album, 2025&#8217;s Hurry Up Tomorrow, with the moody club track &#8220;Dancing in Flames.&#8221;<\/p>\n\n\n\n<p class=\"wp-block-paragraph\"><strong>Playboi Carti<\/strong><\/p>\n\n\n\n<p class=\"wp-block-paragraph\">Le rappeur d\u2019Atlanta Playboi Carti est connu pour son flow r\u00e9p\u00e9titif et accrocheur, m\u00ealant agressivit\u00e9 et espi\u00e8glerie. Il s\u2019est fait remarquer au milieu des ann\u00e9es 2010 en tant qu\u2019affili\u00e9 de l\u2019A$AP Mob et, apr\u00e8s une s\u00e9rie de singles viraux, a plac\u00e9 son premier v\u00e9ritable album, Die Lit (2018), dans le Top 10 du Billboard 200. Carti a ensuite entam\u00e9 une nouvelle phase artistique avec Whole Lotta Red (2020), un album plus audacieux et provocateur qui s\u2019est hiss\u00e9 en t\u00eate des classements. Avant la sortie de son troisi\u00e8me album, I Am Music (2025), plusieurs morceaux ont fuit\u00e9, marquant des changements de direction artistique. Il a finalement d\u00e9voil\u00e9 All Red, un single percutant et abrasif, annon\u00e7ant cette nouvelle \u00e8re musicale.<\/p>\n\n\n\n<p class=\"wp-block-paragraph\">Atlanta rapper Playboi Carti is known for a repetitive and catchy flow that he fills with a mix of aggression and playfulness. He gained recognition in the mid-2010s as an affiliate of A$AP Mob, and after a steady succession of viral singles, he put his first proper album, 2018&#8217;s Die Lit, in the Top Ten of the Billboard 200. Carti moved into a new phase of his artistry with the riskier, more antagonistic, and ultimately chart-topping Whole Lotta Red in 2020. Leaked tracks, changes in creative direction, and the jagged single &#8220;All Red&#8221; preceded the 2025 release of his third album, I Am Music.<\/p>\n\n\n\n<p class=\"wp-block-paragraph\"><strong><a href=\"https:\/\/www.ticketmaster.ca\/event\/3100623C254456A2?lang=fr-ca&amp;brand=evenko\">POUR ACHETER VOTRE BILLET, C\u2019EST ICI!<\/a><\/strong><\/p>\n\n\n\n<iframe style=\"border-radius:12px\" src=\"https:\/\/open.spotify.com\/embed\/artist\/1Xyo4u8uXC1ZmMpatF05PJ?utm_source=generator\" width=\"100%\" height=\"352\" frameBorder=\"0\" allowfullscreen=\"\" allow=\"autoplay; clipboard-write; encrypted-media; fullscreen; picture-in-picture\" loading=\"lazy\"><\/iframe>\n\n\n\n<p class=\"wp-block-paragraph\"><em><strong>Ce contenu provient d\u2019<\/strong><\/em><strong><em>AllMusic et est adapt\u00e9 par PAN M 360<\/em><\/strong><\/p>\n","protected":false},"excerpt":{"rendered":"<p>The Weeknd The Weeknd est le pseudonyme d&#8217;Abel Tesfaye, un artiste pass\u00e9 du statut d\u2019\u00e9nigme \u00e0 celui de superstar, racontant ses exc\u00e8s \u00e9motionnels et physiques \u00e0 travers des ballades de R&amp;B alternatif sombre et des morceaux \u00e9lectro-pop fluorescents. Le chanteur et auteur-compositeur a \u00e9merg\u00e9 de Toronto en 2011 avec trois mixtapes qui, \u00e0 premi\u00e8re vue, [&hellip;]<\/p>\n","protected":false},"author":936,"featured_media":134263,"menu_order":0,"template":"","format":"standard","meta":{"_acf_changed":true,"_crdt_document":""},"categories":[4322],"tags":[],"generale":[3814],"genre":[3265,4399,4160],"pays":[3828,3827],"salle":[7244],"ville":[7246],"class_list":["post-134264","agenda","type-agenda","status-publish","format-standard","has-post-thumbnail","hentry","category-listings-360","generale-lire-en","genre-rb-2","genre-soul-pop-en","genre-trap-en","pays-canada-en","pays-united-states","salle-parc-jean-drapeau-en","ville-montreal-en"],"acf":[],"yoast_head":"<!-- This site is optimized with the Yoast SEO plugin v27.4 - https:\/\/yoast.com\/product\/yoast-seo-wordpress\/ -->\n<title>The Weeknd et Playboi Carti au parc Jean-Drapeau - PAN M 360<\/title>\n<meta name=\"robots\" content=\"index, follow, max-snippet:-1, max-image-preview:large, max-video-preview:-1\" \/>\n<link rel=\"canonical\" href=\"https:\/\/panm360.com\/en\/agenda\/the-weeknd-et-playboi-carti-au-parc-jean-drapeau\/\" \/>\n<meta property=\"og:locale\" content=\"en_US\" \/>\n<meta property=\"og:type\" content=\"article\" \/>\n<meta property=\"og:title\" content=\"The Weeknd et Playboi Carti au parc Jean-Drapeau - PAN M 360\" \/>\n<meta property=\"og:description\" content=\"The Weeknd The Weeknd est le pseudonyme d&#8217;Abel Tesfaye, un artiste pass\u00e9 du statut d\u2019\u00e9nigme \u00e0 celui de superstar, racontant ses exc\u00e8s \u00e9motionnels et physiques \u00e0 travers des ballades de R&amp;B alternatif sombre et des morceaux \u00e9lectro-pop fluorescents. Le chanteur et auteur-compositeur a \u00e9merg\u00e9 de Toronto en 2011 avec trois mixtapes qui, \u00e0 premi\u00e8re vue, [&hellip;]\" \/>\n<meta property=\"og:url\" content=\"https:\/\/panm360.com\/en\/agenda\/the-weeknd-et-playboi-carti-au-parc-jean-drapeau\/\" \/>\n<meta property=\"og:site_name\" content=\"PAN M 360\" \/>\n<meta property=\"article:publisher\" content=\"https:\/\/www.facebook.com\/panm360\/\" \/>\n<meta property=\"article:modified_time\" content=\"2025-07-20T15:25:27+00:00\" \/>\n<meta property=\"og:image\" content=\"https:\/\/panm360.com\/wp-content\/uploads\/2025\/03\/Static_Digital_680x473_TheWeeknd_2025_Regional_PARCJEAN-DRAPEAU_0613__2_.jpg\" \/>\n\t<meta property=\"og:image:width\" content=\"680\" \/>\n\t<meta property=\"og:image:height\" content=\"473\" \/>\n\t<meta property=\"og:image:type\" content=\"image\/jpeg\" \/>\n<meta name=\"twitter:card\" content=\"summary_large_image\" \/>\n<meta name=\"twitter:site\" content=\"@PANM360\" \/>\n<meta name=\"twitter:label1\" content=\"Est. reading time\" \/>\n\t<meta name=\"twitter:data1\" content=\"4 minutes\" \/>\n<script type=\"application\/ld+json\" class=\"yoast-schema-graph\">{\"@context\":\"https:\\\/\\\/schema.org\",\"@graph\":[{\"@type\":\"WebPage\",\"@id\":\"https:\\\/\\\/panm360.com\\\/en\\\/agenda\\\/the-weeknd-et-playboi-carti-au-parc-jean-drapeau\\\/\",\"url\":\"https:\\\/\\\/panm360.com\\\/en\\\/agenda\\\/the-weeknd-et-playboi-carti-au-parc-jean-drapeau\\\/\",\"name\":\"The Weeknd et Playboi Carti au parc Jean-Drapeau - PAN M 360\",\"isPartOf\":{\"@id\":\"https:\\\/\\\/panm360.com\\\/en\\\/#website\"},\"primaryImageOfPage\":{\"@id\":\"https:\\\/\\\/panm360.com\\\/en\\\/agenda\\\/the-weeknd-et-playboi-carti-au-parc-jean-drapeau\\\/#primaryimage\"},\"image\":{\"@id\":\"https:\\\/\\\/panm360.com\\\/en\\\/agenda\\\/the-weeknd-et-playboi-carti-au-parc-jean-drapeau\\\/#primaryimage\"},\"thumbnailUrl\":\"https:\\\/\\\/panm360.com\\\/wp-content\\\/uploads\\\/2025\\\/03\\\/Static_Digital_680x473_TheWeeknd_2025_Regional_PARCJEAN-DRAPEAU_0613__2_.jpg\",\"datePublished\":\"2025-07-19T15:23:00+00:00\",\"dateModified\":\"2025-07-20T15:25:27+00:00\",\"breadcrumb\":{\"@id\":\"https:\\\/\\\/panm360.com\\\/en\\\/agenda\\\/the-weeknd-et-playboi-carti-au-parc-jean-drapeau\\\/#breadcrumb\"},\"inLanguage\":\"en-US\",\"potentialAction\":[{\"@type\":\"ReadAction\",\"target\":[\"https:\\\/\\\/panm360.com\\\/en\\\/agenda\\\/the-weeknd-et-playboi-carti-au-parc-jean-drapeau\\\/\"]}]},{\"@type\":\"ImageObject\",\"inLanguage\":\"en-US\",\"@id\":\"https:\\\/\\\/panm360.com\\\/en\\\/agenda\\\/the-weeknd-et-playboi-carti-au-parc-jean-drapeau\\\/#primaryimage\",\"url\":\"https:\\\/\\\/panm360.com\\\/wp-content\\\/uploads\\\/2025\\\/03\\\/Static_Digital_680x473_TheWeeknd_2025_Regional_PARCJEAN-DRAPEAU_0613__2_.jpg\",\"contentUrl\":\"https:\\\/\\\/panm360.com\\\/wp-content\\\/uploads\\\/2025\\\/03\\\/Static_Digital_680x473_TheWeeknd_2025_Regional_PARCJEAN-DRAPEAU_0613__2_.jpg\",\"width\":680,\"height\":473},{\"@type\":\"BreadcrumbList\",\"@id\":\"https:\\\/\\\/panm360.com\\\/en\\\/agenda\\\/the-weeknd-et-playboi-carti-au-parc-jean-drapeau\\\/#breadcrumb\",\"itemListElement\":[{\"@type\":\"ListItem\",\"position\":1,\"name\":\"Accueil\",\"item\":\"https:\\\/\\\/panm360.com\\\/en\\\/\"},{\"@type\":\"ListItem\",\"position\":2,\"name\":\"Listings\",\"item\":\"https:\\\/\\\/panm360.com\\\/en\\\/agenda\\\/\"},{\"@type\":\"ListItem\",\"position\":3,\"name\":\"The Weeknd et Playboi Carti au parc Jean-Drapeau\"}]},{\"@type\":\"WebSite\",\"@id\":\"https:\\\/\\\/panm360.com\\\/en\\\/#website\",\"url\":\"https:\\\/\\\/panm360.com\\\/en\\\/\",\"name\":\"PAN M 360\",\"description\":\"Le m\u00e9dia num\u00e9rique de la musique !\",\"publisher\":{\"@id\":\"https:\\\/\\\/panm360.com\\\/en\\\/#organization\"},\"potentialAction\":[{\"@type\":\"SearchAction\",\"target\":{\"@type\":\"EntryPoint\",\"urlTemplate\":\"https:\\\/\\\/panm360.com\\\/en\\\/?s={search_term_string}\"},\"query-input\":{\"@type\":\"PropertyValueSpecification\",\"valueRequired\":true,\"valueName\":\"search_term_string\"}}],\"inLanguage\":\"en-US\"},{\"@type\":\"Organization\",\"@id\":\"https:\\\/\\\/panm360.com\\\/en\\\/#organization\",\"name\":\"PAN M 360\",\"url\":\"https:\\\/\\\/panm360.com\\\/en\\\/\",\"logo\":{\"@type\":\"ImageObject\",\"inLanguage\":\"en-US\",\"@id\":\"https:\\\/\\\/panm360.com\\\/en\\\/#\\\/schema\\\/logo\\\/image\\\/\",\"url\":\"https:\\\/\\\/panm360.com\\\/wp-content\\\/uploads\\\/2019\\\/12\\\/PAN-M360_Logo_RGB.jpg\",\"contentUrl\":\"https:\\\/\\\/panm360.com\\\/wp-content\\\/uploads\\\/2019\\\/12\\\/PAN-M360_Logo_RGB.jpg\",\"width\":1663,\"height\":631,\"caption\":\"PAN M 360\"},\"image\":{\"@id\":\"https:\\\/\\\/panm360.com\\\/en\\\/#\\\/schema\\\/logo\\\/image\\\/\"},\"sameAs\":[\"https:\\\/\\\/www.facebook.com\\\/panm360\\\/\",\"https:\\\/\\\/x.com\\\/PANM360\",\"https:\\\/\\\/www.instagram.com\\\/panm360\\\/\",\"https:\\\/\\\/www.linkedin.com\\\/company\\\/panm360\\\/\",\"https:\\\/\\\/www.youtube.com\\\/channel\\\/UCHEFHd3UhIrV6EJ3ltzVKOA?view_as=subscriber\"]}]}<\/script>\n<!-- \/ Yoast SEO plugin. -->","yoast_head_json":{"title":"The Weeknd et Playboi Carti au parc Jean-Drapeau - PAN M 360","robots":{"index":"index","follow":"follow","max-snippet":"max-snippet:-1","max-image-preview":"max-image-preview:large","max-video-preview":"max-video-preview:-1"},"canonical":"https:\/\/panm360.com\/en\/agenda\/the-weeknd-et-playboi-carti-au-parc-jean-drapeau\/","og_locale":"en_US","og_type":"article","og_title":"The Weeknd et Playboi Carti au parc Jean-Drapeau - PAN M 360","og_description":"The Weeknd The Weeknd est le pseudonyme d&#8217;Abel Tesfaye, un artiste pass\u00e9 du statut d\u2019\u00e9nigme \u00e0 celui de superstar, racontant ses exc\u00e8s \u00e9motionnels et physiques \u00e0 travers des ballades de R&amp;B alternatif sombre et des morceaux \u00e9lectro-pop fluorescents. Le chanteur et auteur-compositeur a \u00e9merg\u00e9 de Toronto en 2011 avec trois mixtapes qui, \u00e0 premi\u00e8re vue, [&hellip;]","og_url":"https:\/\/panm360.com\/en\/agenda\/the-weeknd-et-playboi-carti-au-parc-jean-drapeau\/","og_site_name":"PAN M 360","article_publisher":"https:\/\/www.facebook.com\/panm360\/","article_modified_time":"2025-07-20T15:25:27+00:00","og_image":[{"width":680,"height":473,"url":"https:\/\/panm360.com\/wp-content\/uploads\/2025\/03\/Static_Digital_680x473_TheWeeknd_2025_Regional_PARCJEAN-DRAPEAU_0613__2_.jpg","type":"image\/jpeg"}],"twitter_card":"summary_large_image","twitter_site":"@PANM360","twitter_misc":{"Est. reading time":"4 minutes"},"schema":{"@context":"https:\/\/schema.org","@graph":[{"@type":"WebPage","@id":"https:\/\/panm360.com\/en\/agenda\/the-weeknd-et-playboi-carti-au-parc-jean-drapeau\/","url":"https:\/\/panm360.com\/en\/agenda\/the-weeknd-et-playboi-carti-au-parc-jean-drapeau\/","name":"The Weeknd et Playboi Carti au parc Jean-Drapeau - PAN M 360","isPartOf":{"@id":"https:\/\/panm360.com\/en\/#website"},"primaryImageOfPage":{"@id":"https:\/\/panm360.com\/en\/agenda\/the-weeknd-et-playboi-carti-au-parc-jean-drapeau\/#primaryimage"},"image":{"@id":"https:\/\/panm360.com\/en\/agenda\/the-weeknd-et-playboi-carti-au-parc-jean-drapeau\/#primaryimage"},"thumbnailUrl":"https:\/\/panm360.com\/wp-content\/uploads\/2025\/03\/Static_Digital_680x473_TheWeeknd_2025_Regional_PARCJEAN-DRAPEAU_0613__2_.jpg","datePublished":"2025-07-19T15:23:00+00:00","dateModified":"2025-07-20T15:25:27+00:00","breadcrumb":{"@id":"https:\/\/panm360.com\/en\/agenda\/the-weeknd-et-playboi-carti-au-parc-jean-drapeau\/#breadcrumb"},"inLanguage":"en-US","potentialAction":[{"@type":"ReadAction","target":["https:\/\/panm360.com\/en\/agenda\/the-weeknd-et-playboi-carti-au-parc-jean-drapeau\/"]}]},{"@type":"ImageObject","inLanguage":"en-US","@id":"https:\/\/panm360.com\/en\/agenda\/the-weeknd-et-playboi-carti-au-parc-jean-drapeau\/#primaryimage","url":"https:\/\/panm360.com\/wp-content\/uploads\/2025\/03\/Static_Digital_680x473_TheWeeknd_2025_Regional_PARCJEAN-DRAPEAU_0613__2_.jpg","contentUrl":"https:\/\/panm360.com\/wp-content\/uploads\/2025\/03\/Static_Digital_680x473_TheWeeknd_2025_Regional_PARCJEAN-DRAPEAU_0613__2_.jpg","width":680,"height":473},{"@type":"BreadcrumbList","@id":"https:\/\/panm360.com\/en\/agenda\/the-weeknd-et-playboi-carti-au-parc-jean-drapeau\/#breadcrumb","itemListElement":[{"@type":"ListItem","position":1,"name":"Accueil","item":"https:\/\/panm360.com\/en\/"},{"@type":"ListItem","position":2,"name":"Listings","item":"https:\/\/panm360.com\/en\/agenda\/"},{"@type":"ListItem","position":3,"name":"The Weeknd et Playboi Carti au parc Jean-Drapeau"}]},{"@type":"WebSite","@id":"https:\/\/panm360.com\/en\/#website","url":"https:\/\/panm360.com\/en\/","name":"PAN M 360","description":"Le m\u00e9dia num\u00e9rique de la musique !","publisher":{"@id":"https:\/\/panm360.com\/en\/#organization"},"potentialAction":[{"@type":"SearchAction","target":{"@type":"EntryPoint","urlTemplate":"https:\/\/panm360.com\/en\/?s={search_term_string}"},"query-input":{"@type":"PropertyValueSpecification","valueRequired":true,"valueName":"search_term_string"}}],"inLanguage":"en-US"},{"@type":"Organization","@id":"https:\/\/panm360.com\/en\/#organization","name":"PAN M 360","url":"https:\/\/panm360.com\/en\/","logo":{"@type":"ImageObject","inLanguage":"en-US","@id":"https:\/\/panm360.com\/en\/#\/schema\/logo\/image\/","url":"https:\/\/panm360.com\/wp-content\/uploads\/2019\/12\/PAN-M360_Logo_RGB.jpg","contentUrl":"https:\/\/panm360.com\/wp-content\/uploads\/2019\/12\/PAN-M360_Logo_RGB.jpg","width":1663,"height":631,"caption":"PAN M 360"},"image":{"@id":"https:\/\/panm360.com\/en\/#\/schema\/logo\/image\/"},"sameAs":["https:\/\/www.facebook.com\/panm360\/","https:\/\/x.com\/PANM360","https:\/\/www.instagram.com\/panm360\/","https:\/\/www.linkedin.com\/company\/panm360\/","https:\/\/www.youtube.com\/channel\/UCHEFHd3UhIrV6EJ3ltzVKOA?view_as=subscriber"]}]}},"_links":{"self":[{"href":"https:\/\/panm360.com\/en\/wp-json\/wp\/v2\/agenda\/134264","targetHints":{"allow":["GET"]}}],"collection":[{"href":"https:\/\/panm360.com\/en\/wp-json\/wp\/v2\/agenda"}],"about":[{"href":"https:\/\/panm360.com\/en\/wp-json\/wp\/v2\/types\/agenda"}],"author":[{"embeddable":true,"href":"https:\/\/panm360.com\/en\/wp-json\/wp\/v2\/users\/936"}],"wp:featuredmedia":[{"embeddable":true,"href":"https:\/\/panm360.com\/en\/wp-json\/wp\/v2\/media\/134263"}],"wp:attachment":[{"href":"https:\/\/panm360.com\/en\/wp-json\/wp\/v2\/media?parent=134264"}],"wp:term":[{"taxonomy":"category","embeddable":true,"href":"https:\/\/panm360.com\/en\/wp-json\/wp\/v2\/categories?post=134264"},{"taxonomy":"post_tag","embeddable":true,"href":"https:\/\/panm360.com\/en\/wp-json\/wp\/v2\/tags?post=134264"},{"taxonomy":"generale","embeddable":true,"href":"https:\/\/panm360.com\/en\/wp-json\/wp\/v2\/generale?post=134264"},{"taxonomy":"genre","embeddable":true,"href":"https:\/\/panm360.com\/en\/wp-json\/wp\/v2\/genre?post=134264"},{"taxonomy":"pays","embeddable":true,"href":"https:\/\/panm360.com\/en\/wp-json\/wp\/v2\/pays?post=134264"},{"taxonomy":"salle","embeddable":true,"href":"https:\/\/panm360.com\/en\/wp-json\/wp\/v2\/salle?post=134264"},{"taxonomy":"ville","embeddable":true,"href":"https:\/\/panm360.com\/en\/wp-json\/wp\/v2\/ville?post=134264"}],"curies":[{"name":"wp","href":"https:\/\/api.w.org\/{rel}","templated":true}]}}