{"id":130320,"date":"2025-05-05T16:27:00","date_gmt":"2025-05-05T20:27:00","guid":{"rendered":"https:\/\/panm360.com\/?post_type=agenda&#038;p=130320"},"modified":"2025-05-16T10:23:06","modified_gmt":"2025-05-16T14:23:06","slug":"shakira-au-centre-bell","status":"publish","type":"agenda","link":"https:\/\/panm360.com\/en\/agenda\/shakira-au-centre-bell\/","title":{"rendered":"Shakira au Centre Bell"},"content":{"rendered":"\n<p class=\"wp-block-paragraph\">\u00c0 la suite de la sortie de son nouvel album qui s\u2019est hiss\u00e9 au sommet des palmar\u00e8s, l\u2019artiste ayant remport\u00e9 des prix GRAMMY\u00ae et Latin GRAMMY\u00ae Shakira s&#8217;arr\u00eatera \u00e0 Montr\u00e9al dans le cadre de sa tr\u00e8s attendue tourn\u00e9e mondiale \u00ab\u2009Las Mujeres Ya No Lloran\u2009\u00bb. La tourn\u00e9e fait la promotion de son nouvel album, Las Mujeres Ya No Lloran, qui est devenu en 24 heures l\u2019album le plus \u00e9cout\u00e9 de l\u2019ann\u00e9e avec plus de 10 milliards d\u2019\u00e9coutes en continu et a \u00e9t\u00e9 certifi\u00e9 7 fois platine.<\/p>\n\n\n\n<p class=\"wp-block-paragraph\">On the heels of her chart-topping new album, GRAMMY, and Latin GRAMMY Award-winning artist Shakira is heading out on her highly anticipated world tour, \u201cLas Mujeres Ya No Lloran World Tour.\u201d The tour is in support of her new album, Las Mujeres Ya No Lloran, which in 24 hours of its release became the most streamed album of the year with over 10 billion, and was certified 7x platinum.<\/p>\n\n\n\n<p class=\"wp-block-paragraph\"><strong><a href=\"https:\/\/www.ticketmaster.ca\/event\/3100608B88C31DFB?lang=fr-ca&amp;brand=evenko\">POUR ACHETER VOTRE BILLET, C\u2019EST ICI!<\/a><\/strong><\/p>\n\n\n\n<iframe style=\"border-radius:12px\" src=\"https:\/\/open.spotify.com\/embed\/artist\/0EmeFodog0BfCgMzAIvKQp?utm_source=generator\" width=\"100%\" height=\"352\" frameBorder=\"0\" allowfullscreen=\"\" allow=\"autoplay; clipboard-write; encrypted-media; fullscreen; picture-in-picture\" loading=\"lazy\"><\/iframe>\n\n\n\n<p class=\"wp-block-paragraph\"><strong><em>Ce contenu provient d\u2019evenko et est adapt\u00e9 par PAN M 360<\/em><\/strong><\/p>\n","protected":false},"excerpt":{"rendered":"<p>\u00c0 la suite de la sortie de son nouvel album qui s\u2019est hiss\u00e9 au sommet des palmar\u00e8s, l\u2019artiste ayant remport\u00e9 des prix GRAMMY\u00ae et Latin GRAMMY\u00ae Shakira s&#8217;arr\u00eatera \u00e0 Montr\u00e9al dans le cadre de sa tr\u00e8s attendue tourn\u00e9e mondiale \u00ab\u2009Las Mujeres Ya No Lloran\u2009\u00bb. La tourn\u00e9e fait la promotion de son nouvel album, Las Mujeres [&hellip;]<\/p>\n","protected":false},"author":936,"featured_media":130319,"menu_order":0,"template":"","format":"standard","meta":{"_acf_changed":true,"_crdt_document":""},"categories":[4322],"tags":[],"generale":[3814],"genre":[4644,4114],"pays":[3839],"salle":[7096],"ville":[7246],"class_list":["post-130320","agenda","type-agenda","status-publish","format-standard","has-post-thumbnail","hentry","category-listings-360","generale-lire-en","genre-pop-latino-en","genre-reggaeton-en","pays-colombia","salle-centre-bell-en","ville-montreal-en"],"acf":[],"yoast_head":"<!-- This site is optimized with the Yoast SEO plugin v27.4 - https:\/\/yoast.com\/product\/yoast-seo-wordpress\/ -->\n<title>Shakira au Centre Bell - PAN M 360<\/title>\n<meta name=\"robots\" content=\"index, follow, max-snippet:-1, max-image-preview:large, max-video-preview:-1\" \/>\n<link rel=\"canonical\" href=\"https:\/\/panm360.com\/en\/agenda\/shakira-au-centre-bell\/\" \/>\n<meta property=\"og:locale\" content=\"en_US\" \/>\n<meta property=\"og:type\" content=\"article\" \/>\n<meta property=\"og:title\" content=\"Shakira au Centre Bell - PAN M 360\" \/>\n<meta property=\"og:description\" content=\"\u00c0 la suite de la sortie de son nouvel album qui s\u2019est hiss\u00e9 au sommet des palmar\u00e8s, l\u2019artiste ayant remport\u00e9 des prix GRAMMY\u00ae et Latin GRAMMY\u00ae Shakira s&#8217;arr\u00eatera \u00e0 Montr\u00e9al dans le cadre de sa tr\u00e8s attendue tourn\u00e9e mondiale \u00ab\u2009Las Mujeres Ya No Lloran\u2009\u00bb. La tourn\u00e9e fait la promotion de son nouvel album, Las Mujeres [&hellip;]\" \/>\n<meta property=\"og:url\" content=\"https:\/\/panm360.com\/en\/agenda\/shakira-au-centre-bell\/\" \/>\n<meta property=\"og:site_name\" content=\"PAN M 360\" \/>\n<meta property=\"article:publisher\" content=\"https:\/\/www.facebook.com\/panm360\/\" \/>\n<meta property=\"article:modified_time\" content=\"2025-05-16T14:23:06+00:00\" \/>\n<meta property=\"og:image\" content=\"https:\/\/panm360.com\/wp-content\/uploads\/2024\/12\/shakira_2024.jpg\" \/>\n\t<meta property=\"og:image:width\" content=\"680\" \/>\n\t<meta property=\"og:image:height\" content=\"473\" \/>\n\t<meta property=\"og:image:type\" content=\"image\/jpeg\" \/>\n<meta name=\"twitter:card\" content=\"summary_large_image\" \/>\n<meta name=\"twitter:site\" content=\"@PANM360\" \/>\n<meta name=\"twitter:label1\" content=\"Est. reading time\" \/>\n\t<meta name=\"twitter:data1\" content=\"1 minute\" \/>\n<script type=\"application\/ld+json\" class=\"yoast-schema-graph\">{\"@context\":\"https:\\\/\\\/schema.org\",\"@graph\":[{\"@type\":\"WebPage\",\"@id\":\"https:\\\/\\\/panm360.com\\\/en\\\/agenda\\\/shakira-au-centre-bell\\\/\",\"url\":\"https:\\\/\\\/panm360.com\\\/en\\\/agenda\\\/shakira-au-centre-bell\\\/\",\"name\":\"Shakira au Centre Bell - PAN M 360\",\"isPartOf\":{\"@id\":\"https:\\\/\\\/panm360.com\\\/en\\\/#website\"},\"primaryImageOfPage\":{\"@id\":\"https:\\\/\\\/panm360.com\\\/en\\\/agenda\\\/shakira-au-centre-bell\\\/#primaryimage\"},\"image\":{\"@id\":\"https:\\\/\\\/panm360.com\\\/en\\\/agenda\\\/shakira-au-centre-bell\\\/#primaryimage\"},\"thumbnailUrl\":\"https:\\\/\\\/panm360.com\\\/wp-content\\\/uploads\\\/2024\\\/12\\\/shakira_2024.jpg\",\"datePublished\":\"2025-05-05T20:27:00+00:00\",\"dateModified\":\"2025-05-16T14:23:06+00:00\",\"breadcrumb\":{\"@id\":\"https:\\\/\\\/panm360.com\\\/en\\\/agenda\\\/shakira-au-centre-bell\\\/#breadcrumb\"},\"inLanguage\":\"en-US\",\"potentialAction\":[{\"@type\":\"ReadAction\",\"target\":[\"https:\\\/\\\/panm360.com\\\/en\\\/agenda\\\/shakira-au-centre-bell\\\/\"]}]},{\"@type\":\"ImageObject\",\"inLanguage\":\"en-US\",\"@id\":\"https:\\\/\\\/panm360.com\\\/en\\\/agenda\\\/shakira-au-centre-bell\\\/#primaryimage\",\"url\":\"https:\\\/\\\/panm360.com\\\/wp-content\\\/uploads\\\/2024\\\/12\\\/shakira_2024.jpg\",\"contentUrl\":\"https:\\\/\\\/panm360.com\\\/wp-content\\\/uploads\\\/2024\\\/12\\\/shakira_2024.jpg\",\"width\":680,\"height\":473},{\"@type\":\"BreadcrumbList\",\"@id\":\"https:\\\/\\\/panm360.com\\\/en\\\/agenda\\\/shakira-au-centre-bell\\\/#breadcrumb\",\"itemListElement\":[{\"@type\":\"ListItem\",\"position\":1,\"name\":\"Accueil\",\"item\":\"https:\\\/\\\/panm360.com\\\/en\\\/\"},{\"@type\":\"ListItem\",\"position\":2,\"name\":\"Listings\",\"item\":\"https:\\\/\\\/panm360.com\\\/en\\\/agenda\\\/\"},{\"@type\":\"ListItem\",\"position\":3,\"name\":\"Shakira au Centre Bell\"}]},{\"@type\":\"WebSite\",\"@id\":\"https:\\\/\\\/panm360.com\\\/en\\\/#website\",\"url\":\"https:\\\/\\\/panm360.com\\\/en\\\/\",\"name\":\"PAN M 360\",\"description\":\"Le m\u00e9dia num\u00e9rique de la musique !\",\"publisher\":{\"@id\":\"https:\\\/\\\/panm360.com\\\/en\\\/#organization\"},\"potentialAction\":[{\"@type\":\"SearchAction\",\"target\":{\"@type\":\"EntryPoint\",\"urlTemplate\":\"https:\\\/\\\/panm360.com\\\/en\\\/?s={search_term_string}\"},\"query-input\":{\"@type\":\"PropertyValueSpecification\",\"valueRequired\":true,\"valueName\":\"search_term_string\"}}],\"inLanguage\":\"en-US\"},{\"@type\":\"Organization\",\"@id\":\"https:\\\/\\\/panm360.com\\\/en\\\/#organization\",\"name\":\"PAN M 360\",\"url\":\"https:\\\/\\\/panm360.com\\\/en\\\/\",\"logo\":{\"@type\":\"ImageObject\",\"inLanguage\":\"en-US\",\"@id\":\"https:\\\/\\\/panm360.com\\\/en\\\/#\\\/schema\\\/logo\\\/image\\\/\",\"url\":\"https:\\\/\\\/panm360.com\\\/wp-content\\\/uploads\\\/2019\\\/12\\\/PAN-M360_Logo_RGB.jpg\",\"contentUrl\":\"https:\\\/\\\/panm360.com\\\/wp-content\\\/uploads\\\/2019\\\/12\\\/PAN-M360_Logo_RGB.jpg\",\"width\":1663,\"height\":631,\"caption\":\"PAN M 360\"},\"image\":{\"@id\":\"https:\\\/\\\/panm360.com\\\/en\\\/#\\\/schema\\\/logo\\\/image\\\/\"},\"sameAs\":[\"https:\\\/\\\/www.facebook.com\\\/panm360\\\/\",\"https:\\\/\\\/x.com\\\/PANM360\",\"https:\\\/\\\/www.instagram.com\\\/panm360\\\/\",\"https:\\\/\\\/www.linkedin.com\\\/company\\\/panm360\\\/\",\"https:\\\/\\\/www.youtube.com\\\/channel\\\/UCHEFHd3UhIrV6EJ3ltzVKOA?view_as=subscriber\"]}]}<\/script>\n<!-- \/ Yoast SEO plugin. -->","yoast_head_json":{"title":"Shakira au Centre Bell - PAN M 360","robots":{"index":"index","follow":"follow","max-snippet":"max-snippet:-1","max-image-preview":"max-image-preview:large","max-video-preview":"max-video-preview:-1"},"canonical":"https:\/\/panm360.com\/en\/agenda\/shakira-au-centre-bell\/","og_locale":"en_US","og_type":"article","og_title":"Shakira au Centre Bell - PAN M 360","og_description":"\u00c0 la suite de la sortie de son nouvel album qui s\u2019est hiss\u00e9 au sommet des palmar\u00e8s, l\u2019artiste ayant remport\u00e9 des prix GRAMMY\u00ae et Latin GRAMMY\u00ae Shakira s&#8217;arr\u00eatera \u00e0 Montr\u00e9al dans le cadre de sa tr\u00e8s attendue tourn\u00e9e mondiale \u00ab\u2009Las Mujeres Ya No Lloran\u2009\u00bb. La tourn\u00e9e fait la promotion de son nouvel album, Las Mujeres [&hellip;]","og_url":"https:\/\/panm360.com\/en\/agenda\/shakira-au-centre-bell\/","og_site_name":"PAN M 360","article_publisher":"https:\/\/www.facebook.com\/panm360\/","article_modified_time":"2025-05-16T14:23:06+00:00","og_image":[{"width":680,"height":473,"url":"https:\/\/panm360.com\/wp-content\/uploads\/2024\/12\/shakira_2024.jpg","type":"image\/jpeg"}],"twitter_card":"summary_large_image","twitter_site":"@PANM360","twitter_misc":{"Est. reading time":"1 minute"},"schema":{"@context":"https:\/\/schema.org","@graph":[{"@type":"WebPage","@id":"https:\/\/panm360.com\/en\/agenda\/shakira-au-centre-bell\/","url":"https:\/\/panm360.com\/en\/agenda\/shakira-au-centre-bell\/","name":"Shakira au Centre Bell - PAN M 360","isPartOf":{"@id":"https:\/\/panm360.com\/en\/#website"},"primaryImageOfPage":{"@id":"https:\/\/panm360.com\/en\/agenda\/shakira-au-centre-bell\/#primaryimage"},"image":{"@id":"https:\/\/panm360.com\/en\/agenda\/shakira-au-centre-bell\/#primaryimage"},"thumbnailUrl":"https:\/\/panm360.com\/wp-content\/uploads\/2024\/12\/shakira_2024.jpg","datePublished":"2025-05-05T20:27:00+00:00","dateModified":"2025-05-16T14:23:06+00:00","breadcrumb":{"@id":"https:\/\/panm360.com\/en\/agenda\/shakira-au-centre-bell\/#breadcrumb"},"inLanguage":"en-US","potentialAction":[{"@type":"ReadAction","target":["https:\/\/panm360.com\/en\/agenda\/shakira-au-centre-bell\/"]}]},{"@type":"ImageObject","inLanguage":"en-US","@id":"https:\/\/panm360.com\/en\/agenda\/shakira-au-centre-bell\/#primaryimage","url":"https:\/\/panm360.com\/wp-content\/uploads\/2024\/12\/shakira_2024.jpg","contentUrl":"https:\/\/panm360.com\/wp-content\/uploads\/2024\/12\/shakira_2024.jpg","width":680,"height":473},{"@type":"BreadcrumbList","@id":"https:\/\/panm360.com\/en\/agenda\/shakira-au-centre-bell\/#breadcrumb","itemListElement":[{"@type":"ListItem","position":1,"name":"Accueil","item":"https:\/\/panm360.com\/en\/"},{"@type":"ListItem","position":2,"name":"Listings","item":"https:\/\/panm360.com\/en\/agenda\/"},{"@type":"ListItem","position":3,"name":"Shakira au Centre Bell"}]},{"@type":"WebSite","@id":"https:\/\/panm360.com\/en\/#website","url":"https:\/\/panm360.com\/en\/","name":"PAN M 360","description":"Le m\u00e9dia num\u00e9rique de la musique !","publisher":{"@id":"https:\/\/panm360.com\/en\/#organization"},"potentialAction":[{"@type":"SearchAction","target":{"@type":"EntryPoint","urlTemplate":"https:\/\/panm360.com\/en\/?s={search_term_string}"},"query-input":{"@type":"PropertyValueSpecification","valueRequired":true,"valueName":"search_term_string"}}],"inLanguage":"en-US"},{"@type":"Organization","@id":"https:\/\/panm360.com\/en\/#organization","name":"PAN M 360","url":"https:\/\/panm360.com\/en\/","logo":{"@type":"ImageObject","inLanguage":"en-US","@id":"https:\/\/panm360.com\/en\/#\/schema\/logo\/image\/","url":"https:\/\/panm360.com\/wp-content\/uploads\/2019\/12\/PAN-M360_Logo_RGB.jpg","contentUrl":"https:\/\/panm360.com\/wp-content\/uploads\/2019\/12\/PAN-M360_Logo_RGB.jpg","width":1663,"height":631,"caption":"PAN M 360"},"image":{"@id":"https:\/\/panm360.com\/en\/#\/schema\/logo\/image\/"},"sameAs":["https:\/\/www.facebook.com\/panm360\/","https:\/\/x.com\/PANM360","https:\/\/www.instagram.com\/panm360\/","https:\/\/www.linkedin.com\/company\/panm360\/","https:\/\/www.youtube.com\/channel\/UCHEFHd3UhIrV6EJ3ltzVKOA?view_as=subscriber"]}]}},"_links":{"self":[{"href":"https:\/\/panm360.com\/en\/wp-json\/wp\/v2\/agenda\/130320","targetHints":{"allow":["GET"]}}],"collection":[{"href":"https:\/\/panm360.com\/en\/wp-json\/wp\/v2\/agenda"}],"about":[{"href":"https:\/\/panm360.com\/en\/wp-json\/wp\/v2\/types\/agenda"}],"author":[{"embeddable":true,"href":"https:\/\/panm360.com\/en\/wp-json\/wp\/v2\/users\/936"}],"wp:featuredmedia":[{"embeddable":true,"href":"https:\/\/panm360.com\/en\/wp-json\/wp\/v2\/media\/130319"}],"wp:attachment":[{"href":"https:\/\/panm360.com\/en\/wp-json\/wp\/v2\/media?parent=130320"}],"wp:term":[{"taxonomy":"category","embeddable":true,"href":"https:\/\/panm360.com\/en\/wp-json\/wp\/v2\/categories?post=130320"},{"taxonomy":"post_tag","embeddable":true,"href":"https:\/\/panm360.com\/en\/wp-json\/wp\/v2\/tags?post=130320"},{"taxonomy":"generale","embeddable":true,"href":"https:\/\/panm360.com\/en\/wp-json\/wp\/v2\/generale?post=130320"},{"taxonomy":"genre","embeddable":true,"href":"https:\/\/panm360.com\/en\/wp-json\/wp\/v2\/genre?post=130320"},{"taxonomy":"pays","embeddable":true,"href":"https:\/\/panm360.com\/en\/wp-json\/wp\/v2\/pays?post=130320"},{"taxonomy":"salle","embeddable":true,"href":"https:\/\/panm360.com\/en\/wp-json\/wp\/v2\/salle?post=130320"},{"taxonomy":"ville","embeddable":true,"href":"https:\/\/panm360.com\/en\/wp-json\/wp\/v2\/ville?post=130320"}],"curies":[{"name":"wp","href":"https:\/\/api.w.org\/{rel}","templated":true}]}}