{"id":130264,"date":"2025-05-06T12:26:46","date_gmt":"2025-05-06T16:26:46","guid":{"rendered":"https:\/\/panm360.com\/?post_type=agenda&#038;p=130264"},"modified":"2025-05-07T16:46:13","modified_gmt":"2025-05-07T20:46:13","slug":"stephanie-boulay-au-theatre-petit-champlain","status":"publish","type":"agenda","link":"https:\/\/panm360.com\/en\/agenda\/stephanie-boulay-au-theatre-petit-champlain\/","title":{"rendered":"St\u00e9phanie Boulay au\u00a0Th\u00e9\u00e2tre Petit Champlain"},"content":{"rendered":"\n<p class=\"wp-block-paragraph\">C\u2019est avec le c\u0153ur l\u00e9ger et plus de confiance en ses propres moyens que jamais que St\u00e9phanie Boulay remontera sur sc\u00e8ne, en solo oui, mais entour\u00e9e de ses&nbsp;ami.es&nbsp;pr\u00e9cieux (Charles Blondeau \u00e0 la batterie, Camille G\u00e9linas aux claviers et Alexandre Martel \u00e0 la guitare et \u00e0 la basse) pour d\u00e9fendre son deuxi\u00e8me album solo, Est-ce que quelqu\u2019un me voit?. Elle a une envie insatiable d\u2019agentivit\u00e9, de libert\u00e9 et de tracer son chemin \u00e0 elle toute seule \u2013 quitte \u00e0 repartir \u00e0 z\u00e9ro s\u2019il le faut \u2013 pour aller \u00e0 la rencontre de ce public qui ne la conna\u00eet probablement pas encore, ou, du moins, pas comme \u00e7a. Habile \u00e0 cr\u00e9er chaque soir des moments qui n\u2019existaient pas encore et qui n\u2019existeront plus jamais dans la m\u00eame forme, \u00e0 faire rire et \u00e0 se livrer avec autod\u00e9rision et impudeur, St\u00e9phanie pr\u00e9sentera ses chansons toutes neuves, qu\u2019elle a travaill\u00e9 deux ans durant \u00e0 extirper d\u2019elle-m\u00eame, avec l\u2019aide du r\u00e9alisateur Alexandre Martel. Elles sont crues, ces chansons, elles sont intimes et franches, mais elles sont aussi libres, baveuses, \u00e9clatantes et dansantes.<\/p>\n\n\n\n<p class=\"wp-block-paragraph\">It\u2019s with a lighter heart and more confidence in her own abilities than ever that St\u00e9phanie Boulay will be back on stage, solo yes, but surrounded by her precious friends (Charles Blondeau on drums, Camille G\u00e9linas on keyboards and Alexandre Martel on guitar and bass) to defend her second solo album, Est-ce que quelqu\u2019un me voit? She\u2019s got an insatiable appetite for agentivity, for freedom, and for blazing her own trail \u2013 even if it means starting from scratch if need be \u2013 to meet audiences who probably don\u2019t know her yet, or at least not like this. Skilled at creating moments each evening that never existed before and will never exist again in the same form, at making people laugh and at revealing herself with self-deprecation and shamelessness, St\u00e9phanie will present her brand-new songs, which she worked for two years to extract from herself, with the help of producer Alexandre Martel. These songs are raw, intimate and frank, but they\u2019re also free, slobbery, bright and danceable.<\/p>\n\n\n\n<p class=\"wp-block-paragraph\"><strong><a href=\"https:\/\/reseau.ovation.ca\/Reservation\/Billets\/ChoixBillets.asp?CodeRepresentation=2705TZ&amp;Lang=EN&amp;CodeSiteClient=00001J\">POUR ACHETER VOTRE BILLET, C\u2019EST ICI!<\/a><\/strong><\/p>\n\n\n\n<iframe style=\"border-radius:12px\" src=\"https:\/\/open.spotify.com\/embed\/artist\/2UQJENeogEzZALCbh7dQj0?utm_source=generator\" width=\"100%\" height=\"352\" frameBorder=\"0\" allowfullscreen=\"\" allow=\"autoplay; clipboard-write; encrypted-media; fullscreen; picture-in-picture\" loading=\"lazy\"><\/iframe>\n\n\n\n<p class=\"wp-block-paragraph\"><strong><em>Ce contenu provient de Simone Records et est adapt\u00e9 par PAN M 360<\/em><\/strong><\/p>\n","protected":false},"excerpt":{"rendered":"<p>C\u2019est avec le c\u0153ur l\u00e9ger et plus de confiance en ses propres moyens que jamais que St\u00e9phanie Boulay remontera sur sc\u00e8ne, en solo oui, mais entour\u00e9e de ses&nbsp;ami.es&nbsp;pr\u00e9cieux (Charles Blondeau \u00e0 la batterie, Camille G\u00e9linas aux claviers et Alexandre Martel \u00e0 la guitare et \u00e0 la basse) pour d\u00e9fendre son deuxi\u00e8me album solo, Est-ce que [&hellip;]<\/p>\n","protected":false},"author":936,"featured_media":130261,"menu_order":0,"template":"","format":"standard","meta":{"_acf_changed":true,"_crdt_document":""},"categories":[4322],"tags":[],"generale":[3814],"genre":[8941,3245],"pays":[3828],"salle":[9677],"ville":[8162],"class_list":["post-130264","agenda","type-agenda","status-publish","format-standard","has-post-thumbnail","hentry","category-listings-360","generale-lire-en","genre-chanson-keb-franco-en","genre-pop-2","pays-canada-en","salle-theatre-petit-champlain-en","ville-quebec-en"],"acf":[],"yoast_head":"<!-- This site is optimized with the Yoast SEO plugin v27.5 - https:\/\/yoast.com\/product\/yoast-seo-wordpress\/ -->\n<title>St\u00e9phanie Boulay au\u00a0Th\u00e9\u00e2tre Petit Champlain - PAN M 360<\/title>\n<meta name=\"robots\" content=\"index, follow, max-snippet:-1, max-image-preview:large, max-video-preview:-1\" \/>\n<link rel=\"canonical\" href=\"https:\/\/panm360.com\/en\/agenda\/stephanie-boulay-au-theatre-petit-champlain\/\" \/>\n<meta property=\"og:locale\" content=\"en_US\" \/>\n<meta property=\"og:type\" content=\"article\" \/>\n<meta property=\"og:title\" content=\"St\u00e9phanie Boulay au\u00a0Th\u00e9\u00e2tre Petit Champlain - PAN M 360\" \/>\n<meta property=\"og:description\" content=\"C\u2019est avec le c\u0153ur l\u00e9ger et plus de confiance en ses propres moyens que jamais que St\u00e9phanie Boulay remontera sur sc\u00e8ne, en solo oui, mais entour\u00e9e de ses&nbsp;ami.es&nbsp;pr\u00e9cieux (Charles Blondeau \u00e0 la batterie, Camille G\u00e9linas aux claviers et Alexandre Martel \u00e0 la guitare et \u00e0 la basse) pour d\u00e9fendre son deuxi\u00e8me album solo, Est-ce que [&hellip;]\" \/>\n<meta property=\"og:url\" content=\"https:\/\/panm360.com\/en\/agenda\/stephanie-boulay-au-theatre-petit-champlain\/\" \/>\n<meta property=\"og:site_name\" content=\"PAN M 360\" \/>\n<meta property=\"article:publisher\" content=\"https:\/\/www.facebook.com\/panm360\/\" \/>\n<meta property=\"article:modified_time\" content=\"2025-05-07T20:46:13+00:00\" \/>\n<meta property=\"og:image\" content=\"https:\/\/panm360.com\/wp-content\/uploads\/2024\/12\/STEPH-BOULAY10445-@Fred-Gervais-1650x2048-1.jpg\" \/>\n\t<meta property=\"og:image:width\" content=\"1650\" \/>\n\t<meta property=\"og:image:height\" content=\"2048\" \/>\n\t<meta property=\"og:image:type\" content=\"image\/jpeg\" \/>\n<meta name=\"twitter:card\" content=\"summary_large_image\" \/>\n<meta name=\"twitter:site\" content=\"@PANM360\" \/>\n<meta name=\"twitter:label1\" content=\"Est. reading time\" \/>\n\t<meta name=\"twitter:data1\" content=\"2 minutes\" \/>\n<script type=\"application\/ld+json\" class=\"yoast-schema-graph\">{\"@context\":\"https:\\\/\\\/schema.org\",\"@graph\":[{\"@type\":\"WebPage\",\"@id\":\"https:\\\/\\\/panm360.com\\\/en\\\/agenda\\\/stephanie-boulay-au-theatre-petit-champlain\\\/\",\"url\":\"https:\\\/\\\/panm360.com\\\/en\\\/agenda\\\/stephanie-boulay-au-theatre-petit-champlain\\\/\",\"name\":\"St\u00e9phanie Boulay au\u00a0Th\u00e9\u00e2tre Petit Champlain - PAN M 360\",\"isPartOf\":{\"@id\":\"https:\\\/\\\/panm360.com\\\/en\\\/#website\"},\"primaryImageOfPage\":{\"@id\":\"https:\\\/\\\/panm360.com\\\/en\\\/agenda\\\/stephanie-boulay-au-theatre-petit-champlain\\\/#primaryimage\"},\"image\":{\"@id\":\"https:\\\/\\\/panm360.com\\\/en\\\/agenda\\\/stephanie-boulay-au-theatre-petit-champlain\\\/#primaryimage\"},\"thumbnailUrl\":\"https:\\\/\\\/panm360.com\\\/wp-content\\\/uploads\\\/2024\\\/12\\\/STEPH-BOULAY10445-@Fred-Gervais-1650x2048-1.jpg\",\"datePublished\":\"2025-05-06T16:26:46+00:00\",\"dateModified\":\"2025-05-07T20:46:13+00:00\",\"breadcrumb\":{\"@id\":\"https:\\\/\\\/panm360.com\\\/en\\\/agenda\\\/stephanie-boulay-au-theatre-petit-champlain\\\/#breadcrumb\"},\"inLanguage\":\"en-US\",\"potentialAction\":[{\"@type\":\"ReadAction\",\"target\":[\"https:\\\/\\\/panm360.com\\\/en\\\/agenda\\\/stephanie-boulay-au-theatre-petit-champlain\\\/\"]}]},{\"@type\":\"ImageObject\",\"inLanguage\":\"en-US\",\"@id\":\"https:\\\/\\\/panm360.com\\\/en\\\/agenda\\\/stephanie-boulay-au-theatre-petit-champlain\\\/#primaryimage\",\"url\":\"https:\\\/\\\/panm360.com\\\/wp-content\\\/uploads\\\/2024\\\/12\\\/STEPH-BOULAY10445-@Fred-Gervais-1650x2048-1.jpg\",\"contentUrl\":\"https:\\\/\\\/panm360.com\\\/wp-content\\\/uploads\\\/2024\\\/12\\\/STEPH-BOULAY10445-@Fred-Gervais-1650x2048-1.jpg\",\"width\":1650,\"height\":2048},{\"@type\":\"BreadcrumbList\",\"@id\":\"https:\\\/\\\/panm360.com\\\/en\\\/agenda\\\/stephanie-boulay-au-theatre-petit-champlain\\\/#breadcrumb\",\"itemListElement\":[{\"@type\":\"ListItem\",\"position\":1,\"name\":\"Accueil\",\"item\":\"https:\\\/\\\/panm360.com\\\/en\\\/\"},{\"@type\":\"ListItem\",\"position\":2,\"name\":\"Listings\",\"item\":\"https:\\\/\\\/panm360.com\\\/en\\\/agenda\\\/\"},{\"@type\":\"ListItem\",\"position\":3,\"name\":\"St\u00e9phanie Boulay au\u00a0Th\u00e9\u00e2tre Petit Champlain\"}]},{\"@type\":\"WebSite\",\"@id\":\"https:\\\/\\\/panm360.com\\\/en\\\/#website\",\"url\":\"https:\\\/\\\/panm360.com\\\/en\\\/\",\"name\":\"PAN M 360\",\"description\":\"Le m\u00e9dia num\u00e9rique de la musique !\",\"publisher\":{\"@id\":\"https:\\\/\\\/panm360.com\\\/en\\\/#organization\"},\"potentialAction\":[{\"@type\":\"SearchAction\",\"target\":{\"@type\":\"EntryPoint\",\"urlTemplate\":\"https:\\\/\\\/panm360.com\\\/en\\\/?s={search_term_string}\"},\"query-input\":{\"@type\":\"PropertyValueSpecification\",\"valueRequired\":true,\"valueName\":\"search_term_string\"}}],\"inLanguage\":\"en-US\"},{\"@type\":\"Organization\",\"@id\":\"https:\\\/\\\/panm360.com\\\/en\\\/#organization\",\"name\":\"PAN M 360\",\"url\":\"https:\\\/\\\/panm360.com\\\/en\\\/\",\"logo\":{\"@type\":\"ImageObject\",\"inLanguage\":\"en-US\",\"@id\":\"https:\\\/\\\/panm360.com\\\/en\\\/#\\\/schema\\\/logo\\\/image\\\/\",\"url\":\"https:\\\/\\\/panm360.com\\\/wp-content\\\/uploads\\\/2019\\\/12\\\/PAN-M360_Logo_RGB.jpg\",\"contentUrl\":\"https:\\\/\\\/panm360.com\\\/wp-content\\\/uploads\\\/2019\\\/12\\\/PAN-M360_Logo_RGB.jpg\",\"width\":1663,\"height\":631,\"caption\":\"PAN M 360\"},\"image\":{\"@id\":\"https:\\\/\\\/panm360.com\\\/en\\\/#\\\/schema\\\/logo\\\/image\\\/\"},\"sameAs\":[\"https:\\\/\\\/www.facebook.com\\\/panm360\\\/\",\"https:\\\/\\\/x.com\\\/PANM360\",\"https:\\\/\\\/www.instagram.com\\\/panm360\\\/\",\"https:\\\/\\\/www.linkedin.com\\\/company\\\/panm360\\\/\",\"https:\\\/\\\/www.youtube.com\\\/channel\\\/UCHEFHd3UhIrV6EJ3ltzVKOA?view_as=subscriber\"]}]}<\/script>\n<!-- \/ Yoast SEO plugin. -->","yoast_head_json":{"title":"St\u00e9phanie Boulay au\u00a0Th\u00e9\u00e2tre Petit Champlain - PAN M 360","robots":{"index":"index","follow":"follow","max-snippet":"max-snippet:-1","max-image-preview":"max-image-preview:large","max-video-preview":"max-video-preview:-1"},"canonical":"https:\/\/panm360.com\/en\/agenda\/stephanie-boulay-au-theatre-petit-champlain\/","og_locale":"en_US","og_type":"article","og_title":"St\u00e9phanie Boulay au\u00a0Th\u00e9\u00e2tre Petit Champlain - PAN M 360","og_description":"C\u2019est avec le c\u0153ur l\u00e9ger et plus de confiance en ses propres moyens que jamais que St\u00e9phanie Boulay remontera sur sc\u00e8ne, en solo oui, mais entour\u00e9e de ses&nbsp;ami.es&nbsp;pr\u00e9cieux (Charles Blondeau \u00e0 la batterie, Camille G\u00e9linas aux claviers et Alexandre Martel \u00e0 la guitare et \u00e0 la basse) pour d\u00e9fendre son deuxi\u00e8me album solo, Est-ce que [&hellip;]","og_url":"https:\/\/panm360.com\/en\/agenda\/stephanie-boulay-au-theatre-petit-champlain\/","og_site_name":"PAN M 360","article_publisher":"https:\/\/www.facebook.com\/panm360\/","article_modified_time":"2025-05-07T20:46:13+00:00","og_image":[{"width":1650,"height":2048,"url":"https:\/\/panm360.com\/wp-content\/uploads\/2024\/12\/STEPH-BOULAY10445-@Fred-Gervais-1650x2048-1.jpg","type":"image\/jpeg"}],"twitter_card":"summary_large_image","twitter_site":"@PANM360","twitter_misc":{"Est. reading time":"2 minutes"},"schema":{"@context":"https:\/\/schema.org","@graph":[{"@type":"WebPage","@id":"https:\/\/panm360.com\/en\/agenda\/stephanie-boulay-au-theatre-petit-champlain\/","url":"https:\/\/panm360.com\/en\/agenda\/stephanie-boulay-au-theatre-petit-champlain\/","name":"St\u00e9phanie Boulay au\u00a0Th\u00e9\u00e2tre Petit Champlain - PAN M 360","isPartOf":{"@id":"https:\/\/panm360.com\/en\/#website"},"primaryImageOfPage":{"@id":"https:\/\/panm360.com\/en\/agenda\/stephanie-boulay-au-theatre-petit-champlain\/#primaryimage"},"image":{"@id":"https:\/\/panm360.com\/en\/agenda\/stephanie-boulay-au-theatre-petit-champlain\/#primaryimage"},"thumbnailUrl":"https:\/\/panm360.com\/wp-content\/uploads\/2024\/12\/STEPH-BOULAY10445-@Fred-Gervais-1650x2048-1.jpg","datePublished":"2025-05-06T16:26:46+00:00","dateModified":"2025-05-07T20:46:13+00:00","breadcrumb":{"@id":"https:\/\/panm360.com\/en\/agenda\/stephanie-boulay-au-theatre-petit-champlain\/#breadcrumb"},"inLanguage":"en-US","potentialAction":[{"@type":"ReadAction","target":["https:\/\/panm360.com\/en\/agenda\/stephanie-boulay-au-theatre-petit-champlain\/"]}]},{"@type":"ImageObject","inLanguage":"en-US","@id":"https:\/\/panm360.com\/en\/agenda\/stephanie-boulay-au-theatre-petit-champlain\/#primaryimage","url":"https:\/\/panm360.com\/wp-content\/uploads\/2024\/12\/STEPH-BOULAY10445-@Fred-Gervais-1650x2048-1.jpg","contentUrl":"https:\/\/panm360.com\/wp-content\/uploads\/2024\/12\/STEPH-BOULAY10445-@Fred-Gervais-1650x2048-1.jpg","width":1650,"height":2048},{"@type":"BreadcrumbList","@id":"https:\/\/panm360.com\/en\/agenda\/stephanie-boulay-au-theatre-petit-champlain\/#breadcrumb","itemListElement":[{"@type":"ListItem","position":1,"name":"Accueil","item":"https:\/\/panm360.com\/en\/"},{"@type":"ListItem","position":2,"name":"Listings","item":"https:\/\/panm360.com\/en\/agenda\/"},{"@type":"ListItem","position":3,"name":"St\u00e9phanie Boulay au\u00a0Th\u00e9\u00e2tre Petit Champlain"}]},{"@type":"WebSite","@id":"https:\/\/panm360.com\/en\/#website","url":"https:\/\/panm360.com\/en\/","name":"PAN M 360","description":"Le m\u00e9dia num\u00e9rique de la musique !","publisher":{"@id":"https:\/\/panm360.com\/en\/#organization"},"potentialAction":[{"@type":"SearchAction","target":{"@type":"EntryPoint","urlTemplate":"https:\/\/panm360.com\/en\/?s={search_term_string}"},"query-input":{"@type":"PropertyValueSpecification","valueRequired":true,"valueName":"search_term_string"}}],"inLanguage":"en-US"},{"@type":"Organization","@id":"https:\/\/panm360.com\/en\/#organization","name":"PAN M 360","url":"https:\/\/panm360.com\/en\/","logo":{"@type":"ImageObject","inLanguage":"en-US","@id":"https:\/\/panm360.com\/en\/#\/schema\/logo\/image\/","url":"https:\/\/panm360.com\/wp-content\/uploads\/2019\/12\/PAN-M360_Logo_RGB.jpg","contentUrl":"https:\/\/panm360.com\/wp-content\/uploads\/2019\/12\/PAN-M360_Logo_RGB.jpg","width":1663,"height":631,"caption":"PAN M 360"},"image":{"@id":"https:\/\/panm360.com\/en\/#\/schema\/logo\/image\/"},"sameAs":["https:\/\/www.facebook.com\/panm360\/","https:\/\/x.com\/PANM360","https:\/\/www.instagram.com\/panm360\/","https:\/\/www.linkedin.com\/company\/panm360\/","https:\/\/www.youtube.com\/channel\/UCHEFHd3UhIrV6EJ3ltzVKOA?view_as=subscriber"]}]}},"_links":{"self":[{"href":"https:\/\/panm360.com\/en\/wp-json\/wp\/v2\/agenda\/130264","targetHints":{"allow":["GET"]}}],"collection":[{"href":"https:\/\/panm360.com\/en\/wp-json\/wp\/v2\/agenda"}],"about":[{"href":"https:\/\/panm360.com\/en\/wp-json\/wp\/v2\/types\/agenda"}],"author":[{"embeddable":true,"href":"https:\/\/panm360.com\/en\/wp-json\/wp\/v2\/users\/936"}],"wp:featuredmedia":[{"embeddable":true,"href":"https:\/\/panm360.com\/en\/wp-json\/wp\/v2\/media\/130261"}],"wp:attachment":[{"href":"https:\/\/panm360.com\/en\/wp-json\/wp\/v2\/media?parent=130264"}],"wp:term":[{"taxonomy":"category","embeddable":true,"href":"https:\/\/panm360.com\/en\/wp-json\/wp\/v2\/categories?post=130264"},{"taxonomy":"post_tag","embeddable":true,"href":"https:\/\/panm360.com\/en\/wp-json\/wp\/v2\/tags?post=130264"},{"taxonomy":"generale","embeddable":true,"href":"https:\/\/panm360.com\/en\/wp-json\/wp\/v2\/generale?post=130264"},{"taxonomy":"genre","embeddable":true,"href":"https:\/\/panm360.com\/en\/wp-json\/wp\/v2\/genre?post=130264"},{"taxonomy":"pays","embeddable":true,"href":"https:\/\/panm360.com\/en\/wp-json\/wp\/v2\/pays?post=130264"},{"taxonomy":"salle","embeddable":true,"href":"https:\/\/panm360.com\/en\/wp-json\/wp\/v2\/salle?post=130264"},{"taxonomy":"ville","embeddable":true,"href":"https:\/\/panm360.com\/en\/wp-json\/wp\/v2\/ville?post=130264"}],"curies":[{"name":"wp","href":"https:\/\/api.w.org\/{rel}","templated":true}]}}