{"id":127300,"date":"2024-09-04T18:33:39","date_gmt":"2024-09-04T22:33:39","guid":{"rendered":"https:\/\/panm360.com\/?post_type=agenda&#038;p=127300"},"modified":"2024-10-14T18:38:27","modified_gmt":"2024-10-14T22:38:27","slug":"festival-du-monde-arabe-libertada-la-revolte-des-muses","status":"publish","type":"agenda","link":"https:\/\/panm360.com\/en\/agenda\/festival-du-monde-arabe-libertada-la-revolte-des-muses\/","title":{"rendered":"Festival du monde arabe :\u00a0Libertada, la r\u00e9volte des muses"},"content":{"rendered":"\n<p class=\"wp-block-paragraph\">Cette rencontre au sommet unit les voix poignantes des chanteuses Oumaima El Khalil, Lila Borsali et Raoudha Abdallah pour un spectacle qui brandit avec ferveur l\u2019\u00e9toffe des chansons ardentes de peuples \u00e9pris de libert\u00e9. Sous la direction musicale de Hani Siblini et la participation d\u2019artistes iraniens invit\u00e9s, Habib Hoseini, Amir Amiri, Saeed Kamjoo et Maryam Tazhdeh, les cantatrices prennent d\u2019assaut la citadelle des possibles, arm\u00e9es de r\u00eaves, de vers et de m\u00e9lodies, pour que des injustices et des pleurs, elle soit enfin lib\u00e9r\u00e9e. Une apoth\u00e9ose musicale o\u00f9 l\u2019amour devient symphonie et le chant acte de foi.<\/p>\n\n\n\n<p class=\"wp-block-paragraph\">This musical summit brings together the stirring voices of Oumaima El Khalil, Lila Borsali and Raoudha Abdallah for an inspirational celebration of freedom-loving peoples. Under the musical direction of Hani Siblini and featuring Iranian guest artists Habib Hoseini, Amir Amiri, Saeed Kamjoo, and Maryam Tazhdeh, the singers will storm the citadel of possibilities and liberate it from injustice and despair, armed only with their lyrics, melodies, hopes and dreams. Join us for an unforgettable event, where music magnifies the power of love and singing becomes an act of faith.<\/p>\n\n\n\n<p class=\"wp-block-paragraph\"><strong><a href=\"https:\/\/am.ticketmaster.com\/pda\/fr-ca\/virtual-venue\/P4M1116\">POUR ACHETER VOTRE BILLET, C\u2019EST ICI!<\/a><\/strong><\/p>\n\n\n\n<p class=\"wp-block-paragraph\"><strong><em>Ce contenu provient d<\/em><\/strong><em><strong>u Festival du monde arabe de Montr\u00e9al et est adapt\u00e9 par PAN M 360<\/strong><\/em><\/p>\n","protected":false},"excerpt":{"rendered":"<p>Cette rencontre au sommet unit les voix poignantes des chanteuses Oumaima El Khalil, Lila Borsali et Raoudha Abdallah pour un spectacle qui brandit avec ferveur l\u2019\u00e9toffe des chansons ardentes de peuples \u00e9pris de libert\u00e9. Sous la direction musicale de Hani Siblini et la participation d\u2019artistes iraniens invit\u00e9s, Habib Hoseini, Amir Amiri, Saeed Kamjoo et Maryam [&hellip;]<\/p>\n","protected":false},"author":936,"featured_media":127299,"menu_order":0,"template":"","format":"standard","meta":{"_acf_changed":true,"_crdt_document":""},"categories":[4322],"tags":[],"generale":[3814],"genre":[4701,4147],"pays":[3871,4874,5016],"salle":[7041],"ville":[7246],"class_list":["post-127300","agenda","type-agenda","status-publish","format-standard","has-post-thumbnail","hentry","category-listings-360","generale-lire-en","genre-arabe-en","genre-musical-theatre","pays-algerie-en","pays-lebanon","pays-tunisia","salle-theatre-maisonneuve-en","ville-montreal-en"],"acf":[],"yoast_head":"<!-- This site is optimized with the Yoast SEO plugin v27.4 - https:\/\/yoast.com\/product\/yoast-seo-wordpress\/ -->\n<title>Festival du monde arabe :\u00a0Libertada, la r\u00e9volte des muses - PAN M 360<\/title>\n<meta name=\"robots\" content=\"index, follow, max-snippet:-1, max-image-preview:large, max-video-preview:-1\" \/>\n<link rel=\"canonical\" href=\"https:\/\/panm360.com\/en\/agenda\/festival-du-monde-arabe-libertada-la-revolte-des-muses\/\" \/>\n<meta property=\"og:locale\" content=\"en_US\" \/>\n<meta property=\"og:type\" content=\"article\" \/>\n<meta property=\"og:title\" content=\"Festival du monde arabe :\u00a0Libertada, la r\u00e9volte des muses - PAN M 360\" \/>\n<meta property=\"og:description\" content=\"Cette rencontre au sommet unit les voix poignantes des chanteuses Oumaima El Khalil, Lila Borsali et Raoudha Abdallah pour un spectacle qui brandit avec ferveur l\u2019\u00e9toffe des chansons ardentes de peuples \u00e9pris de libert\u00e9. Sous la direction musicale de Hani Siblini et la participation d\u2019artistes iraniens invit\u00e9s, Habib Hoseini, Amir Amiri, Saeed Kamjoo et Maryam [&hellip;]\" \/>\n<meta property=\"og:url\" content=\"https:\/\/panm360.com\/en\/agenda\/festival-du-monde-arabe-libertada-la-revolte-des-muses\/\" \/>\n<meta property=\"og:site_name\" content=\"PAN M 360\" \/>\n<meta property=\"article:publisher\" content=\"https:\/\/www.facebook.com\/panm360\/\" \/>\n<meta property=\"article:modified_time\" content=\"2024-10-14T22:38:27+00:00\" \/>\n<meta property=\"og:image\" content=\"https:\/\/panm360.com\/wp-content\/uploads\/2024\/10\/Visuel-Libertada-1600x1064-1.jpg\" \/>\n\t<meta property=\"og:image:width\" content=\"1600\" \/>\n\t<meta property=\"og:image:height\" content=\"1064\" \/>\n\t<meta property=\"og:image:type\" content=\"image\/jpeg\" \/>\n<meta name=\"twitter:card\" content=\"summary_large_image\" \/>\n<meta name=\"twitter:site\" content=\"@PANM360\" \/>\n<meta name=\"twitter:label1\" content=\"Est. reading time\" \/>\n\t<meta name=\"twitter:data1\" content=\"1 minute\" \/>\n<script type=\"application\/ld+json\" class=\"yoast-schema-graph\">{\"@context\":\"https:\\\/\\\/schema.org\",\"@graph\":[{\"@type\":\"WebPage\",\"@id\":\"https:\\\/\\\/panm360.com\\\/en\\\/agenda\\\/festival-du-monde-arabe-libertada-la-revolte-des-muses\\\/\",\"url\":\"https:\\\/\\\/panm360.com\\\/en\\\/agenda\\\/festival-du-monde-arabe-libertada-la-revolte-des-muses\\\/\",\"name\":\"Festival du monde arabe :\u00a0Libertada, la r\u00e9volte des muses - PAN M 360\",\"isPartOf\":{\"@id\":\"https:\\\/\\\/panm360.com\\\/en\\\/#website\"},\"primaryImageOfPage\":{\"@id\":\"https:\\\/\\\/panm360.com\\\/en\\\/agenda\\\/festival-du-monde-arabe-libertada-la-revolte-des-muses\\\/#primaryimage\"},\"image\":{\"@id\":\"https:\\\/\\\/panm360.com\\\/en\\\/agenda\\\/festival-du-monde-arabe-libertada-la-revolte-des-muses\\\/#primaryimage\"},\"thumbnailUrl\":\"https:\\\/\\\/panm360.com\\\/wp-content\\\/uploads\\\/2024\\\/10\\\/Visuel-Libertada-1600x1064-1.jpg\",\"datePublished\":\"2024-09-04T22:33:39+00:00\",\"dateModified\":\"2024-10-14T22:38:27+00:00\",\"breadcrumb\":{\"@id\":\"https:\\\/\\\/panm360.com\\\/en\\\/agenda\\\/festival-du-monde-arabe-libertada-la-revolte-des-muses\\\/#breadcrumb\"},\"inLanguage\":\"en-US\",\"potentialAction\":[{\"@type\":\"ReadAction\",\"target\":[\"https:\\\/\\\/panm360.com\\\/en\\\/agenda\\\/festival-du-monde-arabe-libertada-la-revolte-des-muses\\\/\"]}]},{\"@type\":\"ImageObject\",\"inLanguage\":\"en-US\",\"@id\":\"https:\\\/\\\/panm360.com\\\/en\\\/agenda\\\/festival-du-monde-arabe-libertada-la-revolte-des-muses\\\/#primaryimage\",\"url\":\"https:\\\/\\\/panm360.com\\\/wp-content\\\/uploads\\\/2024\\\/10\\\/Visuel-Libertada-1600x1064-1.jpg\",\"contentUrl\":\"https:\\\/\\\/panm360.com\\\/wp-content\\\/uploads\\\/2024\\\/10\\\/Visuel-Libertada-1600x1064-1.jpg\",\"width\":1600,\"height\":1064},{\"@type\":\"BreadcrumbList\",\"@id\":\"https:\\\/\\\/panm360.com\\\/en\\\/agenda\\\/festival-du-monde-arabe-libertada-la-revolte-des-muses\\\/#breadcrumb\",\"itemListElement\":[{\"@type\":\"ListItem\",\"position\":1,\"name\":\"Accueil\",\"item\":\"https:\\\/\\\/panm360.com\\\/en\\\/\"},{\"@type\":\"ListItem\",\"position\":2,\"name\":\"Listings\",\"item\":\"https:\\\/\\\/panm360.com\\\/en\\\/agenda\\\/\"},{\"@type\":\"ListItem\",\"position\":3,\"name\":\"Festival du monde arabe :\u00a0Libertada, la r\u00e9volte des muses\"}]},{\"@type\":\"WebSite\",\"@id\":\"https:\\\/\\\/panm360.com\\\/en\\\/#website\",\"url\":\"https:\\\/\\\/panm360.com\\\/en\\\/\",\"name\":\"PAN M 360\",\"description\":\"Le m\u00e9dia num\u00e9rique de la musique !\",\"publisher\":{\"@id\":\"https:\\\/\\\/panm360.com\\\/en\\\/#organization\"},\"potentialAction\":[{\"@type\":\"SearchAction\",\"target\":{\"@type\":\"EntryPoint\",\"urlTemplate\":\"https:\\\/\\\/panm360.com\\\/en\\\/?s={search_term_string}\"},\"query-input\":{\"@type\":\"PropertyValueSpecification\",\"valueRequired\":true,\"valueName\":\"search_term_string\"}}],\"inLanguage\":\"en-US\"},{\"@type\":\"Organization\",\"@id\":\"https:\\\/\\\/panm360.com\\\/en\\\/#organization\",\"name\":\"PAN M 360\",\"url\":\"https:\\\/\\\/panm360.com\\\/en\\\/\",\"logo\":{\"@type\":\"ImageObject\",\"inLanguage\":\"en-US\",\"@id\":\"https:\\\/\\\/panm360.com\\\/en\\\/#\\\/schema\\\/logo\\\/image\\\/\",\"url\":\"https:\\\/\\\/panm360.com\\\/wp-content\\\/uploads\\\/2019\\\/12\\\/PAN-M360_Logo_RGB.jpg\",\"contentUrl\":\"https:\\\/\\\/panm360.com\\\/wp-content\\\/uploads\\\/2019\\\/12\\\/PAN-M360_Logo_RGB.jpg\",\"width\":1663,\"height\":631,\"caption\":\"PAN M 360\"},\"image\":{\"@id\":\"https:\\\/\\\/panm360.com\\\/en\\\/#\\\/schema\\\/logo\\\/image\\\/\"},\"sameAs\":[\"https:\\\/\\\/www.facebook.com\\\/panm360\\\/\",\"https:\\\/\\\/x.com\\\/PANM360\",\"https:\\\/\\\/www.instagram.com\\\/panm360\\\/\",\"https:\\\/\\\/www.linkedin.com\\\/company\\\/panm360\\\/\",\"https:\\\/\\\/www.youtube.com\\\/channel\\\/UCHEFHd3UhIrV6EJ3ltzVKOA?view_as=subscriber\"]}]}<\/script>\n<!-- \/ Yoast SEO plugin. -->","yoast_head_json":{"title":"Festival du monde arabe :\u00a0Libertada, la r\u00e9volte des muses - PAN M 360","robots":{"index":"index","follow":"follow","max-snippet":"max-snippet:-1","max-image-preview":"max-image-preview:large","max-video-preview":"max-video-preview:-1"},"canonical":"https:\/\/panm360.com\/en\/agenda\/festival-du-monde-arabe-libertada-la-revolte-des-muses\/","og_locale":"en_US","og_type":"article","og_title":"Festival du monde arabe :\u00a0Libertada, la r\u00e9volte des muses - PAN M 360","og_description":"Cette rencontre au sommet unit les voix poignantes des chanteuses Oumaima El Khalil, Lila Borsali et Raoudha Abdallah pour un spectacle qui brandit avec ferveur l\u2019\u00e9toffe des chansons ardentes de peuples \u00e9pris de libert\u00e9. Sous la direction musicale de Hani Siblini et la participation d\u2019artistes iraniens invit\u00e9s, Habib Hoseini, Amir Amiri, Saeed Kamjoo et Maryam [&hellip;]","og_url":"https:\/\/panm360.com\/en\/agenda\/festival-du-monde-arabe-libertada-la-revolte-des-muses\/","og_site_name":"PAN M 360","article_publisher":"https:\/\/www.facebook.com\/panm360\/","article_modified_time":"2024-10-14T22:38:27+00:00","og_image":[{"width":1600,"height":1064,"url":"https:\/\/panm360.com\/wp-content\/uploads\/2024\/10\/Visuel-Libertada-1600x1064-1.jpg","type":"image\/jpeg"}],"twitter_card":"summary_large_image","twitter_site":"@PANM360","twitter_misc":{"Est. reading time":"1 minute"},"schema":{"@context":"https:\/\/schema.org","@graph":[{"@type":"WebPage","@id":"https:\/\/panm360.com\/en\/agenda\/festival-du-monde-arabe-libertada-la-revolte-des-muses\/","url":"https:\/\/panm360.com\/en\/agenda\/festival-du-monde-arabe-libertada-la-revolte-des-muses\/","name":"Festival du monde arabe :\u00a0Libertada, la r\u00e9volte des muses - PAN M 360","isPartOf":{"@id":"https:\/\/panm360.com\/en\/#website"},"primaryImageOfPage":{"@id":"https:\/\/panm360.com\/en\/agenda\/festival-du-monde-arabe-libertada-la-revolte-des-muses\/#primaryimage"},"image":{"@id":"https:\/\/panm360.com\/en\/agenda\/festival-du-monde-arabe-libertada-la-revolte-des-muses\/#primaryimage"},"thumbnailUrl":"https:\/\/panm360.com\/wp-content\/uploads\/2024\/10\/Visuel-Libertada-1600x1064-1.jpg","datePublished":"2024-09-04T22:33:39+00:00","dateModified":"2024-10-14T22:38:27+00:00","breadcrumb":{"@id":"https:\/\/panm360.com\/en\/agenda\/festival-du-monde-arabe-libertada-la-revolte-des-muses\/#breadcrumb"},"inLanguage":"en-US","potentialAction":[{"@type":"ReadAction","target":["https:\/\/panm360.com\/en\/agenda\/festival-du-monde-arabe-libertada-la-revolte-des-muses\/"]}]},{"@type":"ImageObject","inLanguage":"en-US","@id":"https:\/\/panm360.com\/en\/agenda\/festival-du-monde-arabe-libertada-la-revolte-des-muses\/#primaryimage","url":"https:\/\/panm360.com\/wp-content\/uploads\/2024\/10\/Visuel-Libertada-1600x1064-1.jpg","contentUrl":"https:\/\/panm360.com\/wp-content\/uploads\/2024\/10\/Visuel-Libertada-1600x1064-1.jpg","width":1600,"height":1064},{"@type":"BreadcrumbList","@id":"https:\/\/panm360.com\/en\/agenda\/festival-du-monde-arabe-libertada-la-revolte-des-muses\/#breadcrumb","itemListElement":[{"@type":"ListItem","position":1,"name":"Accueil","item":"https:\/\/panm360.com\/en\/"},{"@type":"ListItem","position":2,"name":"Listings","item":"https:\/\/panm360.com\/en\/agenda\/"},{"@type":"ListItem","position":3,"name":"Festival du monde arabe :\u00a0Libertada, la r\u00e9volte des muses"}]},{"@type":"WebSite","@id":"https:\/\/panm360.com\/en\/#website","url":"https:\/\/panm360.com\/en\/","name":"PAN M 360","description":"Le m\u00e9dia num\u00e9rique de la musique !","publisher":{"@id":"https:\/\/panm360.com\/en\/#organization"},"potentialAction":[{"@type":"SearchAction","target":{"@type":"EntryPoint","urlTemplate":"https:\/\/panm360.com\/en\/?s={search_term_string}"},"query-input":{"@type":"PropertyValueSpecification","valueRequired":true,"valueName":"search_term_string"}}],"inLanguage":"en-US"},{"@type":"Organization","@id":"https:\/\/panm360.com\/en\/#organization","name":"PAN M 360","url":"https:\/\/panm360.com\/en\/","logo":{"@type":"ImageObject","inLanguage":"en-US","@id":"https:\/\/panm360.com\/en\/#\/schema\/logo\/image\/","url":"https:\/\/panm360.com\/wp-content\/uploads\/2019\/12\/PAN-M360_Logo_RGB.jpg","contentUrl":"https:\/\/panm360.com\/wp-content\/uploads\/2019\/12\/PAN-M360_Logo_RGB.jpg","width":1663,"height":631,"caption":"PAN M 360"},"image":{"@id":"https:\/\/panm360.com\/en\/#\/schema\/logo\/image\/"},"sameAs":["https:\/\/www.facebook.com\/panm360\/","https:\/\/x.com\/PANM360","https:\/\/www.instagram.com\/panm360\/","https:\/\/www.linkedin.com\/company\/panm360\/","https:\/\/www.youtube.com\/channel\/UCHEFHd3UhIrV6EJ3ltzVKOA?view_as=subscriber"]}]}},"_links":{"self":[{"href":"https:\/\/panm360.com\/en\/wp-json\/wp\/v2\/agenda\/127300","targetHints":{"allow":["GET"]}}],"collection":[{"href":"https:\/\/panm360.com\/en\/wp-json\/wp\/v2\/agenda"}],"about":[{"href":"https:\/\/panm360.com\/en\/wp-json\/wp\/v2\/types\/agenda"}],"author":[{"embeddable":true,"href":"https:\/\/panm360.com\/en\/wp-json\/wp\/v2\/users\/936"}],"wp:featuredmedia":[{"embeddable":true,"href":"https:\/\/panm360.com\/en\/wp-json\/wp\/v2\/media\/127299"}],"wp:attachment":[{"href":"https:\/\/panm360.com\/en\/wp-json\/wp\/v2\/media?parent=127300"}],"wp:term":[{"taxonomy":"category","embeddable":true,"href":"https:\/\/panm360.com\/en\/wp-json\/wp\/v2\/categories?post=127300"},{"taxonomy":"post_tag","embeddable":true,"href":"https:\/\/panm360.com\/en\/wp-json\/wp\/v2\/tags?post=127300"},{"taxonomy":"generale","embeddable":true,"href":"https:\/\/panm360.com\/en\/wp-json\/wp\/v2\/generale?post=127300"},{"taxonomy":"genre","embeddable":true,"href":"https:\/\/panm360.com\/en\/wp-json\/wp\/v2\/genre?post=127300"},{"taxonomy":"pays","embeddable":true,"href":"https:\/\/panm360.com\/en\/wp-json\/wp\/v2\/pays?post=127300"},{"taxonomy":"salle","embeddable":true,"href":"https:\/\/panm360.com\/en\/wp-json\/wp\/v2\/salle?post=127300"},{"taxonomy":"ville","embeddable":true,"href":"https:\/\/panm360.com\/en\/wp-json\/wp\/v2\/ville?post=127300"}],"curies":[{"name":"wp","href":"https:\/\/api.w.org\/{rel}","templated":true}]}}