{"id":127292,"date":"2024-09-13T18:23:10","date_gmt":"2024-09-13T22:23:10","guid":{"rendered":"https:\/\/panm360.com\/?post_type=agenda&#038;p=127292"},"modified":"2024-10-14T18:27:10","modified_gmt":"2024-10-14T22:27:10","slug":"festival-du-monde-arabe-dendana-aux-dunes-de-paris","status":"publish","type":"agenda","link":"https:\/\/panm360.com\/en\/agenda\/festival-du-monde-arabe-dendana-aux-dunes-de-paris\/","title":{"rendered":"Festival du monde arabe :\u00a0Dendana, aux dunes de Paris"},"content":{"rendered":"\n<p class=\"wp-block-paragraph\">\u00c0 la crois\u00e9e des influences blues, rock et de musique traditionnelle, le chanteur alg\u00e9rien DenDana retrace son exil en France, jalonn\u00e9 de rencontres d\u00e9cisives, tout en reprenant les chansons de son patrimoine saharien. Un p\u00e9riple musical aux \u00e9motions contagieuses et aux textes d\u2019une rare po\u00e9sie.<\/p>\n\n\n\n<p class=\"wp-block-paragraph\">Blending blues, rock and traditional music, Algerian singer DenDana performs songs from his Saharan heritage while reflecting on his time in France and his major influences. Join us for a musical journey fuelled by passionate emotions and breathtaking lyrics.<\/p>\n\n\n\n<p class=\"wp-block-paragraph\"><strong><a href=\"https:\/\/am.ticketmaster.com\/pda\/fr-ca\/ism\/P4L1114\">POUR ACHETER VOTRE BILLET, C\u2019EST ICI!<\/a><\/strong><\/p>\n\n\n\n<iframe style=\"border-radius:12px\" src=\"https:\/\/open.spotify.com\/embed\/artist\/0U8AvpBTB7YGGbOFHrPw3V?utm_source=generator\" width=\"100%\" height=\"352\" frameBorder=\"0\" allowfullscreen=\"\" allow=\"autoplay; clipboard-write; encrypted-media; fullscreen; picture-in-picture\" loading=\"lazy\"><\/iframe>\n\n\n\n<p class=\"wp-block-paragraph\"><strong><em>Ce contenu provient d<\/em><\/strong><em><strong>u Festival du monde arabe de Montr\u00e9al et est adapt\u00e9 par PAN M 360<\/strong><\/em><\/p>\n","protected":false},"excerpt":{"rendered":"<p>\u00c0 la crois\u00e9e des influences blues, rock et de musique traditionnelle, le chanteur alg\u00e9rien DenDana retrace son exil en France, jalonn\u00e9 de rencontres d\u00e9cisives, tout en reprenant les chansons de son patrimoine saharien. Un p\u00e9riple musical aux \u00e9motions contagieuses et aux textes d\u2019une rare po\u00e9sie. Blending blues, rock and traditional music, Algerian singer DenDana performs [&hellip;]<\/p>\n","protected":false},"author":936,"featured_media":127291,"menu_order":0,"template":"","format":"standard","meta":{"_acf_changed":true,"_crdt_document":""},"categories":[4322],"tags":[],"generale":[3814],"genre":[4701,4133,3273],"pays":[3871],"salle":[7053],"ville":[7246],"class_list":["post-127292","agenda","type-agenda","status-publish","format-standard","has-post-thumbnail","hentry","category-listings-360","generale-lire-en","genre-arabe-en","genre-blues-en-2","genre-rock-2","pays-algerie-en","salle-salle-claude-leveillee-en","ville-montreal-en"],"acf":[],"yoast_head":"<!-- This site is optimized with the Yoast SEO plugin v27.4 - https:\/\/yoast.com\/product\/yoast-seo-wordpress\/ -->\n<title>Festival du monde arabe :\u00a0Dendana, aux dunes de Paris - PAN M 360<\/title>\n<meta name=\"robots\" content=\"index, follow, max-snippet:-1, max-image-preview:large, max-video-preview:-1\" \/>\n<link rel=\"canonical\" href=\"https:\/\/panm360.com\/en\/agenda\/festival-du-monde-arabe-dendana-aux-dunes-de-paris\/\" \/>\n<meta property=\"og:locale\" content=\"en_US\" \/>\n<meta property=\"og:type\" content=\"article\" \/>\n<meta property=\"og:title\" content=\"Festival du monde arabe :\u00a0Dendana, aux dunes de Paris - PAN M 360\" \/>\n<meta property=\"og:description\" content=\"\u00c0 la crois\u00e9e des influences blues, rock et de musique traditionnelle, le chanteur alg\u00e9rien DenDana retrace son exil en France, jalonn\u00e9 de rencontres d\u00e9cisives, tout en reprenant les chansons de son patrimoine saharien. Un p\u00e9riple musical aux \u00e9motions contagieuses et aux textes d\u2019une rare po\u00e9sie. Blending blues, rock and traditional music, Algerian singer DenDana performs [&hellip;]\" \/>\n<meta property=\"og:url\" content=\"https:\/\/panm360.com\/en\/agenda\/festival-du-monde-arabe-dendana-aux-dunes-de-paris\/\" \/>\n<meta property=\"og:site_name\" content=\"PAN M 360\" \/>\n<meta property=\"article:publisher\" content=\"https:\/\/www.facebook.com\/panm360\/\" \/>\n<meta property=\"article:modified_time\" content=\"2024-10-14T22:27:10+00:00\" \/>\n<meta property=\"og:image\" content=\"https:\/\/panm360.com\/wp-content\/uploads\/2024\/10\/Dendana.jpeg\" \/>\n\t<meta property=\"og:image:width\" content=\"1280\" \/>\n\t<meta property=\"og:image:height\" content=\"1280\" \/>\n\t<meta property=\"og:image:type\" content=\"image\/jpeg\" \/>\n<meta name=\"twitter:card\" content=\"summary_large_image\" \/>\n<meta name=\"twitter:site\" content=\"@PANM360\" \/>\n<meta name=\"twitter:label1\" content=\"Est. reading time\" \/>\n\t<meta name=\"twitter:data1\" content=\"1 minute\" \/>\n<script type=\"application\/ld+json\" class=\"yoast-schema-graph\">{\"@context\":\"https:\\\/\\\/schema.org\",\"@graph\":[{\"@type\":\"WebPage\",\"@id\":\"https:\\\/\\\/panm360.com\\\/en\\\/agenda\\\/festival-du-monde-arabe-dendana-aux-dunes-de-paris\\\/\",\"url\":\"https:\\\/\\\/panm360.com\\\/en\\\/agenda\\\/festival-du-monde-arabe-dendana-aux-dunes-de-paris\\\/\",\"name\":\"Festival du monde arabe :\u00a0Dendana, aux dunes de Paris - PAN M 360\",\"isPartOf\":{\"@id\":\"https:\\\/\\\/panm360.com\\\/en\\\/#website\"},\"primaryImageOfPage\":{\"@id\":\"https:\\\/\\\/panm360.com\\\/en\\\/agenda\\\/festival-du-monde-arabe-dendana-aux-dunes-de-paris\\\/#primaryimage\"},\"image\":{\"@id\":\"https:\\\/\\\/panm360.com\\\/en\\\/agenda\\\/festival-du-monde-arabe-dendana-aux-dunes-de-paris\\\/#primaryimage\"},\"thumbnailUrl\":\"https:\\\/\\\/panm360.com\\\/wp-content\\\/uploads\\\/2024\\\/10\\\/Dendana.jpeg\",\"datePublished\":\"2024-09-13T22:23:10+00:00\",\"dateModified\":\"2024-10-14T22:27:10+00:00\",\"breadcrumb\":{\"@id\":\"https:\\\/\\\/panm360.com\\\/en\\\/agenda\\\/festival-du-monde-arabe-dendana-aux-dunes-de-paris\\\/#breadcrumb\"},\"inLanguage\":\"en-US\",\"potentialAction\":[{\"@type\":\"ReadAction\",\"target\":[\"https:\\\/\\\/panm360.com\\\/en\\\/agenda\\\/festival-du-monde-arabe-dendana-aux-dunes-de-paris\\\/\"]}]},{\"@type\":\"ImageObject\",\"inLanguage\":\"en-US\",\"@id\":\"https:\\\/\\\/panm360.com\\\/en\\\/agenda\\\/festival-du-monde-arabe-dendana-aux-dunes-de-paris\\\/#primaryimage\",\"url\":\"https:\\\/\\\/panm360.com\\\/wp-content\\\/uploads\\\/2024\\\/10\\\/Dendana.jpeg\",\"contentUrl\":\"https:\\\/\\\/panm360.com\\\/wp-content\\\/uploads\\\/2024\\\/10\\\/Dendana.jpeg\",\"width\":1280,\"height\":1280},{\"@type\":\"BreadcrumbList\",\"@id\":\"https:\\\/\\\/panm360.com\\\/en\\\/agenda\\\/festival-du-monde-arabe-dendana-aux-dunes-de-paris\\\/#breadcrumb\",\"itemListElement\":[{\"@type\":\"ListItem\",\"position\":1,\"name\":\"Accueil\",\"item\":\"https:\\\/\\\/panm360.com\\\/en\\\/\"},{\"@type\":\"ListItem\",\"position\":2,\"name\":\"Listings\",\"item\":\"https:\\\/\\\/panm360.com\\\/en\\\/agenda\\\/\"},{\"@type\":\"ListItem\",\"position\":3,\"name\":\"Festival du monde arabe :\u00a0Dendana, aux dunes de Paris\"}]},{\"@type\":\"WebSite\",\"@id\":\"https:\\\/\\\/panm360.com\\\/en\\\/#website\",\"url\":\"https:\\\/\\\/panm360.com\\\/en\\\/\",\"name\":\"PAN M 360\",\"description\":\"Le m\u00e9dia num\u00e9rique de la musique !\",\"publisher\":{\"@id\":\"https:\\\/\\\/panm360.com\\\/en\\\/#organization\"},\"potentialAction\":[{\"@type\":\"SearchAction\",\"target\":{\"@type\":\"EntryPoint\",\"urlTemplate\":\"https:\\\/\\\/panm360.com\\\/en\\\/?s={search_term_string}\"},\"query-input\":{\"@type\":\"PropertyValueSpecification\",\"valueRequired\":true,\"valueName\":\"search_term_string\"}}],\"inLanguage\":\"en-US\"},{\"@type\":\"Organization\",\"@id\":\"https:\\\/\\\/panm360.com\\\/en\\\/#organization\",\"name\":\"PAN M 360\",\"url\":\"https:\\\/\\\/panm360.com\\\/en\\\/\",\"logo\":{\"@type\":\"ImageObject\",\"inLanguage\":\"en-US\",\"@id\":\"https:\\\/\\\/panm360.com\\\/en\\\/#\\\/schema\\\/logo\\\/image\\\/\",\"url\":\"https:\\\/\\\/panm360.com\\\/wp-content\\\/uploads\\\/2019\\\/12\\\/PAN-M360_Logo_RGB.jpg\",\"contentUrl\":\"https:\\\/\\\/panm360.com\\\/wp-content\\\/uploads\\\/2019\\\/12\\\/PAN-M360_Logo_RGB.jpg\",\"width\":1663,\"height\":631,\"caption\":\"PAN M 360\"},\"image\":{\"@id\":\"https:\\\/\\\/panm360.com\\\/en\\\/#\\\/schema\\\/logo\\\/image\\\/\"},\"sameAs\":[\"https:\\\/\\\/www.facebook.com\\\/panm360\\\/\",\"https:\\\/\\\/x.com\\\/PANM360\",\"https:\\\/\\\/www.instagram.com\\\/panm360\\\/\",\"https:\\\/\\\/www.linkedin.com\\\/company\\\/panm360\\\/\",\"https:\\\/\\\/www.youtube.com\\\/channel\\\/UCHEFHd3UhIrV6EJ3ltzVKOA?view_as=subscriber\"]}]}<\/script>\n<!-- \/ Yoast SEO plugin. -->","yoast_head_json":{"title":"Festival du monde arabe :\u00a0Dendana, aux dunes de Paris - PAN M 360","robots":{"index":"index","follow":"follow","max-snippet":"max-snippet:-1","max-image-preview":"max-image-preview:large","max-video-preview":"max-video-preview:-1"},"canonical":"https:\/\/panm360.com\/en\/agenda\/festival-du-monde-arabe-dendana-aux-dunes-de-paris\/","og_locale":"en_US","og_type":"article","og_title":"Festival du monde arabe :\u00a0Dendana, aux dunes de Paris - PAN M 360","og_description":"\u00c0 la crois\u00e9e des influences blues, rock et de musique traditionnelle, le chanteur alg\u00e9rien DenDana retrace son exil en France, jalonn\u00e9 de rencontres d\u00e9cisives, tout en reprenant les chansons de son patrimoine saharien. Un p\u00e9riple musical aux \u00e9motions contagieuses et aux textes d\u2019une rare po\u00e9sie. Blending blues, rock and traditional music, Algerian singer DenDana performs [&hellip;]","og_url":"https:\/\/panm360.com\/en\/agenda\/festival-du-monde-arabe-dendana-aux-dunes-de-paris\/","og_site_name":"PAN M 360","article_publisher":"https:\/\/www.facebook.com\/panm360\/","article_modified_time":"2024-10-14T22:27:10+00:00","og_image":[{"width":1280,"height":1280,"url":"https:\/\/panm360.com\/wp-content\/uploads\/2024\/10\/Dendana.jpeg","type":"image\/jpeg"}],"twitter_card":"summary_large_image","twitter_site":"@PANM360","twitter_misc":{"Est. reading time":"1 minute"},"schema":{"@context":"https:\/\/schema.org","@graph":[{"@type":"WebPage","@id":"https:\/\/panm360.com\/en\/agenda\/festival-du-monde-arabe-dendana-aux-dunes-de-paris\/","url":"https:\/\/panm360.com\/en\/agenda\/festival-du-monde-arabe-dendana-aux-dunes-de-paris\/","name":"Festival du monde arabe :\u00a0Dendana, aux dunes de Paris - PAN M 360","isPartOf":{"@id":"https:\/\/panm360.com\/en\/#website"},"primaryImageOfPage":{"@id":"https:\/\/panm360.com\/en\/agenda\/festival-du-monde-arabe-dendana-aux-dunes-de-paris\/#primaryimage"},"image":{"@id":"https:\/\/panm360.com\/en\/agenda\/festival-du-monde-arabe-dendana-aux-dunes-de-paris\/#primaryimage"},"thumbnailUrl":"https:\/\/panm360.com\/wp-content\/uploads\/2024\/10\/Dendana.jpeg","datePublished":"2024-09-13T22:23:10+00:00","dateModified":"2024-10-14T22:27:10+00:00","breadcrumb":{"@id":"https:\/\/panm360.com\/en\/agenda\/festival-du-monde-arabe-dendana-aux-dunes-de-paris\/#breadcrumb"},"inLanguage":"en-US","potentialAction":[{"@type":"ReadAction","target":["https:\/\/panm360.com\/en\/agenda\/festival-du-monde-arabe-dendana-aux-dunes-de-paris\/"]}]},{"@type":"ImageObject","inLanguage":"en-US","@id":"https:\/\/panm360.com\/en\/agenda\/festival-du-monde-arabe-dendana-aux-dunes-de-paris\/#primaryimage","url":"https:\/\/panm360.com\/wp-content\/uploads\/2024\/10\/Dendana.jpeg","contentUrl":"https:\/\/panm360.com\/wp-content\/uploads\/2024\/10\/Dendana.jpeg","width":1280,"height":1280},{"@type":"BreadcrumbList","@id":"https:\/\/panm360.com\/en\/agenda\/festival-du-monde-arabe-dendana-aux-dunes-de-paris\/#breadcrumb","itemListElement":[{"@type":"ListItem","position":1,"name":"Accueil","item":"https:\/\/panm360.com\/en\/"},{"@type":"ListItem","position":2,"name":"Listings","item":"https:\/\/panm360.com\/en\/agenda\/"},{"@type":"ListItem","position":3,"name":"Festival du monde arabe :\u00a0Dendana, aux dunes de Paris"}]},{"@type":"WebSite","@id":"https:\/\/panm360.com\/en\/#website","url":"https:\/\/panm360.com\/en\/","name":"PAN M 360","description":"Le m\u00e9dia num\u00e9rique de la musique !","publisher":{"@id":"https:\/\/panm360.com\/en\/#organization"},"potentialAction":[{"@type":"SearchAction","target":{"@type":"EntryPoint","urlTemplate":"https:\/\/panm360.com\/en\/?s={search_term_string}"},"query-input":{"@type":"PropertyValueSpecification","valueRequired":true,"valueName":"search_term_string"}}],"inLanguage":"en-US"},{"@type":"Organization","@id":"https:\/\/panm360.com\/en\/#organization","name":"PAN M 360","url":"https:\/\/panm360.com\/en\/","logo":{"@type":"ImageObject","inLanguage":"en-US","@id":"https:\/\/panm360.com\/en\/#\/schema\/logo\/image\/","url":"https:\/\/panm360.com\/wp-content\/uploads\/2019\/12\/PAN-M360_Logo_RGB.jpg","contentUrl":"https:\/\/panm360.com\/wp-content\/uploads\/2019\/12\/PAN-M360_Logo_RGB.jpg","width":1663,"height":631,"caption":"PAN M 360"},"image":{"@id":"https:\/\/panm360.com\/en\/#\/schema\/logo\/image\/"},"sameAs":["https:\/\/www.facebook.com\/panm360\/","https:\/\/x.com\/PANM360","https:\/\/www.instagram.com\/panm360\/","https:\/\/www.linkedin.com\/company\/panm360\/","https:\/\/www.youtube.com\/channel\/UCHEFHd3UhIrV6EJ3ltzVKOA?view_as=subscriber"]}]}},"_links":{"self":[{"href":"https:\/\/panm360.com\/en\/wp-json\/wp\/v2\/agenda\/127292","targetHints":{"allow":["GET"]}}],"collection":[{"href":"https:\/\/panm360.com\/en\/wp-json\/wp\/v2\/agenda"}],"about":[{"href":"https:\/\/panm360.com\/en\/wp-json\/wp\/v2\/types\/agenda"}],"author":[{"embeddable":true,"href":"https:\/\/panm360.com\/en\/wp-json\/wp\/v2\/users\/936"}],"wp:featuredmedia":[{"embeddable":true,"href":"https:\/\/panm360.com\/en\/wp-json\/wp\/v2\/media\/127291"}],"wp:attachment":[{"href":"https:\/\/panm360.com\/en\/wp-json\/wp\/v2\/media?parent=127292"}],"wp:term":[{"taxonomy":"category","embeddable":true,"href":"https:\/\/panm360.com\/en\/wp-json\/wp\/v2\/categories?post=127292"},{"taxonomy":"post_tag","embeddable":true,"href":"https:\/\/panm360.com\/en\/wp-json\/wp\/v2\/tags?post=127292"},{"taxonomy":"generale","embeddable":true,"href":"https:\/\/panm360.com\/en\/wp-json\/wp\/v2\/generale?post=127292"},{"taxonomy":"genre","embeddable":true,"href":"https:\/\/panm360.com\/en\/wp-json\/wp\/v2\/genre?post=127292"},{"taxonomy":"pays","embeddable":true,"href":"https:\/\/panm360.com\/en\/wp-json\/wp\/v2\/pays?post=127292"},{"taxonomy":"salle","embeddable":true,"href":"https:\/\/panm360.com\/en\/wp-json\/wp\/v2\/salle?post=127292"},{"taxonomy":"ville","embeddable":true,"href":"https:\/\/panm360.com\/en\/wp-json\/wp\/v2\/ville?post=127292"}],"curies":[{"name":"wp","href":"https:\/\/api.w.org\/{rel}","templated":true}]}}