{"id":127265,"date":"2024-09-05T17:46:23","date_gmt":"2024-09-05T21:46:23","guid":{"rendered":"https:\/\/panm360.com\/?post_type=agenda&#038;p=127265"},"modified":"2024-10-14T17:52:12","modified_gmt":"2024-10-14T21:52:12","slug":"festival-du-monde-arabe-refugie-a-la-mer","status":"publish","type":"agenda","link":"https:\/\/panm360.com\/en\/agenda\/festival-du-monde-arabe-refugie-a-la-mer\/","title":{"rendered":"Festival du monde arabe :\u00a0R\u00e9fugi\u00e9 \u00e0 la mer"},"content":{"rendered":"\n<p class=\"wp-block-paragraph\">Tarek Ghriri propose un voyage musical mouvement\u00e9 \u00e0 travers l\u2019Inde, le Moyen-Orient et l\u2019Espagne. C\u00e9l\u00e9brant \u00e0 travers ses chansons une beaut\u00e9 \u00e0 plusieurs visages, cet alchimiste des sonorit\u00e9s r\u00e9silientes rend hommage \u00e0 ceux qui ont perdu la vie dans la qu\u00eate d\u2019un avenir meilleur.<\/p>\n\n\n\n<p class=\"wp-block-paragraph\">Tarek Ghriri takes his audience on a riveting musical odyssey across India, the Middle East and Spain. Through a series of songs that celebrate the multifaceted nature of beauty, this sound alchemist pays tribute to those who have lost their lives in search of a brighter future.<\/p>\n\n\n\n<p class=\"wp-block-paragraph\"><strong><a href=\"https:\/\/am.ticketmaster.com\/pda\/fr-ca\/ism\/P4L1107\">POUR ACHETER VOTRE BILLET, C\u2019EST ICI!<\/a><\/strong><\/p>\n\n\n\n<iframe style=\"border-radius:12px\" src=\"https:\/\/open.spotify.com\/embed\/artist\/6WBGX0atpA4tnxR43eAOxv?utm_source=generator\" width=\"100%\" height=\"352\" frameBorder=\"0\" allowfullscreen=\"\" allow=\"autoplay; clipboard-write; encrypted-media; fullscreen; picture-in-picture\" loading=\"lazy\"><\/iframe>\n\n\n\n<p class=\"wp-block-paragraph\"><strong><em>Ce contenu provient d<\/em><\/strong><em><strong>u Festival du monde arabe de Montr\u00e9al et est adapt\u00e9 par PAN M 360<\/strong><\/em><\/p>\n","protected":false},"excerpt":{"rendered":"<p>Tarek Ghriri propose un voyage musical mouvement\u00e9 \u00e0 travers l\u2019Inde, le Moyen-Orient et l\u2019Espagne. C\u00e9l\u00e9brant \u00e0 travers ses chansons une beaut\u00e9 \u00e0 plusieurs visages, cet alchimiste des sonorit\u00e9s r\u00e9silientes rend hommage \u00e0 ceux qui ont perdu la vie dans la qu\u00eate d\u2019un avenir meilleur. Tarek Ghriri takes his audience on a riveting musical odyssey across [&hellip;]<\/p>\n","protected":false},"author":936,"featured_media":127231,"menu_order":0,"template":"","format":"standard","meta":{"_acf_changed":true,"_crdt_document":""},"categories":[4322],"tags":[],"generale":[3814],"genre":[4701,9575,9535],"pays":[3859],"salle":[7053],"ville":[7246],"class_list":["post-127265","agenda","type-agenda","status-publish","format-standard","has-post-thumbnail","hentry","category-listings-360","generale-lire-en","genre-arabe-en","genre-guitare-en","genre-hommage-en","pays-palestine-en","salle-salle-claude-leveillee-en","ville-montreal-en"],"acf":[],"yoast_head":"<!-- This site is optimized with the Yoast SEO plugin v27.4 - https:\/\/yoast.com\/product\/yoast-seo-wordpress\/ -->\n<title>Festival du monde arabe :\u00a0R\u00e9fugi\u00e9 \u00e0 la mer - PAN M 360<\/title>\n<meta name=\"robots\" content=\"index, follow, max-snippet:-1, max-image-preview:large, max-video-preview:-1\" \/>\n<link rel=\"canonical\" href=\"https:\/\/panm360.com\/en\/agenda\/festival-du-monde-arabe-refugie-a-la-mer\/\" \/>\n<meta property=\"og:locale\" content=\"en_US\" \/>\n<meta property=\"og:type\" content=\"article\" \/>\n<meta property=\"og:title\" content=\"Festival du monde arabe :\u00a0R\u00e9fugi\u00e9 \u00e0 la mer - PAN M 360\" \/>\n<meta property=\"og:description\" content=\"Tarek Ghriri propose un voyage musical mouvement\u00e9 \u00e0 travers l\u2019Inde, le Moyen-Orient et l\u2019Espagne. C\u00e9l\u00e9brant \u00e0 travers ses chansons une beaut\u00e9 \u00e0 plusieurs visages, cet alchimiste des sonorit\u00e9s r\u00e9silientes rend hommage \u00e0 ceux qui ont perdu la vie dans la qu\u00eate d\u2019un avenir meilleur. Tarek Ghriri takes his audience on a riveting musical odyssey across [&hellip;]\" \/>\n<meta property=\"og:url\" content=\"https:\/\/panm360.com\/en\/agenda\/festival-du-monde-arabe-refugie-a-la-mer\/\" \/>\n<meta property=\"og:site_name\" content=\"PAN M 360\" \/>\n<meta property=\"article:publisher\" content=\"https:\/\/www.facebook.com\/panm360\/\" \/>\n<meta property=\"article:modified_time\" content=\"2024-10-14T21:52:12+00:00\" \/>\n<meta property=\"og:image\" content=\"https:\/\/panm360.com\/wp-content\/uploads\/2024\/10\/Refugee-in-the-sea-album-cover-Tarek-Ghriri.jpg\" \/>\n\t<meta property=\"og:image:width\" content=\"1104\" \/>\n\t<meta property=\"og:image:height\" content=\"1104\" \/>\n\t<meta property=\"og:image:type\" content=\"image\/jpeg\" \/>\n<meta name=\"twitter:card\" content=\"summary_large_image\" \/>\n<meta name=\"twitter:site\" content=\"@PANM360\" \/>\n<meta name=\"twitter:label1\" content=\"Est. reading time\" \/>\n\t<meta name=\"twitter:data1\" content=\"1 minute\" \/>\n<script type=\"application\/ld+json\" class=\"yoast-schema-graph\">{\"@context\":\"https:\\\/\\\/schema.org\",\"@graph\":[{\"@type\":\"WebPage\",\"@id\":\"https:\\\/\\\/panm360.com\\\/en\\\/agenda\\\/festival-du-monde-arabe-refugie-a-la-mer\\\/\",\"url\":\"https:\\\/\\\/panm360.com\\\/en\\\/agenda\\\/festival-du-monde-arabe-refugie-a-la-mer\\\/\",\"name\":\"Festival du monde arabe :\u00a0R\u00e9fugi\u00e9 \u00e0 la mer - PAN M 360\",\"isPartOf\":{\"@id\":\"https:\\\/\\\/panm360.com\\\/en\\\/#website\"},\"primaryImageOfPage\":{\"@id\":\"https:\\\/\\\/panm360.com\\\/en\\\/agenda\\\/festival-du-monde-arabe-refugie-a-la-mer\\\/#primaryimage\"},\"image\":{\"@id\":\"https:\\\/\\\/panm360.com\\\/en\\\/agenda\\\/festival-du-monde-arabe-refugie-a-la-mer\\\/#primaryimage\"},\"thumbnailUrl\":\"https:\\\/\\\/panm360.com\\\/wp-content\\\/uploads\\\/2024\\\/10\\\/Refugee-in-the-sea-album-cover-Tarek-Ghriri.jpg\",\"datePublished\":\"2024-09-05T21:46:23+00:00\",\"dateModified\":\"2024-10-14T21:52:12+00:00\",\"breadcrumb\":{\"@id\":\"https:\\\/\\\/panm360.com\\\/en\\\/agenda\\\/festival-du-monde-arabe-refugie-a-la-mer\\\/#breadcrumb\"},\"inLanguage\":\"en-US\",\"potentialAction\":[{\"@type\":\"ReadAction\",\"target\":[\"https:\\\/\\\/panm360.com\\\/en\\\/agenda\\\/festival-du-monde-arabe-refugie-a-la-mer\\\/\"]}]},{\"@type\":\"ImageObject\",\"inLanguage\":\"en-US\",\"@id\":\"https:\\\/\\\/panm360.com\\\/en\\\/agenda\\\/festival-du-monde-arabe-refugie-a-la-mer\\\/#primaryimage\",\"url\":\"https:\\\/\\\/panm360.com\\\/wp-content\\\/uploads\\\/2024\\\/10\\\/Refugee-in-the-sea-album-cover-Tarek-Ghriri.jpg\",\"contentUrl\":\"https:\\\/\\\/panm360.com\\\/wp-content\\\/uploads\\\/2024\\\/10\\\/Refugee-in-the-sea-album-cover-Tarek-Ghriri.jpg\",\"width\":1104,\"height\":1104},{\"@type\":\"BreadcrumbList\",\"@id\":\"https:\\\/\\\/panm360.com\\\/en\\\/agenda\\\/festival-du-monde-arabe-refugie-a-la-mer\\\/#breadcrumb\",\"itemListElement\":[{\"@type\":\"ListItem\",\"position\":1,\"name\":\"Accueil\",\"item\":\"https:\\\/\\\/panm360.com\\\/en\\\/\"},{\"@type\":\"ListItem\",\"position\":2,\"name\":\"Listings\",\"item\":\"https:\\\/\\\/panm360.com\\\/en\\\/agenda\\\/\"},{\"@type\":\"ListItem\",\"position\":3,\"name\":\"Festival du monde arabe :\u00a0R\u00e9fugi\u00e9 \u00e0 la mer\"}]},{\"@type\":\"WebSite\",\"@id\":\"https:\\\/\\\/panm360.com\\\/en\\\/#website\",\"url\":\"https:\\\/\\\/panm360.com\\\/en\\\/\",\"name\":\"PAN M 360\",\"description\":\"Le m\u00e9dia num\u00e9rique de la musique !\",\"publisher\":{\"@id\":\"https:\\\/\\\/panm360.com\\\/en\\\/#organization\"},\"potentialAction\":[{\"@type\":\"SearchAction\",\"target\":{\"@type\":\"EntryPoint\",\"urlTemplate\":\"https:\\\/\\\/panm360.com\\\/en\\\/?s={search_term_string}\"},\"query-input\":{\"@type\":\"PropertyValueSpecification\",\"valueRequired\":true,\"valueName\":\"search_term_string\"}}],\"inLanguage\":\"en-US\"},{\"@type\":\"Organization\",\"@id\":\"https:\\\/\\\/panm360.com\\\/en\\\/#organization\",\"name\":\"PAN M 360\",\"url\":\"https:\\\/\\\/panm360.com\\\/en\\\/\",\"logo\":{\"@type\":\"ImageObject\",\"inLanguage\":\"en-US\",\"@id\":\"https:\\\/\\\/panm360.com\\\/en\\\/#\\\/schema\\\/logo\\\/image\\\/\",\"url\":\"https:\\\/\\\/panm360.com\\\/wp-content\\\/uploads\\\/2019\\\/12\\\/PAN-M360_Logo_RGB.jpg\",\"contentUrl\":\"https:\\\/\\\/panm360.com\\\/wp-content\\\/uploads\\\/2019\\\/12\\\/PAN-M360_Logo_RGB.jpg\",\"width\":1663,\"height\":631,\"caption\":\"PAN M 360\"},\"image\":{\"@id\":\"https:\\\/\\\/panm360.com\\\/en\\\/#\\\/schema\\\/logo\\\/image\\\/\"},\"sameAs\":[\"https:\\\/\\\/www.facebook.com\\\/panm360\\\/\",\"https:\\\/\\\/x.com\\\/PANM360\",\"https:\\\/\\\/www.instagram.com\\\/panm360\\\/\",\"https:\\\/\\\/www.linkedin.com\\\/company\\\/panm360\\\/\",\"https:\\\/\\\/www.youtube.com\\\/channel\\\/UCHEFHd3UhIrV6EJ3ltzVKOA?view_as=subscriber\"]}]}<\/script>\n<!-- \/ Yoast SEO plugin. -->","yoast_head_json":{"title":"Festival du monde arabe :\u00a0R\u00e9fugi\u00e9 \u00e0 la mer - PAN M 360","robots":{"index":"index","follow":"follow","max-snippet":"max-snippet:-1","max-image-preview":"max-image-preview:large","max-video-preview":"max-video-preview:-1"},"canonical":"https:\/\/panm360.com\/en\/agenda\/festival-du-monde-arabe-refugie-a-la-mer\/","og_locale":"en_US","og_type":"article","og_title":"Festival du monde arabe :\u00a0R\u00e9fugi\u00e9 \u00e0 la mer - PAN M 360","og_description":"Tarek Ghriri propose un voyage musical mouvement\u00e9 \u00e0 travers l\u2019Inde, le Moyen-Orient et l\u2019Espagne. C\u00e9l\u00e9brant \u00e0 travers ses chansons une beaut\u00e9 \u00e0 plusieurs visages, cet alchimiste des sonorit\u00e9s r\u00e9silientes rend hommage \u00e0 ceux qui ont perdu la vie dans la qu\u00eate d\u2019un avenir meilleur. Tarek Ghriri takes his audience on a riveting musical odyssey across [&hellip;]","og_url":"https:\/\/panm360.com\/en\/agenda\/festival-du-monde-arabe-refugie-a-la-mer\/","og_site_name":"PAN M 360","article_publisher":"https:\/\/www.facebook.com\/panm360\/","article_modified_time":"2024-10-14T21:52:12+00:00","og_image":[{"width":1104,"height":1104,"url":"https:\/\/panm360.com\/wp-content\/uploads\/2024\/10\/Refugee-in-the-sea-album-cover-Tarek-Ghriri.jpg","type":"image\/jpeg"}],"twitter_card":"summary_large_image","twitter_site":"@PANM360","twitter_misc":{"Est. reading time":"1 minute"},"schema":{"@context":"https:\/\/schema.org","@graph":[{"@type":"WebPage","@id":"https:\/\/panm360.com\/en\/agenda\/festival-du-monde-arabe-refugie-a-la-mer\/","url":"https:\/\/panm360.com\/en\/agenda\/festival-du-monde-arabe-refugie-a-la-mer\/","name":"Festival du monde arabe :\u00a0R\u00e9fugi\u00e9 \u00e0 la mer - PAN M 360","isPartOf":{"@id":"https:\/\/panm360.com\/en\/#website"},"primaryImageOfPage":{"@id":"https:\/\/panm360.com\/en\/agenda\/festival-du-monde-arabe-refugie-a-la-mer\/#primaryimage"},"image":{"@id":"https:\/\/panm360.com\/en\/agenda\/festival-du-monde-arabe-refugie-a-la-mer\/#primaryimage"},"thumbnailUrl":"https:\/\/panm360.com\/wp-content\/uploads\/2024\/10\/Refugee-in-the-sea-album-cover-Tarek-Ghriri.jpg","datePublished":"2024-09-05T21:46:23+00:00","dateModified":"2024-10-14T21:52:12+00:00","breadcrumb":{"@id":"https:\/\/panm360.com\/en\/agenda\/festival-du-monde-arabe-refugie-a-la-mer\/#breadcrumb"},"inLanguage":"en-US","potentialAction":[{"@type":"ReadAction","target":["https:\/\/panm360.com\/en\/agenda\/festival-du-monde-arabe-refugie-a-la-mer\/"]}]},{"@type":"ImageObject","inLanguage":"en-US","@id":"https:\/\/panm360.com\/en\/agenda\/festival-du-monde-arabe-refugie-a-la-mer\/#primaryimage","url":"https:\/\/panm360.com\/wp-content\/uploads\/2024\/10\/Refugee-in-the-sea-album-cover-Tarek-Ghriri.jpg","contentUrl":"https:\/\/panm360.com\/wp-content\/uploads\/2024\/10\/Refugee-in-the-sea-album-cover-Tarek-Ghriri.jpg","width":1104,"height":1104},{"@type":"BreadcrumbList","@id":"https:\/\/panm360.com\/en\/agenda\/festival-du-monde-arabe-refugie-a-la-mer\/#breadcrumb","itemListElement":[{"@type":"ListItem","position":1,"name":"Accueil","item":"https:\/\/panm360.com\/en\/"},{"@type":"ListItem","position":2,"name":"Listings","item":"https:\/\/panm360.com\/en\/agenda\/"},{"@type":"ListItem","position":3,"name":"Festival du monde arabe :\u00a0R\u00e9fugi\u00e9 \u00e0 la mer"}]},{"@type":"WebSite","@id":"https:\/\/panm360.com\/en\/#website","url":"https:\/\/panm360.com\/en\/","name":"PAN M 360","description":"Le m\u00e9dia num\u00e9rique de la musique !","publisher":{"@id":"https:\/\/panm360.com\/en\/#organization"},"potentialAction":[{"@type":"SearchAction","target":{"@type":"EntryPoint","urlTemplate":"https:\/\/panm360.com\/en\/?s={search_term_string}"},"query-input":{"@type":"PropertyValueSpecification","valueRequired":true,"valueName":"search_term_string"}}],"inLanguage":"en-US"},{"@type":"Organization","@id":"https:\/\/panm360.com\/en\/#organization","name":"PAN M 360","url":"https:\/\/panm360.com\/en\/","logo":{"@type":"ImageObject","inLanguage":"en-US","@id":"https:\/\/panm360.com\/en\/#\/schema\/logo\/image\/","url":"https:\/\/panm360.com\/wp-content\/uploads\/2019\/12\/PAN-M360_Logo_RGB.jpg","contentUrl":"https:\/\/panm360.com\/wp-content\/uploads\/2019\/12\/PAN-M360_Logo_RGB.jpg","width":1663,"height":631,"caption":"PAN M 360"},"image":{"@id":"https:\/\/panm360.com\/en\/#\/schema\/logo\/image\/"},"sameAs":["https:\/\/www.facebook.com\/panm360\/","https:\/\/x.com\/PANM360","https:\/\/www.instagram.com\/panm360\/","https:\/\/www.linkedin.com\/company\/panm360\/","https:\/\/www.youtube.com\/channel\/UCHEFHd3UhIrV6EJ3ltzVKOA?view_as=subscriber"]}]}},"_links":{"self":[{"href":"https:\/\/panm360.com\/en\/wp-json\/wp\/v2\/agenda\/127265","targetHints":{"allow":["GET"]}}],"collection":[{"href":"https:\/\/panm360.com\/en\/wp-json\/wp\/v2\/agenda"}],"about":[{"href":"https:\/\/panm360.com\/en\/wp-json\/wp\/v2\/types\/agenda"}],"author":[{"embeddable":true,"href":"https:\/\/panm360.com\/en\/wp-json\/wp\/v2\/users\/936"}],"wp:featuredmedia":[{"embeddable":true,"href":"https:\/\/panm360.com\/en\/wp-json\/wp\/v2\/media\/127231"}],"wp:attachment":[{"href":"https:\/\/panm360.com\/en\/wp-json\/wp\/v2\/media?parent=127265"}],"wp:term":[{"taxonomy":"category","embeddable":true,"href":"https:\/\/panm360.com\/en\/wp-json\/wp\/v2\/categories?post=127265"},{"taxonomy":"post_tag","embeddable":true,"href":"https:\/\/panm360.com\/en\/wp-json\/wp\/v2\/tags?post=127265"},{"taxonomy":"generale","embeddable":true,"href":"https:\/\/panm360.com\/en\/wp-json\/wp\/v2\/generale?post=127265"},{"taxonomy":"genre","embeddable":true,"href":"https:\/\/panm360.com\/en\/wp-json\/wp\/v2\/genre?post=127265"},{"taxonomy":"pays","embeddable":true,"href":"https:\/\/panm360.com\/en\/wp-json\/wp\/v2\/pays?post=127265"},{"taxonomy":"salle","embeddable":true,"href":"https:\/\/panm360.com\/en\/wp-json\/wp\/v2\/salle?post=127265"},{"taxonomy":"ville","embeddable":true,"href":"https:\/\/panm360.com\/en\/wp-json\/wp\/v2\/ville?post=127265"}],"curies":[{"name":"wp","href":"https:\/\/api.w.org\/{rel}","templated":true}]}}