{"id":127183,"date":"2024-09-11T15:27:49","date_gmt":"2024-09-11T19:27:49","guid":{"rendered":"https:\/\/panm360.com\/?post_type=agenda&#038;p=127183"},"modified":"2024-10-13T15:33:15","modified_gmt":"2024-10-13T19:33:15","slug":"osm-le-temps-des-fetes-avec-nagano","status":"publish","type":"agenda","link":"https:\/\/panm360.com\/en\/agenda\/osm-le-temps-des-fetes-avec-nagano\/","title":{"rendered":"OSM : Le temps des f\u00eates avec Nagano"},"content":{"rendered":"\n<p class=\"wp-block-paragraph\">\u0152uvre embl\u00e9matique du temps des f\u00eates,\u00a0Casse-Noisette\u00a0de Tcha\u00efkovski s\u00e9duit petits et grands gr\u00e2ce \u00e0 son ambiance f\u00e9\u00e9rique et ses sonorit\u00e9s scintillantes. Profonde et chaleureuse, la voix de Marie-Nicole Lemieux illuminera ce concert dans la cr\u00e9ation mondiale d\u2019une \u0153uvre du compositeur canadien Matthew Ricketts. En cadeau, les c\u00e9l\u00e8bres\u00a0Quatre saisons\u00a0de Vivaldi donn\u00e9es dans une orchestration tout \u00e0 fait innovante!<\/p>\n\n\n\n<p class=\"wp-block-paragraph\">That emblem of the holidays, Tchaikovsky\u2019s\u00a0The Nutcracker, delights all ages with its air of magic and its sparkling sounds. The rich, warm voice of Marie-Nicole Lemieux as she performs the world premiere of a work by Canadian composer Matthew Ricketts also lights up the concert. And yet another gift, Vivaldi\u2019s beloved\u00a0Four Seasons, will be played in a completely new orchestration!<\/p>\n\n\n\n<p class=\"wp-block-paragraph\"><strong><a href=\"https:\/\/mon.osm.ca\/3471\/3472\">POUR ACHETER VOTRE BILLET, C\u2019EST ICI!<\/a><\/strong><\/p>\n\n\n\n<iframe style=\"border-radius:12px\" src=\"https:\/\/open.spotify.com\/embed\/album\/7dXs02q4T8kQdPshvm8171?utm_source=generator\" width=\"100%\" height=\"352\" frameBorder=\"0\" allowfullscreen=\"\" allow=\"autoplay; clipboard-write; encrypted-media; fullscreen; picture-in-picture\" loading=\"lazy\"><\/iframe>\n\n\n\n<p class=\"wp-block-paragraph\"><strong><em>Ce contenu provient de l\u2019Orchestre symphonique de Montr\u00e9al et est adapt\u00e9 par PAN M 360<\/em><\/strong><\/p>\n","protected":false},"excerpt":{"rendered":"<p>\u0152uvre embl\u00e9matique du temps des f\u00eates,\u00a0Casse-Noisette\u00a0de Tcha\u00efkovski s\u00e9duit petits et grands gr\u00e2ce \u00e0 son ambiance f\u00e9\u00e9rique et ses sonorit\u00e9s scintillantes. Profonde et chaleureuse, la voix de Marie-Nicole Lemieux illuminera ce concert dans la cr\u00e9ation mondiale d\u2019une \u0153uvre du compositeur canadien Matthew Ricketts. En cadeau, les c\u00e9l\u00e8bres\u00a0Quatre saisons\u00a0de Vivaldi donn\u00e9es dans une orchestration tout \u00e0 fait [&hellip;]<\/p>\n","protected":false},"author":936,"featured_media":127182,"menu_order":0,"template":"","format":"standard","meta":{"_acf_changed":true,"_crdt_document":""},"categories":[4322],"tags":[],"generale":[3814],"genre":[8055,9569],"pays":[3853,3867],"salle":[7031],"ville":[7246],"class_list":["post-127183","agenda","type-agenda","status-publish","format-standard","has-post-thumbnail","hentry","category-listings-360","generale-lire-en","genre-classique-2-en","genre-noel-en","pays-italy-3","pays-russia","salle-maison-symphonique-en","ville-montreal-en"],"acf":[],"yoast_head":"<!-- This site is optimized with the Yoast SEO plugin v27.4 - https:\/\/yoast.com\/product\/yoast-seo-wordpress\/ -->\n<title>OSM : Le temps des f\u00eates avec Nagano - PAN M 360<\/title>\n<meta name=\"robots\" content=\"index, follow, max-snippet:-1, max-image-preview:large, max-video-preview:-1\" \/>\n<link rel=\"canonical\" href=\"https:\/\/panm360.com\/en\/agenda\/osm-le-temps-des-fetes-avec-nagano\/\" \/>\n<meta property=\"og:locale\" content=\"en_US\" \/>\n<meta property=\"og:type\" content=\"article\" \/>\n<meta property=\"og:title\" content=\"OSM : Le temps des f\u00eates avec Nagano - PAN M 360\" \/>\n<meta property=\"og:description\" content=\"\u0152uvre embl\u00e9matique du temps des f\u00eates,\u00a0Casse-Noisette\u00a0de Tcha\u00efkovski s\u00e9duit petits et grands gr\u00e2ce \u00e0 son ambiance f\u00e9\u00e9rique et ses sonorit\u00e9s scintillantes. Profonde et chaleureuse, la voix de Marie-Nicole Lemieux illuminera ce concert dans la cr\u00e9ation mondiale d\u2019une \u0153uvre du compositeur canadien Matthew Ricketts. En cadeau, les c\u00e9l\u00e8bres\u00a0Quatre saisons\u00a0de Vivaldi donn\u00e9es dans une orchestration tout \u00e0 fait [&hellip;]\" \/>\n<meta property=\"og:url\" content=\"https:\/\/panm360.com\/en\/agenda\/osm-le-temps-des-fetes-avec-nagano\/\" \/>\n<meta property=\"og:site_name\" content=\"PAN M 360\" \/>\n<meta property=\"article:publisher\" content=\"https:\/\/www.facebook.com\/panm360\/\" \/>\n<meta property=\"article:modified_time\" content=\"2024-10-13T19:33:15+00:00\" \/>\n<meta property=\"og:image\" content=\"https:\/\/panm360.com\/wp-content\/uploads\/2024\/10\/2024-12-10-le-temps-des-fetes-avec-nagano-1080x1080-1.jpg\" \/>\n\t<meta property=\"og:image:width\" content=\"1080\" \/>\n\t<meta property=\"og:image:height\" content=\"1080\" \/>\n\t<meta property=\"og:image:type\" content=\"image\/jpeg\" \/>\n<meta name=\"twitter:card\" content=\"summary_large_image\" \/>\n<meta name=\"twitter:site\" content=\"@PANM360\" \/>\n<meta name=\"twitter:label1\" content=\"Est. reading time\" \/>\n\t<meta name=\"twitter:data1\" content=\"1 minute\" \/>\n<script type=\"application\/ld+json\" class=\"yoast-schema-graph\">{\"@context\":\"https:\\\/\\\/schema.org\",\"@graph\":[{\"@type\":\"WebPage\",\"@id\":\"https:\\\/\\\/panm360.com\\\/en\\\/agenda\\\/osm-le-temps-des-fetes-avec-nagano\\\/\",\"url\":\"https:\\\/\\\/panm360.com\\\/en\\\/agenda\\\/osm-le-temps-des-fetes-avec-nagano\\\/\",\"name\":\"OSM : Le temps des f\u00eates avec Nagano - PAN M 360\",\"isPartOf\":{\"@id\":\"https:\\\/\\\/panm360.com\\\/en\\\/#website\"},\"primaryImageOfPage\":{\"@id\":\"https:\\\/\\\/panm360.com\\\/en\\\/agenda\\\/osm-le-temps-des-fetes-avec-nagano\\\/#primaryimage\"},\"image\":{\"@id\":\"https:\\\/\\\/panm360.com\\\/en\\\/agenda\\\/osm-le-temps-des-fetes-avec-nagano\\\/#primaryimage\"},\"thumbnailUrl\":\"https:\\\/\\\/panm360.com\\\/wp-content\\\/uploads\\\/2024\\\/10\\\/2024-12-10-le-temps-des-fetes-avec-nagano-1080x1080-1.jpg\",\"datePublished\":\"2024-09-11T19:27:49+00:00\",\"dateModified\":\"2024-10-13T19:33:15+00:00\",\"breadcrumb\":{\"@id\":\"https:\\\/\\\/panm360.com\\\/en\\\/agenda\\\/osm-le-temps-des-fetes-avec-nagano\\\/#breadcrumb\"},\"inLanguage\":\"en-US\",\"potentialAction\":[{\"@type\":\"ReadAction\",\"target\":[\"https:\\\/\\\/panm360.com\\\/en\\\/agenda\\\/osm-le-temps-des-fetes-avec-nagano\\\/\"]}]},{\"@type\":\"ImageObject\",\"inLanguage\":\"en-US\",\"@id\":\"https:\\\/\\\/panm360.com\\\/en\\\/agenda\\\/osm-le-temps-des-fetes-avec-nagano\\\/#primaryimage\",\"url\":\"https:\\\/\\\/panm360.com\\\/wp-content\\\/uploads\\\/2024\\\/10\\\/2024-12-10-le-temps-des-fetes-avec-nagano-1080x1080-1.jpg\",\"contentUrl\":\"https:\\\/\\\/panm360.com\\\/wp-content\\\/uploads\\\/2024\\\/10\\\/2024-12-10-le-temps-des-fetes-avec-nagano-1080x1080-1.jpg\",\"width\":1080,\"height\":1080},{\"@type\":\"BreadcrumbList\",\"@id\":\"https:\\\/\\\/panm360.com\\\/en\\\/agenda\\\/osm-le-temps-des-fetes-avec-nagano\\\/#breadcrumb\",\"itemListElement\":[{\"@type\":\"ListItem\",\"position\":1,\"name\":\"Accueil\",\"item\":\"https:\\\/\\\/panm360.com\\\/en\\\/\"},{\"@type\":\"ListItem\",\"position\":2,\"name\":\"Listings\",\"item\":\"https:\\\/\\\/panm360.com\\\/en\\\/agenda\\\/\"},{\"@type\":\"ListItem\",\"position\":3,\"name\":\"OSM : Le temps des f\u00eates avec Nagano\"}]},{\"@type\":\"WebSite\",\"@id\":\"https:\\\/\\\/panm360.com\\\/en\\\/#website\",\"url\":\"https:\\\/\\\/panm360.com\\\/en\\\/\",\"name\":\"PAN M 360\",\"description\":\"Le m\u00e9dia num\u00e9rique de la musique !\",\"publisher\":{\"@id\":\"https:\\\/\\\/panm360.com\\\/en\\\/#organization\"},\"potentialAction\":[{\"@type\":\"SearchAction\",\"target\":{\"@type\":\"EntryPoint\",\"urlTemplate\":\"https:\\\/\\\/panm360.com\\\/en\\\/?s={search_term_string}\"},\"query-input\":{\"@type\":\"PropertyValueSpecification\",\"valueRequired\":true,\"valueName\":\"search_term_string\"}}],\"inLanguage\":\"en-US\"},{\"@type\":\"Organization\",\"@id\":\"https:\\\/\\\/panm360.com\\\/en\\\/#organization\",\"name\":\"PAN M 360\",\"url\":\"https:\\\/\\\/panm360.com\\\/en\\\/\",\"logo\":{\"@type\":\"ImageObject\",\"inLanguage\":\"en-US\",\"@id\":\"https:\\\/\\\/panm360.com\\\/en\\\/#\\\/schema\\\/logo\\\/image\\\/\",\"url\":\"https:\\\/\\\/panm360.com\\\/wp-content\\\/uploads\\\/2019\\\/12\\\/PAN-M360_Logo_RGB.jpg\",\"contentUrl\":\"https:\\\/\\\/panm360.com\\\/wp-content\\\/uploads\\\/2019\\\/12\\\/PAN-M360_Logo_RGB.jpg\",\"width\":1663,\"height\":631,\"caption\":\"PAN M 360\"},\"image\":{\"@id\":\"https:\\\/\\\/panm360.com\\\/en\\\/#\\\/schema\\\/logo\\\/image\\\/\"},\"sameAs\":[\"https:\\\/\\\/www.facebook.com\\\/panm360\\\/\",\"https:\\\/\\\/x.com\\\/PANM360\",\"https:\\\/\\\/www.instagram.com\\\/panm360\\\/\",\"https:\\\/\\\/www.linkedin.com\\\/company\\\/panm360\\\/\",\"https:\\\/\\\/www.youtube.com\\\/channel\\\/UCHEFHd3UhIrV6EJ3ltzVKOA?view_as=subscriber\"]}]}<\/script>\n<!-- \/ Yoast SEO plugin. -->","yoast_head_json":{"title":"OSM : Le temps des f\u00eates avec Nagano - PAN M 360","robots":{"index":"index","follow":"follow","max-snippet":"max-snippet:-1","max-image-preview":"max-image-preview:large","max-video-preview":"max-video-preview:-1"},"canonical":"https:\/\/panm360.com\/en\/agenda\/osm-le-temps-des-fetes-avec-nagano\/","og_locale":"en_US","og_type":"article","og_title":"OSM : Le temps des f\u00eates avec Nagano - PAN M 360","og_description":"\u0152uvre embl\u00e9matique du temps des f\u00eates,\u00a0Casse-Noisette\u00a0de Tcha\u00efkovski s\u00e9duit petits et grands gr\u00e2ce \u00e0 son ambiance f\u00e9\u00e9rique et ses sonorit\u00e9s scintillantes. Profonde et chaleureuse, la voix de Marie-Nicole Lemieux illuminera ce concert dans la cr\u00e9ation mondiale d\u2019une \u0153uvre du compositeur canadien Matthew Ricketts. En cadeau, les c\u00e9l\u00e8bres\u00a0Quatre saisons\u00a0de Vivaldi donn\u00e9es dans une orchestration tout \u00e0 fait [&hellip;]","og_url":"https:\/\/panm360.com\/en\/agenda\/osm-le-temps-des-fetes-avec-nagano\/","og_site_name":"PAN M 360","article_publisher":"https:\/\/www.facebook.com\/panm360\/","article_modified_time":"2024-10-13T19:33:15+00:00","og_image":[{"width":1080,"height":1080,"url":"https:\/\/panm360.com\/wp-content\/uploads\/2024\/10\/2024-12-10-le-temps-des-fetes-avec-nagano-1080x1080-1.jpg","type":"image\/jpeg"}],"twitter_card":"summary_large_image","twitter_site":"@PANM360","twitter_misc":{"Est. reading time":"1 minute"},"schema":{"@context":"https:\/\/schema.org","@graph":[{"@type":"WebPage","@id":"https:\/\/panm360.com\/en\/agenda\/osm-le-temps-des-fetes-avec-nagano\/","url":"https:\/\/panm360.com\/en\/agenda\/osm-le-temps-des-fetes-avec-nagano\/","name":"OSM : Le temps des f\u00eates avec Nagano - PAN M 360","isPartOf":{"@id":"https:\/\/panm360.com\/en\/#website"},"primaryImageOfPage":{"@id":"https:\/\/panm360.com\/en\/agenda\/osm-le-temps-des-fetes-avec-nagano\/#primaryimage"},"image":{"@id":"https:\/\/panm360.com\/en\/agenda\/osm-le-temps-des-fetes-avec-nagano\/#primaryimage"},"thumbnailUrl":"https:\/\/panm360.com\/wp-content\/uploads\/2024\/10\/2024-12-10-le-temps-des-fetes-avec-nagano-1080x1080-1.jpg","datePublished":"2024-09-11T19:27:49+00:00","dateModified":"2024-10-13T19:33:15+00:00","breadcrumb":{"@id":"https:\/\/panm360.com\/en\/agenda\/osm-le-temps-des-fetes-avec-nagano\/#breadcrumb"},"inLanguage":"en-US","potentialAction":[{"@type":"ReadAction","target":["https:\/\/panm360.com\/en\/agenda\/osm-le-temps-des-fetes-avec-nagano\/"]}]},{"@type":"ImageObject","inLanguage":"en-US","@id":"https:\/\/panm360.com\/en\/agenda\/osm-le-temps-des-fetes-avec-nagano\/#primaryimage","url":"https:\/\/panm360.com\/wp-content\/uploads\/2024\/10\/2024-12-10-le-temps-des-fetes-avec-nagano-1080x1080-1.jpg","contentUrl":"https:\/\/panm360.com\/wp-content\/uploads\/2024\/10\/2024-12-10-le-temps-des-fetes-avec-nagano-1080x1080-1.jpg","width":1080,"height":1080},{"@type":"BreadcrumbList","@id":"https:\/\/panm360.com\/en\/agenda\/osm-le-temps-des-fetes-avec-nagano\/#breadcrumb","itemListElement":[{"@type":"ListItem","position":1,"name":"Accueil","item":"https:\/\/panm360.com\/en\/"},{"@type":"ListItem","position":2,"name":"Listings","item":"https:\/\/panm360.com\/en\/agenda\/"},{"@type":"ListItem","position":3,"name":"OSM : Le temps des f\u00eates avec Nagano"}]},{"@type":"WebSite","@id":"https:\/\/panm360.com\/en\/#website","url":"https:\/\/panm360.com\/en\/","name":"PAN M 360","description":"Le m\u00e9dia num\u00e9rique de la musique !","publisher":{"@id":"https:\/\/panm360.com\/en\/#organization"},"potentialAction":[{"@type":"SearchAction","target":{"@type":"EntryPoint","urlTemplate":"https:\/\/panm360.com\/en\/?s={search_term_string}"},"query-input":{"@type":"PropertyValueSpecification","valueRequired":true,"valueName":"search_term_string"}}],"inLanguage":"en-US"},{"@type":"Organization","@id":"https:\/\/panm360.com\/en\/#organization","name":"PAN M 360","url":"https:\/\/panm360.com\/en\/","logo":{"@type":"ImageObject","inLanguage":"en-US","@id":"https:\/\/panm360.com\/en\/#\/schema\/logo\/image\/","url":"https:\/\/panm360.com\/wp-content\/uploads\/2019\/12\/PAN-M360_Logo_RGB.jpg","contentUrl":"https:\/\/panm360.com\/wp-content\/uploads\/2019\/12\/PAN-M360_Logo_RGB.jpg","width":1663,"height":631,"caption":"PAN M 360"},"image":{"@id":"https:\/\/panm360.com\/en\/#\/schema\/logo\/image\/"},"sameAs":["https:\/\/www.facebook.com\/panm360\/","https:\/\/x.com\/PANM360","https:\/\/www.instagram.com\/panm360\/","https:\/\/www.linkedin.com\/company\/panm360\/","https:\/\/www.youtube.com\/channel\/UCHEFHd3UhIrV6EJ3ltzVKOA?view_as=subscriber"]}]}},"_links":{"self":[{"href":"https:\/\/panm360.com\/en\/wp-json\/wp\/v2\/agenda\/127183","targetHints":{"allow":["GET"]}}],"collection":[{"href":"https:\/\/panm360.com\/en\/wp-json\/wp\/v2\/agenda"}],"about":[{"href":"https:\/\/panm360.com\/en\/wp-json\/wp\/v2\/types\/agenda"}],"author":[{"embeddable":true,"href":"https:\/\/panm360.com\/en\/wp-json\/wp\/v2\/users\/936"}],"wp:featuredmedia":[{"embeddable":true,"href":"https:\/\/panm360.com\/en\/wp-json\/wp\/v2\/media\/127182"}],"wp:attachment":[{"href":"https:\/\/panm360.com\/en\/wp-json\/wp\/v2\/media?parent=127183"}],"wp:term":[{"taxonomy":"category","embeddable":true,"href":"https:\/\/panm360.com\/en\/wp-json\/wp\/v2\/categories?post=127183"},{"taxonomy":"post_tag","embeddable":true,"href":"https:\/\/panm360.com\/en\/wp-json\/wp\/v2\/tags?post=127183"},{"taxonomy":"generale","embeddable":true,"href":"https:\/\/panm360.com\/en\/wp-json\/wp\/v2\/generale?post=127183"},{"taxonomy":"genre","embeddable":true,"href":"https:\/\/panm360.com\/en\/wp-json\/wp\/v2\/genre?post=127183"},{"taxonomy":"pays","embeddable":true,"href":"https:\/\/panm360.com\/en\/wp-json\/wp\/v2\/pays?post=127183"},{"taxonomy":"salle","embeddable":true,"href":"https:\/\/panm360.com\/en\/wp-json\/wp\/v2\/salle?post=127183"},{"taxonomy":"ville","embeddable":true,"href":"https:\/\/panm360.com\/en\/wp-json\/wp\/v2\/ville?post=127183"}],"curies":[{"name":"wp","href":"https:\/\/api.w.org\/{rel}","templated":true}]}}