{"id":124256,"date":"2024-08-15T16:53:10","date_gmt":"2024-08-15T20:53:10","guid":{"rendered":"https:\/\/panm360.com\/?post_type=agenda&#038;p=124256"},"modified":"2024-08-27T17:19:23","modified_gmt":"2024-08-27T21:19:23","slug":"fme-2024-amery-et-de-flore","status":"publish","type":"agenda","link":"https:\/\/panm360.com\/en\/agenda\/fme-2024-amery-et-de-flore\/","title":{"rendered":"FME 2024 : Amery et De Flore"},"content":{"rendered":"\n<p class=\"wp-block-paragraph\"><strong>De Flore (17h)<\/strong><\/p>\n\n\n\n<p class=\"wp-block-paragraph\">De Flore est un rendez-vous de bedroom pop vaporeuse, de nu-disco \u00e0 la french-touch et de n\u00e9o-psych\u00e9d\u00e9lique sensuel. Le duo se laisse s\u00e9duire par le temps qui s\u2019\u00e9chappe et le velours qui les entoure. Portant une signature indie, sexy et groovy, les deux autodidactes projettent une vibe nostalgique aux couleurs pastel. La voix \u00e9vasive livre des images surr\u00e9elles sur des riffs de guitares jazzy, des synth\u00e9tiseurs psych\u00e9s, et des beats loungy. Leur \u00e9nergie feutr\u00e9e et p\u00e9tillante d\u00e9gage une chaleur qui n\u00e9cessite parfois le recours \u00e0 des ventilateurs.<\/p>\n\n\n\n<p class=\"wp-block-paragraph\">De Flore is a rendezvous of steamy bedroom pop, French-touch nu-disco and sensual neo-psychedelia. The duo let themselves be seduced by escaping time and the velvet that surrounds them. Wearing a sexy, groovy indie signature, the two autodidacts project a nostalgic vibe in pastel colors. Evasive vocals deliver surreal images over jazzy guitar riffs, psychedelic synthesizers and loungy beats. Their hushed, bubbly energy exudes a warmth that sometimes requires fans.<\/p>\n\n\n\n<p class=\"wp-block-paragraph\"><strong>Amery (18h)<\/strong><\/p>\n\n\n\n<p class=\"wp-block-paragraph\">Amery Sandford, anciennement membre de groupes punk de Terre-Neuve et du duo pop montr\u00e9alais Born At Midnite, a lanc\u00e9 Alpen Glow en 2020. Son premier album &#8220;Continue As Amery&#8221; (Night School Records), enregistr\u00e9 par David Carriere, Patrick Holland et Kristian North, met en valeur ses racines punk et son esprit DIY \u00e0 travers huit morceaux pop accrocheurs. L&#8217;album, rempli d&#8217;humour et d&#8217;images vibrantes, refl\u00e8te ses exp\u00e9riences, ses amiti\u00e9s et sa carri\u00e8re d&#8217;artiste visuelle. Maintenant qu&#8217;elle abandonne l&#8217;alias Alpen Glow, Amery est pr\u00eate \u00e0 \u00e9lectriser la nuit.<\/p>\n\n\n\n<p class=\"wp-block-paragraph\">Amery Sandford, formerly a member of Newfoundland punk bands and Montreal pop duo Born At Midnite, released Alpen Glow in 2020. Her debut album \u201cContinue As Amery\u201d (Night School Records), recorded by David Carriere, Patrick Holland and Kristian North, showcases her punk roots and DIY spirit through eight catchy pop tracks. Filled with humor and vibrant imagery, the album reflects her experiences, friendships and career as a visual artist. Now that she&#8217;s dropped the alias Alpen Glow, Amery is ready to electrify the night.<\/p>\n\n\n\n<p class=\"wp-block-paragraph\"><strong><a href=\"https:\/\/www.fmeat.org\/billetterie\/\">POUR ACHETER VOTRE BILLET, C\u2019EST ICI!<\/a><\/strong><\/p>\n\n\n\n<iframe style=\"border-radius:12px\" src=\"https:\/\/open.spotify.com\/embed\/artist\/1bwYRjgLFnaNYmSWoUyd7I?utm_source=generator\" width=\"100%\" height=\"352\" frameBorder=\"0\" allowfullscreen=\"\" allow=\"autoplay; clipboard-write; encrypted-media; fullscreen; picture-in-picture\" loading=\"lazy\"><\/iframe>\n\n\n\n<p class=\"wp-block-paragraph\"><strong><em>Ce contenu provient du Festival de musique \u00e9mergente de Rouyn-Noranda et est adapt\u00e9 par PAN M 360.<\/em><\/strong><\/p>\n","protected":false},"excerpt":{"rendered":"<p>De Flore (17h) De Flore est un rendez-vous de bedroom pop vaporeuse, de nu-disco \u00e0 la french-touch et de n\u00e9o-psych\u00e9d\u00e9lique sensuel. Le duo se laisse s\u00e9duire par le temps qui s\u2019\u00e9chappe et le velours qui les entoure. Portant une signature indie, sexy et groovy, les deux autodidactes projettent une vibe nostalgique aux couleurs pastel. La [&hellip;]<\/p>\n","protected":false},"author":936,"featured_media":124255,"menu_order":0,"template":"","format":"standard","meta":{"_acf_changed":true,"_crdt_document":""},"categories":[4322],"tags":[],"generale":[3814],"genre":[3234,6441,3245],"pays":[3828,3829],"salle":[8680],"ville":[7283],"class_list":["post-124256","agenda","type-agenda","status-publish","format-standard","has-post-thumbnail","hentry","category-listings-360","generale-lire-en","genre-neo-psychedelia-rock-2","genre-nu-disco-en","genre-pop-2","pays-canada-en","pays-france-en","salle-les-mooses-152-rue-perreault-est-en","ville-rouyn-noranda-en"],"acf":[],"yoast_head":"<!-- This site is optimized with the Yoast SEO plugin v27.4 - https:\/\/yoast.com\/product\/yoast-seo-wordpress\/ -->\n<title>FME 2024 : Amery et De Flore - PAN M 360<\/title>\n<meta name=\"robots\" content=\"index, follow, max-snippet:-1, max-image-preview:large, max-video-preview:-1\" \/>\n<link rel=\"canonical\" href=\"https:\/\/panm360.com\/en\/agenda\/fme-2024-amery-et-de-flore\/\" \/>\n<meta property=\"og:locale\" content=\"en_US\" \/>\n<meta property=\"og:type\" content=\"article\" \/>\n<meta property=\"og:title\" content=\"FME 2024 : Amery et De Flore - PAN M 360\" \/>\n<meta property=\"og:description\" content=\"De Flore (17h) De Flore est un rendez-vous de bedroom pop vaporeuse, de nu-disco \u00e0 la french-touch et de n\u00e9o-psych\u00e9d\u00e9lique sensuel. Le duo se laisse s\u00e9duire par le temps qui s\u2019\u00e9chappe et le velours qui les entoure. Portant une signature indie, sexy et groovy, les deux autodidactes projettent une vibe nostalgique aux couleurs pastel. La [&hellip;]\" \/>\n<meta property=\"og:url\" content=\"https:\/\/panm360.com\/en\/agenda\/fme-2024-amery-et-de-flore\/\" \/>\n<meta property=\"og:site_name\" content=\"PAN M 360\" \/>\n<meta property=\"article:publisher\" content=\"https:\/\/www.facebook.com\/panm360\/\" \/>\n<meta property=\"article:modified_time\" content=\"2024-08-27T21:19:23+00:00\" \/>\n<meta property=\"og:image\" content=\"https:\/\/panm360.com\/wp-content\/uploads\/2024\/08\/G_amery_1024x640-1024x640-1.jpg\" \/>\n\t<meta property=\"og:image:width\" content=\"1024\" \/>\n\t<meta property=\"og:image:height\" content=\"640\" \/>\n\t<meta property=\"og:image:type\" content=\"image\/jpeg\" \/>\n<meta name=\"twitter:card\" content=\"summary_large_image\" \/>\n<meta name=\"twitter:site\" content=\"@PANM360\" \/>\n<meta name=\"twitter:label1\" content=\"Est. reading time\" \/>\n\t<meta name=\"twitter:data1\" content=\"2 minutes\" \/>\n<script type=\"application\/ld+json\" class=\"yoast-schema-graph\">{\"@context\":\"https:\\\/\\\/schema.org\",\"@graph\":[{\"@type\":\"WebPage\",\"@id\":\"https:\\\/\\\/panm360.com\\\/en\\\/agenda\\\/fme-2024-amery-et-de-flore\\\/\",\"url\":\"https:\\\/\\\/panm360.com\\\/en\\\/agenda\\\/fme-2024-amery-et-de-flore\\\/\",\"name\":\"FME 2024 : Amery et De Flore - PAN M 360\",\"isPartOf\":{\"@id\":\"https:\\\/\\\/panm360.com\\\/en\\\/#website\"},\"primaryImageOfPage\":{\"@id\":\"https:\\\/\\\/panm360.com\\\/en\\\/agenda\\\/fme-2024-amery-et-de-flore\\\/#primaryimage\"},\"image\":{\"@id\":\"https:\\\/\\\/panm360.com\\\/en\\\/agenda\\\/fme-2024-amery-et-de-flore\\\/#primaryimage\"},\"thumbnailUrl\":\"https:\\\/\\\/panm360.com\\\/wp-content\\\/uploads\\\/2024\\\/08\\\/G_amery_1024x640-1024x640-1.jpg\",\"datePublished\":\"2024-08-15T20:53:10+00:00\",\"dateModified\":\"2024-08-27T21:19:23+00:00\",\"breadcrumb\":{\"@id\":\"https:\\\/\\\/panm360.com\\\/en\\\/agenda\\\/fme-2024-amery-et-de-flore\\\/#breadcrumb\"},\"inLanguage\":\"en-US\",\"potentialAction\":[{\"@type\":\"ReadAction\",\"target\":[\"https:\\\/\\\/panm360.com\\\/en\\\/agenda\\\/fme-2024-amery-et-de-flore\\\/\"]}]},{\"@type\":\"ImageObject\",\"inLanguage\":\"en-US\",\"@id\":\"https:\\\/\\\/panm360.com\\\/en\\\/agenda\\\/fme-2024-amery-et-de-flore\\\/#primaryimage\",\"url\":\"https:\\\/\\\/panm360.com\\\/wp-content\\\/uploads\\\/2024\\\/08\\\/G_amery_1024x640-1024x640-1.jpg\",\"contentUrl\":\"https:\\\/\\\/panm360.com\\\/wp-content\\\/uploads\\\/2024\\\/08\\\/G_amery_1024x640-1024x640-1.jpg\",\"width\":1024,\"height\":640},{\"@type\":\"BreadcrumbList\",\"@id\":\"https:\\\/\\\/panm360.com\\\/en\\\/agenda\\\/fme-2024-amery-et-de-flore\\\/#breadcrumb\",\"itemListElement\":[{\"@type\":\"ListItem\",\"position\":1,\"name\":\"Accueil\",\"item\":\"https:\\\/\\\/panm360.com\\\/en\\\/\"},{\"@type\":\"ListItem\",\"position\":2,\"name\":\"Listings\",\"item\":\"https:\\\/\\\/panm360.com\\\/en\\\/agenda\\\/\"},{\"@type\":\"ListItem\",\"position\":3,\"name\":\"FME 2024 : Amery et De Flore\"}]},{\"@type\":\"WebSite\",\"@id\":\"https:\\\/\\\/panm360.com\\\/en\\\/#website\",\"url\":\"https:\\\/\\\/panm360.com\\\/en\\\/\",\"name\":\"PAN M 360\",\"description\":\"Le m\u00e9dia num\u00e9rique de la musique !\",\"publisher\":{\"@id\":\"https:\\\/\\\/panm360.com\\\/en\\\/#organization\"},\"potentialAction\":[{\"@type\":\"SearchAction\",\"target\":{\"@type\":\"EntryPoint\",\"urlTemplate\":\"https:\\\/\\\/panm360.com\\\/en\\\/?s={search_term_string}\"},\"query-input\":{\"@type\":\"PropertyValueSpecification\",\"valueRequired\":true,\"valueName\":\"search_term_string\"}}],\"inLanguage\":\"en-US\"},{\"@type\":\"Organization\",\"@id\":\"https:\\\/\\\/panm360.com\\\/en\\\/#organization\",\"name\":\"PAN M 360\",\"url\":\"https:\\\/\\\/panm360.com\\\/en\\\/\",\"logo\":{\"@type\":\"ImageObject\",\"inLanguage\":\"en-US\",\"@id\":\"https:\\\/\\\/panm360.com\\\/en\\\/#\\\/schema\\\/logo\\\/image\\\/\",\"url\":\"https:\\\/\\\/panm360.com\\\/wp-content\\\/uploads\\\/2019\\\/12\\\/PAN-M360_Logo_RGB.jpg\",\"contentUrl\":\"https:\\\/\\\/panm360.com\\\/wp-content\\\/uploads\\\/2019\\\/12\\\/PAN-M360_Logo_RGB.jpg\",\"width\":1663,\"height\":631,\"caption\":\"PAN M 360\"},\"image\":{\"@id\":\"https:\\\/\\\/panm360.com\\\/en\\\/#\\\/schema\\\/logo\\\/image\\\/\"},\"sameAs\":[\"https:\\\/\\\/www.facebook.com\\\/panm360\\\/\",\"https:\\\/\\\/x.com\\\/PANM360\",\"https:\\\/\\\/www.instagram.com\\\/panm360\\\/\",\"https:\\\/\\\/www.linkedin.com\\\/company\\\/panm360\\\/\",\"https:\\\/\\\/www.youtube.com\\\/channel\\\/UCHEFHd3UhIrV6EJ3ltzVKOA?view_as=subscriber\"]}]}<\/script>\n<!-- \/ Yoast SEO plugin. -->","yoast_head_json":{"title":"FME 2024 : Amery et De Flore - PAN M 360","robots":{"index":"index","follow":"follow","max-snippet":"max-snippet:-1","max-image-preview":"max-image-preview:large","max-video-preview":"max-video-preview:-1"},"canonical":"https:\/\/panm360.com\/en\/agenda\/fme-2024-amery-et-de-flore\/","og_locale":"en_US","og_type":"article","og_title":"FME 2024 : Amery et De Flore - PAN M 360","og_description":"De Flore (17h) De Flore est un rendez-vous de bedroom pop vaporeuse, de nu-disco \u00e0 la french-touch et de n\u00e9o-psych\u00e9d\u00e9lique sensuel. Le duo se laisse s\u00e9duire par le temps qui s\u2019\u00e9chappe et le velours qui les entoure. Portant une signature indie, sexy et groovy, les deux autodidactes projettent une vibe nostalgique aux couleurs pastel. La [&hellip;]","og_url":"https:\/\/panm360.com\/en\/agenda\/fme-2024-amery-et-de-flore\/","og_site_name":"PAN M 360","article_publisher":"https:\/\/www.facebook.com\/panm360\/","article_modified_time":"2024-08-27T21:19:23+00:00","og_image":[{"width":1024,"height":640,"url":"https:\/\/panm360.com\/wp-content\/uploads\/2024\/08\/G_amery_1024x640-1024x640-1.jpg","type":"image\/jpeg"}],"twitter_card":"summary_large_image","twitter_site":"@PANM360","twitter_misc":{"Est. reading time":"2 minutes"},"schema":{"@context":"https:\/\/schema.org","@graph":[{"@type":"WebPage","@id":"https:\/\/panm360.com\/en\/agenda\/fme-2024-amery-et-de-flore\/","url":"https:\/\/panm360.com\/en\/agenda\/fme-2024-amery-et-de-flore\/","name":"FME 2024 : Amery et De Flore - PAN M 360","isPartOf":{"@id":"https:\/\/panm360.com\/en\/#website"},"primaryImageOfPage":{"@id":"https:\/\/panm360.com\/en\/agenda\/fme-2024-amery-et-de-flore\/#primaryimage"},"image":{"@id":"https:\/\/panm360.com\/en\/agenda\/fme-2024-amery-et-de-flore\/#primaryimage"},"thumbnailUrl":"https:\/\/panm360.com\/wp-content\/uploads\/2024\/08\/G_amery_1024x640-1024x640-1.jpg","datePublished":"2024-08-15T20:53:10+00:00","dateModified":"2024-08-27T21:19:23+00:00","breadcrumb":{"@id":"https:\/\/panm360.com\/en\/agenda\/fme-2024-amery-et-de-flore\/#breadcrumb"},"inLanguage":"en-US","potentialAction":[{"@type":"ReadAction","target":["https:\/\/panm360.com\/en\/agenda\/fme-2024-amery-et-de-flore\/"]}]},{"@type":"ImageObject","inLanguage":"en-US","@id":"https:\/\/panm360.com\/en\/agenda\/fme-2024-amery-et-de-flore\/#primaryimage","url":"https:\/\/panm360.com\/wp-content\/uploads\/2024\/08\/G_amery_1024x640-1024x640-1.jpg","contentUrl":"https:\/\/panm360.com\/wp-content\/uploads\/2024\/08\/G_amery_1024x640-1024x640-1.jpg","width":1024,"height":640},{"@type":"BreadcrumbList","@id":"https:\/\/panm360.com\/en\/agenda\/fme-2024-amery-et-de-flore\/#breadcrumb","itemListElement":[{"@type":"ListItem","position":1,"name":"Accueil","item":"https:\/\/panm360.com\/en\/"},{"@type":"ListItem","position":2,"name":"Listings","item":"https:\/\/panm360.com\/en\/agenda\/"},{"@type":"ListItem","position":3,"name":"FME 2024 : Amery et De Flore"}]},{"@type":"WebSite","@id":"https:\/\/panm360.com\/en\/#website","url":"https:\/\/panm360.com\/en\/","name":"PAN M 360","description":"Le m\u00e9dia num\u00e9rique de la musique !","publisher":{"@id":"https:\/\/panm360.com\/en\/#organization"},"potentialAction":[{"@type":"SearchAction","target":{"@type":"EntryPoint","urlTemplate":"https:\/\/panm360.com\/en\/?s={search_term_string}"},"query-input":{"@type":"PropertyValueSpecification","valueRequired":true,"valueName":"search_term_string"}}],"inLanguage":"en-US"},{"@type":"Organization","@id":"https:\/\/panm360.com\/en\/#organization","name":"PAN M 360","url":"https:\/\/panm360.com\/en\/","logo":{"@type":"ImageObject","inLanguage":"en-US","@id":"https:\/\/panm360.com\/en\/#\/schema\/logo\/image\/","url":"https:\/\/panm360.com\/wp-content\/uploads\/2019\/12\/PAN-M360_Logo_RGB.jpg","contentUrl":"https:\/\/panm360.com\/wp-content\/uploads\/2019\/12\/PAN-M360_Logo_RGB.jpg","width":1663,"height":631,"caption":"PAN M 360"},"image":{"@id":"https:\/\/panm360.com\/en\/#\/schema\/logo\/image\/"},"sameAs":["https:\/\/www.facebook.com\/panm360\/","https:\/\/x.com\/PANM360","https:\/\/www.instagram.com\/panm360\/","https:\/\/www.linkedin.com\/company\/panm360\/","https:\/\/www.youtube.com\/channel\/UCHEFHd3UhIrV6EJ3ltzVKOA?view_as=subscriber"]}]}},"_links":{"self":[{"href":"https:\/\/panm360.com\/en\/wp-json\/wp\/v2\/agenda\/124256","targetHints":{"allow":["GET"]}}],"collection":[{"href":"https:\/\/panm360.com\/en\/wp-json\/wp\/v2\/agenda"}],"about":[{"href":"https:\/\/panm360.com\/en\/wp-json\/wp\/v2\/types\/agenda"}],"author":[{"embeddable":true,"href":"https:\/\/panm360.com\/en\/wp-json\/wp\/v2\/users\/936"}],"wp:featuredmedia":[{"embeddable":true,"href":"https:\/\/panm360.com\/en\/wp-json\/wp\/v2\/media\/124255"}],"wp:attachment":[{"href":"https:\/\/panm360.com\/en\/wp-json\/wp\/v2\/media?parent=124256"}],"wp:term":[{"taxonomy":"category","embeddable":true,"href":"https:\/\/panm360.com\/en\/wp-json\/wp\/v2\/categories?post=124256"},{"taxonomy":"post_tag","embeddable":true,"href":"https:\/\/panm360.com\/en\/wp-json\/wp\/v2\/tags?post=124256"},{"taxonomy":"generale","embeddable":true,"href":"https:\/\/panm360.com\/en\/wp-json\/wp\/v2\/generale?post=124256"},{"taxonomy":"genre","embeddable":true,"href":"https:\/\/panm360.com\/en\/wp-json\/wp\/v2\/genre?post=124256"},{"taxonomy":"pays","embeddable":true,"href":"https:\/\/panm360.com\/en\/wp-json\/wp\/v2\/pays?post=124256"},{"taxonomy":"salle","embeddable":true,"href":"https:\/\/panm360.com\/en\/wp-json\/wp\/v2\/salle?post=124256"},{"taxonomy":"ville","embeddable":true,"href":"https:\/\/panm360.com\/en\/wp-json\/wp\/v2\/ville?post=124256"}],"curies":[{"name":"wp","href":"https:\/\/api.w.org\/{rel}","templated":true}]}}