{"id":123467,"date":"2024-08-15T13:16:46","date_gmt":"2024-08-15T17:16:46","guid":{"rendered":"https:\/\/panm360.com\/?post_type=agenda&#038;p=123467"},"modified":"2024-08-15T13:19:09","modified_gmt":"2024-08-15T17:19:09","slug":"viree-classique-le-grandiose-requiem-de-verdi","status":"publish","type":"agenda","link":"https:\/\/panm360.com\/en\/agenda\/viree-classique-le-grandiose-requiem-de-verdi\/","title":{"rendered":"Vir\u00e9e classique: Le grandiose Requiem de Verdi"},"content":{"rendered":"\n<p class=\"wp-block-paragraph\">\u0152uvre aux dimensions th\u00e9\u00e2trales, le grandiose Requiem de Verdi r\u00e9unira quatre solistes de renom ainsi qu\u2019un vaste effectif choral et instrumental sous la direction de Rafael Payare. Le lyrisme profond des voix solistes, la puissance du ch\u0153ur et de l\u2019orchestre ou les effets saisissants du c\u00e9l\u00e8bre Dies Irae, entre autres, cr\u00e9ent un parcours \u00e9motionnel hors du commun. Venez exp\u00e9rimenter le pouvoir de la musique!<\/p>\n\n\n\n<p class=\"wp-block-paragraph\">A work of theatrical proportions, Verdi&#8217;s grandiose Requiem will bring together four renowned soloists and a vast choral and instrumental ensemble under the direction of Rafael Payare. The profound lyricism of the solo voices, the power of the choir and orchestra and the striking effects of the famous Dies Irae, among others, create an extraordinary emotional journey. Come and experience the power of music!<\/p>\n\n\n\n<p class=\"wp-block-paragraph\"><strong><a href=\"https:\/\/www.osm.ca\/fr\/programmation?saison=viree-classique-2024&amp;type=concerts&amp;preferences=en-salle\" data-type=\"link\" data-id=\"https:\/\/www.osm.ca\/fr\/programmation?saison=viree-classique-2024&amp;type=concerts&amp;preferences=en-salle\">POUR ACHETER VOTRE BILLET, C\u2019EST ICI!<\/a><\/strong><\/p>\n\n\n\n<p class=\"wp-block-paragraph\"><strong><em>Ce contenu provient de l&#8217;Orchestre Symphonique de Montr\u00e9al et est adapt\u00e9 par PAN M 360<\/em><\/strong><\/p>\n","protected":false},"excerpt":{"rendered":"<p>\u0152uvre aux dimensions th\u00e9\u00e2trales, le grandiose Requiem de Verdi r\u00e9unira quatre solistes de renom ainsi qu\u2019un vaste effectif choral et instrumental sous la direction de Rafael Payare. Le lyrisme profond des voix solistes, la puissance du ch\u0153ur et de l\u2019orchestre ou les effets saisissants du c\u00e9l\u00e8bre Dies Irae, entre autres, cr\u00e9ent un parcours \u00e9motionnel hors [&hellip;]<\/p>\n","protected":false},"author":1362,"featured_media":123466,"menu_order":0,"template":"","format":"standard","meta":{"_acf_changed":true,"_crdt_document":""},"categories":[4322],"tags":[],"generale":[3814],"genre":[8055],"pays":[3828],"salle":[8387],"ville":[7246],"class_list":["post-123467","agenda","type-agenda","status-publish","format-standard","has-post-thumbnail","hentry","category-listings-360","generale-lire-en","genre-classique-2-en","pays-canada-en","salle-maison-symphonique-de-montreal-en","ville-montreal-en"],"acf":[],"yoast_head":"<!-- This site is optimized with the Yoast SEO plugin v27.4 - https:\/\/yoast.com\/product\/yoast-seo-wordpress\/ -->\n<title>Vir\u00e9e classique: Le grandiose Requiem de Verdi - PAN M 360<\/title>\n<meta name=\"robots\" content=\"index, follow, max-snippet:-1, max-image-preview:large, max-video-preview:-1\" \/>\n<link rel=\"canonical\" href=\"https:\/\/panm360.com\/en\/agenda\/viree-classique-le-grandiose-requiem-de-verdi\/\" \/>\n<meta property=\"og:locale\" content=\"en_US\" \/>\n<meta property=\"og:type\" content=\"article\" \/>\n<meta property=\"og:title\" content=\"Vir\u00e9e classique: Le grandiose Requiem de Verdi - PAN M 360\" \/>\n<meta property=\"og:description\" content=\"\u0152uvre aux dimensions th\u00e9\u00e2trales, le grandiose Requiem de Verdi r\u00e9unira quatre solistes de renom ainsi qu\u2019un vaste effectif choral et instrumental sous la direction de Rafael Payare. Le lyrisme profond des voix solistes, la puissance du ch\u0153ur et de l\u2019orchestre ou les effets saisissants du c\u00e9l\u00e8bre Dies Irae, entre autres, cr\u00e9ent un parcours \u00e9motionnel hors [&hellip;]\" \/>\n<meta property=\"og:url\" content=\"https:\/\/panm360.com\/en\/agenda\/viree-classique-le-grandiose-requiem-de-verdi\/\" \/>\n<meta property=\"og:site_name\" content=\"PAN M 360\" \/>\n<meta property=\"article:publisher\" content=\"https:\/\/www.facebook.com\/panm360\/\" \/>\n<meta property=\"article:modified_time\" content=\"2024-08-15T17:19:09+00:00\" \/>\n<meta property=\"og:image\" content=\"https:\/\/panm360.com\/wp-content\/uploads\/2024\/08\/Screenshot-2024-08-15-at-1.16.03\u202fPM.png\" \/>\n\t<meta property=\"og:image:width\" content=\"1356\" \/>\n\t<meta property=\"og:image:height\" content=\"804\" \/>\n\t<meta property=\"og:image:type\" content=\"image\/png\" \/>\n<meta name=\"twitter:card\" content=\"summary_large_image\" \/>\n<meta name=\"twitter:site\" content=\"@PANM360\" \/>\n<meta name=\"twitter:label1\" content=\"Est. reading time\" \/>\n\t<meta name=\"twitter:data1\" content=\"1 minute\" \/>\n<script type=\"application\/ld+json\" class=\"yoast-schema-graph\">{\"@context\":\"https:\\\/\\\/schema.org\",\"@graph\":[{\"@type\":\"WebPage\",\"@id\":\"https:\\\/\\\/panm360.com\\\/en\\\/agenda\\\/viree-classique-le-grandiose-requiem-de-verdi\\\/\",\"url\":\"https:\\\/\\\/panm360.com\\\/en\\\/agenda\\\/viree-classique-le-grandiose-requiem-de-verdi\\\/\",\"name\":\"Vir\u00e9e classique: Le grandiose Requiem de Verdi - PAN M 360\",\"isPartOf\":{\"@id\":\"https:\\\/\\\/panm360.com\\\/en\\\/#website\"},\"primaryImageOfPage\":{\"@id\":\"https:\\\/\\\/panm360.com\\\/en\\\/agenda\\\/viree-classique-le-grandiose-requiem-de-verdi\\\/#primaryimage\"},\"image\":{\"@id\":\"https:\\\/\\\/panm360.com\\\/en\\\/agenda\\\/viree-classique-le-grandiose-requiem-de-verdi\\\/#primaryimage\"},\"thumbnailUrl\":\"https:\\\/\\\/panm360.com\\\/wp-content\\\/uploads\\\/2024\\\/08\\\/Screenshot-2024-08-15-at-1.16.03\u202fPM.png\",\"datePublished\":\"2024-08-15T17:16:46+00:00\",\"dateModified\":\"2024-08-15T17:19:09+00:00\",\"breadcrumb\":{\"@id\":\"https:\\\/\\\/panm360.com\\\/en\\\/agenda\\\/viree-classique-le-grandiose-requiem-de-verdi\\\/#breadcrumb\"},\"inLanguage\":\"en-US\",\"potentialAction\":[{\"@type\":\"ReadAction\",\"target\":[\"https:\\\/\\\/panm360.com\\\/en\\\/agenda\\\/viree-classique-le-grandiose-requiem-de-verdi\\\/\"]}]},{\"@type\":\"ImageObject\",\"inLanguage\":\"en-US\",\"@id\":\"https:\\\/\\\/panm360.com\\\/en\\\/agenda\\\/viree-classique-le-grandiose-requiem-de-verdi\\\/#primaryimage\",\"url\":\"https:\\\/\\\/panm360.com\\\/wp-content\\\/uploads\\\/2024\\\/08\\\/Screenshot-2024-08-15-at-1.16.03\u202fPM.png\",\"contentUrl\":\"https:\\\/\\\/panm360.com\\\/wp-content\\\/uploads\\\/2024\\\/08\\\/Screenshot-2024-08-15-at-1.16.03\u202fPM.png\",\"width\":1356,\"height\":804},{\"@type\":\"BreadcrumbList\",\"@id\":\"https:\\\/\\\/panm360.com\\\/en\\\/agenda\\\/viree-classique-le-grandiose-requiem-de-verdi\\\/#breadcrumb\",\"itemListElement\":[{\"@type\":\"ListItem\",\"position\":1,\"name\":\"Accueil\",\"item\":\"https:\\\/\\\/panm360.com\\\/en\\\/\"},{\"@type\":\"ListItem\",\"position\":2,\"name\":\"Listings\",\"item\":\"https:\\\/\\\/panm360.com\\\/en\\\/agenda\\\/\"},{\"@type\":\"ListItem\",\"position\":3,\"name\":\"Vir\u00e9e classique: Le grandiose Requiem de Verdi\"}]},{\"@type\":\"WebSite\",\"@id\":\"https:\\\/\\\/panm360.com\\\/en\\\/#website\",\"url\":\"https:\\\/\\\/panm360.com\\\/en\\\/\",\"name\":\"PAN M 360\",\"description\":\"Le m\u00e9dia num\u00e9rique de la musique !\",\"publisher\":{\"@id\":\"https:\\\/\\\/panm360.com\\\/en\\\/#organization\"},\"potentialAction\":[{\"@type\":\"SearchAction\",\"target\":{\"@type\":\"EntryPoint\",\"urlTemplate\":\"https:\\\/\\\/panm360.com\\\/en\\\/?s={search_term_string}\"},\"query-input\":{\"@type\":\"PropertyValueSpecification\",\"valueRequired\":true,\"valueName\":\"search_term_string\"}}],\"inLanguage\":\"en-US\"},{\"@type\":\"Organization\",\"@id\":\"https:\\\/\\\/panm360.com\\\/en\\\/#organization\",\"name\":\"PAN M 360\",\"url\":\"https:\\\/\\\/panm360.com\\\/en\\\/\",\"logo\":{\"@type\":\"ImageObject\",\"inLanguage\":\"en-US\",\"@id\":\"https:\\\/\\\/panm360.com\\\/en\\\/#\\\/schema\\\/logo\\\/image\\\/\",\"url\":\"https:\\\/\\\/panm360.com\\\/wp-content\\\/uploads\\\/2019\\\/12\\\/PAN-M360_Logo_RGB.jpg\",\"contentUrl\":\"https:\\\/\\\/panm360.com\\\/wp-content\\\/uploads\\\/2019\\\/12\\\/PAN-M360_Logo_RGB.jpg\",\"width\":1663,\"height\":631,\"caption\":\"PAN M 360\"},\"image\":{\"@id\":\"https:\\\/\\\/panm360.com\\\/en\\\/#\\\/schema\\\/logo\\\/image\\\/\"},\"sameAs\":[\"https:\\\/\\\/www.facebook.com\\\/panm360\\\/\",\"https:\\\/\\\/x.com\\\/PANM360\",\"https:\\\/\\\/www.instagram.com\\\/panm360\\\/\",\"https:\\\/\\\/www.linkedin.com\\\/company\\\/panm360\\\/\",\"https:\\\/\\\/www.youtube.com\\\/channel\\\/UCHEFHd3UhIrV6EJ3ltzVKOA?view_as=subscriber\"]}]}<\/script>\n<!-- \/ Yoast SEO plugin. -->","yoast_head_json":{"title":"Vir\u00e9e classique: Le grandiose Requiem de Verdi - PAN M 360","robots":{"index":"index","follow":"follow","max-snippet":"max-snippet:-1","max-image-preview":"max-image-preview:large","max-video-preview":"max-video-preview:-1"},"canonical":"https:\/\/panm360.com\/en\/agenda\/viree-classique-le-grandiose-requiem-de-verdi\/","og_locale":"en_US","og_type":"article","og_title":"Vir\u00e9e classique: Le grandiose Requiem de Verdi - PAN M 360","og_description":"\u0152uvre aux dimensions th\u00e9\u00e2trales, le grandiose Requiem de Verdi r\u00e9unira quatre solistes de renom ainsi qu\u2019un vaste effectif choral et instrumental sous la direction de Rafael Payare. Le lyrisme profond des voix solistes, la puissance du ch\u0153ur et de l\u2019orchestre ou les effets saisissants du c\u00e9l\u00e8bre Dies Irae, entre autres, cr\u00e9ent un parcours \u00e9motionnel hors [&hellip;]","og_url":"https:\/\/panm360.com\/en\/agenda\/viree-classique-le-grandiose-requiem-de-verdi\/","og_site_name":"PAN M 360","article_publisher":"https:\/\/www.facebook.com\/panm360\/","article_modified_time":"2024-08-15T17:19:09+00:00","og_image":[{"width":1356,"height":804,"url":"https:\/\/panm360.com\/wp-content\/uploads\/2024\/08\/Screenshot-2024-08-15-at-1.16.03\u202fPM.png","type":"image\/png"}],"twitter_card":"summary_large_image","twitter_site":"@PANM360","twitter_misc":{"Est. reading time":"1 minute"},"schema":{"@context":"https:\/\/schema.org","@graph":[{"@type":"WebPage","@id":"https:\/\/panm360.com\/en\/agenda\/viree-classique-le-grandiose-requiem-de-verdi\/","url":"https:\/\/panm360.com\/en\/agenda\/viree-classique-le-grandiose-requiem-de-verdi\/","name":"Vir\u00e9e classique: Le grandiose Requiem de Verdi - PAN M 360","isPartOf":{"@id":"https:\/\/panm360.com\/en\/#website"},"primaryImageOfPage":{"@id":"https:\/\/panm360.com\/en\/agenda\/viree-classique-le-grandiose-requiem-de-verdi\/#primaryimage"},"image":{"@id":"https:\/\/panm360.com\/en\/agenda\/viree-classique-le-grandiose-requiem-de-verdi\/#primaryimage"},"thumbnailUrl":"https:\/\/panm360.com\/wp-content\/uploads\/2024\/08\/Screenshot-2024-08-15-at-1.16.03\u202fPM.png","datePublished":"2024-08-15T17:16:46+00:00","dateModified":"2024-08-15T17:19:09+00:00","breadcrumb":{"@id":"https:\/\/panm360.com\/en\/agenda\/viree-classique-le-grandiose-requiem-de-verdi\/#breadcrumb"},"inLanguage":"en-US","potentialAction":[{"@type":"ReadAction","target":["https:\/\/panm360.com\/en\/agenda\/viree-classique-le-grandiose-requiem-de-verdi\/"]}]},{"@type":"ImageObject","inLanguage":"en-US","@id":"https:\/\/panm360.com\/en\/agenda\/viree-classique-le-grandiose-requiem-de-verdi\/#primaryimage","url":"https:\/\/panm360.com\/wp-content\/uploads\/2024\/08\/Screenshot-2024-08-15-at-1.16.03\u202fPM.png","contentUrl":"https:\/\/panm360.com\/wp-content\/uploads\/2024\/08\/Screenshot-2024-08-15-at-1.16.03\u202fPM.png","width":1356,"height":804},{"@type":"BreadcrumbList","@id":"https:\/\/panm360.com\/en\/agenda\/viree-classique-le-grandiose-requiem-de-verdi\/#breadcrumb","itemListElement":[{"@type":"ListItem","position":1,"name":"Accueil","item":"https:\/\/panm360.com\/en\/"},{"@type":"ListItem","position":2,"name":"Listings","item":"https:\/\/panm360.com\/en\/agenda\/"},{"@type":"ListItem","position":3,"name":"Vir\u00e9e classique: Le grandiose Requiem de Verdi"}]},{"@type":"WebSite","@id":"https:\/\/panm360.com\/en\/#website","url":"https:\/\/panm360.com\/en\/","name":"PAN M 360","description":"Le m\u00e9dia num\u00e9rique de la musique !","publisher":{"@id":"https:\/\/panm360.com\/en\/#organization"},"potentialAction":[{"@type":"SearchAction","target":{"@type":"EntryPoint","urlTemplate":"https:\/\/panm360.com\/en\/?s={search_term_string}"},"query-input":{"@type":"PropertyValueSpecification","valueRequired":true,"valueName":"search_term_string"}}],"inLanguage":"en-US"},{"@type":"Organization","@id":"https:\/\/panm360.com\/en\/#organization","name":"PAN M 360","url":"https:\/\/panm360.com\/en\/","logo":{"@type":"ImageObject","inLanguage":"en-US","@id":"https:\/\/panm360.com\/en\/#\/schema\/logo\/image\/","url":"https:\/\/panm360.com\/wp-content\/uploads\/2019\/12\/PAN-M360_Logo_RGB.jpg","contentUrl":"https:\/\/panm360.com\/wp-content\/uploads\/2019\/12\/PAN-M360_Logo_RGB.jpg","width":1663,"height":631,"caption":"PAN M 360"},"image":{"@id":"https:\/\/panm360.com\/en\/#\/schema\/logo\/image\/"},"sameAs":["https:\/\/www.facebook.com\/panm360\/","https:\/\/x.com\/PANM360","https:\/\/www.instagram.com\/panm360\/","https:\/\/www.linkedin.com\/company\/panm360\/","https:\/\/www.youtube.com\/channel\/UCHEFHd3UhIrV6EJ3ltzVKOA?view_as=subscriber"]}]}},"_links":{"self":[{"href":"https:\/\/panm360.com\/en\/wp-json\/wp\/v2\/agenda\/123467","targetHints":{"allow":["GET"]}}],"collection":[{"href":"https:\/\/panm360.com\/en\/wp-json\/wp\/v2\/agenda"}],"about":[{"href":"https:\/\/panm360.com\/en\/wp-json\/wp\/v2\/types\/agenda"}],"author":[{"embeddable":true,"href":"https:\/\/panm360.com\/en\/wp-json\/wp\/v2\/users\/1362"}],"wp:featuredmedia":[{"embeddable":true,"href":"https:\/\/panm360.com\/en\/wp-json\/wp\/v2\/media\/123466"}],"wp:attachment":[{"href":"https:\/\/panm360.com\/en\/wp-json\/wp\/v2\/media?parent=123467"}],"wp:term":[{"taxonomy":"category","embeddable":true,"href":"https:\/\/panm360.com\/en\/wp-json\/wp\/v2\/categories?post=123467"},{"taxonomy":"post_tag","embeddable":true,"href":"https:\/\/panm360.com\/en\/wp-json\/wp\/v2\/tags?post=123467"},{"taxonomy":"generale","embeddable":true,"href":"https:\/\/panm360.com\/en\/wp-json\/wp\/v2\/generale?post=123467"},{"taxonomy":"genre","embeddable":true,"href":"https:\/\/panm360.com\/en\/wp-json\/wp\/v2\/genre?post=123467"},{"taxonomy":"pays","embeddable":true,"href":"https:\/\/panm360.com\/en\/wp-json\/wp\/v2\/pays?post=123467"},{"taxonomy":"salle","embeddable":true,"href":"https:\/\/panm360.com\/en\/wp-json\/wp\/v2\/salle?post=123467"},{"taxonomy":"ville","embeddable":true,"href":"https:\/\/panm360.com\/en\/wp-json\/wp\/v2\/ville?post=123467"}],"curies":[{"name":"wp","href":"https:\/\/api.w.org\/{rel}","templated":true}]}}