{"id":122414,"date":"2024-07-06T16:05:16","date_gmt":"2024-07-06T20:05:16","guid":{"rendered":"https:\/\/panm360.com\/?post_type=agenda&#038;p=122414"},"modified":"2024-07-14T16:17:15","modified_gmt":"2024-07-14T20:17:15","slug":"festival-international-nuits-dafrique-jimmy-belah-trio","status":"publish","type":"agenda","link":"https:\/\/panm360.com\/en\/agenda\/festival-international-nuits-dafrique-jimmy-belah-trio\/","title":{"rendered":"Festival International Nuits d\u2019Afrique\u00a0: Jimmy Belah Trio"},"content":{"rendered":"\n<p class=\"wp-block-paragraph\">S\u2019il est l\u2019un des membres leader du BIM, B\u00e9nin International Musical (i.e. ce groupe se produira le 19 juillet \u00e0 21 h 45 au Parterre du Quartier des spectacles), Jimmy Belah poursuit en parall\u00e8le une carri\u00e8re solo. La musique est son sanctuaire, les traditions, son port d\u2019attache. Fascin\u00e9 par la sc\u00e8ne depuis son plus jeune \u00e2ge, ce chanteur sensible et compositeur averti, artiste complet qui ma\u00eetrise plusieurs instruments, de la guitare \u00e0 la batterie en passant par les percussions est une figure de la culture b\u00e9ninoise. H\u00e9ritier du Dahomey, il est port\u00e9 par la culture vodoun, qui connecte l\u2019humain \u00e0 la nature et \u00e0 autrui, Jimmy Bellah sert un Afro-rock d\u00e9licat, chant\u00e9 dans sa langue maternelle, le Adja. Il sera accompagn\u00e9 par Yaovi Atcho \u00e0 la guitare et au chant et par Babatound\u00e9 Boni Obinti \u00e0 la basse et au chant.\u00a0<\/p>\n\n\n\n<p class=\"wp-block-paragraph\">While he is one of the leading members of BIM, B\u00e9nin International Musical (i.e., this group will perform on July 19 at 9:45 pm in the Parterre du Quartier des spectacles), Jimmy Belah is also pursuing a solo career. Music is his sanctuary, tradition his home. Fascinated by the stage from an early age, this sensitive singer and experienced composer, a complete artist who masters several instruments from guitar to drums and percussion, is a figure of Beninese culture. Heir to Dahomey, he is carried away by the vodoun culture, which connects man to nature and to others. Jimmy Bellah serves up a delicate Afro-rock, sung in his mother tongue, Adja. He will be accompanied by Yaovi Atcho on guitar and vocals, and Babatound\u00e9 Boni Obinti on bass and vocals.<\/p>\n\n\n\n<p class=\"wp-block-paragraph\"><strong><a href=\"https:\/\/www.festivalnuitsdafrique.com\/concerts\/jimmy-belah-trio\/\" data-type=\"link\" data-id=\"https:\/\/www.festivalnuitsdafrique.com\/concerts\/jimmy-belah-trio\/\">POUR ACHETER VOTRE BILLET, C\u2019EST ICI!<\/a><\/strong><\/p>\n\n\n\n<p class=\"wp-block-paragraph\"><strong><em>Ce contenu provient des Productions Nuits d\u2019Afrique et est adapt\u00e9 par PAN M 360.<\/em><\/strong><\/p>\n","protected":false},"excerpt":{"rendered":"<p>S\u2019il est l\u2019un des membres leader du BIM, B\u00e9nin International Musical (i.e. ce groupe se produira le 19 juillet \u00e0 21 h 45 au Parterre du Quartier des spectacles), Jimmy Belah poursuit en parall\u00e8le une carri\u00e8re solo. La musique est son sanctuaire, les traditions, son port d\u2019attache. Fascin\u00e9 par la sc\u00e8ne depuis son plus jeune [&hellip;]<\/p>\n","protected":false},"author":936,"featured_media":122413,"menu_order":0,"template":"","format":"standard","meta":{"_acf_changed":true,"_crdt_document":""},"categories":[4322],"tags":[],"generale":[3814],"genre":[8616],"pays":[4760],"salle":[7551],"ville":[7246],"class_list":["post-122414","agenda","type-agenda","status-publish","format-standard","has-post-thumbnail","hentry","category-listings-360","generale-lire-en","genre-afro-rock-en","pays-benin-en","salle-club-balattou-en","ville-montreal-en"],"acf":[],"yoast_head":"<!-- This site is optimized with the Yoast SEO plugin v27.4 - https:\/\/yoast.com\/product\/yoast-seo-wordpress\/ -->\n<title>Festival International Nuits d\u2019Afrique\u00a0: Jimmy Belah Trio - PAN M 360<\/title>\n<meta name=\"robots\" content=\"index, follow, max-snippet:-1, max-image-preview:large, max-video-preview:-1\" \/>\n<link rel=\"canonical\" href=\"https:\/\/panm360.com\/en\/agenda\/festival-international-nuits-dafrique-jimmy-belah-trio\/\" \/>\n<meta property=\"og:locale\" content=\"en_US\" \/>\n<meta property=\"og:type\" content=\"article\" \/>\n<meta property=\"og:title\" content=\"Festival International Nuits d\u2019Afrique\u00a0: Jimmy Belah Trio - PAN M 360\" \/>\n<meta property=\"og:description\" content=\"S\u2019il est l\u2019un des membres leader du BIM, B\u00e9nin International Musical (i.e. ce groupe se produira le 19 juillet \u00e0 21 h 45 au Parterre du Quartier des spectacles), Jimmy Belah poursuit en parall\u00e8le une carri\u00e8re solo. La musique est son sanctuaire, les traditions, son port d\u2019attache. Fascin\u00e9 par la sc\u00e8ne depuis son plus jeune [&hellip;]\" \/>\n<meta property=\"og:url\" content=\"https:\/\/panm360.com\/en\/agenda\/festival-international-nuits-dafrique-jimmy-belah-trio\/\" \/>\n<meta property=\"og:site_name\" content=\"PAN M 360\" \/>\n<meta property=\"article:publisher\" content=\"https:\/\/www.facebook.com\/panm360\/\" \/>\n<meta property=\"article:modified_time\" content=\"2024-07-14T20:17:15+00:00\" \/>\n<meta property=\"og:image\" content=\"https:\/\/panm360.com\/wp-content\/uploads\/2024\/07\/site-NA_a-la-UNE_1500-x-465-px-1.jpg\" \/>\n\t<meta property=\"og:image:width\" content=\"1500\" \/>\n\t<meta property=\"og:image:height\" content=\"465\" \/>\n\t<meta property=\"og:image:type\" content=\"image\/jpeg\" \/>\n<meta name=\"twitter:card\" content=\"summary_large_image\" \/>\n<meta name=\"twitter:site\" content=\"@PANM360\" \/>\n<meta name=\"twitter:label1\" content=\"Est. reading time\" \/>\n\t<meta name=\"twitter:data1\" content=\"1 minute\" \/>\n<script type=\"application\/ld+json\" class=\"yoast-schema-graph\">{\"@context\":\"https:\\\/\\\/schema.org\",\"@graph\":[{\"@type\":\"WebPage\",\"@id\":\"https:\\\/\\\/panm360.com\\\/en\\\/agenda\\\/festival-international-nuits-dafrique-jimmy-belah-trio\\\/\",\"url\":\"https:\\\/\\\/panm360.com\\\/en\\\/agenda\\\/festival-international-nuits-dafrique-jimmy-belah-trio\\\/\",\"name\":\"Festival International Nuits d\u2019Afrique\u00a0: Jimmy Belah Trio - PAN M 360\",\"isPartOf\":{\"@id\":\"https:\\\/\\\/panm360.com\\\/en\\\/#website\"},\"primaryImageOfPage\":{\"@id\":\"https:\\\/\\\/panm360.com\\\/en\\\/agenda\\\/festival-international-nuits-dafrique-jimmy-belah-trio\\\/#primaryimage\"},\"image\":{\"@id\":\"https:\\\/\\\/panm360.com\\\/en\\\/agenda\\\/festival-international-nuits-dafrique-jimmy-belah-trio\\\/#primaryimage\"},\"thumbnailUrl\":\"https:\\\/\\\/panm360.com\\\/wp-content\\\/uploads\\\/2024\\\/07\\\/site-NA_a-la-UNE_1500-x-465-px-1.jpg\",\"datePublished\":\"2024-07-06T20:05:16+00:00\",\"dateModified\":\"2024-07-14T20:17:15+00:00\",\"breadcrumb\":{\"@id\":\"https:\\\/\\\/panm360.com\\\/en\\\/agenda\\\/festival-international-nuits-dafrique-jimmy-belah-trio\\\/#breadcrumb\"},\"inLanguage\":\"en-US\",\"potentialAction\":[{\"@type\":\"ReadAction\",\"target\":[\"https:\\\/\\\/panm360.com\\\/en\\\/agenda\\\/festival-international-nuits-dafrique-jimmy-belah-trio\\\/\"]}]},{\"@type\":\"ImageObject\",\"inLanguage\":\"en-US\",\"@id\":\"https:\\\/\\\/panm360.com\\\/en\\\/agenda\\\/festival-international-nuits-dafrique-jimmy-belah-trio\\\/#primaryimage\",\"url\":\"https:\\\/\\\/panm360.com\\\/wp-content\\\/uploads\\\/2024\\\/07\\\/site-NA_a-la-UNE_1500-x-465-px-1.jpg\",\"contentUrl\":\"https:\\\/\\\/panm360.com\\\/wp-content\\\/uploads\\\/2024\\\/07\\\/site-NA_a-la-UNE_1500-x-465-px-1.jpg\",\"width\":1500,\"height\":465},{\"@type\":\"BreadcrumbList\",\"@id\":\"https:\\\/\\\/panm360.com\\\/en\\\/agenda\\\/festival-international-nuits-dafrique-jimmy-belah-trio\\\/#breadcrumb\",\"itemListElement\":[{\"@type\":\"ListItem\",\"position\":1,\"name\":\"Accueil\",\"item\":\"https:\\\/\\\/panm360.com\\\/en\\\/\"},{\"@type\":\"ListItem\",\"position\":2,\"name\":\"Listings\",\"item\":\"https:\\\/\\\/panm360.com\\\/en\\\/agenda\\\/\"},{\"@type\":\"ListItem\",\"position\":3,\"name\":\"Festival International Nuits d\u2019Afrique\u00a0: Jimmy Belah Trio\"}]},{\"@type\":\"WebSite\",\"@id\":\"https:\\\/\\\/panm360.com\\\/en\\\/#website\",\"url\":\"https:\\\/\\\/panm360.com\\\/en\\\/\",\"name\":\"PAN M 360\",\"description\":\"Le m\u00e9dia num\u00e9rique de la musique !\",\"publisher\":{\"@id\":\"https:\\\/\\\/panm360.com\\\/en\\\/#organization\"},\"potentialAction\":[{\"@type\":\"SearchAction\",\"target\":{\"@type\":\"EntryPoint\",\"urlTemplate\":\"https:\\\/\\\/panm360.com\\\/en\\\/?s={search_term_string}\"},\"query-input\":{\"@type\":\"PropertyValueSpecification\",\"valueRequired\":true,\"valueName\":\"search_term_string\"}}],\"inLanguage\":\"en-US\"},{\"@type\":\"Organization\",\"@id\":\"https:\\\/\\\/panm360.com\\\/en\\\/#organization\",\"name\":\"PAN M 360\",\"url\":\"https:\\\/\\\/panm360.com\\\/en\\\/\",\"logo\":{\"@type\":\"ImageObject\",\"inLanguage\":\"en-US\",\"@id\":\"https:\\\/\\\/panm360.com\\\/en\\\/#\\\/schema\\\/logo\\\/image\\\/\",\"url\":\"https:\\\/\\\/panm360.com\\\/wp-content\\\/uploads\\\/2019\\\/12\\\/PAN-M360_Logo_RGB.jpg\",\"contentUrl\":\"https:\\\/\\\/panm360.com\\\/wp-content\\\/uploads\\\/2019\\\/12\\\/PAN-M360_Logo_RGB.jpg\",\"width\":1663,\"height\":631,\"caption\":\"PAN M 360\"},\"image\":{\"@id\":\"https:\\\/\\\/panm360.com\\\/en\\\/#\\\/schema\\\/logo\\\/image\\\/\"},\"sameAs\":[\"https:\\\/\\\/www.facebook.com\\\/panm360\\\/\",\"https:\\\/\\\/x.com\\\/PANM360\",\"https:\\\/\\\/www.instagram.com\\\/panm360\\\/\",\"https:\\\/\\\/www.linkedin.com\\\/company\\\/panm360\\\/\",\"https:\\\/\\\/www.youtube.com\\\/channel\\\/UCHEFHd3UhIrV6EJ3ltzVKOA?view_as=subscriber\"]}]}<\/script>\n<!-- \/ Yoast SEO plugin. -->","yoast_head_json":{"title":"Festival International Nuits d\u2019Afrique\u00a0: Jimmy Belah Trio - PAN M 360","robots":{"index":"index","follow":"follow","max-snippet":"max-snippet:-1","max-image-preview":"max-image-preview:large","max-video-preview":"max-video-preview:-1"},"canonical":"https:\/\/panm360.com\/en\/agenda\/festival-international-nuits-dafrique-jimmy-belah-trio\/","og_locale":"en_US","og_type":"article","og_title":"Festival International Nuits d\u2019Afrique\u00a0: Jimmy Belah Trio - PAN M 360","og_description":"S\u2019il est l\u2019un des membres leader du BIM, B\u00e9nin International Musical (i.e. ce groupe se produira le 19 juillet \u00e0 21 h 45 au Parterre du Quartier des spectacles), Jimmy Belah poursuit en parall\u00e8le une carri\u00e8re solo. La musique est son sanctuaire, les traditions, son port d\u2019attache. Fascin\u00e9 par la sc\u00e8ne depuis son plus jeune [&hellip;]","og_url":"https:\/\/panm360.com\/en\/agenda\/festival-international-nuits-dafrique-jimmy-belah-trio\/","og_site_name":"PAN M 360","article_publisher":"https:\/\/www.facebook.com\/panm360\/","article_modified_time":"2024-07-14T20:17:15+00:00","og_image":[{"width":1500,"height":465,"url":"https:\/\/panm360.com\/wp-content\/uploads\/2024\/07\/site-NA_a-la-UNE_1500-x-465-px-1.jpg","type":"image\/jpeg"}],"twitter_card":"summary_large_image","twitter_site":"@PANM360","twitter_misc":{"Est. reading time":"1 minute"},"schema":{"@context":"https:\/\/schema.org","@graph":[{"@type":"WebPage","@id":"https:\/\/panm360.com\/en\/agenda\/festival-international-nuits-dafrique-jimmy-belah-trio\/","url":"https:\/\/panm360.com\/en\/agenda\/festival-international-nuits-dafrique-jimmy-belah-trio\/","name":"Festival International Nuits d\u2019Afrique\u00a0: Jimmy Belah Trio - PAN M 360","isPartOf":{"@id":"https:\/\/panm360.com\/en\/#website"},"primaryImageOfPage":{"@id":"https:\/\/panm360.com\/en\/agenda\/festival-international-nuits-dafrique-jimmy-belah-trio\/#primaryimage"},"image":{"@id":"https:\/\/panm360.com\/en\/agenda\/festival-international-nuits-dafrique-jimmy-belah-trio\/#primaryimage"},"thumbnailUrl":"https:\/\/panm360.com\/wp-content\/uploads\/2024\/07\/site-NA_a-la-UNE_1500-x-465-px-1.jpg","datePublished":"2024-07-06T20:05:16+00:00","dateModified":"2024-07-14T20:17:15+00:00","breadcrumb":{"@id":"https:\/\/panm360.com\/en\/agenda\/festival-international-nuits-dafrique-jimmy-belah-trio\/#breadcrumb"},"inLanguage":"en-US","potentialAction":[{"@type":"ReadAction","target":["https:\/\/panm360.com\/en\/agenda\/festival-international-nuits-dafrique-jimmy-belah-trio\/"]}]},{"@type":"ImageObject","inLanguage":"en-US","@id":"https:\/\/panm360.com\/en\/agenda\/festival-international-nuits-dafrique-jimmy-belah-trio\/#primaryimage","url":"https:\/\/panm360.com\/wp-content\/uploads\/2024\/07\/site-NA_a-la-UNE_1500-x-465-px-1.jpg","contentUrl":"https:\/\/panm360.com\/wp-content\/uploads\/2024\/07\/site-NA_a-la-UNE_1500-x-465-px-1.jpg","width":1500,"height":465},{"@type":"BreadcrumbList","@id":"https:\/\/panm360.com\/en\/agenda\/festival-international-nuits-dafrique-jimmy-belah-trio\/#breadcrumb","itemListElement":[{"@type":"ListItem","position":1,"name":"Accueil","item":"https:\/\/panm360.com\/en\/"},{"@type":"ListItem","position":2,"name":"Listings","item":"https:\/\/panm360.com\/en\/agenda\/"},{"@type":"ListItem","position":3,"name":"Festival International Nuits d\u2019Afrique\u00a0: Jimmy Belah Trio"}]},{"@type":"WebSite","@id":"https:\/\/panm360.com\/en\/#website","url":"https:\/\/panm360.com\/en\/","name":"PAN M 360","description":"Le m\u00e9dia num\u00e9rique de la musique !","publisher":{"@id":"https:\/\/panm360.com\/en\/#organization"},"potentialAction":[{"@type":"SearchAction","target":{"@type":"EntryPoint","urlTemplate":"https:\/\/panm360.com\/en\/?s={search_term_string}"},"query-input":{"@type":"PropertyValueSpecification","valueRequired":true,"valueName":"search_term_string"}}],"inLanguage":"en-US"},{"@type":"Organization","@id":"https:\/\/panm360.com\/en\/#organization","name":"PAN M 360","url":"https:\/\/panm360.com\/en\/","logo":{"@type":"ImageObject","inLanguage":"en-US","@id":"https:\/\/panm360.com\/en\/#\/schema\/logo\/image\/","url":"https:\/\/panm360.com\/wp-content\/uploads\/2019\/12\/PAN-M360_Logo_RGB.jpg","contentUrl":"https:\/\/panm360.com\/wp-content\/uploads\/2019\/12\/PAN-M360_Logo_RGB.jpg","width":1663,"height":631,"caption":"PAN M 360"},"image":{"@id":"https:\/\/panm360.com\/en\/#\/schema\/logo\/image\/"},"sameAs":["https:\/\/www.facebook.com\/panm360\/","https:\/\/x.com\/PANM360","https:\/\/www.instagram.com\/panm360\/","https:\/\/www.linkedin.com\/company\/panm360\/","https:\/\/www.youtube.com\/channel\/UCHEFHd3UhIrV6EJ3ltzVKOA?view_as=subscriber"]}]}},"_links":{"self":[{"href":"https:\/\/panm360.com\/en\/wp-json\/wp\/v2\/agenda\/122414","targetHints":{"allow":["GET"]}}],"collection":[{"href":"https:\/\/panm360.com\/en\/wp-json\/wp\/v2\/agenda"}],"about":[{"href":"https:\/\/panm360.com\/en\/wp-json\/wp\/v2\/types\/agenda"}],"author":[{"embeddable":true,"href":"https:\/\/panm360.com\/en\/wp-json\/wp\/v2\/users\/936"}],"wp:featuredmedia":[{"embeddable":true,"href":"https:\/\/panm360.com\/en\/wp-json\/wp\/v2\/media\/122413"}],"wp:attachment":[{"href":"https:\/\/panm360.com\/en\/wp-json\/wp\/v2\/media?parent=122414"}],"wp:term":[{"taxonomy":"category","embeddable":true,"href":"https:\/\/panm360.com\/en\/wp-json\/wp\/v2\/categories?post=122414"},{"taxonomy":"post_tag","embeddable":true,"href":"https:\/\/panm360.com\/en\/wp-json\/wp\/v2\/tags?post=122414"},{"taxonomy":"generale","embeddable":true,"href":"https:\/\/panm360.com\/en\/wp-json\/wp\/v2\/generale?post=122414"},{"taxonomy":"genre","embeddable":true,"href":"https:\/\/panm360.com\/en\/wp-json\/wp\/v2\/genre?post=122414"},{"taxonomy":"pays","embeddable":true,"href":"https:\/\/panm360.com\/en\/wp-json\/wp\/v2\/pays?post=122414"},{"taxonomy":"salle","embeddable":true,"href":"https:\/\/panm360.com\/en\/wp-json\/wp\/v2\/salle?post=122414"},{"taxonomy":"ville","embeddable":true,"href":"https:\/\/panm360.com\/en\/wp-json\/wp\/v2\/ville?post=122414"}],"curies":[{"name":"wp","href":"https:\/\/api.w.org\/{rel}","templated":true}]}}