{"id":121354,"date":"2024-06-01T22:22:24","date_gmt":"2024-06-02T02:22:24","guid":{"rendered":"https:\/\/panm360.com\/?post_type=agenda&#038;p=121354"},"modified":"2024-06-27T22:26:52","modified_gmt":"2024-06-28T02:26:52","slug":"festival-de-lanaudiere-von-otter-folklorique","status":"publish","type":"agenda","link":"https:\/\/panm360.com\/en\/agenda\/festival-de-lanaudiere-von-otter-folklorique\/","title":{"rendered":"Festival de Lanaudi\u00e8re: Von Otter Folklorique"},"content":{"rendered":"\n<p class=\"wp-block-paragraph\">Conquise par le concept de notre s\u00e9rie Hors les murs, Anne Sofie von Otter, mezzo-soprano habitu\u00e9e des plus prestigieuses sc\u00e8nes internationales, propose ici un programme intimiste autour de la musique folklorique su\u00e9doise et de chansonniers contemporains, pr\u00e9sent\u00e9 dans un haut-lieu de la musique folklorique de la r\u00e9gion.<\/p>\n\n\n\n<p class=\"wp-block-paragraph\">Conquered by the concept of our Hors les murs series, mezzo-soprano Anne Sofie von Otter, a regular on the most prestigious international stages, offers an intimate program of Swedish folk music and contemporary songwriters, presented in one of the region&#8217;s folk music hotspots.<\/p>\n\n\n\n<p class=\"wp-block-paragraph\"><strong><a href=\"https:\/\/lanaudiere.org\/fr\/programmation\/folklore-vonotter\/\" data-type=\"link\" data-id=\"https:\/\/lanaudiere.org\/fr\/programmation\/folklore-vonotter\/\">POUR ACHETER VOTRE BILLET, C\u2019EST ICI!<\/a><\/strong><\/p>\n\n\n\n<iframe style=\"border-radius:12px\" src=\"https:\/\/open.spotify.com\/embed\/artist\/4pFlv4QVInj7bAo0MqHpwW?utm_source=generator\" width=\"100%\" height=\"352\" frameBorder=\"0\" allowfullscreen=\"\" allow=\"autoplay; clipboard-write; encrypted-media; fullscreen; picture-in-picture\" loading=\"lazy\"><\/iframe>\n\n\n\n<p class=\"wp-block-paragraph\"><strong><em>Ce contenu provient du Festival de Lanaudi\u00e8re et est adapt\u00e9 par PAN M 360.<\/em><\/strong><\/p>\n","protected":false},"excerpt":{"rendered":"<p>Conquise par le concept de notre s\u00e9rie Hors les murs, Anne Sofie von Otter, mezzo-soprano habitu\u00e9e des plus prestigieuses sc\u00e8nes internationales, propose ici un programme intimiste autour de la musique folklorique su\u00e9doise et de chansonniers contemporains, pr\u00e9sent\u00e9 dans un haut-lieu de la musique folklorique de la r\u00e9gion. Conquered by the concept of our Hors les [&hellip;]<\/p>\n","protected":false},"author":936,"featured_media":121353,"menu_order":0,"template":"","format":"standard","meta":{"_acf_changed":true,"_crdt_document":""},"categories":[4322],"tags":[],"generale":[3814],"genre":[8055,3161],"pays":[3857],"salle":[9327],"ville":[9328],"class_list":["post-121354","agenda","type-agenda","status-publish","format-standard","has-post-thumbnail","hentry","category-listings-360","generale-lire-en","genre-classique-2-en","genre-folk-2","pays-sweden","salle-crapo-de-lanaudiere-en","ville-saint-felix-de-valois-en"],"acf":[],"yoast_head":"<!-- This site is optimized with the Yoast SEO plugin v27.4 - https:\/\/yoast.com\/product\/yoast-seo-wordpress\/ -->\n<title>Festival de Lanaudi\u00e8re: Von Otter Folklorique - PAN M 360<\/title>\n<meta name=\"robots\" content=\"index, follow, max-snippet:-1, max-image-preview:large, max-video-preview:-1\" \/>\n<link rel=\"canonical\" href=\"https:\/\/panm360.com\/en\/agenda\/festival-de-lanaudiere-von-otter-folklorique\/\" \/>\n<meta property=\"og:locale\" content=\"en_US\" \/>\n<meta property=\"og:type\" content=\"article\" \/>\n<meta property=\"og:title\" content=\"Festival de Lanaudi\u00e8re: Von Otter Folklorique - PAN M 360\" \/>\n<meta property=\"og:description\" content=\"Conquise par le concept de notre s\u00e9rie Hors les murs, Anne Sofie von Otter, mezzo-soprano habitu\u00e9e des plus prestigieuses sc\u00e8nes internationales, propose ici un programme intimiste autour de la musique folklorique su\u00e9doise et de chansonniers contemporains, pr\u00e9sent\u00e9 dans un haut-lieu de la musique folklorique de la r\u00e9gion. Conquered by the concept of our Hors les [&hellip;]\" \/>\n<meta property=\"og:url\" content=\"https:\/\/panm360.com\/en\/agenda\/festival-de-lanaudiere-von-otter-folklorique\/\" \/>\n<meta property=\"og:site_name\" content=\"PAN M 360\" \/>\n<meta property=\"article:publisher\" content=\"https:\/\/www.facebook.com\/panm360\/\" \/>\n<meta property=\"article:modified_time\" content=\"2024-06-28T02:26:52+00:00\" \/>\n<meta property=\"og:image\" content=\"https:\/\/panm360.com\/wp-content\/uploads\/2024\/06\/DSC_3692-Ewa-Marie-Rundquist-1536x1024-1.jpg\" \/>\n\t<meta property=\"og:image:width\" content=\"1536\" \/>\n\t<meta property=\"og:image:height\" content=\"1024\" \/>\n\t<meta property=\"og:image:type\" content=\"image\/jpeg\" \/>\n<meta name=\"twitter:card\" content=\"summary_large_image\" \/>\n<meta name=\"twitter:site\" content=\"@PANM360\" \/>\n<meta name=\"twitter:label1\" content=\"Est. reading time\" \/>\n\t<meta name=\"twitter:data1\" content=\"1 minute\" \/>\n<script type=\"application\/ld+json\" class=\"yoast-schema-graph\">{\"@context\":\"https:\\\/\\\/schema.org\",\"@graph\":[{\"@type\":\"WebPage\",\"@id\":\"https:\\\/\\\/panm360.com\\\/en\\\/agenda\\\/festival-de-lanaudiere-von-otter-folklorique\\\/\",\"url\":\"https:\\\/\\\/panm360.com\\\/en\\\/agenda\\\/festival-de-lanaudiere-von-otter-folklorique\\\/\",\"name\":\"Festival de Lanaudi\u00e8re: Von Otter Folklorique - PAN M 360\",\"isPartOf\":{\"@id\":\"https:\\\/\\\/panm360.com\\\/en\\\/#website\"},\"primaryImageOfPage\":{\"@id\":\"https:\\\/\\\/panm360.com\\\/en\\\/agenda\\\/festival-de-lanaudiere-von-otter-folklorique\\\/#primaryimage\"},\"image\":{\"@id\":\"https:\\\/\\\/panm360.com\\\/en\\\/agenda\\\/festival-de-lanaudiere-von-otter-folklorique\\\/#primaryimage\"},\"thumbnailUrl\":\"https:\\\/\\\/panm360.com\\\/wp-content\\\/uploads\\\/2024\\\/06\\\/DSC_3692-Ewa-Marie-Rundquist-1536x1024-1.jpg\",\"datePublished\":\"2024-06-02T02:22:24+00:00\",\"dateModified\":\"2024-06-28T02:26:52+00:00\",\"breadcrumb\":{\"@id\":\"https:\\\/\\\/panm360.com\\\/en\\\/agenda\\\/festival-de-lanaudiere-von-otter-folklorique\\\/#breadcrumb\"},\"inLanguage\":\"en-US\",\"potentialAction\":[{\"@type\":\"ReadAction\",\"target\":[\"https:\\\/\\\/panm360.com\\\/en\\\/agenda\\\/festival-de-lanaudiere-von-otter-folklorique\\\/\"]}]},{\"@type\":\"ImageObject\",\"inLanguage\":\"en-US\",\"@id\":\"https:\\\/\\\/panm360.com\\\/en\\\/agenda\\\/festival-de-lanaudiere-von-otter-folklorique\\\/#primaryimage\",\"url\":\"https:\\\/\\\/panm360.com\\\/wp-content\\\/uploads\\\/2024\\\/06\\\/DSC_3692-Ewa-Marie-Rundquist-1536x1024-1.jpg\",\"contentUrl\":\"https:\\\/\\\/panm360.com\\\/wp-content\\\/uploads\\\/2024\\\/06\\\/DSC_3692-Ewa-Marie-Rundquist-1536x1024-1.jpg\",\"width\":1536,\"height\":1024},{\"@type\":\"BreadcrumbList\",\"@id\":\"https:\\\/\\\/panm360.com\\\/en\\\/agenda\\\/festival-de-lanaudiere-von-otter-folklorique\\\/#breadcrumb\",\"itemListElement\":[{\"@type\":\"ListItem\",\"position\":1,\"name\":\"Accueil\",\"item\":\"https:\\\/\\\/panm360.com\\\/en\\\/\"},{\"@type\":\"ListItem\",\"position\":2,\"name\":\"Listings\",\"item\":\"https:\\\/\\\/panm360.com\\\/en\\\/agenda\\\/\"},{\"@type\":\"ListItem\",\"position\":3,\"name\":\"Festival de Lanaudi\u00e8re: Von Otter Folklorique\"}]},{\"@type\":\"WebSite\",\"@id\":\"https:\\\/\\\/panm360.com\\\/en\\\/#website\",\"url\":\"https:\\\/\\\/panm360.com\\\/en\\\/\",\"name\":\"PAN M 360\",\"description\":\"Le m\u00e9dia num\u00e9rique de la musique !\",\"publisher\":{\"@id\":\"https:\\\/\\\/panm360.com\\\/en\\\/#organization\"},\"potentialAction\":[{\"@type\":\"SearchAction\",\"target\":{\"@type\":\"EntryPoint\",\"urlTemplate\":\"https:\\\/\\\/panm360.com\\\/en\\\/?s={search_term_string}\"},\"query-input\":{\"@type\":\"PropertyValueSpecification\",\"valueRequired\":true,\"valueName\":\"search_term_string\"}}],\"inLanguage\":\"en-US\"},{\"@type\":\"Organization\",\"@id\":\"https:\\\/\\\/panm360.com\\\/en\\\/#organization\",\"name\":\"PAN M 360\",\"url\":\"https:\\\/\\\/panm360.com\\\/en\\\/\",\"logo\":{\"@type\":\"ImageObject\",\"inLanguage\":\"en-US\",\"@id\":\"https:\\\/\\\/panm360.com\\\/en\\\/#\\\/schema\\\/logo\\\/image\\\/\",\"url\":\"https:\\\/\\\/panm360.com\\\/wp-content\\\/uploads\\\/2019\\\/12\\\/PAN-M360_Logo_RGB.jpg\",\"contentUrl\":\"https:\\\/\\\/panm360.com\\\/wp-content\\\/uploads\\\/2019\\\/12\\\/PAN-M360_Logo_RGB.jpg\",\"width\":1663,\"height\":631,\"caption\":\"PAN M 360\"},\"image\":{\"@id\":\"https:\\\/\\\/panm360.com\\\/en\\\/#\\\/schema\\\/logo\\\/image\\\/\"},\"sameAs\":[\"https:\\\/\\\/www.facebook.com\\\/panm360\\\/\",\"https:\\\/\\\/x.com\\\/PANM360\",\"https:\\\/\\\/www.instagram.com\\\/panm360\\\/\",\"https:\\\/\\\/www.linkedin.com\\\/company\\\/panm360\\\/\",\"https:\\\/\\\/www.youtube.com\\\/channel\\\/UCHEFHd3UhIrV6EJ3ltzVKOA?view_as=subscriber\"]}]}<\/script>\n<!-- \/ Yoast SEO plugin. -->","yoast_head_json":{"title":"Festival de Lanaudi\u00e8re: Von Otter Folklorique - PAN M 360","robots":{"index":"index","follow":"follow","max-snippet":"max-snippet:-1","max-image-preview":"max-image-preview:large","max-video-preview":"max-video-preview:-1"},"canonical":"https:\/\/panm360.com\/en\/agenda\/festival-de-lanaudiere-von-otter-folklorique\/","og_locale":"en_US","og_type":"article","og_title":"Festival de Lanaudi\u00e8re: Von Otter Folklorique - PAN M 360","og_description":"Conquise par le concept de notre s\u00e9rie Hors les murs, Anne Sofie von Otter, mezzo-soprano habitu\u00e9e des plus prestigieuses sc\u00e8nes internationales, propose ici un programme intimiste autour de la musique folklorique su\u00e9doise et de chansonniers contemporains, pr\u00e9sent\u00e9 dans un haut-lieu de la musique folklorique de la r\u00e9gion. Conquered by the concept of our Hors les [&hellip;]","og_url":"https:\/\/panm360.com\/en\/agenda\/festival-de-lanaudiere-von-otter-folklorique\/","og_site_name":"PAN M 360","article_publisher":"https:\/\/www.facebook.com\/panm360\/","article_modified_time":"2024-06-28T02:26:52+00:00","og_image":[{"width":1536,"height":1024,"url":"https:\/\/panm360.com\/wp-content\/uploads\/2024\/06\/DSC_3692-Ewa-Marie-Rundquist-1536x1024-1.jpg","type":"image\/jpeg"}],"twitter_card":"summary_large_image","twitter_site":"@PANM360","twitter_misc":{"Est. reading time":"1 minute"},"schema":{"@context":"https:\/\/schema.org","@graph":[{"@type":"WebPage","@id":"https:\/\/panm360.com\/en\/agenda\/festival-de-lanaudiere-von-otter-folklorique\/","url":"https:\/\/panm360.com\/en\/agenda\/festival-de-lanaudiere-von-otter-folklorique\/","name":"Festival de Lanaudi\u00e8re: Von Otter Folklorique - PAN M 360","isPartOf":{"@id":"https:\/\/panm360.com\/en\/#website"},"primaryImageOfPage":{"@id":"https:\/\/panm360.com\/en\/agenda\/festival-de-lanaudiere-von-otter-folklorique\/#primaryimage"},"image":{"@id":"https:\/\/panm360.com\/en\/agenda\/festival-de-lanaudiere-von-otter-folklorique\/#primaryimage"},"thumbnailUrl":"https:\/\/panm360.com\/wp-content\/uploads\/2024\/06\/DSC_3692-Ewa-Marie-Rundquist-1536x1024-1.jpg","datePublished":"2024-06-02T02:22:24+00:00","dateModified":"2024-06-28T02:26:52+00:00","breadcrumb":{"@id":"https:\/\/panm360.com\/en\/agenda\/festival-de-lanaudiere-von-otter-folklorique\/#breadcrumb"},"inLanguage":"en-US","potentialAction":[{"@type":"ReadAction","target":["https:\/\/panm360.com\/en\/agenda\/festival-de-lanaudiere-von-otter-folklorique\/"]}]},{"@type":"ImageObject","inLanguage":"en-US","@id":"https:\/\/panm360.com\/en\/agenda\/festival-de-lanaudiere-von-otter-folklorique\/#primaryimage","url":"https:\/\/panm360.com\/wp-content\/uploads\/2024\/06\/DSC_3692-Ewa-Marie-Rundquist-1536x1024-1.jpg","contentUrl":"https:\/\/panm360.com\/wp-content\/uploads\/2024\/06\/DSC_3692-Ewa-Marie-Rundquist-1536x1024-1.jpg","width":1536,"height":1024},{"@type":"BreadcrumbList","@id":"https:\/\/panm360.com\/en\/agenda\/festival-de-lanaudiere-von-otter-folklorique\/#breadcrumb","itemListElement":[{"@type":"ListItem","position":1,"name":"Accueil","item":"https:\/\/panm360.com\/en\/"},{"@type":"ListItem","position":2,"name":"Listings","item":"https:\/\/panm360.com\/en\/agenda\/"},{"@type":"ListItem","position":3,"name":"Festival de Lanaudi\u00e8re: Von Otter Folklorique"}]},{"@type":"WebSite","@id":"https:\/\/panm360.com\/en\/#website","url":"https:\/\/panm360.com\/en\/","name":"PAN M 360","description":"Le m\u00e9dia num\u00e9rique de la musique !","publisher":{"@id":"https:\/\/panm360.com\/en\/#organization"},"potentialAction":[{"@type":"SearchAction","target":{"@type":"EntryPoint","urlTemplate":"https:\/\/panm360.com\/en\/?s={search_term_string}"},"query-input":{"@type":"PropertyValueSpecification","valueRequired":true,"valueName":"search_term_string"}}],"inLanguage":"en-US"},{"@type":"Organization","@id":"https:\/\/panm360.com\/en\/#organization","name":"PAN M 360","url":"https:\/\/panm360.com\/en\/","logo":{"@type":"ImageObject","inLanguage":"en-US","@id":"https:\/\/panm360.com\/en\/#\/schema\/logo\/image\/","url":"https:\/\/panm360.com\/wp-content\/uploads\/2019\/12\/PAN-M360_Logo_RGB.jpg","contentUrl":"https:\/\/panm360.com\/wp-content\/uploads\/2019\/12\/PAN-M360_Logo_RGB.jpg","width":1663,"height":631,"caption":"PAN M 360"},"image":{"@id":"https:\/\/panm360.com\/en\/#\/schema\/logo\/image\/"},"sameAs":["https:\/\/www.facebook.com\/panm360\/","https:\/\/x.com\/PANM360","https:\/\/www.instagram.com\/panm360\/","https:\/\/www.linkedin.com\/company\/panm360\/","https:\/\/www.youtube.com\/channel\/UCHEFHd3UhIrV6EJ3ltzVKOA?view_as=subscriber"]}]}},"_links":{"self":[{"href":"https:\/\/panm360.com\/en\/wp-json\/wp\/v2\/agenda\/121354","targetHints":{"allow":["GET"]}}],"collection":[{"href":"https:\/\/panm360.com\/en\/wp-json\/wp\/v2\/agenda"}],"about":[{"href":"https:\/\/panm360.com\/en\/wp-json\/wp\/v2\/types\/agenda"}],"author":[{"embeddable":true,"href":"https:\/\/panm360.com\/en\/wp-json\/wp\/v2\/users\/936"}],"wp:featuredmedia":[{"embeddable":true,"href":"https:\/\/panm360.com\/en\/wp-json\/wp\/v2\/media\/121353"}],"wp:attachment":[{"href":"https:\/\/panm360.com\/en\/wp-json\/wp\/v2\/media?parent=121354"}],"wp:term":[{"taxonomy":"category","embeddable":true,"href":"https:\/\/panm360.com\/en\/wp-json\/wp\/v2\/categories?post=121354"},{"taxonomy":"post_tag","embeddable":true,"href":"https:\/\/panm360.com\/en\/wp-json\/wp\/v2\/tags?post=121354"},{"taxonomy":"generale","embeddable":true,"href":"https:\/\/panm360.com\/en\/wp-json\/wp\/v2\/generale?post=121354"},{"taxonomy":"genre","embeddable":true,"href":"https:\/\/panm360.com\/en\/wp-json\/wp\/v2\/genre?post=121354"},{"taxonomy":"pays","embeddable":true,"href":"https:\/\/panm360.com\/en\/wp-json\/wp\/v2\/pays?post=121354"},{"taxonomy":"salle","embeddable":true,"href":"https:\/\/panm360.com\/en\/wp-json\/wp\/v2\/salle?post=121354"},{"taxonomy":"ville","embeddable":true,"href":"https:\/\/panm360.com\/en\/wp-json\/wp\/v2\/ville?post=121354"}],"curies":[{"name":"wp","href":"https:\/\/api.w.org\/{rel}","templated":true}]}}