{"id":119338,"date":"2024-05-01T20:43:31","date_gmt":"2024-05-02T00:43:31","guid":{"rendered":"https:\/\/panm360.com\/?post_type=agenda&#038;p=119338"},"modified":"2024-05-14T20:52:10","modified_gmt":"2024-05-15T00:52:10","slug":"norte-tropical-la-colombie-en-fete-au-plaza","status":"publish","type":"agenda","link":"https:\/\/panm360.com\/en\/agenda\/norte-tropical-la-colombie-en-fete-au-plaza\/","title":{"rendered":"Nort\u00e9 Tropical &#8211; La Colombie en f\u00eate au Plaza"},"content":{"rendered":"\n<p class=\"wp-block-paragraph\">Une soir\u00e9e envo\u00fbtante de musiques cumbia et de vallenato, deux genres musicaux embl\u00e9matiques de la Colombie, qui r\u00e9unira en plateau double l\u2019explosif quintette montr\u00e9alais,&nbsp;<strong>Less Toches<\/strong>, et le l\u00e9gendaire&nbsp;<strong>Beto Jamaica Rey Vallenato,&nbsp;<\/strong>le&nbsp;<strong>Roi du Vallenato de Colombie.<\/strong><\/p>\n\n\n\n<p class=\"wp-block-paragraph\"><strong>Less Toches&nbsp;!<\/strong>&nbsp;Ce quintette montr\u00e9alais, issu de diverses origines colombienne, mexicaine et argentine, cr\u00e9e une fusion musicale explosive, provoquant un big-bang de cumbia \u00e0 la fois inattendu, rafra\u00eechissant et enivrant. \u00c0 chaque spectacle, ils red\u00e9couvrent la magie profonde de leur enfance, nous offrant une sensation paradisiaque dans une dimension parall\u00e8le de l\u2019esprit paysan et riverain de la cumbia&nbsp;<em>colombiana<\/em>&nbsp;et la&nbsp;<em>m\u00fasica de acorde\u00f3n<\/em>.&nbsp;<em>Pura parranda sabanera<\/em>.<\/p>\n\n\n\n<p class=\"wp-block-paragraph\">Suivra directement de la Colombie,<strong>\u00a0Beto Jamaica Rey Vallenato. Alberto \u00ab\u00a0Beto\u00a0\u00bb Jamaica<\/strong>\u00a0est l\u2019un des principaux ambassadeurs de vallenato, l\u2019une des musiques traditionnelles les plus populaires dans son pays. Sa musique est un m\u00e9lange vibrant de\u00a0<em>cumbia<\/em>, de\u00a0<em>paseo<\/em>\u00a0et de\u00a0<em>porro<\/em>, le tout envelopp\u00e9 dans son style unique de vallenato, port\u00e9 par trois instruments qui constituent le c\u0153ur d\u2019un ensemble vallenato traditionnel\u00a0: l\u2019accord\u00e9on, instrument embl\u00e9matique du vallenato, la\u00a0<em>guacharaca<\/em>\u00a0et la\u00a0<em>caja vallenata<\/em>. Restant fid\u00e8le \u00e0 ses origines, le\u00a0<strong>Roi du Vallenato<\/strong>\u00a0ajoute une touche de modernit\u00e9 en y int\u00e9grant une basse \u00e9lectrique, des congas et des timbales, offrant une sonorit\u00e9 actualis\u00e9e de cette musique traditionnelle de la c\u00f4te carib\u00e9enne.<\/p>\n\n\n\n<p class=\"wp-block-paragraph\">An enchanting evening of cumbia and vallenato music, two emblematic musical genres of Colombia, featuring a double bill performance by the explosive Montreal quintet,&nbsp;<strong>Less Toches<\/strong>, and the legendary&nbsp;<strong>Beto Jamaica Rey Vallenato.<\/strong><\/p>\n\n\n\n<p class=\"wp-block-paragraph\"><strong>&nbsp;<\/strong><strong>Less Toches!<\/strong>&nbsp;This Montreal quintet, stemming from diverse Colombian, Mexican, and Argentine origins, creates an explosive musical fusion, inducing an unexpected, refreshing, and intoxicating cumbia big bang. With every performance, they rediscover the profound magic of their childhood, offering us a paradisiacal sensation in a parallel dimension of the rural and riverside spirit of \u00ab&nbsp;<em>cumbia colombiana \u00bb&nbsp;<\/em>and<em>&nbsp;\u00ab m\u00fasica de acorde\u00f3n \u00bb. \u00ab Pura parranda sabanera. \u00bb<\/em><\/p>\n\n\n\n<p class=\"wp-block-paragraph\">Directly following from Colombia, we\u2019ll have\u00a0<strong>Beto Jamaica Rey Vallenato. Alberto \u00ab Beto \u00bb Jamaica<\/strong>\u00a0is one of the foremost ambassadors of vallenato, one of the most popular folk music genres in his country. His music is a vibrant blend of\u00a0<em>cumbia, paseo,\u00a0<\/em>and<em>\u00a0porro<\/em>, all wrapped in his unique vallenato style, driven by three instruments that form the core of a traditional vallenato ensemble: the accordion, the iconic instrument of vallenato, the\u00a0<em>guacharaca<\/em>, and the\u00a0<em>caja vallenata<\/em>. Remaining true to his roots, he adds a touch of modernity by incorporating electric bass, congas, and timbales, thus offering a contemporary interpretation of this traditional music.<\/p>\n\n\n\n<p class=\"wp-block-paragraph\"><strong><a href=\"https:\/\/www.ticketmaster.ca\/event\/31005CFDA753522C?lang=fr-ca&amp;brand=evenko\" target=\"_blank\" rel=\"noreferrer noopener\"><br><\/a><a href=\"https:\/\/www.theatreplaza.ca\/events\/norte-tropical-la-colombie-en-fete\/\">POUR ACHETER VOTRE BILLET, C\u2019EST ICI!<\/a><\/strong><\/p>\n\n\n\n<iframe style=\"border-radius:12px\" src=\"https:\/\/open.spotify.com\/embed\/artist\/1yWLsZ3CTDEy7xMIixFEa0?utm_source=generator\" width=\"100%\" height=\"352\" frameBorder=\"0\" allowfullscreen=\"\" allow=\"autoplay; clipboard-write; encrypted-media; fullscreen; picture-in-picture\" loading=\"lazy\"><\/iframe>\n\n\n\n<p class=\"wp-block-paragraph\"><strong><em>Ce contenu provient de Th\u00e9\u00e2tre Plaza et est adapt\u00e9 par PAN M 360.<\/em><\/strong><\/p>\n","protected":false},"excerpt":{"rendered":"<p>Une soir\u00e9e envo\u00fbtante de musiques cumbia et de vallenato, deux genres musicaux embl\u00e9matiques de la Colombie, qui r\u00e9unira en plateau double l\u2019explosif quintette montr\u00e9alais,&nbsp;Less Toches, et le l\u00e9gendaire&nbsp;Beto Jamaica Rey Vallenato,&nbsp;le&nbsp;Roi du Vallenato de Colombie. Less Toches&nbsp;!&nbsp;Ce quintette montr\u00e9alais, issu de diverses origines colombienne, mexicaine et argentine, cr\u00e9e une fusion musicale explosive, provoquant un big-bang [&hellip;]<\/p>\n","protected":false},"author":936,"featured_media":119337,"menu_order":0,"template":"","format":"standard","meta":{"_acf_changed":true,"_crdt_document":""},"categories":[4322],"tags":[],"generale":[3814],"genre":[3128],"pays":[3828,3839],"salle":[8064],"ville":[7246],"class_list":["post-119338","agenda","type-agenda","status-publish","format-standard","has-post-thumbnail","hentry","category-listings-360","generale-lire-en","genre-cumbia-2","pays-canada-en","pays-colombia","salle-theatre-plaza-en","ville-montreal-en"],"acf":[],"yoast_head":"<!-- This site is optimized with the Yoast SEO plugin v27.4 - https:\/\/yoast.com\/product\/yoast-seo-wordpress\/ -->\n<title>Nort\u00e9 Tropical - La Colombie en f\u00eate au Plaza - PAN M 360<\/title>\n<meta name=\"robots\" content=\"index, follow, max-snippet:-1, max-image-preview:large, max-video-preview:-1\" \/>\n<link rel=\"canonical\" href=\"https:\/\/panm360.com\/en\/agenda\/norte-tropical-la-colombie-en-fete-au-plaza\/\" \/>\n<meta property=\"og:locale\" content=\"en_US\" \/>\n<meta property=\"og:type\" content=\"article\" \/>\n<meta property=\"og:title\" content=\"Nort\u00e9 Tropical - La Colombie en f\u00eate au Plaza - PAN M 360\" \/>\n<meta property=\"og:description\" content=\"Une soir\u00e9e envo\u00fbtante de musiques cumbia et de vallenato, deux genres musicaux embl\u00e9matiques de la Colombie, qui r\u00e9unira en plateau double l\u2019explosif quintette montr\u00e9alais,&nbsp;Less Toches, et le l\u00e9gendaire&nbsp;Beto Jamaica Rey Vallenato,&nbsp;le&nbsp;Roi du Vallenato de Colombie. Less Toches&nbsp;!&nbsp;Ce quintette montr\u00e9alais, issu de diverses origines colombienne, mexicaine et argentine, cr\u00e9e une fusion musicale explosive, provoquant un big-bang [&hellip;]\" \/>\n<meta property=\"og:url\" content=\"https:\/\/panm360.com\/en\/agenda\/norte-tropical-la-colombie-en-fete-au-plaza\/\" \/>\n<meta property=\"og:site_name\" content=\"PAN M 360\" \/>\n<meta property=\"article:publisher\" content=\"https:\/\/www.facebook.com\/panm360\/\" \/>\n<meta property=\"article:modified_time\" content=\"2024-05-15T00:52:10+00:00\" \/>\n<meta property=\"og:image\" content=\"https:\/\/panm360.com\/wp-content\/uploads\/2024\/05\/Affiche-17-mai-2024.jpg\" \/>\n\t<meta property=\"og:image:width\" content=\"1201\" \/>\n\t<meta property=\"og:image:height\" content=\"631\" \/>\n\t<meta property=\"og:image:type\" content=\"image\/jpeg\" \/>\n<meta name=\"twitter:card\" content=\"summary_large_image\" \/>\n<meta name=\"twitter:site\" content=\"@PANM360\" \/>\n<meta name=\"twitter:label1\" content=\"Est. reading time\" \/>\n\t<meta name=\"twitter:data1\" content=\"2 minutes\" \/>\n<script type=\"application\/ld+json\" class=\"yoast-schema-graph\">{\"@context\":\"https:\\\/\\\/schema.org\",\"@graph\":[{\"@type\":\"WebPage\",\"@id\":\"https:\\\/\\\/panm360.com\\\/en\\\/agenda\\\/norte-tropical-la-colombie-en-fete-au-plaza\\\/\",\"url\":\"https:\\\/\\\/panm360.com\\\/en\\\/agenda\\\/norte-tropical-la-colombie-en-fete-au-plaza\\\/\",\"name\":\"Nort\u00e9 Tropical - La Colombie en f\u00eate au Plaza - PAN M 360\",\"isPartOf\":{\"@id\":\"https:\\\/\\\/panm360.com\\\/en\\\/#website\"},\"primaryImageOfPage\":{\"@id\":\"https:\\\/\\\/panm360.com\\\/en\\\/agenda\\\/norte-tropical-la-colombie-en-fete-au-plaza\\\/#primaryimage\"},\"image\":{\"@id\":\"https:\\\/\\\/panm360.com\\\/en\\\/agenda\\\/norte-tropical-la-colombie-en-fete-au-plaza\\\/#primaryimage\"},\"thumbnailUrl\":\"https:\\\/\\\/panm360.com\\\/wp-content\\\/uploads\\\/2024\\\/05\\\/Affiche-17-mai-2024.jpg\",\"datePublished\":\"2024-05-02T00:43:31+00:00\",\"dateModified\":\"2024-05-15T00:52:10+00:00\",\"breadcrumb\":{\"@id\":\"https:\\\/\\\/panm360.com\\\/en\\\/agenda\\\/norte-tropical-la-colombie-en-fete-au-plaza\\\/#breadcrumb\"},\"inLanguage\":\"en-US\",\"potentialAction\":[{\"@type\":\"ReadAction\",\"target\":[\"https:\\\/\\\/panm360.com\\\/en\\\/agenda\\\/norte-tropical-la-colombie-en-fete-au-plaza\\\/\"]}]},{\"@type\":\"ImageObject\",\"inLanguage\":\"en-US\",\"@id\":\"https:\\\/\\\/panm360.com\\\/en\\\/agenda\\\/norte-tropical-la-colombie-en-fete-au-plaza\\\/#primaryimage\",\"url\":\"https:\\\/\\\/panm360.com\\\/wp-content\\\/uploads\\\/2024\\\/05\\\/Affiche-17-mai-2024.jpg\",\"contentUrl\":\"https:\\\/\\\/panm360.com\\\/wp-content\\\/uploads\\\/2024\\\/05\\\/Affiche-17-mai-2024.jpg\",\"width\":1201,\"height\":631},{\"@type\":\"BreadcrumbList\",\"@id\":\"https:\\\/\\\/panm360.com\\\/en\\\/agenda\\\/norte-tropical-la-colombie-en-fete-au-plaza\\\/#breadcrumb\",\"itemListElement\":[{\"@type\":\"ListItem\",\"position\":1,\"name\":\"Accueil\",\"item\":\"https:\\\/\\\/panm360.com\\\/en\\\/\"},{\"@type\":\"ListItem\",\"position\":2,\"name\":\"Listings\",\"item\":\"https:\\\/\\\/panm360.com\\\/en\\\/agenda\\\/\"},{\"@type\":\"ListItem\",\"position\":3,\"name\":\"Nort\u00e9 Tropical &#8211; La Colombie en f\u00eate au Plaza\"}]},{\"@type\":\"WebSite\",\"@id\":\"https:\\\/\\\/panm360.com\\\/en\\\/#website\",\"url\":\"https:\\\/\\\/panm360.com\\\/en\\\/\",\"name\":\"PAN M 360\",\"description\":\"Le m\u00e9dia num\u00e9rique de la musique !\",\"publisher\":{\"@id\":\"https:\\\/\\\/panm360.com\\\/en\\\/#organization\"},\"potentialAction\":[{\"@type\":\"SearchAction\",\"target\":{\"@type\":\"EntryPoint\",\"urlTemplate\":\"https:\\\/\\\/panm360.com\\\/en\\\/?s={search_term_string}\"},\"query-input\":{\"@type\":\"PropertyValueSpecification\",\"valueRequired\":true,\"valueName\":\"search_term_string\"}}],\"inLanguage\":\"en-US\"},{\"@type\":\"Organization\",\"@id\":\"https:\\\/\\\/panm360.com\\\/en\\\/#organization\",\"name\":\"PAN M 360\",\"url\":\"https:\\\/\\\/panm360.com\\\/en\\\/\",\"logo\":{\"@type\":\"ImageObject\",\"inLanguage\":\"en-US\",\"@id\":\"https:\\\/\\\/panm360.com\\\/en\\\/#\\\/schema\\\/logo\\\/image\\\/\",\"url\":\"https:\\\/\\\/panm360.com\\\/wp-content\\\/uploads\\\/2019\\\/12\\\/PAN-M360_Logo_RGB.jpg\",\"contentUrl\":\"https:\\\/\\\/panm360.com\\\/wp-content\\\/uploads\\\/2019\\\/12\\\/PAN-M360_Logo_RGB.jpg\",\"width\":1663,\"height\":631,\"caption\":\"PAN M 360\"},\"image\":{\"@id\":\"https:\\\/\\\/panm360.com\\\/en\\\/#\\\/schema\\\/logo\\\/image\\\/\"},\"sameAs\":[\"https:\\\/\\\/www.facebook.com\\\/panm360\\\/\",\"https:\\\/\\\/x.com\\\/PANM360\",\"https:\\\/\\\/www.instagram.com\\\/panm360\\\/\",\"https:\\\/\\\/www.linkedin.com\\\/company\\\/panm360\\\/\",\"https:\\\/\\\/www.youtube.com\\\/channel\\\/UCHEFHd3UhIrV6EJ3ltzVKOA?view_as=subscriber\"]}]}<\/script>\n<!-- \/ Yoast SEO plugin. -->","yoast_head_json":{"title":"Nort\u00e9 Tropical - La Colombie en f\u00eate au Plaza - PAN M 360","robots":{"index":"index","follow":"follow","max-snippet":"max-snippet:-1","max-image-preview":"max-image-preview:large","max-video-preview":"max-video-preview:-1"},"canonical":"https:\/\/panm360.com\/en\/agenda\/norte-tropical-la-colombie-en-fete-au-plaza\/","og_locale":"en_US","og_type":"article","og_title":"Nort\u00e9 Tropical - La Colombie en f\u00eate au Plaza - PAN M 360","og_description":"Une soir\u00e9e envo\u00fbtante de musiques cumbia et de vallenato, deux genres musicaux embl\u00e9matiques de la Colombie, qui r\u00e9unira en plateau double l\u2019explosif quintette montr\u00e9alais,&nbsp;Less Toches, et le l\u00e9gendaire&nbsp;Beto Jamaica Rey Vallenato,&nbsp;le&nbsp;Roi du Vallenato de Colombie. Less Toches&nbsp;!&nbsp;Ce quintette montr\u00e9alais, issu de diverses origines colombienne, mexicaine et argentine, cr\u00e9e une fusion musicale explosive, provoquant un big-bang [&hellip;]","og_url":"https:\/\/panm360.com\/en\/agenda\/norte-tropical-la-colombie-en-fete-au-plaza\/","og_site_name":"PAN M 360","article_publisher":"https:\/\/www.facebook.com\/panm360\/","article_modified_time":"2024-05-15T00:52:10+00:00","og_image":[{"width":1201,"height":631,"url":"https:\/\/panm360.com\/wp-content\/uploads\/2024\/05\/Affiche-17-mai-2024.jpg","type":"image\/jpeg"}],"twitter_card":"summary_large_image","twitter_site":"@PANM360","twitter_misc":{"Est. reading time":"2 minutes"},"schema":{"@context":"https:\/\/schema.org","@graph":[{"@type":"WebPage","@id":"https:\/\/panm360.com\/en\/agenda\/norte-tropical-la-colombie-en-fete-au-plaza\/","url":"https:\/\/panm360.com\/en\/agenda\/norte-tropical-la-colombie-en-fete-au-plaza\/","name":"Nort\u00e9 Tropical - La Colombie en f\u00eate au Plaza - PAN M 360","isPartOf":{"@id":"https:\/\/panm360.com\/en\/#website"},"primaryImageOfPage":{"@id":"https:\/\/panm360.com\/en\/agenda\/norte-tropical-la-colombie-en-fete-au-plaza\/#primaryimage"},"image":{"@id":"https:\/\/panm360.com\/en\/agenda\/norte-tropical-la-colombie-en-fete-au-plaza\/#primaryimage"},"thumbnailUrl":"https:\/\/panm360.com\/wp-content\/uploads\/2024\/05\/Affiche-17-mai-2024.jpg","datePublished":"2024-05-02T00:43:31+00:00","dateModified":"2024-05-15T00:52:10+00:00","breadcrumb":{"@id":"https:\/\/panm360.com\/en\/agenda\/norte-tropical-la-colombie-en-fete-au-plaza\/#breadcrumb"},"inLanguage":"en-US","potentialAction":[{"@type":"ReadAction","target":["https:\/\/panm360.com\/en\/agenda\/norte-tropical-la-colombie-en-fete-au-plaza\/"]}]},{"@type":"ImageObject","inLanguage":"en-US","@id":"https:\/\/panm360.com\/en\/agenda\/norte-tropical-la-colombie-en-fete-au-plaza\/#primaryimage","url":"https:\/\/panm360.com\/wp-content\/uploads\/2024\/05\/Affiche-17-mai-2024.jpg","contentUrl":"https:\/\/panm360.com\/wp-content\/uploads\/2024\/05\/Affiche-17-mai-2024.jpg","width":1201,"height":631},{"@type":"BreadcrumbList","@id":"https:\/\/panm360.com\/en\/agenda\/norte-tropical-la-colombie-en-fete-au-plaza\/#breadcrumb","itemListElement":[{"@type":"ListItem","position":1,"name":"Accueil","item":"https:\/\/panm360.com\/en\/"},{"@type":"ListItem","position":2,"name":"Listings","item":"https:\/\/panm360.com\/en\/agenda\/"},{"@type":"ListItem","position":3,"name":"Nort\u00e9 Tropical &#8211; La Colombie en f\u00eate au Plaza"}]},{"@type":"WebSite","@id":"https:\/\/panm360.com\/en\/#website","url":"https:\/\/panm360.com\/en\/","name":"PAN M 360","description":"Le m\u00e9dia num\u00e9rique de la musique !","publisher":{"@id":"https:\/\/panm360.com\/en\/#organization"},"potentialAction":[{"@type":"SearchAction","target":{"@type":"EntryPoint","urlTemplate":"https:\/\/panm360.com\/en\/?s={search_term_string}"},"query-input":{"@type":"PropertyValueSpecification","valueRequired":true,"valueName":"search_term_string"}}],"inLanguage":"en-US"},{"@type":"Organization","@id":"https:\/\/panm360.com\/en\/#organization","name":"PAN M 360","url":"https:\/\/panm360.com\/en\/","logo":{"@type":"ImageObject","inLanguage":"en-US","@id":"https:\/\/panm360.com\/en\/#\/schema\/logo\/image\/","url":"https:\/\/panm360.com\/wp-content\/uploads\/2019\/12\/PAN-M360_Logo_RGB.jpg","contentUrl":"https:\/\/panm360.com\/wp-content\/uploads\/2019\/12\/PAN-M360_Logo_RGB.jpg","width":1663,"height":631,"caption":"PAN M 360"},"image":{"@id":"https:\/\/panm360.com\/en\/#\/schema\/logo\/image\/"},"sameAs":["https:\/\/www.facebook.com\/panm360\/","https:\/\/x.com\/PANM360","https:\/\/www.instagram.com\/panm360\/","https:\/\/www.linkedin.com\/company\/panm360\/","https:\/\/www.youtube.com\/channel\/UCHEFHd3UhIrV6EJ3ltzVKOA?view_as=subscriber"]}]}},"_links":{"self":[{"href":"https:\/\/panm360.com\/en\/wp-json\/wp\/v2\/agenda\/119338","targetHints":{"allow":["GET"]}}],"collection":[{"href":"https:\/\/panm360.com\/en\/wp-json\/wp\/v2\/agenda"}],"about":[{"href":"https:\/\/panm360.com\/en\/wp-json\/wp\/v2\/types\/agenda"}],"author":[{"embeddable":true,"href":"https:\/\/panm360.com\/en\/wp-json\/wp\/v2\/users\/936"}],"wp:featuredmedia":[{"embeddable":true,"href":"https:\/\/panm360.com\/en\/wp-json\/wp\/v2\/media\/119337"}],"wp:attachment":[{"href":"https:\/\/panm360.com\/en\/wp-json\/wp\/v2\/media?parent=119338"}],"wp:term":[{"taxonomy":"category","embeddable":true,"href":"https:\/\/panm360.com\/en\/wp-json\/wp\/v2\/categories?post=119338"},{"taxonomy":"post_tag","embeddable":true,"href":"https:\/\/panm360.com\/en\/wp-json\/wp\/v2\/tags?post=119338"},{"taxonomy":"generale","embeddable":true,"href":"https:\/\/panm360.com\/en\/wp-json\/wp\/v2\/generale?post=119338"},{"taxonomy":"genre","embeddable":true,"href":"https:\/\/panm360.com\/en\/wp-json\/wp\/v2\/genre?post=119338"},{"taxonomy":"pays","embeddable":true,"href":"https:\/\/panm360.com\/en\/wp-json\/wp\/v2\/pays?post=119338"},{"taxonomy":"salle","embeddable":true,"href":"https:\/\/panm360.com\/en\/wp-json\/wp\/v2\/salle?post=119338"},{"taxonomy":"ville","embeddable":true,"href":"https:\/\/panm360.com\/en\/wp-json\/wp\/v2\/ville?post=119338"}],"curies":[{"name":"wp","href":"https:\/\/api.w.org\/{rel}","templated":true}]}}