{"id":118596,"date":"2024-04-24T10:09:03","date_gmt":"2024-04-24T14:09:03","guid":{"rendered":"https:\/\/panm360.com\/agenda\/piano-symphonique-maurizio-baglini-a-la-salle-pierre-mercure\/"},"modified":"2024-04-24T10:09:03","modified_gmt":"2024-04-24T14:09:03","slug":"piano-symphonique-maurizio-baglini-a-la-salle-pierre-mercure","status":"publish","type":"agenda","link":"https:\/\/panm360.com\/en\/agenda\/piano-symphonique-maurizio-baglini-a-la-salle-pierre-mercure\/","title":{"rendered":"Piano Symphonique \u2013 Maurizio Baglini \u00e0 la Salle Pierre-Mercure"},"content":{"rendered":"\n<p class=\"wp-block-paragraph\">Pianiste virtuose, ayant une brillante carri\u00e8re internationale de concertiste, Maurizio Baglini a gagn\u00e9 \u00e0 24 ans le \u201cWorld Music Piano Master\u201d \u00e0 Monte-Carlo. Il joue r\u00e9guli\u00e8rement \u00e0 l\u2019Acad\u00e9mie Nationale Sainte-C\u00e9cile, \u00e0 La Scala de Milan, au Teatro San Carlo de Naples, \u00e0 la Salle Gaveau de Paris et au Kennedy Center de Washington.&nbsp;<\/p>\n\n\n\n<p class=\"wp-block-paragraph\">Comme pianiste invit\u00e9, Maurizio Baglini collabore avec des orchestres de grande renomm\u00e9s, notamment Orchestra Sinfonica Nazionale Rai, Orchestre Philharmonique de Monaco, New Japan Philharmonic Orchestra, Orchestra del Maggio Musicale Fiorentino, Mahler Chamber Orchestra.&nbsp;<\/p>\n\n\n\n<p class=\"wp-block-paragraph\">Reconnu pour sa grande virtuosit\u00e9\u0301 et passionn\u00e9 de musique de chambre, Maurizio Baglini est un des rare pianiste \u00e0 avoir ex\u00e9cut\u00e9 la Symphonie no. 9 de Beethoven, dans la transcription transcendantale pianistique de Liszt, programme que nous aurons la chance d\u2019entendre lors de son passage \u00e0 Pro Musica.\u00a0<\/p>\n\n\n\n<p class=\"wp-block-paragraph\"><\/p>\n\n\n\n<p class=\"wp-block-paragraph\">A virtuoso pianist with a brilliant international concert career, Maurizio Baglini won the \u201cWorld Music Piano Master\u201d in Monte-Carlo at the age of 24. He performs regularly at the Acad\u00e9mie Nationale Sainte-C\u00e9cile, La Scala in Milan, Teatro San Carlo in Naples, Salle Gaveau in Paris and the Kennedy Center in Washington.<\/p>\n\n\n\n<p class=\"wp-block-paragraph\">As guest pianist, Maurizio Baglini collaborates with renowned orchestras, including Orchestra Sinfonica Nazionale Rai, Orchestre Philharmonique de Monaco, New Japan Philharmonic Orchestra, Orchestra del Maggio Musicale Fiorentino, Mahler Chamber Orchestra.<\/p>\n\n\n\n<p class=\"wp-block-paragraph\">Renowned for his great virtuosity\u0301 and passionate about chamber music, Maurizio Baglini is one of the rare pianists to have performed Beethoven&#8217;s Symphony no. 9, in Liszt&#8217;s transcendental piano transcription, a program we&#8217;ll be lucky enough to hear during his Pro Musica appearance.<\/p>\n\n\n\n<p class=\"wp-block-paragraph\"><\/p>\n\n\n\n<p class=\"wp-block-paragraph\"><strong><a href=\"https:\/\/pierre-mercure.uqam.ca\/evenement\/piano-symphonique-maurizio-baglini\/\" target=\"_blank\" rel=\"noreferrer noopener\"><br>POUR ACHETER VOTRE BILLET, C\u2019EST ICI!<\/a><\/strong><\/p>\n\n\n\n<p class=\"wp-block-paragraph\"><strong><em>Ce contenu provient de la Salle Pierre-Mercure et est adapt\u00e9 par PAN M 360<\/em><\/strong><\/p>\n\n\n\n<p class=\"wp-block-paragraph\"><\/p>\n\n\n\n<p class=\"wp-block-paragraph\"><\/p>\n","protected":false},"excerpt":{"rendered":"<p>Pianiste virtuose, ayant une brillante carri\u00e8re internationale de concertiste, Maurizio Baglini a gagn\u00e9 \u00e0 24 ans le \u201cWorld Music Piano Master\u201d \u00e0 Monte-Carlo. Il joue r\u00e9guli\u00e8rement \u00e0 l\u2019Acad\u00e9mie Nationale Sainte-C\u00e9cile, \u00e0 La Scala de Milan, au Teatro San Carlo de Naples, \u00e0 la Salle Gaveau de Paris et au Kennedy Center de Washington.&nbsp; Comme pianiste [&hellip;]<\/p>\n","protected":false},"author":936,"featured_media":118594,"menu_order":0,"template":"","format":"standard","meta":{"_acf_changed":true,"_crdt_document":""},"categories":[4322],"tags":[],"generale":[3814],"genre":[3116],"pays":[3853],"salle":[7627],"ville":[7246],"class_list":["post-118596","agenda","type-agenda","status-publish","format-standard","has-post-thumbnail","hentry","category-listings-360","generale-lire-en","genre-indian-classical","pays-italy-3","salle-salle-pierre-mercure-en","ville-montreal-en"],"acf":[],"yoast_head":"<!-- This site is optimized with the Yoast SEO plugin v27.4 - https:\/\/yoast.com\/product\/yoast-seo-wordpress\/ -->\n<title>Piano Symphonique \u2013 Maurizio Baglini \u00e0 la Salle Pierre-Mercure - PAN M 360<\/title>\n<meta name=\"robots\" content=\"index, follow, max-snippet:-1, max-image-preview:large, max-video-preview:-1\" \/>\n<link rel=\"canonical\" href=\"https:\/\/panm360.com\/en\/agenda\/piano-symphonique-maurizio-baglini-a-la-salle-pierre-mercure\/\" \/>\n<meta property=\"og:locale\" content=\"en_US\" \/>\n<meta property=\"og:type\" content=\"article\" \/>\n<meta property=\"og:title\" content=\"Piano Symphonique \u2013 Maurizio Baglini \u00e0 la Salle Pierre-Mercure - PAN M 360\" \/>\n<meta property=\"og:description\" content=\"Pianiste virtuose, ayant une brillante carri\u00e8re internationale de concertiste, Maurizio Baglini a gagn\u00e9 \u00e0 24 ans le \u201cWorld Music Piano Master\u201d \u00e0 Monte-Carlo. Il joue r\u00e9guli\u00e8rement \u00e0 l\u2019Acad\u00e9mie Nationale Sainte-C\u00e9cile, \u00e0 La Scala de Milan, au Teatro San Carlo de Naples, \u00e0 la Salle Gaveau de Paris et au Kennedy Center de Washington.&nbsp; Comme pianiste [&hellip;]\" \/>\n<meta property=\"og:url\" content=\"https:\/\/panm360.com\/en\/agenda\/piano-symphonique-maurizio-baglini-a-la-salle-pierre-mercure\/\" \/>\n<meta property=\"og:site_name\" content=\"PAN M 360\" \/>\n<meta property=\"article:publisher\" content=\"https:\/\/www.facebook.com\/panm360\/\" \/>\n<meta property=\"og:image\" content=\"https:\/\/panm360.com\/wp-content\/uploads\/2024\/04\/maurizio.jpeg\" \/>\n\t<meta property=\"og:image:width\" content=\"991\" \/>\n\t<meta property=\"og:image:height\" content=\"630\" \/>\n\t<meta property=\"og:image:type\" content=\"image\/jpeg\" \/>\n<meta name=\"twitter:card\" content=\"summary_large_image\" \/>\n<meta name=\"twitter:site\" content=\"@PANM360\" \/>\n<meta name=\"twitter:label1\" content=\"Est. reading time\" \/>\n\t<meta name=\"twitter:data1\" content=\"1 minute\" \/>\n<script type=\"application\/ld+json\" class=\"yoast-schema-graph\">{\"@context\":\"https:\\\/\\\/schema.org\",\"@graph\":[{\"@type\":\"WebPage\",\"@id\":\"https:\\\/\\\/panm360.com\\\/en\\\/agenda\\\/piano-symphonique-maurizio-baglini-a-la-salle-pierre-mercure\\\/\",\"url\":\"https:\\\/\\\/panm360.com\\\/en\\\/agenda\\\/piano-symphonique-maurizio-baglini-a-la-salle-pierre-mercure\\\/\",\"name\":\"Piano Symphonique \u2013 Maurizio Baglini \u00e0 la Salle Pierre-Mercure - PAN M 360\",\"isPartOf\":{\"@id\":\"https:\\\/\\\/panm360.com\\\/en\\\/#website\"},\"primaryImageOfPage\":{\"@id\":\"https:\\\/\\\/panm360.com\\\/en\\\/agenda\\\/piano-symphonique-maurizio-baglini-a-la-salle-pierre-mercure\\\/#primaryimage\"},\"image\":{\"@id\":\"https:\\\/\\\/panm360.com\\\/en\\\/agenda\\\/piano-symphonique-maurizio-baglini-a-la-salle-pierre-mercure\\\/#primaryimage\"},\"thumbnailUrl\":\"https:\\\/\\\/panm360.com\\\/wp-content\\\/uploads\\\/2024\\\/04\\\/maurizio.jpeg\",\"datePublished\":\"2024-04-24T14:09:03+00:00\",\"breadcrumb\":{\"@id\":\"https:\\\/\\\/panm360.com\\\/en\\\/agenda\\\/piano-symphonique-maurizio-baglini-a-la-salle-pierre-mercure\\\/#breadcrumb\"},\"inLanguage\":\"en-US\",\"potentialAction\":[{\"@type\":\"ReadAction\",\"target\":[\"https:\\\/\\\/panm360.com\\\/en\\\/agenda\\\/piano-symphonique-maurizio-baglini-a-la-salle-pierre-mercure\\\/\"]}]},{\"@type\":\"ImageObject\",\"inLanguage\":\"en-US\",\"@id\":\"https:\\\/\\\/panm360.com\\\/en\\\/agenda\\\/piano-symphonique-maurizio-baglini-a-la-salle-pierre-mercure\\\/#primaryimage\",\"url\":\"https:\\\/\\\/panm360.com\\\/wp-content\\\/uploads\\\/2024\\\/04\\\/maurizio.jpeg\",\"contentUrl\":\"https:\\\/\\\/panm360.com\\\/wp-content\\\/uploads\\\/2024\\\/04\\\/maurizio.jpeg\",\"width\":991,\"height\":630},{\"@type\":\"BreadcrumbList\",\"@id\":\"https:\\\/\\\/panm360.com\\\/en\\\/agenda\\\/piano-symphonique-maurizio-baglini-a-la-salle-pierre-mercure\\\/#breadcrumb\",\"itemListElement\":[{\"@type\":\"ListItem\",\"position\":1,\"name\":\"Accueil\",\"item\":\"https:\\\/\\\/panm360.com\\\/en\\\/\"},{\"@type\":\"ListItem\",\"position\":2,\"name\":\"Listings\",\"item\":\"https:\\\/\\\/panm360.com\\\/en\\\/agenda\\\/\"},{\"@type\":\"ListItem\",\"position\":3,\"name\":\"Piano Symphonique \u2013 Maurizio Baglini \u00e0 la Salle Pierre-Mercure\"}]},{\"@type\":\"WebSite\",\"@id\":\"https:\\\/\\\/panm360.com\\\/en\\\/#website\",\"url\":\"https:\\\/\\\/panm360.com\\\/en\\\/\",\"name\":\"PAN M 360\",\"description\":\"Le m\u00e9dia num\u00e9rique de la musique !\",\"publisher\":{\"@id\":\"https:\\\/\\\/panm360.com\\\/en\\\/#organization\"},\"potentialAction\":[{\"@type\":\"SearchAction\",\"target\":{\"@type\":\"EntryPoint\",\"urlTemplate\":\"https:\\\/\\\/panm360.com\\\/en\\\/?s={search_term_string}\"},\"query-input\":{\"@type\":\"PropertyValueSpecification\",\"valueRequired\":true,\"valueName\":\"search_term_string\"}}],\"inLanguage\":\"en-US\"},{\"@type\":\"Organization\",\"@id\":\"https:\\\/\\\/panm360.com\\\/en\\\/#organization\",\"name\":\"PAN M 360\",\"url\":\"https:\\\/\\\/panm360.com\\\/en\\\/\",\"logo\":{\"@type\":\"ImageObject\",\"inLanguage\":\"en-US\",\"@id\":\"https:\\\/\\\/panm360.com\\\/en\\\/#\\\/schema\\\/logo\\\/image\\\/\",\"url\":\"https:\\\/\\\/panm360.com\\\/wp-content\\\/uploads\\\/2019\\\/12\\\/PAN-M360_Logo_RGB.jpg\",\"contentUrl\":\"https:\\\/\\\/panm360.com\\\/wp-content\\\/uploads\\\/2019\\\/12\\\/PAN-M360_Logo_RGB.jpg\",\"width\":1663,\"height\":631,\"caption\":\"PAN M 360\"},\"image\":{\"@id\":\"https:\\\/\\\/panm360.com\\\/en\\\/#\\\/schema\\\/logo\\\/image\\\/\"},\"sameAs\":[\"https:\\\/\\\/www.facebook.com\\\/panm360\\\/\",\"https:\\\/\\\/x.com\\\/PANM360\",\"https:\\\/\\\/www.instagram.com\\\/panm360\\\/\",\"https:\\\/\\\/www.linkedin.com\\\/company\\\/panm360\\\/\",\"https:\\\/\\\/www.youtube.com\\\/channel\\\/UCHEFHd3UhIrV6EJ3ltzVKOA?view_as=subscriber\"]}]}<\/script>\n<!-- \/ Yoast SEO plugin. -->","yoast_head_json":{"title":"Piano Symphonique \u2013 Maurizio Baglini \u00e0 la Salle Pierre-Mercure - PAN M 360","robots":{"index":"index","follow":"follow","max-snippet":"max-snippet:-1","max-image-preview":"max-image-preview:large","max-video-preview":"max-video-preview:-1"},"canonical":"https:\/\/panm360.com\/en\/agenda\/piano-symphonique-maurizio-baglini-a-la-salle-pierre-mercure\/","og_locale":"en_US","og_type":"article","og_title":"Piano Symphonique \u2013 Maurizio Baglini \u00e0 la Salle Pierre-Mercure - PAN M 360","og_description":"Pianiste virtuose, ayant une brillante carri\u00e8re internationale de concertiste, Maurizio Baglini a gagn\u00e9 \u00e0 24 ans le \u201cWorld Music Piano Master\u201d \u00e0 Monte-Carlo. Il joue r\u00e9guli\u00e8rement \u00e0 l\u2019Acad\u00e9mie Nationale Sainte-C\u00e9cile, \u00e0 La Scala de Milan, au Teatro San Carlo de Naples, \u00e0 la Salle Gaveau de Paris et au Kennedy Center de Washington.&nbsp; Comme pianiste [&hellip;]","og_url":"https:\/\/panm360.com\/en\/agenda\/piano-symphonique-maurizio-baglini-a-la-salle-pierre-mercure\/","og_site_name":"PAN M 360","article_publisher":"https:\/\/www.facebook.com\/panm360\/","og_image":[{"width":991,"height":630,"url":"https:\/\/panm360.com\/wp-content\/uploads\/2024\/04\/maurizio.jpeg","type":"image\/jpeg"}],"twitter_card":"summary_large_image","twitter_site":"@PANM360","twitter_misc":{"Est. reading time":"1 minute"},"schema":{"@context":"https:\/\/schema.org","@graph":[{"@type":"WebPage","@id":"https:\/\/panm360.com\/en\/agenda\/piano-symphonique-maurizio-baglini-a-la-salle-pierre-mercure\/","url":"https:\/\/panm360.com\/en\/agenda\/piano-symphonique-maurizio-baglini-a-la-salle-pierre-mercure\/","name":"Piano Symphonique \u2013 Maurizio Baglini \u00e0 la Salle Pierre-Mercure - PAN M 360","isPartOf":{"@id":"https:\/\/panm360.com\/en\/#website"},"primaryImageOfPage":{"@id":"https:\/\/panm360.com\/en\/agenda\/piano-symphonique-maurizio-baglini-a-la-salle-pierre-mercure\/#primaryimage"},"image":{"@id":"https:\/\/panm360.com\/en\/agenda\/piano-symphonique-maurizio-baglini-a-la-salle-pierre-mercure\/#primaryimage"},"thumbnailUrl":"https:\/\/panm360.com\/wp-content\/uploads\/2024\/04\/maurizio.jpeg","datePublished":"2024-04-24T14:09:03+00:00","breadcrumb":{"@id":"https:\/\/panm360.com\/en\/agenda\/piano-symphonique-maurizio-baglini-a-la-salle-pierre-mercure\/#breadcrumb"},"inLanguage":"en-US","potentialAction":[{"@type":"ReadAction","target":["https:\/\/panm360.com\/en\/agenda\/piano-symphonique-maurizio-baglini-a-la-salle-pierre-mercure\/"]}]},{"@type":"ImageObject","inLanguage":"en-US","@id":"https:\/\/panm360.com\/en\/agenda\/piano-symphonique-maurizio-baglini-a-la-salle-pierre-mercure\/#primaryimage","url":"https:\/\/panm360.com\/wp-content\/uploads\/2024\/04\/maurizio.jpeg","contentUrl":"https:\/\/panm360.com\/wp-content\/uploads\/2024\/04\/maurizio.jpeg","width":991,"height":630},{"@type":"BreadcrumbList","@id":"https:\/\/panm360.com\/en\/agenda\/piano-symphonique-maurizio-baglini-a-la-salle-pierre-mercure\/#breadcrumb","itemListElement":[{"@type":"ListItem","position":1,"name":"Accueil","item":"https:\/\/panm360.com\/en\/"},{"@type":"ListItem","position":2,"name":"Listings","item":"https:\/\/panm360.com\/en\/agenda\/"},{"@type":"ListItem","position":3,"name":"Piano Symphonique \u2013 Maurizio Baglini \u00e0 la Salle Pierre-Mercure"}]},{"@type":"WebSite","@id":"https:\/\/panm360.com\/en\/#website","url":"https:\/\/panm360.com\/en\/","name":"PAN M 360","description":"Le m\u00e9dia num\u00e9rique de la musique !","publisher":{"@id":"https:\/\/panm360.com\/en\/#organization"},"potentialAction":[{"@type":"SearchAction","target":{"@type":"EntryPoint","urlTemplate":"https:\/\/panm360.com\/en\/?s={search_term_string}"},"query-input":{"@type":"PropertyValueSpecification","valueRequired":true,"valueName":"search_term_string"}}],"inLanguage":"en-US"},{"@type":"Organization","@id":"https:\/\/panm360.com\/en\/#organization","name":"PAN M 360","url":"https:\/\/panm360.com\/en\/","logo":{"@type":"ImageObject","inLanguage":"en-US","@id":"https:\/\/panm360.com\/en\/#\/schema\/logo\/image\/","url":"https:\/\/panm360.com\/wp-content\/uploads\/2019\/12\/PAN-M360_Logo_RGB.jpg","contentUrl":"https:\/\/panm360.com\/wp-content\/uploads\/2019\/12\/PAN-M360_Logo_RGB.jpg","width":1663,"height":631,"caption":"PAN M 360"},"image":{"@id":"https:\/\/panm360.com\/en\/#\/schema\/logo\/image\/"},"sameAs":["https:\/\/www.facebook.com\/panm360\/","https:\/\/x.com\/PANM360","https:\/\/www.instagram.com\/panm360\/","https:\/\/www.linkedin.com\/company\/panm360\/","https:\/\/www.youtube.com\/channel\/UCHEFHd3UhIrV6EJ3ltzVKOA?view_as=subscriber"]}]}},"_links":{"self":[{"href":"https:\/\/panm360.com\/en\/wp-json\/wp\/v2\/agenda\/118596","targetHints":{"allow":["GET"]}}],"collection":[{"href":"https:\/\/panm360.com\/en\/wp-json\/wp\/v2\/agenda"}],"about":[{"href":"https:\/\/panm360.com\/en\/wp-json\/wp\/v2\/types\/agenda"}],"author":[{"embeddable":true,"href":"https:\/\/panm360.com\/en\/wp-json\/wp\/v2\/users\/936"}],"wp:featuredmedia":[{"embeddable":true,"href":"https:\/\/panm360.com\/en\/wp-json\/wp\/v2\/media\/118594"}],"wp:attachment":[{"href":"https:\/\/panm360.com\/en\/wp-json\/wp\/v2\/media?parent=118596"}],"wp:term":[{"taxonomy":"category","embeddable":true,"href":"https:\/\/panm360.com\/en\/wp-json\/wp\/v2\/categories?post=118596"},{"taxonomy":"post_tag","embeddable":true,"href":"https:\/\/panm360.com\/en\/wp-json\/wp\/v2\/tags?post=118596"},{"taxonomy":"generale","embeddable":true,"href":"https:\/\/panm360.com\/en\/wp-json\/wp\/v2\/generale?post=118596"},{"taxonomy":"genre","embeddable":true,"href":"https:\/\/panm360.com\/en\/wp-json\/wp\/v2\/genre?post=118596"},{"taxonomy":"pays","embeddable":true,"href":"https:\/\/panm360.com\/en\/wp-json\/wp\/v2\/pays?post=118596"},{"taxonomy":"salle","embeddable":true,"href":"https:\/\/panm360.com\/en\/wp-json\/wp\/v2\/salle?post=118596"},{"taxonomy":"ville","embeddable":true,"href":"https:\/\/panm360.com\/en\/wp-json\/wp\/v2\/ville?post=118596"}],"curies":[{"name":"wp","href":"https:\/\/api.w.org\/{rel}","templated":true}]}}