{"id":117037,"date":"2024-03-15T23:34:12","date_gmt":"2024-03-16T03:34:12","guid":{"rendered":"https:\/\/panm360.com\/agenda\/cultura-profetica-au-theatre-rialto\/"},"modified":"2024-03-22T09:00:13","modified_gmt":"2024-03-22T13:00:13","slug":"cultura-profetica-au-theatre-rialto","status":"publish","type":"agenda","link":"https:\/\/panm360.com\/en\/agenda\/cultura-profetica-au-theatre-rialto\/","title":{"rendered":"Cultura Profetica at Th\u00e9\u00e2tre Rialto"},"content":{"rendered":"\n<p class=\"wp-block-paragraph\">Cultura Prof\u00e9tica is a Puerto Rican reggae band, known for their sociopolitical lyrics and incorporation of latino rhythms into their unique sound.<\/p>\n\n\n\n<p class=\"wp-block-paragraph\"><\/p>\n\n\n\n<p class=\"wp-block-paragraph\">Cultura Prof\u00e9tica est un groupe de reggae portoricain, connu pour ses paroles sociopolitiques et l&#8217;incorporation de rythmes latinos dans son son unique.<\/p>\n\n\n\n<p class=\"wp-block-paragraph\"><\/p>\n\n\n\n<iframe style=\"border-radius:12px\" src=\"https:\/\/open.spotify.com\/embed\/artist\/65HuWBUC1d8ty1q6J42Nfi?utm_source=generator\" width=\"100%\" height=\"352\" frameBorder=\"0\" allowfullscreen=\"\" allow=\"autoplay; clipboard-write; encrypted-media; fullscreen; picture-in-picture\" loading=\"lazy\"><\/iframe>\n\n\n\n<p class=\"wp-block-paragraph\"><\/p>\n\n\n\n<p class=\"wp-block-paragraph\"><strong><a href=\"https:\/\/www.eventbrite.ca\/e\/cultura-profetica-montreal-tickets-767910379617?uid=&amp;sk_eid=41678794&amp;aff=aff0songkick\" target=\"_blank\" rel=\"noreferrer noopener\"><br>TO BUY YOUR TICKET, CLICK HERE!<\/a><\/strong><\/p>\n\n\n\n<p class=\"wp-block-paragraph\"><strong><em>This content comes from the Th\u00e9\u00e2tre Rialto and is adapted by PAN M 360<\/em><\/strong><\/p>\n","protected":false},"excerpt":{"rendered":"<p>Cultura Prof\u00e9tica is a Puerto Rican reggae band, known for their sociopolitical lyrics and incorporation of latino rhythms into their unique sound. Cultura Prof\u00e9tica est un groupe de reggae portoricain, connu pour ses paroles sociopolitiques et l&#8217;incorporation de rythmes latinos dans son son unique. TO BUY YOUR TICKET, CLICK HERE! This content comes from the [&hellip;]<\/p>\n","protected":false},"author":936,"featured_media":117036,"menu_order":0,"template":"","format":"standard","meta":{"_acf_changed":true,"_crdt_document":""},"categories":[4322],"tags":[],"generale":[3814],"genre":[4535],"pays":[8350],"salle":[7030],"ville":[7246],"class_list":["post-117037","agenda","type-agenda","status-publish","format-standard","has-post-thumbnail","hentry","category-listings-360","generale-lire-en","genre-latino-en-2","pays-puerto-rico-en","salle-theatre-rialto-en","ville-montreal-en"],"acf":[],"yoast_head":"<!-- This site is optimized with the Yoast SEO plugin v27.4 - https:\/\/yoast.com\/product\/yoast-seo-wordpress\/ -->\n<title>Cultura Profetica at Th\u00e9\u00e2tre Rialto - PAN M 360<\/title>\n<meta name=\"robots\" content=\"index, follow, max-snippet:-1, max-image-preview:large, max-video-preview:-1\" \/>\n<link rel=\"canonical\" href=\"https:\/\/panm360.com\/en\/agenda\/cultura-profetica-au-theatre-rialto\/\" \/>\n<meta property=\"og:locale\" content=\"en_US\" \/>\n<meta property=\"og:type\" content=\"article\" \/>\n<meta property=\"og:title\" content=\"Cultura Profetica at Th\u00e9\u00e2tre Rialto - PAN M 360\" \/>\n<meta property=\"og:description\" content=\"Cultura Prof\u00e9tica is a Puerto Rican reggae band, known for their sociopolitical lyrics and incorporation of latino rhythms into their unique sound. Cultura Prof\u00e9tica est un groupe de reggae portoricain, connu pour ses paroles sociopolitiques et l&#8217;incorporation de rythmes latinos dans son son unique. TO BUY YOUR TICKET, CLICK HERE! This content comes from the [&hellip;]\" \/>\n<meta property=\"og:url\" content=\"https:\/\/panm360.com\/en\/agenda\/cultura-profetica-au-theatre-rialto\/\" \/>\n<meta property=\"og:site_name\" content=\"PAN M 360\" \/>\n<meta property=\"article:publisher\" content=\"https:\/\/www.facebook.com\/panm360\/\" \/>\n<meta property=\"article:modified_time\" content=\"2024-03-22T13:00:13+00:00\" \/>\n<meta property=\"og:image\" content=\"https:\/\/panm360.com\/wp-content\/uploads\/2024\/03\/cultura.jpeg\" \/>\n\t<meta property=\"og:image:width\" content=\"940\" \/>\n\t<meta property=\"og:image:height\" content=\"470\" \/>\n\t<meta property=\"og:image:type\" content=\"image\/jpeg\" \/>\n<meta name=\"twitter:card\" content=\"summary_large_image\" \/>\n<meta name=\"twitter:site\" content=\"@PANM360\" \/>\n<script type=\"application\/ld+json\" class=\"yoast-schema-graph\">{\"@context\":\"https:\\\/\\\/schema.org\",\"@graph\":[{\"@type\":\"WebPage\",\"@id\":\"https:\\\/\\\/panm360.com\\\/en\\\/agenda\\\/cultura-profetica-au-theatre-rialto\\\/\",\"url\":\"https:\\\/\\\/panm360.com\\\/en\\\/agenda\\\/cultura-profetica-au-theatre-rialto\\\/\",\"name\":\"Cultura Profetica at Th\u00e9\u00e2tre Rialto - PAN M 360\",\"isPartOf\":{\"@id\":\"https:\\\/\\\/panm360.com\\\/en\\\/#website\"},\"primaryImageOfPage\":{\"@id\":\"https:\\\/\\\/panm360.com\\\/en\\\/agenda\\\/cultura-profetica-au-theatre-rialto\\\/#primaryimage\"},\"image\":{\"@id\":\"https:\\\/\\\/panm360.com\\\/en\\\/agenda\\\/cultura-profetica-au-theatre-rialto\\\/#primaryimage\"},\"thumbnailUrl\":\"https:\\\/\\\/panm360.com\\\/wp-content\\\/uploads\\\/2024\\\/03\\\/cultura.jpeg\",\"datePublished\":\"2024-03-16T03:34:12+00:00\",\"dateModified\":\"2024-03-22T13:00:13+00:00\",\"breadcrumb\":{\"@id\":\"https:\\\/\\\/panm360.com\\\/en\\\/agenda\\\/cultura-profetica-au-theatre-rialto\\\/#breadcrumb\"},\"inLanguage\":\"en-US\",\"potentialAction\":[{\"@type\":\"ReadAction\",\"target\":[\"https:\\\/\\\/panm360.com\\\/en\\\/agenda\\\/cultura-profetica-au-theatre-rialto\\\/\"]}]},{\"@type\":\"ImageObject\",\"inLanguage\":\"en-US\",\"@id\":\"https:\\\/\\\/panm360.com\\\/en\\\/agenda\\\/cultura-profetica-au-theatre-rialto\\\/#primaryimage\",\"url\":\"https:\\\/\\\/panm360.com\\\/wp-content\\\/uploads\\\/2024\\\/03\\\/cultura.jpeg\",\"contentUrl\":\"https:\\\/\\\/panm360.com\\\/wp-content\\\/uploads\\\/2024\\\/03\\\/cultura.jpeg\",\"width\":940,\"height\":470},{\"@type\":\"BreadcrumbList\",\"@id\":\"https:\\\/\\\/panm360.com\\\/en\\\/agenda\\\/cultura-profetica-au-theatre-rialto\\\/#breadcrumb\",\"itemListElement\":[{\"@type\":\"ListItem\",\"position\":1,\"name\":\"Accueil\",\"item\":\"https:\\\/\\\/panm360.com\\\/en\\\/\"},{\"@type\":\"ListItem\",\"position\":2,\"name\":\"Listings\",\"item\":\"https:\\\/\\\/panm360.com\\\/en\\\/agenda\\\/\"},{\"@type\":\"ListItem\",\"position\":3,\"name\":\"Cultura Profetica at Th\u00e9\u00e2tre Rialto\"}]},{\"@type\":\"WebSite\",\"@id\":\"https:\\\/\\\/panm360.com\\\/en\\\/#website\",\"url\":\"https:\\\/\\\/panm360.com\\\/en\\\/\",\"name\":\"PAN M 360\",\"description\":\"Le m\u00e9dia num\u00e9rique de la musique !\",\"publisher\":{\"@id\":\"https:\\\/\\\/panm360.com\\\/en\\\/#organization\"},\"potentialAction\":[{\"@type\":\"SearchAction\",\"target\":{\"@type\":\"EntryPoint\",\"urlTemplate\":\"https:\\\/\\\/panm360.com\\\/en\\\/?s={search_term_string}\"},\"query-input\":{\"@type\":\"PropertyValueSpecification\",\"valueRequired\":true,\"valueName\":\"search_term_string\"}}],\"inLanguage\":\"en-US\"},{\"@type\":\"Organization\",\"@id\":\"https:\\\/\\\/panm360.com\\\/en\\\/#organization\",\"name\":\"PAN M 360\",\"url\":\"https:\\\/\\\/panm360.com\\\/en\\\/\",\"logo\":{\"@type\":\"ImageObject\",\"inLanguage\":\"en-US\",\"@id\":\"https:\\\/\\\/panm360.com\\\/en\\\/#\\\/schema\\\/logo\\\/image\\\/\",\"url\":\"https:\\\/\\\/panm360.com\\\/wp-content\\\/uploads\\\/2019\\\/12\\\/PAN-M360_Logo_RGB.jpg\",\"contentUrl\":\"https:\\\/\\\/panm360.com\\\/wp-content\\\/uploads\\\/2019\\\/12\\\/PAN-M360_Logo_RGB.jpg\",\"width\":1663,\"height\":631,\"caption\":\"PAN M 360\"},\"image\":{\"@id\":\"https:\\\/\\\/panm360.com\\\/en\\\/#\\\/schema\\\/logo\\\/image\\\/\"},\"sameAs\":[\"https:\\\/\\\/www.facebook.com\\\/panm360\\\/\",\"https:\\\/\\\/x.com\\\/PANM360\",\"https:\\\/\\\/www.instagram.com\\\/panm360\\\/\",\"https:\\\/\\\/www.linkedin.com\\\/company\\\/panm360\\\/\",\"https:\\\/\\\/www.youtube.com\\\/channel\\\/UCHEFHd3UhIrV6EJ3ltzVKOA?view_as=subscriber\"]}]}<\/script>\n<!-- \/ Yoast SEO plugin. -->","yoast_head_json":{"title":"Cultura Profetica at Th\u00e9\u00e2tre Rialto - PAN M 360","robots":{"index":"index","follow":"follow","max-snippet":"max-snippet:-1","max-image-preview":"max-image-preview:large","max-video-preview":"max-video-preview:-1"},"canonical":"https:\/\/panm360.com\/en\/agenda\/cultura-profetica-au-theatre-rialto\/","og_locale":"en_US","og_type":"article","og_title":"Cultura Profetica at Th\u00e9\u00e2tre Rialto - PAN M 360","og_description":"Cultura Prof\u00e9tica is a Puerto Rican reggae band, known for their sociopolitical lyrics and incorporation of latino rhythms into their unique sound. Cultura Prof\u00e9tica est un groupe de reggae portoricain, connu pour ses paroles sociopolitiques et l&#8217;incorporation de rythmes latinos dans son son unique. TO BUY YOUR TICKET, CLICK HERE! This content comes from the [&hellip;]","og_url":"https:\/\/panm360.com\/en\/agenda\/cultura-profetica-au-theatre-rialto\/","og_site_name":"PAN M 360","article_publisher":"https:\/\/www.facebook.com\/panm360\/","article_modified_time":"2024-03-22T13:00:13+00:00","og_image":[{"width":940,"height":470,"url":"https:\/\/panm360.com\/wp-content\/uploads\/2024\/03\/cultura.jpeg","type":"image\/jpeg"}],"twitter_card":"summary_large_image","twitter_site":"@PANM360","schema":{"@context":"https:\/\/schema.org","@graph":[{"@type":"WebPage","@id":"https:\/\/panm360.com\/en\/agenda\/cultura-profetica-au-theatre-rialto\/","url":"https:\/\/panm360.com\/en\/agenda\/cultura-profetica-au-theatre-rialto\/","name":"Cultura Profetica at Th\u00e9\u00e2tre Rialto - PAN M 360","isPartOf":{"@id":"https:\/\/panm360.com\/en\/#website"},"primaryImageOfPage":{"@id":"https:\/\/panm360.com\/en\/agenda\/cultura-profetica-au-theatre-rialto\/#primaryimage"},"image":{"@id":"https:\/\/panm360.com\/en\/agenda\/cultura-profetica-au-theatre-rialto\/#primaryimage"},"thumbnailUrl":"https:\/\/panm360.com\/wp-content\/uploads\/2024\/03\/cultura.jpeg","datePublished":"2024-03-16T03:34:12+00:00","dateModified":"2024-03-22T13:00:13+00:00","breadcrumb":{"@id":"https:\/\/panm360.com\/en\/agenda\/cultura-profetica-au-theatre-rialto\/#breadcrumb"},"inLanguage":"en-US","potentialAction":[{"@type":"ReadAction","target":["https:\/\/panm360.com\/en\/agenda\/cultura-profetica-au-theatre-rialto\/"]}]},{"@type":"ImageObject","inLanguage":"en-US","@id":"https:\/\/panm360.com\/en\/agenda\/cultura-profetica-au-theatre-rialto\/#primaryimage","url":"https:\/\/panm360.com\/wp-content\/uploads\/2024\/03\/cultura.jpeg","contentUrl":"https:\/\/panm360.com\/wp-content\/uploads\/2024\/03\/cultura.jpeg","width":940,"height":470},{"@type":"BreadcrumbList","@id":"https:\/\/panm360.com\/en\/agenda\/cultura-profetica-au-theatre-rialto\/#breadcrumb","itemListElement":[{"@type":"ListItem","position":1,"name":"Accueil","item":"https:\/\/panm360.com\/en\/"},{"@type":"ListItem","position":2,"name":"Listings","item":"https:\/\/panm360.com\/en\/agenda\/"},{"@type":"ListItem","position":3,"name":"Cultura Profetica at Th\u00e9\u00e2tre Rialto"}]},{"@type":"WebSite","@id":"https:\/\/panm360.com\/en\/#website","url":"https:\/\/panm360.com\/en\/","name":"PAN M 360","description":"Le m\u00e9dia num\u00e9rique de la musique !","publisher":{"@id":"https:\/\/panm360.com\/en\/#organization"},"potentialAction":[{"@type":"SearchAction","target":{"@type":"EntryPoint","urlTemplate":"https:\/\/panm360.com\/en\/?s={search_term_string}"},"query-input":{"@type":"PropertyValueSpecification","valueRequired":true,"valueName":"search_term_string"}}],"inLanguage":"en-US"},{"@type":"Organization","@id":"https:\/\/panm360.com\/en\/#organization","name":"PAN M 360","url":"https:\/\/panm360.com\/en\/","logo":{"@type":"ImageObject","inLanguage":"en-US","@id":"https:\/\/panm360.com\/en\/#\/schema\/logo\/image\/","url":"https:\/\/panm360.com\/wp-content\/uploads\/2019\/12\/PAN-M360_Logo_RGB.jpg","contentUrl":"https:\/\/panm360.com\/wp-content\/uploads\/2019\/12\/PAN-M360_Logo_RGB.jpg","width":1663,"height":631,"caption":"PAN M 360"},"image":{"@id":"https:\/\/panm360.com\/en\/#\/schema\/logo\/image\/"},"sameAs":["https:\/\/www.facebook.com\/panm360\/","https:\/\/x.com\/PANM360","https:\/\/www.instagram.com\/panm360\/","https:\/\/www.linkedin.com\/company\/panm360\/","https:\/\/www.youtube.com\/channel\/UCHEFHd3UhIrV6EJ3ltzVKOA?view_as=subscriber"]}]}},"_links":{"self":[{"href":"https:\/\/panm360.com\/en\/wp-json\/wp\/v2\/agenda\/117037","targetHints":{"allow":["GET"]}}],"collection":[{"href":"https:\/\/panm360.com\/en\/wp-json\/wp\/v2\/agenda"}],"about":[{"href":"https:\/\/panm360.com\/en\/wp-json\/wp\/v2\/types\/agenda"}],"author":[{"embeddable":true,"href":"https:\/\/panm360.com\/en\/wp-json\/wp\/v2\/users\/936"}],"wp:featuredmedia":[{"embeddable":true,"href":"https:\/\/panm360.com\/en\/wp-json\/wp\/v2\/media\/117036"}],"wp:attachment":[{"href":"https:\/\/panm360.com\/en\/wp-json\/wp\/v2\/media?parent=117037"}],"wp:term":[{"taxonomy":"category","embeddable":true,"href":"https:\/\/panm360.com\/en\/wp-json\/wp\/v2\/categories?post=117037"},{"taxonomy":"post_tag","embeddable":true,"href":"https:\/\/panm360.com\/en\/wp-json\/wp\/v2\/tags?post=117037"},{"taxonomy":"generale","embeddable":true,"href":"https:\/\/panm360.com\/en\/wp-json\/wp\/v2\/generale?post=117037"},{"taxonomy":"genre","embeddable":true,"href":"https:\/\/panm360.com\/en\/wp-json\/wp\/v2\/genre?post=117037"},{"taxonomy":"pays","embeddable":true,"href":"https:\/\/panm360.com\/en\/wp-json\/wp\/v2\/pays?post=117037"},{"taxonomy":"salle","embeddable":true,"href":"https:\/\/panm360.com\/en\/wp-json\/wp\/v2\/salle?post=117037"},{"taxonomy":"ville","embeddable":true,"href":"https:\/\/panm360.com\/en\/wp-json\/wp\/v2\/ville?post=117037"}],"curies":[{"name":"wp","href":"https:\/\/api.w.org\/{rel}","templated":true}]}}