{"id":116376,"date":"2024-03-01T12:13:20","date_gmt":"2024-03-01T17:13:20","guid":{"rendered":"https:\/\/panm360.com\/?post_type=agenda&#038;p=116376"},"modified":"2024-03-15T08:54:23","modified_gmt":"2024-03-15T12:54:23","slug":"off-domesicle-italo-moderni-adrian-marth-grondini-et-sierra","status":"publish","type":"agenda","link":"https:\/\/panm360.com\/en\/agenda\/off-domesicle-italo-moderni-adrian-marth-grondini-et-sierra\/","title":{"rendered":"OFF D\u00f4mesicle &#8211; Italo Moderni, Adrian Marth, Grondini and Sierra"},"content":{"rendered":"\n<p class=\"wp-block-paragraph\">Immersive party in the dome presented by Italo Moderni with Adrian Marth + Grondini + Sierra with 360\u00b0 visuals by Hex 8 and Delta<br>Catalan prince of darkness Adrian Marth and his Italo Moderni label come to Montreal for an explosive evening dedicated to the darkest corners of the Italo\/EBM trend. Local support is provided by Sierra and Grondini. Get out your eyeliner, black cutex and vinyl pants.<\/p>\n\n\n\n<p class=\"wp-block-paragraph\"><\/p>\n\n\n\n<p class=\"wp-block-paragraph\">Party immersif dans le d\u00f4me pr\u00e9sent\u00e9 par Italo Moderni avec Adrian Marth + Grondini + Sierra avec les visuels 360\u00b0 Hex 8 et Delta<br>Le prince catalan de la noirceur Adrian Marth et son \u00e9tiquette Italo Moderni d\u00e9barquent \u00e0 Montr\u00e9al pour une soir\u00e9e explosive d\u00e9di\u00e9e aux recoins les plus sombres de la tendance italo\/EBM. Le soutien local est assur\u00e9 par Sierra et Grondini. Sors ton eyeliner, le cutex noir et tes pants en vinyle.<\/p>\n\n\n\n<p class=\"wp-block-paragraph\"><\/p>\n\n\n\n<p class=\"wp-block-paragraph\">Adrian Marth is an Italo disco\/EBM DJ\/producer and a driving force on Barcelona&#8217;s underground scene. He heads the Italo Moderni label, which brings together innovative artists from a variety of genres, while developing his own highly personal style blending Italo and electro. His music is an assemblage of 80s italodisco, spacedisco and cosmic disco elements, playing with electronic sounds and analog synthesizers, while exploring the components of EBM. A passionate collector, he is renowned for his energetic, eclectic sets.<\/p>\n\n\n\n<p class=\"wp-block-paragraph\"><\/p>\n\n\n\n<p class=\"wp-block-paragraph\">Adrian Marth est un DJ\/Producteur italo disco\/EBM et une force motrice de la sc\u00e8ne underground de Barcelone. Il est \u00e0 la t\u00eate du label Italo Moderni, qui r\u00e9unit des artistes innovant dans divers genres, tout en d\u00e9veloppant son propre style tr\u00e8s personnel m\u00ealant italo et \u00e9lectro. Sa musique est un assemblage d&#8217;\u00e9l\u00e9ments italodisco, spacedisco et cosmic disco des ann\u00e9es 80, jouant avec des sons \u00e9lectroniques et des synth\u00e9tiseurs analogiques, tout en explorant les composantes de l&#8217;EBM. Collectionneur passionn\u00e9, il est reconnu pour ses sets \u00e9nergiques et \u00e9clectiques.<\/p>\n\n\n\n<p class=\"wp-block-paragraph\"><\/p>\n\n\n\n<iframe style=\"border-radius:12px\" src=\"https:\/\/open.spotify.com\/embed\/artist\/5fORTpVtV19nQrG2Zfqxo9?utm_source=generator\" width=\"100%\" height=\"380\" frameBorder=\"0\" allowfullscreen=\"\" allow=\"autoplay; clipboard-write; encrypted-media; fullscreen; picture-in-picture\" loading=\"lazy\"><\/iframe>\n\n\n\n<p class=\"wp-block-paragraph\"><strong><a href=\"https:\/\/www.ticketmaster.ca\/event\/31005CFDA753522C?lang=fr-ca&amp;brand=evenko\" target=\"_blank\" rel=\"noreferrer noopener\"><br><\/a><a href=\"https:\/\/sat.qc.ca\/fr\/evenements\/off-domesicle-italo-moderni-adrian-marth-grondini-sierra\">TO BUY YOUR TICKET, CLICK HERE!<\/a><\/strong><\/p>\n\n\n\n<p class=\"wp-block-paragraph\"><strong><em>This content comes from the Soci\u00e9t\u00e9 des arts technologiques and is adapted by PAN M 360.<\/em><\/strong><\/p>\n\n\n\n<p class=\"wp-block-paragraph\"><\/p>\n\n\n\n<p class=\"wp-block-paragraph\"><\/p>\n\n\n\n<p class=\"wp-block-paragraph\"><\/p>\n\n\n\n<p class=\"wp-block-paragraph\"><\/p>\n\n\n\n<p class=\"wp-block-paragraph\"><\/p>\n\n\n\n<p class=\"wp-block-paragraph\"><\/p>\n\n\n\n<p class=\"wp-block-paragraph\"><\/p>\n\n\n\n<p class=\"wp-block-paragraph\"><\/p>\n\n\n\n<p class=\"wp-block-paragraph\"><\/p>\n\n\n\n<p class=\"wp-block-paragraph\"><\/p>\n\n\n\n<p class=\"wp-block-paragraph\"><\/p>\n","protected":false},"excerpt":{"rendered":"<p>Immersive party in the dome presented by Italo Moderni with Adrian Marth + Grondini + Sierra with 360\u00b0 visuals by Hex 8 and DeltaCatalan prince of darkness Adrian Marth and his Italo Moderni label come to Montreal for an explosive evening dedicated to the darkest corners of the Italo\/EBM trend. Local support is provided by [&hellip;]<\/p>\n","protected":false},"author":936,"featured_media":116375,"menu_order":0,"template":"","format":"standard","meta":{"_acf_changed":false,"_crdt_document":""},"categories":[4322],"tags":[],"generale":[3814],"genre":[3147],"pays":[3853],"salle":[7080],"ville":[7246],"class_list":["post-116376","agenda","type-agenda","status-publish","format-standard","has-post-thumbnail","hentry","category-listings-360","generale-lire-en","genre-ebm-2","pays-italy-3","salle-satosphere-societe-des-arts-technologiques-en","ville-montreal-en"],"acf":[],"yoast_head":"<!-- This site is optimized with the Yoast SEO plugin v27.4 - https:\/\/yoast.com\/product\/yoast-seo-wordpress\/ -->\n<title>OFF D\u00f4mesicle - Italo Moderni, Adrian Marth, Grondini and Sierra - PAN M 360<\/title>\n<meta name=\"robots\" content=\"index, follow, max-snippet:-1, max-image-preview:large, max-video-preview:-1\" \/>\n<link rel=\"canonical\" href=\"https:\/\/panm360.com\/en\/agenda\/off-domesicle-italo-moderni-adrian-marth-grondini-et-sierra\/\" \/>\n<meta property=\"og:locale\" content=\"en_US\" \/>\n<meta property=\"og:type\" content=\"article\" \/>\n<meta property=\"og:title\" content=\"OFF D\u00f4mesicle - Italo Moderni, Adrian Marth, Grondini and Sierra - PAN M 360\" \/>\n<meta property=\"og:description\" content=\"Immersive party in the dome presented by Italo Moderni with Adrian Marth + Grondini + Sierra with 360\u00b0 visuals by Hex 8 and DeltaCatalan prince of darkness Adrian Marth and his Italo Moderni label come to Montreal for an explosive evening dedicated to the darkest corners of the Italo\/EBM trend. Local support is provided by [&hellip;]\" \/>\n<meta property=\"og:url\" content=\"https:\/\/panm360.com\/en\/agenda\/off-domesicle-italo-moderni-adrian-marth-grondini-et-sierra\/\" \/>\n<meta property=\"og:site_name\" content=\"PAN M 360\" \/>\n<meta property=\"article:publisher\" content=\"https:\/\/www.facebook.com\/panm360\/\" \/>\n<meta property=\"article:modified_time\" content=\"2024-03-15T12:54:23+00:00\" \/>\n<meta property=\"og:image\" content=\"https:\/\/panm360.com\/wp-content\/uploads\/2024\/03\/italo-moderni_web_hero-750x422-1.png\" \/>\n\t<meta property=\"og:image:width\" content=\"750\" \/>\n\t<meta property=\"og:image:height\" content=\"422\" \/>\n\t<meta property=\"og:image:type\" content=\"image\/png\" \/>\n<meta name=\"twitter:card\" content=\"summary_large_image\" \/>\n<meta name=\"twitter:site\" content=\"@PANM360\" \/>\n<meta name=\"twitter:label1\" content=\"Est. reading time\" \/>\n\t<meta name=\"twitter:data1\" content=\"2 minutes\" \/>\n<script type=\"application\/ld+json\" class=\"yoast-schema-graph\">{\"@context\":\"https:\\\/\\\/schema.org\",\"@graph\":[{\"@type\":\"WebPage\",\"@id\":\"https:\\\/\\\/panm360.com\\\/en\\\/agenda\\\/off-domesicle-italo-moderni-adrian-marth-grondini-et-sierra\\\/\",\"url\":\"https:\\\/\\\/panm360.com\\\/en\\\/agenda\\\/off-domesicle-italo-moderni-adrian-marth-grondini-et-sierra\\\/\",\"name\":\"OFF D\u00f4mesicle - Italo Moderni, Adrian Marth, Grondini and Sierra - PAN M 360\",\"isPartOf\":{\"@id\":\"https:\\\/\\\/panm360.com\\\/en\\\/#website\"},\"primaryImageOfPage\":{\"@id\":\"https:\\\/\\\/panm360.com\\\/en\\\/agenda\\\/off-domesicle-italo-moderni-adrian-marth-grondini-et-sierra\\\/#primaryimage\"},\"image\":{\"@id\":\"https:\\\/\\\/panm360.com\\\/en\\\/agenda\\\/off-domesicle-italo-moderni-adrian-marth-grondini-et-sierra\\\/#primaryimage\"},\"thumbnailUrl\":\"https:\\\/\\\/panm360.com\\\/wp-content\\\/uploads\\\/2024\\\/03\\\/italo-moderni_web_hero-750x422-1.png\",\"datePublished\":\"2024-03-01T17:13:20+00:00\",\"dateModified\":\"2024-03-15T12:54:23+00:00\",\"breadcrumb\":{\"@id\":\"https:\\\/\\\/panm360.com\\\/en\\\/agenda\\\/off-domesicle-italo-moderni-adrian-marth-grondini-et-sierra\\\/#breadcrumb\"},\"inLanguage\":\"en-US\",\"potentialAction\":[{\"@type\":\"ReadAction\",\"target\":[\"https:\\\/\\\/panm360.com\\\/en\\\/agenda\\\/off-domesicle-italo-moderni-adrian-marth-grondini-et-sierra\\\/\"]}]},{\"@type\":\"ImageObject\",\"inLanguage\":\"en-US\",\"@id\":\"https:\\\/\\\/panm360.com\\\/en\\\/agenda\\\/off-domesicle-italo-moderni-adrian-marth-grondini-et-sierra\\\/#primaryimage\",\"url\":\"https:\\\/\\\/panm360.com\\\/wp-content\\\/uploads\\\/2024\\\/03\\\/italo-moderni_web_hero-750x422-1.png\",\"contentUrl\":\"https:\\\/\\\/panm360.com\\\/wp-content\\\/uploads\\\/2024\\\/03\\\/italo-moderni_web_hero-750x422-1.png\",\"width\":750,\"height\":422},{\"@type\":\"BreadcrumbList\",\"@id\":\"https:\\\/\\\/panm360.com\\\/en\\\/agenda\\\/off-domesicle-italo-moderni-adrian-marth-grondini-et-sierra\\\/#breadcrumb\",\"itemListElement\":[{\"@type\":\"ListItem\",\"position\":1,\"name\":\"Accueil\",\"item\":\"https:\\\/\\\/panm360.com\\\/en\\\/\"},{\"@type\":\"ListItem\",\"position\":2,\"name\":\"Listings\",\"item\":\"https:\\\/\\\/panm360.com\\\/en\\\/agenda\\\/\"},{\"@type\":\"ListItem\",\"position\":3,\"name\":\"OFF D\u00f4mesicle &#8211; Italo Moderni, Adrian Marth, Grondini and Sierra\"}]},{\"@type\":\"WebSite\",\"@id\":\"https:\\\/\\\/panm360.com\\\/en\\\/#website\",\"url\":\"https:\\\/\\\/panm360.com\\\/en\\\/\",\"name\":\"PAN M 360\",\"description\":\"Le m\u00e9dia num\u00e9rique de la musique !\",\"publisher\":{\"@id\":\"https:\\\/\\\/panm360.com\\\/en\\\/#organization\"},\"potentialAction\":[{\"@type\":\"SearchAction\",\"target\":{\"@type\":\"EntryPoint\",\"urlTemplate\":\"https:\\\/\\\/panm360.com\\\/en\\\/?s={search_term_string}\"},\"query-input\":{\"@type\":\"PropertyValueSpecification\",\"valueRequired\":true,\"valueName\":\"search_term_string\"}}],\"inLanguage\":\"en-US\"},{\"@type\":\"Organization\",\"@id\":\"https:\\\/\\\/panm360.com\\\/en\\\/#organization\",\"name\":\"PAN M 360\",\"url\":\"https:\\\/\\\/panm360.com\\\/en\\\/\",\"logo\":{\"@type\":\"ImageObject\",\"inLanguage\":\"en-US\",\"@id\":\"https:\\\/\\\/panm360.com\\\/en\\\/#\\\/schema\\\/logo\\\/image\\\/\",\"url\":\"https:\\\/\\\/panm360.com\\\/wp-content\\\/uploads\\\/2019\\\/12\\\/PAN-M360_Logo_RGB.jpg\",\"contentUrl\":\"https:\\\/\\\/panm360.com\\\/wp-content\\\/uploads\\\/2019\\\/12\\\/PAN-M360_Logo_RGB.jpg\",\"width\":1663,\"height\":631,\"caption\":\"PAN M 360\"},\"image\":{\"@id\":\"https:\\\/\\\/panm360.com\\\/en\\\/#\\\/schema\\\/logo\\\/image\\\/\"},\"sameAs\":[\"https:\\\/\\\/www.facebook.com\\\/panm360\\\/\",\"https:\\\/\\\/x.com\\\/PANM360\",\"https:\\\/\\\/www.instagram.com\\\/panm360\\\/\",\"https:\\\/\\\/www.linkedin.com\\\/company\\\/panm360\\\/\",\"https:\\\/\\\/www.youtube.com\\\/channel\\\/UCHEFHd3UhIrV6EJ3ltzVKOA?view_as=subscriber\"]}]}<\/script>\n<!-- \/ Yoast SEO plugin. -->","yoast_head_json":{"title":"OFF D\u00f4mesicle - Italo Moderni, Adrian Marth, Grondini and Sierra - PAN M 360","robots":{"index":"index","follow":"follow","max-snippet":"max-snippet:-1","max-image-preview":"max-image-preview:large","max-video-preview":"max-video-preview:-1"},"canonical":"https:\/\/panm360.com\/en\/agenda\/off-domesicle-italo-moderni-adrian-marth-grondini-et-sierra\/","og_locale":"en_US","og_type":"article","og_title":"OFF D\u00f4mesicle - Italo Moderni, Adrian Marth, Grondini and Sierra - PAN M 360","og_description":"Immersive party in the dome presented by Italo Moderni with Adrian Marth + Grondini + Sierra with 360\u00b0 visuals by Hex 8 and DeltaCatalan prince of darkness Adrian Marth and his Italo Moderni label come to Montreal for an explosive evening dedicated to the darkest corners of the Italo\/EBM trend. Local support is provided by [&hellip;]","og_url":"https:\/\/panm360.com\/en\/agenda\/off-domesicle-italo-moderni-adrian-marth-grondini-et-sierra\/","og_site_name":"PAN M 360","article_publisher":"https:\/\/www.facebook.com\/panm360\/","article_modified_time":"2024-03-15T12:54:23+00:00","og_image":[{"width":750,"height":422,"url":"https:\/\/panm360.com\/wp-content\/uploads\/2024\/03\/italo-moderni_web_hero-750x422-1.png","type":"image\/png"}],"twitter_card":"summary_large_image","twitter_site":"@PANM360","twitter_misc":{"Est. reading time":"2 minutes"},"schema":{"@context":"https:\/\/schema.org","@graph":[{"@type":"WebPage","@id":"https:\/\/panm360.com\/en\/agenda\/off-domesicle-italo-moderni-adrian-marth-grondini-et-sierra\/","url":"https:\/\/panm360.com\/en\/agenda\/off-domesicle-italo-moderni-adrian-marth-grondini-et-sierra\/","name":"OFF D\u00f4mesicle - Italo Moderni, Adrian Marth, Grondini and Sierra - PAN M 360","isPartOf":{"@id":"https:\/\/panm360.com\/en\/#website"},"primaryImageOfPage":{"@id":"https:\/\/panm360.com\/en\/agenda\/off-domesicle-italo-moderni-adrian-marth-grondini-et-sierra\/#primaryimage"},"image":{"@id":"https:\/\/panm360.com\/en\/agenda\/off-domesicle-italo-moderni-adrian-marth-grondini-et-sierra\/#primaryimage"},"thumbnailUrl":"https:\/\/panm360.com\/wp-content\/uploads\/2024\/03\/italo-moderni_web_hero-750x422-1.png","datePublished":"2024-03-01T17:13:20+00:00","dateModified":"2024-03-15T12:54:23+00:00","breadcrumb":{"@id":"https:\/\/panm360.com\/en\/agenda\/off-domesicle-italo-moderni-adrian-marth-grondini-et-sierra\/#breadcrumb"},"inLanguage":"en-US","potentialAction":[{"@type":"ReadAction","target":["https:\/\/panm360.com\/en\/agenda\/off-domesicle-italo-moderni-adrian-marth-grondini-et-sierra\/"]}]},{"@type":"ImageObject","inLanguage":"en-US","@id":"https:\/\/panm360.com\/en\/agenda\/off-domesicle-italo-moderni-adrian-marth-grondini-et-sierra\/#primaryimage","url":"https:\/\/panm360.com\/wp-content\/uploads\/2024\/03\/italo-moderni_web_hero-750x422-1.png","contentUrl":"https:\/\/panm360.com\/wp-content\/uploads\/2024\/03\/italo-moderni_web_hero-750x422-1.png","width":750,"height":422},{"@type":"BreadcrumbList","@id":"https:\/\/panm360.com\/en\/agenda\/off-domesicle-italo-moderni-adrian-marth-grondini-et-sierra\/#breadcrumb","itemListElement":[{"@type":"ListItem","position":1,"name":"Accueil","item":"https:\/\/panm360.com\/en\/"},{"@type":"ListItem","position":2,"name":"Listings","item":"https:\/\/panm360.com\/en\/agenda\/"},{"@type":"ListItem","position":3,"name":"OFF D\u00f4mesicle &#8211; Italo Moderni, Adrian Marth, Grondini and Sierra"}]},{"@type":"WebSite","@id":"https:\/\/panm360.com\/en\/#website","url":"https:\/\/panm360.com\/en\/","name":"PAN M 360","description":"Le m\u00e9dia num\u00e9rique de la musique !","publisher":{"@id":"https:\/\/panm360.com\/en\/#organization"},"potentialAction":[{"@type":"SearchAction","target":{"@type":"EntryPoint","urlTemplate":"https:\/\/panm360.com\/en\/?s={search_term_string}"},"query-input":{"@type":"PropertyValueSpecification","valueRequired":true,"valueName":"search_term_string"}}],"inLanguage":"en-US"},{"@type":"Organization","@id":"https:\/\/panm360.com\/en\/#organization","name":"PAN M 360","url":"https:\/\/panm360.com\/en\/","logo":{"@type":"ImageObject","inLanguage":"en-US","@id":"https:\/\/panm360.com\/en\/#\/schema\/logo\/image\/","url":"https:\/\/panm360.com\/wp-content\/uploads\/2019\/12\/PAN-M360_Logo_RGB.jpg","contentUrl":"https:\/\/panm360.com\/wp-content\/uploads\/2019\/12\/PAN-M360_Logo_RGB.jpg","width":1663,"height":631,"caption":"PAN M 360"},"image":{"@id":"https:\/\/panm360.com\/en\/#\/schema\/logo\/image\/"},"sameAs":["https:\/\/www.facebook.com\/panm360\/","https:\/\/x.com\/PANM360","https:\/\/www.instagram.com\/panm360\/","https:\/\/www.linkedin.com\/company\/panm360\/","https:\/\/www.youtube.com\/channel\/UCHEFHd3UhIrV6EJ3ltzVKOA?view_as=subscriber"]}]}},"_links":{"self":[{"href":"https:\/\/panm360.com\/en\/wp-json\/wp\/v2\/agenda\/116376","targetHints":{"allow":["GET"]}}],"collection":[{"href":"https:\/\/panm360.com\/en\/wp-json\/wp\/v2\/agenda"}],"about":[{"href":"https:\/\/panm360.com\/en\/wp-json\/wp\/v2\/types\/agenda"}],"author":[{"embeddable":true,"href":"https:\/\/panm360.com\/en\/wp-json\/wp\/v2\/users\/936"}],"wp:featuredmedia":[{"embeddable":true,"href":"https:\/\/panm360.com\/en\/wp-json\/wp\/v2\/media\/116375"}],"wp:attachment":[{"href":"https:\/\/panm360.com\/en\/wp-json\/wp\/v2\/media?parent=116376"}],"wp:term":[{"taxonomy":"category","embeddable":true,"href":"https:\/\/panm360.com\/en\/wp-json\/wp\/v2\/categories?post=116376"},{"taxonomy":"post_tag","embeddable":true,"href":"https:\/\/panm360.com\/en\/wp-json\/wp\/v2\/tags?post=116376"},{"taxonomy":"generale","embeddable":true,"href":"https:\/\/panm360.com\/en\/wp-json\/wp\/v2\/generale?post=116376"},{"taxonomy":"genre","embeddable":true,"href":"https:\/\/panm360.com\/en\/wp-json\/wp\/v2\/genre?post=116376"},{"taxonomy":"pays","embeddable":true,"href":"https:\/\/panm360.com\/en\/wp-json\/wp\/v2\/pays?post=116376"},{"taxonomy":"salle","embeddable":true,"href":"https:\/\/panm360.com\/en\/wp-json\/wp\/v2\/salle?post=116376"},{"taxonomy":"ville","embeddable":true,"href":"https:\/\/panm360.com\/en\/wp-json\/wp\/v2\/ville?post=116376"}],"curies":[{"name":"wp","href":"https:\/\/api.w.org\/{rel}","templated":true}]}}