{"id":110537,"date":"2023-11-04T19:40:48","date_gmt":"2023-11-04T23:40:48","guid":{"rendered":"https:\/\/panm360.com\/?post_type=agenda&#038;p=110537"},"modified":"2023-11-14T11:08:58","modified_gmt":"2023-11-14T16:08:58","slug":"portugal-the-man-au-mtelus","status":"publish","type":"agenda","link":"https:\/\/panm360.com\/en\/agenda\/portugal-the-man-au-mtelus\/","title":{"rendered":"Portugal. The Man at MTELUS"},"content":{"rendered":"\n<p class=\"wp-block-paragraph\">The Alaska-born, Portland-based Portugal. The Man has carved out a unique niche on the pop landscape, balancing their artfully left of center, neo-psychedelic indie rock with hooky dance, R&amp;B, hip-hop, and electronic traditions. Debuting in 2006, they delivered a series of independent albums throughout the late 2000s, touring hard and eventually signing a deal with Atlantic for 2010&#8217;s Billboard 200-charting In the Mountain in the Cold. The band&#8217;s diligence paid off during their major-label tenure, with each subsequent album gaining them a wider fan base and increased acclaim. On 2013&#8217;s Evil Friends, they forged a collaboration with producer Danger Mouse, who helped out on the group&#8217;s politically driven eighth album, 2017&#8217;s Woodstock, which yielded the Grammy-winning hit single &#8220;Feel It Still.&#8221; Following an extended hiatus, they returned in 2023 with Chris Black Changed My Life (which was dedicated to the group&#8217;s friend, filmmaker Chris Black, who died in 2019) and again found them blending psych-pop with R&amp;B, dance, and hip-hop sounds.<\/p>\n\n\n\n<p class=\"wp-block-paragraph\"><\/p>\n\n\n\n<p class=\"wp-block-paragraph\">N\u00e9s en Alaska et bas\u00e9s \u00e0 Portland, les membres de Portugal. The Man s&#8217;est taill\u00e9 une place unique dans le paysage pop, en \u00e9quilibrant son rock indie n\u00e9o-psych\u00e9d\u00e9lique artistiquement \u00e0 gauche avec des traditions dance, R&amp;B, hip-hop et \u00e9lectroniques accrocheuses. Apr\u00e8s avoir fait ses d\u00e9buts en 2006, le groupe a produit une s\u00e9rie d&#8217;albums ind\u00e9pendants \u00e0 la fin des ann\u00e9es 2000, tout en effectuant de nombreuses tourn\u00e9es et en signant un contrat avec Atlantic pour In the Mountain in the Cold, qui s&#8217;est class\u00e9 au Billboard 200 en 2010. L&#8217;assiduit\u00e9 du groupe s&#8217;est av\u00e9r\u00e9e payante au cours de leur s\u00e9jour sur un grand label, chaque album leur permettant d&#8217;\u00e9largir leur base de fans et de gagner en notori\u00e9t\u00e9. Sur Evil Friends (2013), ils ont collabor\u00e9 avec le producteur Danger Mouse, qui les a aid\u00e9s \u00e0 r\u00e9aliser leur huiti\u00e8me album, Woodstock (2017), dont le single &#8220;Feel It Still&#8221; a \u00e9t\u00e9 r\u00e9compens\u00e9 aux Grammy Awards. Apr\u00e8s une longue pause, ils reviennent en 2023 avec Chris Black Changed My Life (d\u00e9di\u00e9 \u00e0 leur ami, le cin\u00e9aste Chris Black, d\u00e9c\u00e9d\u00e9 en 2019), o\u00f9 ils m\u00e9langent \u00e0 nouveau la psychopop avec le R&amp;B, la dance et le hip-hop.<\/p>\n\n\n\n<p class=\"wp-block-paragraph\"><\/p>\n\n\n\n<p class=\"wp-block-paragraph\"><strong><a href=\"https:\/\/www.ticketmaster.ca\/event\/31005CFDA753522C?lang=fr-ca&amp;brand=evenko\" target=\"_blank\" rel=\"noreferrer noopener\"><br><\/a><a href=\"https:\/\/www.ticketmaster.ca\/event\/31005ECEE4094667?brand=mtelus&amp;_ga=2.87409053.482278498.1699922357-647980973.1698538987\" target=\"_blank\" rel=\"noreferrer noopener\">TO BUY YOUR TICKET, CLICK HERE!<\/a><\/strong><\/p>\n\n\n\n<iframe style=\"border-radius:12px\" src=\"https:\/\/open.spotify.com\/embed\/artist\/4kI8Ie27vjvonwaB2ePh8T?utm_source=generator\" width=\"100%\" height=\"380\" frameBorder=\"0\" allowfullscreen=\"\" allow=\"autoplay; clipboard-write; encrypted-media; fullscreen; picture-in-picture\" loading=\"lazy\"><\/iframe>\n\n\n\n<p class=\"wp-block-paragraph\"><strong><em>This content comes from AllMusic and is adapted by PAN M 360.<\/em><\/strong><\/p>\n","protected":false},"excerpt":{"rendered":"<p>The Alaska-born, Portland-based Portugal. The Man has carved out a unique niche on the pop landscape, balancing their artfully left of center, neo-psychedelic indie rock with hooky dance, R&amp;B, hip-hop, and electronic traditions. Debuting in 2006, they delivered a series of independent albums throughout the late 2000s, touring hard and eventually signing a deal with [&hellip;]<\/p>\n","protected":false},"author":936,"featured_media":110536,"menu_order":0,"template":"","format":"standard","meta":{"_acf_changed":false,"_crdt_document":""},"categories":[4322],"tags":[],"generale":[3814],"genre":[3200],"pays":[3827],"salle":[7029],"ville":[7246],"class_list":["post-110537","agenda","type-agenda","status-publish","format-standard","has-post-thumbnail","hentry","category-listings-360","generale-lire-en","genre-indie-rock-2","pays-united-states","salle-mtelus-en","ville-montreal-en"],"acf":[],"yoast_head":"<!-- This site is optimized with the Yoast SEO plugin v27.4 - https:\/\/yoast.com\/product\/yoast-seo-wordpress\/ -->\n<title>Portugal. The Man at MTELUS - PAN M 360<\/title>\n<meta name=\"robots\" content=\"index, follow, max-snippet:-1, max-image-preview:large, max-video-preview:-1\" \/>\n<link rel=\"canonical\" href=\"https:\/\/panm360.com\/en\/agenda\/portugal-the-man-au-mtelus\/\" \/>\n<meta property=\"og:locale\" content=\"en_US\" \/>\n<meta property=\"og:type\" content=\"article\" \/>\n<meta property=\"og:title\" content=\"Portugal. The Man at MTELUS - PAN M 360\" \/>\n<meta property=\"og:description\" content=\"The Alaska-born, Portland-based Portugal. The Man has carved out a unique niche on the pop landscape, balancing their artfully left of center, neo-psychedelic indie rock with hooky dance, R&amp;B, hip-hop, and electronic traditions. Debuting in 2006, they delivered a series of independent albums throughout the late 2000s, touring hard and eventually signing a deal with [&hellip;]\" \/>\n<meta property=\"og:url\" content=\"https:\/\/panm360.com\/en\/agenda\/portugal-the-man-au-mtelus\/\" \/>\n<meta property=\"og:site_name\" content=\"PAN M 360\" \/>\n<meta property=\"article:publisher\" content=\"https:\/\/www.facebook.com\/panm360\/\" \/>\n<meta property=\"article:modified_time\" content=\"2023-11-14T16:08:58+00:00\" \/>\n<meta property=\"og:image\" content=\"https:\/\/panm360.com\/wp-content\/uploads\/2023\/11\/EvenkoPortugal.jpg\" \/>\n\t<meta property=\"og:image:width\" content=\"680\" \/>\n\t<meta property=\"og:image:height\" content=\"473\" \/>\n\t<meta property=\"og:image:type\" content=\"image\/jpeg\" \/>\n<meta name=\"twitter:card\" content=\"summary_large_image\" \/>\n<meta name=\"twitter:site\" content=\"@PANM360\" \/>\n<meta name=\"twitter:label1\" content=\"Est. reading time\" \/>\n\t<meta name=\"twitter:data1\" content=\"2 minutes\" \/>\n<script type=\"application\/ld+json\" class=\"yoast-schema-graph\">{\"@context\":\"https:\\\/\\\/schema.org\",\"@graph\":[{\"@type\":\"WebPage\",\"@id\":\"https:\\\/\\\/panm360.com\\\/en\\\/agenda\\\/portugal-the-man-au-mtelus\\\/\",\"url\":\"https:\\\/\\\/panm360.com\\\/en\\\/agenda\\\/portugal-the-man-au-mtelus\\\/\",\"name\":\"Portugal. The Man at MTELUS - PAN M 360\",\"isPartOf\":{\"@id\":\"https:\\\/\\\/panm360.com\\\/en\\\/#website\"},\"primaryImageOfPage\":{\"@id\":\"https:\\\/\\\/panm360.com\\\/en\\\/agenda\\\/portugal-the-man-au-mtelus\\\/#primaryimage\"},\"image\":{\"@id\":\"https:\\\/\\\/panm360.com\\\/en\\\/agenda\\\/portugal-the-man-au-mtelus\\\/#primaryimage\"},\"thumbnailUrl\":\"https:\\\/\\\/panm360.com\\\/wp-content\\\/uploads\\\/2023\\\/11\\\/EvenkoPortugal.jpg\",\"datePublished\":\"2023-11-04T23:40:48+00:00\",\"dateModified\":\"2023-11-14T16:08:58+00:00\",\"breadcrumb\":{\"@id\":\"https:\\\/\\\/panm360.com\\\/en\\\/agenda\\\/portugal-the-man-au-mtelus\\\/#breadcrumb\"},\"inLanguage\":\"en-US\",\"potentialAction\":[{\"@type\":\"ReadAction\",\"target\":[\"https:\\\/\\\/panm360.com\\\/en\\\/agenda\\\/portugal-the-man-au-mtelus\\\/\"]}]},{\"@type\":\"ImageObject\",\"inLanguage\":\"en-US\",\"@id\":\"https:\\\/\\\/panm360.com\\\/en\\\/agenda\\\/portugal-the-man-au-mtelus\\\/#primaryimage\",\"url\":\"https:\\\/\\\/panm360.com\\\/wp-content\\\/uploads\\\/2023\\\/11\\\/EvenkoPortugal.jpg\",\"contentUrl\":\"https:\\\/\\\/panm360.com\\\/wp-content\\\/uploads\\\/2023\\\/11\\\/EvenkoPortugal.jpg\",\"width\":680,\"height\":473},{\"@type\":\"BreadcrumbList\",\"@id\":\"https:\\\/\\\/panm360.com\\\/en\\\/agenda\\\/portugal-the-man-au-mtelus\\\/#breadcrumb\",\"itemListElement\":[{\"@type\":\"ListItem\",\"position\":1,\"name\":\"Accueil\",\"item\":\"https:\\\/\\\/panm360.com\\\/en\\\/\"},{\"@type\":\"ListItem\",\"position\":2,\"name\":\"Listings\",\"item\":\"https:\\\/\\\/panm360.com\\\/en\\\/agenda\\\/\"},{\"@type\":\"ListItem\",\"position\":3,\"name\":\"Portugal. The Man at MTELUS\"}]},{\"@type\":\"WebSite\",\"@id\":\"https:\\\/\\\/panm360.com\\\/en\\\/#website\",\"url\":\"https:\\\/\\\/panm360.com\\\/en\\\/\",\"name\":\"PAN M 360\",\"description\":\"Le m\u00e9dia num\u00e9rique de la musique !\",\"publisher\":{\"@id\":\"https:\\\/\\\/panm360.com\\\/en\\\/#organization\"},\"potentialAction\":[{\"@type\":\"SearchAction\",\"target\":{\"@type\":\"EntryPoint\",\"urlTemplate\":\"https:\\\/\\\/panm360.com\\\/en\\\/?s={search_term_string}\"},\"query-input\":{\"@type\":\"PropertyValueSpecification\",\"valueRequired\":true,\"valueName\":\"search_term_string\"}}],\"inLanguage\":\"en-US\"},{\"@type\":\"Organization\",\"@id\":\"https:\\\/\\\/panm360.com\\\/en\\\/#organization\",\"name\":\"PAN M 360\",\"url\":\"https:\\\/\\\/panm360.com\\\/en\\\/\",\"logo\":{\"@type\":\"ImageObject\",\"inLanguage\":\"en-US\",\"@id\":\"https:\\\/\\\/panm360.com\\\/en\\\/#\\\/schema\\\/logo\\\/image\\\/\",\"url\":\"https:\\\/\\\/panm360.com\\\/wp-content\\\/uploads\\\/2019\\\/12\\\/PAN-M360_Logo_RGB.jpg\",\"contentUrl\":\"https:\\\/\\\/panm360.com\\\/wp-content\\\/uploads\\\/2019\\\/12\\\/PAN-M360_Logo_RGB.jpg\",\"width\":1663,\"height\":631,\"caption\":\"PAN M 360\"},\"image\":{\"@id\":\"https:\\\/\\\/panm360.com\\\/en\\\/#\\\/schema\\\/logo\\\/image\\\/\"},\"sameAs\":[\"https:\\\/\\\/www.facebook.com\\\/panm360\\\/\",\"https:\\\/\\\/x.com\\\/PANM360\",\"https:\\\/\\\/www.instagram.com\\\/panm360\\\/\",\"https:\\\/\\\/www.linkedin.com\\\/company\\\/panm360\\\/\",\"https:\\\/\\\/www.youtube.com\\\/channel\\\/UCHEFHd3UhIrV6EJ3ltzVKOA?view_as=subscriber\"]}]}<\/script>\n<!-- \/ Yoast SEO plugin. -->","yoast_head_json":{"title":"Portugal. The Man at MTELUS - PAN M 360","robots":{"index":"index","follow":"follow","max-snippet":"max-snippet:-1","max-image-preview":"max-image-preview:large","max-video-preview":"max-video-preview:-1"},"canonical":"https:\/\/panm360.com\/en\/agenda\/portugal-the-man-au-mtelus\/","og_locale":"en_US","og_type":"article","og_title":"Portugal. The Man at MTELUS - PAN M 360","og_description":"The Alaska-born, Portland-based Portugal. The Man has carved out a unique niche on the pop landscape, balancing their artfully left of center, neo-psychedelic indie rock with hooky dance, R&amp;B, hip-hop, and electronic traditions. Debuting in 2006, they delivered a series of independent albums throughout the late 2000s, touring hard and eventually signing a deal with [&hellip;]","og_url":"https:\/\/panm360.com\/en\/agenda\/portugal-the-man-au-mtelus\/","og_site_name":"PAN M 360","article_publisher":"https:\/\/www.facebook.com\/panm360\/","article_modified_time":"2023-11-14T16:08:58+00:00","og_image":[{"width":680,"height":473,"url":"https:\/\/panm360.com\/wp-content\/uploads\/2023\/11\/EvenkoPortugal.jpg","type":"image\/jpeg"}],"twitter_card":"summary_large_image","twitter_site":"@PANM360","twitter_misc":{"Est. reading time":"2 minutes"},"schema":{"@context":"https:\/\/schema.org","@graph":[{"@type":"WebPage","@id":"https:\/\/panm360.com\/en\/agenda\/portugal-the-man-au-mtelus\/","url":"https:\/\/panm360.com\/en\/agenda\/portugal-the-man-au-mtelus\/","name":"Portugal. The Man at MTELUS - PAN M 360","isPartOf":{"@id":"https:\/\/panm360.com\/en\/#website"},"primaryImageOfPage":{"@id":"https:\/\/panm360.com\/en\/agenda\/portugal-the-man-au-mtelus\/#primaryimage"},"image":{"@id":"https:\/\/panm360.com\/en\/agenda\/portugal-the-man-au-mtelus\/#primaryimage"},"thumbnailUrl":"https:\/\/panm360.com\/wp-content\/uploads\/2023\/11\/EvenkoPortugal.jpg","datePublished":"2023-11-04T23:40:48+00:00","dateModified":"2023-11-14T16:08:58+00:00","breadcrumb":{"@id":"https:\/\/panm360.com\/en\/agenda\/portugal-the-man-au-mtelus\/#breadcrumb"},"inLanguage":"en-US","potentialAction":[{"@type":"ReadAction","target":["https:\/\/panm360.com\/en\/agenda\/portugal-the-man-au-mtelus\/"]}]},{"@type":"ImageObject","inLanguage":"en-US","@id":"https:\/\/panm360.com\/en\/agenda\/portugal-the-man-au-mtelus\/#primaryimage","url":"https:\/\/panm360.com\/wp-content\/uploads\/2023\/11\/EvenkoPortugal.jpg","contentUrl":"https:\/\/panm360.com\/wp-content\/uploads\/2023\/11\/EvenkoPortugal.jpg","width":680,"height":473},{"@type":"BreadcrumbList","@id":"https:\/\/panm360.com\/en\/agenda\/portugal-the-man-au-mtelus\/#breadcrumb","itemListElement":[{"@type":"ListItem","position":1,"name":"Accueil","item":"https:\/\/panm360.com\/en\/"},{"@type":"ListItem","position":2,"name":"Listings","item":"https:\/\/panm360.com\/en\/agenda\/"},{"@type":"ListItem","position":3,"name":"Portugal. The Man at MTELUS"}]},{"@type":"WebSite","@id":"https:\/\/panm360.com\/en\/#website","url":"https:\/\/panm360.com\/en\/","name":"PAN M 360","description":"Le m\u00e9dia num\u00e9rique de la musique !","publisher":{"@id":"https:\/\/panm360.com\/en\/#organization"},"potentialAction":[{"@type":"SearchAction","target":{"@type":"EntryPoint","urlTemplate":"https:\/\/panm360.com\/en\/?s={search_term_string}"},"query-input":{"@type":"PropertyValueSpecification","valueRequired":true,"valueName":"search_term_string"}}],"inLanguage":"en-US"},{"@type":"Organization","@id":"https:\/\/panm360.com\/en\/#organization","name":"PAN M 360","url":"https:\/\/panm360.com\/en\/","logo":{"@type":"ImageObject","inLanguage":"en-US","@id":"https:\/\/panm360.com\/en\/#\/schema\/logo\/image\/","url":"https:\/\/panm360.com\/wp-content\/uploads\/2019\/12\/PAN-M360_Logo_RGB.jpg","contentUrl":"https:\/\/panm360.com\/wp-content\/uploads\/2019\/12\/PAN-M360_Logo_RGB.jpg","width":1663,"height":631,"caption":"PAN M 360"},"image":{"@id":"https:\/\/panm360.com\/en\/#\/schema\/logo\/image\/"},"sameAs":["https:\/\/www.facebook.com\/panm360\/","https:\/\/x.com\/PANM360","https:\/\/www.instagram.com\/panm360\/","https:\/\/www.linkedin.com\/company\/panm360\/","https:\/\/www.youtube.com\/channel\/UCHEFHd3UhIrV6EJ3ltzVKOA?view_as=subscriber"]}]}},"_links":{"self":[{"href":"https:\/\/panm360.com\/en\/wp-json\/wp\/v2\/agenda\/110537","targetHints":{"allow":["GET"]}}],"collection":[{"href":"https:\/\/panm360.com\/en\/wp-json\/wp\/v2\/agenda"}],"about":[{"href":"https:\/\/panm360.com\/en\/wp-json\/wp\/v2\/types\/agenda"}],"author":[{"embeddable":true,"href":"https:\/\/panm360.com\/en\/wp-json\/wp\/v2\/users\/936"}],"wp:featuredmedia":[{"embeddable":true,"href":"https:\/\/panm360.com\/en\/wp-json\/wp\/v2\/media\/110536"}],"wp:attachment":[{"href":"https:\/\/panm360.com\/en\/wp-json\/wp\/v2\/media?parent=110537"}],"wp:term":[{"taxonomy":"category","embeddable":true,"href":"https:\/\/panm360.com\/en\/wp-json\/wp\/v2\/categories?post=110537"},{"taxonomy":"post_tag","embeddable":true,"href":"https:\/\/panm360.com\/en\/wp-json\/wp\/v2\/tags?post=110537"},{"taxonomy":"generale","embeddable":true,"href":"https:\/\/panm360.com\/en\/wp-json\/wp\/v2\/generale?post=110537"},{"taxonomy":"genre","embeddable":true,"href":"https:\/\/panm360.com\/en\/wp-json\/wp\/v2\/genre?post=110537"},{"taxonomy":"pays","embeddable":true,"href":"https:\/\/panm360.com\/en\/wp-json\/wp\/v2\/pays?post=110537"},{"taxonomy":"salle","embeddable":true,"href":"https:\/\/panm360.com\/en\/wp-json\/wp\/v2\/salle?post=110537"},{"taxonomy":"ville","embeddable":true,"href":"https:\/\/panm360.com\/en\/wp-json\/wp\/v2\/ville?post=110537"}],"curies":[{"name":"wp","href":"https:\/\/api.w.org\/{rel}","templated":true}]}}