{"id":109738,"date":"2023-10-01T12:12:17","date_gmt":"2023-10-01T16:12:17","guid":{"rendered":"https:\/\/panm360.com\/?post_type=agenda&#038;p=109738"},"modified":"2023-11-13T09:25:47","modified_gmt":"2023-11-13T14:25:47","slug":"festival-bach-accademia-de-dissonanti-a-la-salle-bourgie","status":"publish","type":"agenda","link":"https:\/\/panm360.com\/en\/agenda\/festival-bach-accademia-de-dissonanti-a-la-salle-bourgie\/","title":{"rendered":"Festival Bach: Accademia de&#8217; Dissonanti at Salle Bourgie"},"content":{"rendered":"\n<p class=\"wp-block-paragraph\">Italian contralto Sonia Prina made her La Scala debut in 1998 at the age of 23 in the role of Rosine, alongside a young Juan Diego Florez. Renowned for her deep, agile voice, she soon turned to the Baroque repertoire. Particularly fond of Handel&#8217;s work, she has embodied several emblematic characters from his operas, including Bradamante (Alcina), Polinesso (Ariodante), Bertarido (Rodelinda) and the title role in Giulio Cesare. Equally at home in the Romantic and post-romantic repertoire, she distinguished herself as Mistress Quickly in Verdi&#8217;s Falstaff. Both an instrumental ensemble and an artistic institution, the Accademia de&#8217; Dissonanti, founded in 2020 by cellist and gambist Elinor Frey, presents concerts, educational activities and publications focusing on historically informed interpretation and research-creation.<\/p>\n\n\n\n<p class=\"wp-block-paragraph\"><\/p>\n\n\n\n<p class=\"wp-block-paragraph\">La contralto italienne Sonia Prina a fait ses d\u00e9buts \u00e0 La Scala en 1998 \u00e0 l\u2019\u00e2ge de 23 ans dans le r\u00f4le de Rosine aux c\u00f4t\u00e9s d\u2019un jeune Juan Diego Florez. Reconnue pour sa voix \u00e0 la fois grave et agile, elle s\u2018oriente rapidement vers le r\u00e9pertoire baroque. Appr\u00e9ciant particuli\u00e8rement l\u2019\u0153uvre de Haendel, elle a incarn\u00e9 plusieurs personnages embl\u00e9matiques de ses op\u00e9ras comme, Bradamante (<em>Alcina<\/em>), Polinesso (<em>Ariodante<\/em>), Bertarido (<em>Rodelinda<\/em>) et le r\u00f4le-titre dans\u00a0<em>Giulio Cesare<\/em>. \u00c9galement \u00e0 l\u2019aise dans le r\u00e9pertoire romantique et post-romantique, elle s\u2019est notamment distingu\u00e9e dans le r\u00f4le de Mistress Quickly dans Falstaff de Verdi. \u00c0 la fois ensemble instrumental et institution artistique, l\u2019Accademia de\u2019 Dissonanti, fond\u00e9 en 2020 par la violoncelliste et gambiste Elinor Frey pr\u00e9sente des concerts, des activit\u00e9s \u00e9ducatives ainsi que des publications ax\u00e9es sur l\u2019interpr\u00e9tation historiquement inform\u00e9e et la recherche-cr\u00e9ation.<\/p>\n\n\n\n<p class=\"wp-block-paragraph\"><\/p>\n\n\n\n<p class=\"wp-block-paragraph\"><strong><a href=\"https:\/\/www.ticketmaster.ca\/event\/31005CFDA753522C?lang=fr-ca&amp;brand=evenko\" target=\"_blank\" rel=\"noreferrer noopener\"><br><\/a><a href=\"https:\/\/festivalbach.tuxedobillet.com\/main\/accademia-de-dissonanti\/20231128193000?axeptio_token=g2ftavcuyrvf8gdn8ts9y5&amp;_gl=1*1xdicwy*_ga*MTAxOTk4MzIzNy4xNjk3OTA5MDkx*_ga_S7FMKB82ER*MTY5ODU5NDMwMy4yLjEuMTY5ODU5NTk4NC4wLjAuMA..\" target=\"_blank\" rel=\"noreferrer noopener\">TO BUY YOUR TICKET, CLICK HERE!<\/a><\/strong><\/p>\n\n\n\n<p class=\"wp-block-paragraph\"><strong><em>This content comes from Festival Bach and is adapted by PAN M 360.<\/em><\/strong><\/p>\n","protected":false},"excerpt":{"rendered":"<p>Italian contralto Sonia Prina made her La Scala debut in 1998 at the age of 23 in the role of Rosine, alongside a young Juan Diego Florez. Renowned for her deep, agile voice, she soon turned to the Baroque repertoire. Particularly fond of Handel&#8217;s work, she has embodied several emblematic characters from his operas, including [&hellip;]<\/p>\n","protected":false},"author":936,"featured_media":109735,"menu_order":0,"template":"","format":"standard","meta":{"_acf_changed":false,"_crdt_document":""},"categories":[4322],"tags":[],"generale":[3814],"genre":[8055],"pays":[3853],"salle":[7019],"ville":[7246],"class_list":["post-109738","agenda","type-agenda","status-publish","format-standard","has-post-thumbnail","hentry","category-listings-360","generale-lire-en","genre-classique-2-en","pays-italy-3","salle-salle-bourgie-en","ville-montreal-en"],"acf":[],"yoast_head":"<!-- This site is optimized with the Yoast SEO plugin v27.4 - https:\/\/yoast.com\/product\/yoast-seo-wordpress\/ -->\n<title>Festival Bach: Accademia de&#039; Dissonanti at Salle Bourgie - PAN M 360<\/title>\n<meta name=\"robots\" content=\"index, follow, max-snippet:-1, max-image-preview:large, max-video-preview:-1\" \/>\n<link rel=\"canonical\" href=\"https:\/\/panm360.com\/en\/agenda\/festival-bach-accademia-de-dissonanti-a-la-salle-bourgie\/\" \/>\n<meta property=\"og:locale\" content=\"en_US\" \/>\n<meta property=\"og:type\" content=\"article\" \/>\n<meta property=\"og:title\" content=\"Festival Bach: Accademia de&#039; Dissonanti at Salle Bourgie - PAN M 360\" \/>\n<meta property=\"og:description\" content=\"Italian contralto Sonia Prina made her La Scala debut in 1998 at the age of 23 in the role of Rosine, alongside a young Juan Diego Florez. Renowned for her deep, agile voice, she soon turned to the Baroque repertoire. Particularly fond of Handel&#8217;s work, she has embodied several emblematic characters from his operas, including [&hellip;]\" \/>\n<meta property=\"og:url\" content=\"https:\/\/panm360.com\/en\/agenda\/festival-bach-accademia-de-dissonanti-a-la-salle-bourgie\/\" \/>\n<meta property=\"og:site_name\" content=\"PAN M 360\" \/>\n<meta property=\"article:publisher\" content=\"https:\/\/www.facebook.com\/panm360\/\" \/>\n<meta property=\"article:modified_time\" content=\"2023-11-13T14:25:47+00:00\" \/>\n<meta property=\"og:image\" content=\"https:\/\/panm360.com\/wp-content\/uploads\/2023\/10\/Sonia-Prina_no.1_\u00a9-Javier-del-Real-scaled-1.jpg\" \/>\n\t<meta property=\"og:image:width\" content=\"2560\" \/>\n\t<meta property=\"og:image:height\" content=\"1707\" \/>\n\t<meta property=\"og:image:type\" content=\"image\/jpeg\" \/>\n<meta name=\"twitter:card\" content=\"summary_large_image\" \/>\n<meta name=\"twitter:site\" content=\"@PANM360\" \/>\n<meta name=\"twitter:label1\" content=\"Est. reading time\" \/>\n\t<meta name=\"twitter:data1\" content=\"2 minutes\" \/>\n<script type=\"application\/ld+json\" class=\"yoast-schema-graph\">{\"@context\":\"https:\\\/\\\/schema.org\",\"@graph\":[{\"@type\":\"WebPage\",\"@id\":\"https:\\\/\\\/panm360.com\\\/en\\\/agenda\\\/festival-bach-accademia-de-dissonanti-a-la-salle-bourgie\\\/\",\"url\":\"https:\\\/\\\/panm360.com\\\/en\\\/agenda\\\/festival-bach-accademia-de-dissonanti-a-la-salle-bourgie\\\/\",\"name\":\"Festival Bach: Accademia de' Dissonanti at Salle Bourgie - PAN M 360\",\"isPartOf\":{\"@id\":\"https:\\\/\\\/panm360.com\\\/en\\\/#website\"},\"primaryImageOfPage\":{\"@id\":\"https:\\\/\\\/panm360.com\\\/en\\\/agenda\\\/festival-bach-accademia-de-dissonanti-a-la-salle-bourgie\\\/#primaryimage\"},\"image\":{\"@id\":\"https:\\\/\\\/panm360.com\\\/en\\\/agenda\\\/festival-bach-accademia-de-dissonanti-a-la-salle-bourgie\\\/#primaryimage\"},\"thumbnailUrl\":\"https:\\\/\\\/panm360.com\\\/wp-content\\\/uploads\\\/2023\\\/10\\\/Sonia-Prina_no.1_\u00a9-Javier-del-Real-scaled-1.jpg\",\"datePublished\":\"2023-10-01T16:12:17+00:00\",\"dateModified\":\"2023-11-13T14:25:47+00:00\",\"breadcrumb\":{\"@id\":\"https:\\\/\\\/panm360.com\\\/en\\\/agenda\\\/festival-bach-accademia-de-dissonanti-a-la-salle-bourgie\\\/#breadcrumb\"},\"inLanguage\":\"en-US\",\"potentialAction\":[{\"@type\":\"ReadAction\",\"target\":[\"https:\\\/\\\/panm360.com\\\/en\\\/agenda\\\/festival-bach-accademia-de-dissonanti-a-la-salle-bourgie\\\/\"]}]},{\"@type\":\"ImageObject\",\"inLanguage\":\"en-US\",\"@id\":\"https:\\\/\\\/panm360.com\\\/en\\\/agenda\\\/festival-bach-accademia-de-dissonanti-a-la-salle-bourgie\\\/#primaryimage\",\"url\":\"https:\\\/\\\/panm360.com\\\/wp-content\\\/uploads\\\/2023\\\/10\\\/Sonia-Prina_no.1_\u00a9-Javier-del-Real-scaled-1.jpg\",\"contentUrl\":\"https:\\\/\\\/panm360.com\\\/wp-content\\\/uploads\\\/2023\\\/10\\\/Sonia-Prina_no.1_\u00a9-Javier-del-Real-scaled-1.jpg\",\"width\":2560,\"height\":1707},{\"@type\":\"BreadcrumbList\",\"@id\":\"https:\\\/\\\/panm360.com\\\/en\\\/agenda\\\/festival-bach-accademia-de-dissonanti-a-la-salle-bourgie\\\/#breadcrumb\",\"itemListElement\":[{\"@type\":\"ListItem\",\"position\":1,\"name\":\"Accueil\",\"item\":\"https:\\\/\\\/panm360.com\\\/en\\\/\"},{\"@type\":\"ListItem\",\"position\":2,\"name\":\"Listings\",\"item\":\"https:\\\/\\\/panm360.com\\\/en\\\/agenda\\\/\"},{\"@type\":\"ListItem\",\"position\":3,\"name\":\"Festival Bach: Accademia de&#8217; Dissonanti \u00e0 la Salle Bourgie\"}]},{\"@type\":\"WebSite\",\"@id\":\"https:\\\/\\\/panm360.com\\\/en\\\/#website\",\"url\":\"https:\\\/\\\/panm360.com\\\/en\\\/\",\"name\":\"PAN M 360\",\"description\":\"Le m\u00e9dia num\u00e9rique de la musique !\",\"publisher\":{\"@id\":\"https:\\\/\\\/panm360.com\\\/en\\\/#organization\"},\"potentialAction\":[{\"@type\":\"SearchAction\",\"target\":{\"@type\":\"EntryPoint\",\"urlTemplate\":\"https:\\\/\\\/panm360.com\\\/en\\\/?s={search_term_string}\"},\"query-input\":{\"@type\":\"PropertyValueSpecification\",\"valueRequired\":true,\"valueName\":\"search_term_string\"}}],\"inLanguage\":\"en-US\"},{\"@type\":\"Organization\",\"@id\":\"https:\\\/\\\/panm360.com\\\/en\\\/#organization\",\"name\":\"PAN M 360\",\"url\":\"https:\\\/\\\/panm360.com\\\/en\\\/\",\"logo\":{\"@type\":\"ImageObject\",\"inLanguage\":\"en-US\",\"@id\":\"https:\\\/\\\/panm360.com\\\/en\\\/#\\\/schema\\\/logo\\\/image\\\/\",\"url\":\"https:\\\/\\\/panm360.com\\\/wp-content\\\/uploads\\\/2019\\\/12\\\/PAN-M360_Logo_RGB.jpg\",\"contentUrl\":\"https:\\\/\\\/panm360.com\\\/wp-content\\\/uploads\\\/2019\\\/12\\\/PAN-M360_Logo_RGB.jpg\",\"width\":1663,\"height\":631,\"caption\":\"PAN M 360\"},\"image\":{\"@id\":\"https:\\\/\\\/panm360.com\\\/en\\\/#\\\/schema\\\/logo\\\/image\\\/\"},\"sameAs\":[\"https:\\\/\\\/www.facebook.com\\\/panm360\\\/\",\"https:\\\/\\\/x.com\\\/PANM360\",\"https:\\\/\\\/www.instagram.com\\\/panm360\\\/\",\"https:\\\/\\\/www.linkedin.com\\\/company\\\/panm360\\\/\",\"https:\\\/\\\/www.youtube.com\\\/channel\\\/UCHEFHd3UhIrV6EJ3ltzVKOA?view_as=subscriber\"]}]}<\/script>\n<!-- \/ Yoast SEO plugin. -->","yoast_head_json":{"title":"Festival Bach: Accademia de' Dissonanti at Salle Bourgie - PAN M 360","robots":{"index":"index","follow":"follow","max-snippet":"max-snippet:-1","max-image-preview":"max-image-preview:large","max-video-preview":"max-video-preview:-1"},"canonical":"https:\/\/panm360.com\/en\/agenda\/festival-bach-accademia-de-dissonanti-a-la-salle-bourgie\/","og_locale":"en_US","og_type":"article","og_title":"Festival Bach: Accademia de' Dissonanti at Salle Bourgie - PAN M 360","og_description":"Italian contralto Sonia Prina made her La Scala debut in 1998 at the age of 23 in the role of Rosine, alongside a young Juan Diego Florez. Renowned for her deep, agile voice, she soon turned to the Baroque repertoire. Particularly fond of Handel&#8217;s work, she has embodied several emblematic characters from his operas, including [&hellip;]","og_url":"https:\/\/panm360.com\/en\/agenda\/festival-bach-accademia-de-dissonanti-a-la-salle-bourgie\/","og_site_name":"PAN M 360","article_publisher":"https:\/\/www.facebook.com\/panm360\/","article_modified_time":"2023-11-13T14:25:47+00:00","og_image":[{"width":2560,"height":1707,"url":"https:\/\/panm360.com\/wp-content\/uploads\/2023\/10\/Sonia-Prina_no.1_\u00a9-Javier-del-Real-scaled-1.jpg","type":"image\/jpeg"}],"twitter_card":"summary_large_image","twitter_site":"@PANM360","twitter_misc":{"Est. reading time":"2 minutes"},"schema":{"@context":"https:\/\/schema.org","@graph":[{"@type":"WebPage","@id":"https:\/\/panm360.com\/en\/agenda\/festival-bach-accademia-de-dissonanti-a-la-salle-bourgie\/","url":"https:\/\/panm360.com\/en\/agenda\/festival-bach-accademia-de-dissonanti-a-la-salle-bourgie\/","name":"Festival Bach: Accademia de' Dissonanti at Salle Bourgie - PAN M 360","isPartOf":{"@id":"https:\/\/panm360.com\/en\/#website"},"primaryImageOfPage":{"@id":"https:\/\/panm360.com\/en\/agenda\/festival-bach-accademia-de-dissonanti-a-la-salle-bourgie\/#primaryimage"},"image":{"@id":"https:\/\/panm360.com\/en\/agenda\/festival-bach-accademia-de-dissonanti-a-la-salle-bourgie\/#primaryimage"},"thumbnailUrl":"https:\/\/panm360.com\/wp-content\/uploads\/2023\/10\/Sonia-Prina_no.1_\u00a9-Javier-del-Real-scaled-1.jpg","datePublished":"2023-10-01T16:12:17+00:00","dateModified":"2023-11-13T14:25:47+00:00","breadcrumb":{"@id":"https:\/\/panm360.com\/en\/agenda\/festival-bach-accademia-de-dissonanti-a-la-salle-bourgie\/#breadcrumb"},"inLanguage":"en-US","potentialAction":[{"@type":"ReadAction","target":["https:\/\/panm360.com\/en\/agenda\/festival-bach-accademia-de-dissonanti-a-la-salle-bourgie\/"]}]},{"@type":"ImageObject","inLanguage":"en-US","@id":"https:\/\/panm360.com\/en\/agenda\/festival-bach-accademia-de-dissonanti-a-la-salle-bourgie\/#primaryimage","url":"https:\/\/panm360.com\/wp-content\/uploads\/2023\/10\/Sonia-Prina_no.1_\u00a9-Javier-del-Real-scaled-1.jpg","contentUrl":"https:\/\/panm360.com\/wp-content\/uploads\/2023\/10\/Sonia-Prina_no.1_\u00a9-Javier-del-Real-scaled-1.jpg","width":2560,"height":1707},{"@type":"BreadcrumbList","@id":"https:\/\/panm360.com\/en\/agenda\/festival-bach-accademia-de-dissonanti-a-la-salle-bourgie\/#breadcrumb","itemListElement":[{"@type":"ListItem","position":1,"name":"Accueil","item":"https:\/\/panm360.com\/en\/"},{"@type":"ListItem","position":2,"name":"Listings","item":"https:\/\/panm360.com\/en\/agenda\/"},{"@type":"ListItem","position":3,"name":"Festival Bach: Accademia de&#8217; Dissonanti \u00e0 la Salle Bourgie"}]},{"@type":"WebSite","@id":"https:\/\/panm360.com\/en\/#website","url":"https:\/\/panm360.com\/en\/","name":"PAN M 360","description":"Le m\u00e9dia num\u00e9rique de la musique !","publisher":{"@id":"https:\/\/panm360.com\/en\/#organization"},"potentialAction":[{"@type":"SearchAction","target":{"@type":"EntryPoint","urlTemplate":"https:\/\/panm360.com\/en\/?s={search_term_string}"},"query-input":{"@type":"PropertyValueSpecification","valueRequired":true,"valueName":"search_term_string"}}],"inLanguage":"en-US"},{"@type":"Organization","@id":"https:\/\/panm360.com\/en\/#organization","name":"PAN M 360","url":"https:\/\/panm360.com\/en\/","logo":{"@type":"ImageObject","inLanguage":"en-US","@id":"https:\/\/panm360.com\/en\/#\/schema\/logo\/image\/","url":"https:\/\/panm360.com\/wp-content\/uploads\/2019\/12\/PAN-M360_Logo_RGB.jpg","contentUrl":"https:\/\/panm360.com\/wp-content\/uploads\/2019\/12\/PAN-M360_Logo_RGB.jpg","width":1663,"height":631,"caption":"PAN M 360"},"image":{"@id":"https:\/\/panm360.com\/en\/#\/schema\/logo\/image\/"},"sameAs":["https:\/\/www.facebook.com\/panm360\/","https:\/\/x.com\/PANM360","https:\/\/www.instagram.com\/panm360\/","https:\/\/www.linkedin.com\/company\/panm360\/","https:\/\/www.youtube.com\/channel\/UCHEFHd3UhIrV6EJ3ltzVKOA?view_as=subscriber"]}]}},"_links":{"self":[{"href":"https:\/\/panm360.com\/en\/wp-json\/wp\/v2\/agenda\/109738","targetHints":{"allow":["GET"]}}],"collection":[{"href":"https:\/\/panm360.com\/en\/wp-json\/wp\/v2\/agenda"}],"about":[{"href":"https:\/\/panm360.com\/en\/wp-json\/wp\/v2\/types\/agenda"}],"author":[{"embeddable":true,"href":"https:\/\/panm360.com\/en\/wp-json\/wp\/v2\/users\/936"}],"wp:featuredmedia":[{"embeddable":true,"href":"https:\/\/panm360.com\/en\/wp-json\/wp\/v2\/media\/109735"}],"wp:attachment":[{"href":"https:\/\/panm360.com\/en\/wp-json\/wp\/v2\/media?parent=109738"}],"wp:term":[{"taxonomy":"category","embeddable":true,"href":"https:\/\/panm360.com\/en\/wp-json\/wp\/v2\/categories?post=109738"},{"taxonomy":"post_tag","embeddable":true,"href":"https:\/\/panm360.com\/en\/wp-json\/wp\/v2\/tags?post=109738"},{"taxonomy":"generale","embeddable":true,"href":"https:\/\/panm360.com\/en\/wp-json\/wp\/v2\/generale?post=109738"},{"taxonomy":"genre","embeddable":true,"href":"https:\/\/panm360.com\/en\/wp-json\/wp\/v2\/genre?post=109738"},{"taxonomy":"pays","embeddable":true,"href":"https:\/\/panm360.com\/en\/wp-json\/wp\/v2\/pays?post=109738"},{"taxonomy":"salle","embeddable":true,"href":"https:\/\/panm360.com\/en\/wp-json\/wp\/v2\/salle?post=109738"},{"taxonomy":"ville","embeddable":true,"href":"https:\/\/panm360.com\/en\/wp-json\/wp\/v2\/ville?post=109738"}],"curies":[{"name":"wp","href":"https:\/\/api.w.org\/{rel}","templated":true}]}}