{"id":109704,"date":"2023-10-01T11:44:56","date_gmt":"2023-10-01T15:44:56","guid":{"rendered":"https:\/\/panm360.com\/?post_type=agenda&#038;p=109704"},"modified":"2023-11-09T08:51:48","modified_gmt":"2023-11-09T13:51:48","slug":"festival-bach-hayoung-choi-a-la-chapelle-notre-dame-de-bon-secours","status":"publish","type":"agenda","link":"https:\/\/panm360.com\/en\/agenda\/festival-bach-hayoung-choi-a-la-chapelle-notre-dame-de-bon-secours\/","title":{"rendered":"Festival Bach: Hayoung Choi at Chapelle Notre-Dame-de-Bon-Secours"},"content":{"rendered":"\n<p class=\"wp-block-paragraph\">Winner of first prize in the 2022 edition of the Queen Elisabeth International Music Competition of Belgium, as well as two special prizes and first prize in the third edition of the Krzysztof Penderecki International Cello Competition (2018), Hayoung Choi, at the age of thirteen, became the youngest musician ever to win the Johannes Brahms International Competition in Austria. She has performed with such renowned soloists as Gidon Kremer, Christian Tetzlaff, Mitsuko Uchida and Antoine Tamestit.<\/p>\n\n\n\n<p class=\"wp-block-paragraph\"><\/p>\n\n\n\n<p class=\"wp-block-paragraph\">Laur\u00e9ate du premier prix de l\u2019\u00e9dition 2022 du Concours musical international Reine \u00c9lisabeth de Belgique ainsi que de deux prix sp\u00e9ciaux et du premier prix de la troisi\u00e8me \u00e9dition du Concours international Krzysztof Penderecki pour le violoncelle (2018), Hayoung Choi, \u00e0 l\u2019\u00e2ge de treize ans, elle devient la plus jeune musicienne \u00e0 \u00eatre laur\u00e9ate du Concours international Johannes Brahms en Autriche.\u00a0Elle s\u2019est produite\u00a0aupr\u00e8s de solistes renomm\u00e9s tels Gidon Kremer, Christian Tetzlaff, Mitsuko Uchida et Antoine Tamestit.\u00a0<\/p>\n\n\n\n<p class=\"wp-block-paragraph\"><\/p>\n\n\n\n<p class=\"wp-block-paragraph\"><strong><a href=\"https:\/\/www.ticketmaster.ca\/event\/31005CFDA753522C?lang=fr-ca&amp;brand=evenko\" target=\"_blank\" rel=\"noreferrer noopener\"><br><\/a><a href=\"https:\/\/festivalbach.tuxedobillet.com\/main\/hayoung-choi-violoncelle\/20231120193000?axeptio_token=g2ftavcuyrvf8gdn8ts9y5&amp;_gl=1*dwy6po*_ga*MTAxOTk4MzIzNy4xNjk3OTA5MDkx*_ga_S7FMKB82ER*MTY5ODU5NDMwMy4yLjEuMTY5ODU5NDQwNi4wLjAuMA..\" target=\"_blank\" rel=\"noreferrer noopener\">TO BUY YOUR TICKET, CLICK HERE!<\/a><\/strong><\/p>\n\n\n\n<iframe style=\"border-radius:12px\" src=\"https:\/\/open.spotify.com\/embed\/artist\/1sC7U0SFnGBLEViPvg1Tvh?utm_source=generator\" width=\"100%\" height=\"380\" frameBorder=\"0\" allowfullscreen=\"\" allow=\"autoplay; clipboard-write; encrypted-media; fullscreen; picture-in-picture\" loading=\"lazy\"><\/iframe>\n\n\n\n<p class=\"wp-block-paragraph\"><strong><em>This content comes from Festival Bach and is adapted by PAN M 360.<\/em><\/strong><\/p>\n","protected":false},"excerpt":{"rendered":"<p>Winner of first prize in the 2022 edition of the Queen Elisabeth International Music Competition of Belgium, as well as two special prizes and first prize in the third edition of the Krzysztof Penderecki International Cello Competition (2018), Hayoung Choi, at the age of thirteen, became the youngest musician ever to win the Johannes Brahms [&hellip;]<\/p>\n","protected":false},"author":936,"featured_media":109702,"menu_order":0,"template":"","format":"standard","meta":{"_acf_changed":false,"_crdt_document":""},"categories":[4322],"tags":[],"generale":[3814],"genre":[8055],"pays":[4713],"salle":[8146],"ville":[7246],"class_list":["post-109704","agenda","type-agenda","status-publish","format-standard","has-post-thumbnail","hentry","category-listings-360","generale-lire-en","genre-classique-2-en","pays-south-korea","salle-chapelle-notre-dame-de-bon-secours-en","ville-montreal-en"],"acf":[],"yoast_head":"<!-- This site is optimized with the Yoast SEO plugin v27.4 - https:\/\/yoast.com\/product\/yoast-seo-wordpress\/ -->\n<title>Festival Bach: Hayoung Choi at Chapelle Notre-Dame-de-Bon-Secours - PAN M 360<\/title>\n<meta name=\"robots\" content=\"index, follow, max-snippet:-1, max-image-preview:large, max-video-preview:-1\" \/>\n<link rel=\"canonical\" href=\"https:\/\/panm360.com\/en\/agenda\/festival-bach-hayoung-choi-a-la-chapelle-notre-dame-de-bon-secours\/\" \/>\n<meta property=\"og:locale\" content=\"en_US\" \/>\n<meta property=\"og:type\" content=\"article\" \/>\n<meta property=\"og:title\" content=\"Festival Bach: Hayoung Choi at Chapelle Notre-Dame-de-Bon-Secours - PAN M 360\" \/>\n<meta property=\"og:description\" content=\"Winner of first prize in the 2022 edition of the Queen Elisabeth International Music Competition of Belgium, as well as two special prizes and first prize in the third edition of the Krzysztof Penderecki International Cello Competition (2018), Hayoung Choi, at the age of thirteen, became the youngest musician ever to win the Johannes Brahms [&hellip;]\" \/>\n<meta property=\"og:url\" content=\"https:\/\/panm360.com\/en\/agenda\/festival-bach-hayoung-choi-a-la-chapelle-notre-dame-de-bon-secours\/\" \/>\n<meta property=\"og:site_name\" content=\"PAN M 360\" \/>\n<meta property=\"article:publisher\" content=\"https:\/\/www.facebook.com\/panm360\/\" \/>\n<meta property=\"article:modified_time\" content=\"2023-11-09T13:51:48+00:00\" \/>\n<meta property=\"og:image\" content=\"https:\/\/panm360.com\/wp-content\/uploads\/2023\/10\/chy220905-4872cut.jpg\" \/>\n\t<meta property=\"og:image:width\" content=\"1920\" \/>\n\t<meta property=\"og:image:height\" content=\"1281\" \/>\n\t<meta property=\"og:image:type\" content=\"image\/jpeg\" \/>\n<meta name=\"twitter:card\" content=\"summary_large_image\" \/>\n<meta name=\"twitter:site\" content=\"@PANM360\" \/>\n<meta name=\"twitter:label1\" content=\"Est. reading time\" \/>\n\t<meta name=\"twitter:data1\" content=\"1 minute\" \/>\n<script type=\"application\/ld+json\" class=\"yoast-schema-graph\">{\"@context\":\"https:\\\/\\\/schema.org\",\"@graph\":[{\"@type\":\"WebPage\",\"@id\":\"https:\\\/\\\/panm360.com\\\/en\\\/agenda\\\/festival-bach-hayoung-choi-a-la-chapelle-notre-dame-de-bon-secours\\\/\",\"url\":\"https:\\\/\\\/panm360.com\\\/en\\\/agenda\\\/festival-bach-hayoung-choi-a-la-chapelle-notre-dame-de-bon-secours\\\/\",\"name\":\"Festival Bach: Hayoung Choi at Chapelle Notre-Dame-de-Bon-Secours - PAN M 360\",\"isPartOf\":{\"@id\":\"https:\\\/\\\/panm360.com\\\/en\\\/#website\"},\"primaryImageOfPage\":{\"@id\":\"https:\\\/\\\/panm360.com\\\/en\\\/agenda\\\/festival-bach-hayoung-choi-a-la-chapelle-notre-dame-de-bon-secours\\\/#primaryimage\"},\"image\":{\"@id\":\"https:\\\/\\\/panm360.com\\\/en\\\/agenda\\\/festival-bach-hayoung-choi-a-la-chapelle-notre-dame-de-bon-secours\\\/#primaryimage\"},\"thumbnailUrl\":\"https:\\\/\\\/panm360.com\\\/wp-content\\\/uploads\\\/2023\\\/10\\\/chy220905-4872cut.jpg\",\"datePublished\":\"2023-10-01T15:44:56+00:00\",\"dateModified\":\"2023-11-09T13:51:48+00:00\",\"breadcrumb\":{\"@id\":\"https:\\\/\\\/panm360.com\\\/en\\\/agenda\\\/festival-bach-hayoung-choi-a-la-chapelle-notre-dame-de-bon-secours\\\/#breadcrumb\"},\"inLanguage\":\"en-US\",\"potentialAction\":[{\"@type\":\"ReadAction\",\"target\":[\"https:\\\/\\\/panm360.com\\\/en\\\/agenda\\\/festival-bach-hayoung-choi-a-la-chapelle-notre-dame-de-bon-secours\\\/\"]}]},{\"@type\":\"ImageObject\",\"inLanguage\":\"en-US\",\"@id\":\"https:\\\/\\\/panm360.com\\\/en\\\/agenda\\\/festival-bach-hayoung-choi-a-la-chapelle-notre-dame-de-bon-secours\\\/#primaryimage\",\"url\":\"https:\\\/\\\/panm360.com\\\/wp-content\\\/uploads\\\/2023\\\/10\\\/chy220905-4872cut.jpg\",\"contentUrl\":\"https:\\\/\\\/panm360.com\\\/wp-content\\\/uploads\\\/2023\\\/10\\\/chy220905-4872cut.jpg\",\"width\":1920,\"height\":1281},{\"@type\":\"BreadcrumbList\",\"@id\":\"https:\\\/\\\/panm360.com\\\/en\\\/agenda\\\/festival-bach-hayoung-choi-a-la-chapelle-notre-dame-de-bon-secours\\\/#breadcrumb\",\"itemListElement\":[{\"@type\":\"ListItem\",\"position\":1,\"name\":\"Accueil\",\"item\":\"https:\\\/\\\/panm360.com\\\/en\\\/\"},{\"@type\":\"ListItem\",\"position\":2,\"name\":\"Listings\",\"item\":\"https:\\\/\\\/panm360.com\\\/en\\\/agenda\\\/\"},{\"@type\":\"ListItem\",\"position\":3,\"name\":\"Festival Bach: Hayoung Choi \u00e0 la Chapelle Notre-Dame-de-Bon-Secours\"}]},{\"@type\":\"WebSite\",\"@id\":\"https:\\\/\\\/panm360.com\\\/en\\\/#website\",\"url\":\"https:\\\/\\\/panm360.com\\\/en\\\/\",\"name\":\"PAN M 360\",\"description\":\"Le m\u00e9dia num\u00e9rique de la musique !\",\"publisher\":{\"@id\":\"https:\\\/\\\/panm360.com\\\/en\\\/#organization\"},\"potentialAction\":[{\"@type\":\"SearchAction\",\"target\":{\"@type\":\"EntryPoint\",\"urlTemplate\":\"https:\\\/\\\/panm360.com\\\/en\\\/?s={search_term_string}\"},\"query-input\":{\"@type\":\"PropertyValueSpecification\",\"valueRequired\":true,\"valueName\":\"search_term_string\"}}],\"inLanguage\":\"en-US\"},{\"@type\":\"Organization\",\"@id\":\"https:\\\/\\\/panm360.com\\\/en\\\/#organization\",\"name\":\"PAN M 360\",\"url\":\"https:\\\/\\\/panm360.com\\\/en\\\/\",\"logo\":{\"@type\":\"ImageObject\",\"inLanguage\":\"en-US\",\"@id\":\"https:\\\/\\\/panm360.com\\\/en\\\/#\\\/schema\\\/logo\\\/image\\\/\",\"url\":\"https:\\\/\\\/panm360.com\\\/wp-content\\\/uploads\\\/2019\\\/12\\\/PAN-M360_Logo_RGB.jpg\",\"contentUrl\":\"https:\\\/\\\/panm360.com\\\/wp-content\\\/uploads\\\/2019\\\/12\\\/PAN-M360_Logo_RGB.jpg\",\"width\":1663,\"height\":631,\"caption\":\"PAN M 360\"},\"image\":{\"@id\":\"https:\\\/\\\/panm360.com\\\/en\\\/#\\\/schema\\\/logo\\\/image\\\/\"},\"sameAs\":[\"https:\\\/\\\/www.facebook.com\\\/panm360\\\/\",\"https:\\\/\\\/x.com\\\/PANM360\",\"https:\\\/\\\/www.instagram.com\\\/panm360\\\/\",\"https:\\\/\\\/www.linkedin.com\\\/company\\\/panm360\\\/\",\"https:\\\/\\\/www.youtube.com\\\/channel\\\/UCHEFHd3UhIrV6EJ3ltzVKOA?view_as=subscriber\"]}]}<\/script>\n<!-- \/ Yoast SEO plugin. -->","yoast_head_json":{"title":"Festival Bach: Hayoung Choi at Chapelle Notre-Dame-de-Bon-Secours - PAN M 360","robots":{"index":"index","follow":"follow","max-snippet":"max-snippet:-1","max-image-preview":"max-image-preview:large","max-video-preview":"max-video-preview:-1"},"canonical":"https:\/\/panm360.com\/en\/agenda\/festival-bach-hayoung-choi-a-la-chapelle-notre-dame-de-bon-secours\/","og_locale":"en_US","og_type":"article","og_title":"Festival Bach: Hayoung Choi at Chapelle Notre-Dame-de-Bon-Secours - PAN M 360","og_description":"Winner of first prize in the 2022 edition of the Queen Elisabeth International Music Competition of Belgium, as well as two special prizes and first prize in the third edition of the Krzysztof Penderecki International Cello Competition (2018), Hayoung Choi, at the age of thirteen, became the youngest musician ever to win the Johannes Brahms [&hellip;]","og_url":"https:\/\/panm360.com\/en\/agenda\/festival-bach-hayoung-choi-a-la-chapelle-notre-dame-de-bon-secours\/","og_site_name":"PAN M 360","article_publisher":"https:\/\/www.facebook.com\/panm360\/","article_modified_time":"2023-11-09T13:51:48+00:00","og_image":[{"width":1920,"height":1281,"url":"https:\/\/panm360.com\/wp-content\/uploads\/2023\/10\/chy220905-4872cut.jpg","type":"image\/jpeg"}],"twitter_card":"summary_large_image","twitter_site":"@PANM360","twitter_misc":{"Est. reading time":"1 minute"},"schema":{"@context":"https:\/\/schema.org","@graph":[{"@type":"WebPage","@id":"https:\/\/panm360.com\/en\/agenda\/festival-bach-hayoung-choi-a-la-chapelle-notre-dame-de-bon-secours\/","url":"https:\/\/panm360.com\/en\/agenda\/festival-bach-hayoung-choi-a-la-chapelle-notre-dame-de-bon-secours\/","name":"Festival Bach: Hayoung Choi at Chapelle Notre-Dame-de-Bon-Secours - PAN M 360","isPartOf":{"@id":"https:\/\/panm360.com\/en\/#website"},"primaryImageOfPage":{"@id":"https:\/\/panm360.com\/en\/agenda\/festival-bach-hayoung-choi-a-la-chapelle-notre-dame-de-bon-secours\/#primaryimage"},"image":{"@id":"https:\/\/panm360.com\/en\/agenda\/festival-bach-hayoung-choi-a-la-chapelle-notre-dame-de-bon-secours\/#primaryimage"},"thumbnailUrl":"https:\/\/panm360.com\/wp-content\/uploads\/2023\/10\/chy220905-4872cut.jpg","datePublished":"2023-10-01T15:44:56+00:00","dateModified":"2023-11-09T13:51:48+00:00","breadcrumb":{"@id":"https:\/\/panm360.com\/en\/agenda\/festival-bach-hayoung-choi-a-la-chapelle-notre-dame-de-bon-secours\/#breadcrumb"},"inLanguage":"en-US","potentialAction":[{"@type":"ReadAction","target":["https:\/\/panm360.com\/en\/agenda\/festival-bach-hayoung-choi-a-la-chapelle-notre-dame-de-bon-secours\/"]}]},{"@type":"ImageObject","inLanguage":"en-US","@id":"https:\/\/panm360.com\/en\/agenda\/festival-bach-hayoung-choi-a-la-chapelle-notre-dame-de-bon-secours\/#primaryimage","url":"https:\/\/panm360.com\/wp-content\/uploads\/2023\/10\/chy220905-4872cut.jpg","contentUrl":"https:\/\/panm360.com\/wp-content\/uploads\/2023\/10\/chy220905-4872cut.jpg","width":1920,"height":1281},{"@type":"BreadcrumbList","@id":"https:\/\/panm360.com\/en\/agenda\/festival-bach-hayoung-choi-a-la-chapelle-notre-dame-de-bon-secours\/#breadcrumb","itemListElement":[{"@type":"ListItem","position":1,"name":"Accueil","item":"https:\/\/panm360.com\/en\/"},{"@type":"ListItem","position":2,"name":"Listings","item":"https:\/\/panm360.com\/en\/agenda\/"},{"@type":"ListItem","position":3,"name":"Festival Bach: Hayoung Choi \u00e0 la Chapelle Notre-Dame-de-Bon-Secours"}]},{"@type":"WebSite","@id":"https:\/\/panm360.com\/en\/#website","url":"https:\/\/panm360.com\/en\/","name":"PAN M 360","description":"Le m\u00e9dia num\u00e9rique de la musique !","publisher":{"@id":"https:\/\/panm360.com\/en\/#organization"},"potentialAction":[{"@type":"SearchAction","target":{"@type":"EntryPoint","urlTemplate":"https:\/\/panm360.com\/en\/?s={search_term_string}"},"query-input":{"@type":"PropertyValueSpecification","valueRequired":true,"valueName":"search_term_string"}}],"inLanguage":"en-US"},{"@type":"Organization","@id":"https:\/\/panm360.com\/en\/#organization","name":"PAN M 360","url":"https:\/\/panm360.com\/en\/","logo":{"@type":"ImageObject","inLanguage":"en-US","@id":"https:\/\/panm360.com\/en\/#\/schema\/logo\/image\/","url":"https:\/\/panm360.com\/wp-content\/uploads\/2019\/12\/PAN-M360_Logo_RGB.jpg","contentUrl":"https:\/\/panm360.com\/wp-content\/uploads\/2019\/12\/PAN-M360_Logo_RGB.jpg","width":1663,"height":631,"caption":"PAN M 360"},"image":{"@id":"https:\/\/panm360.com\/en\/#\/schema\/logo\/image\/"},"sameAs":["https:\/\/www.facebook.com\/panm360\/","https:\/\/x.com\/PANM360","https:\/\/www.instagram.com\/panm360\/","https:\/\/www.linkedin.com\/company\/panm360\/","https:\/\/www.youtube.com\/channel\/UCHEFHd3UhIrV6EJ3ltzVKOA?view_as=subscriber"]}]}},"_links":{"self":[{"href":"https:\/\/panm360.com\/en\/wp-json\/wp\/v2\/agenda\/109704","targetHints":{"allow":["GET"]}}],"collection":[{"href":"https:\/\/panm360.com\/en\/wp-json\/wp\/v2\/agenda"}],"about":[{"href":"https:\/\/panm360.com\/en\/wp-json\/wp\/v2\/types\/agenda"}],"author":[{"embeddable":true,"href":"https:\/\/panm360.com\/en\/wp-json\/wp\/v2\/users\/936"}],"wp:featuredmedia":[{"embeddable":true,"href":"https:\/\/panm360.com\/en\/wp-json\/wp\/v2\/media\/109702"}],"wp:attachment":[{"href":"https:\/\/panm360.com\/en\/wp-json\/wp\/v2\/media?parent=109704"}],"wp:term":[{"taxonomy":"category","embeddable":true,"href":"https:\/\/panm360.com\/en\/wp-json\/wp\/v2\/categories?post=109704"},{"taxonomy":"post_tag","embeddable":true,"href":"https:\/\/panm360.com\/en\/wp-json\/wp\/v2\/tags?post=109704"},{"taxonomy":"generale","embeddable":true,"href":"https:\/\/panm360.com\/en\/wp-json\/wp\/v2\/generale?post=109704"},{"taxonomy":"genre","embeddable":true,"href":"https:\/\/panm360.com\/en\/wp-json\/wp\/v2\/genre?post=109704"},{"taxonomy":"pays","embeddable":true,"href":"https:\/\/panm360.com\/en\/wp-json\/wp\/v2\/pays?post=109704"},{"taxonomy":"salle","embeddable":true,"href":"https:\/\/panm360.com\/en\/wp-json\/wp\/v2\/salle?post=109704"},{"taxonomy":"ville","embeddable":true,"href":"https:\/\/panm360.com\/en\/wp-json\/wp\/v2\/ville?post=109704"}],"curies":[{"name":"wp","href":"https:\/\/api.w.org\/{rel}","templated":true}]}}