{"id":109677,"date":"2023-10-01T21:30:07","date_gmt":"2023-10-02T01:30:07","guid":{"rendered":"https:\/\/panm360.com\/?post_type=agenda&#038;p=109677"},"modified":"2023-10-28T21:41:13","modified_gmt":"2023-10-29T01:41:13","slug":"fma-roots-of-flamenco","status":"publish","type":"agenda","link":"https:\/\/panm360.com\/en\/agenda\/fma-roots-of-flamenco\/","title":{"rendered":"FMA: Roots of flamenco"},"content":{"rendered":"\n<p class=\"wp-block-paragraph\">Dans cette cl\u00f4ture flamboyante qui fait r\u00e9sonner la th\u00e9matique de cette 24\u00e9me \u00e9dition, conte musical \u00e0 la fois chant\u00e9 et dans\u00e9, deux grandes traditions, venues d\u2019Irak et d\u2019Andalousie, s\u2019aventurent avec bravoure et virtuosit\u00e9 pour retrouver les parts communes de leur cr\u00e9ativit\u00e9 enchanteresse.<\/p>\n\n\n\n<p class=\"wp-block-paragraph\"><\/p>\n\n\n\n<p class=\"wp-block-paragraph\">Suivant les traces de cette l\u00e9gende de la musique arabe, cette nouvelle cr\u00e9ation illustre les mutations des expressions et des disciplines artistiques qui traversent \u00e9poques et contr\u00e9es. C\u2019est une odyss\u00e9e port\u00e9e par des artistes hors pair, avec en t\u00eate de fil, Omar Bashir, oudiste exceptionnel et gardien de l\u2019h\u00e9ritage de son p\u00e8re, Carlos Pi\u00f1ana, espi\u00e8gle joueur de guitare espagnol, l\u2019un des plus pris\u00e9s du flamenco, Sidi B\u00e9mol, le c\u00e9l\u00e8bre musicien et conteur alg\u00e9rien, lui aussi \u00e0 la lisi\u00e8re des identit\u00e9s culturelles, mais aussi Ana Moch\u00f3n, chanteuse flamenco \u00e0 la voix rauque et fi\u00e9vreuse, Cristobal Mu\u00f1oz, danseur imp\u00e9tueux, et Miguel Angel Orengo, joueur de caj\u00f3n aux rythmes entra\u00eenants.<\/p>\n\n\n\n<p class=\"wp-block-paragraph\"><\/p>\n\n\n\n<p class=\"wp-block-paragraph\">In this flamboyant closing to the 24th edition&#8217;s theme, a musical tale both sung and danced, two great traditions from Iraq and Andalusia venture with bravery and virtuosity to rediscover the shared aspects of their enchanting creativity.<\/p>\n\n\n\n<p class=\"wp-block-paragraph\"><\/p>\n\n\n\n<p class=\"wp-block-paragraph\">Following in the footsteps of this legend of Arab music, this new creation illustrates the mutations of artistic expressions and disciplines that cross eras and lands. It&#8217;s an odyssey carried by peerless artists, led by Omar Bashir, exceptional oud player and guardian of his father&#8217;s legacy, Carlos Pi\u00f1ana, mischievous Spanish guitar player, one of flamenco&#8217;s most prized, Sidi B\u00e9mol, the famous Algerian musician and storyteller, also on the edge of cultural identities, as well as Ana Moch\u00f3n, a flamenco singer with a husky, feverish voice, Cristobal Mu\u00f1oz, an impetuous dancer, and Miguel Angel Orengo, a cajon player with a lively rhythm.<\/p>\n\n\n\n<p class=\"wp-block-paragraph\"><\/p>\n\n\n\n<p class=\"wp-block-paragraph\"><strong><a href=\"https:\/\/www.ticketmaster.ca\/event\/31005CFDA753522C?lang=fr-ca&amp;brand=evenko\" target=\"_blank\" rel=\"noreferrer noopener\"><br><\/a><a href=\"https:\/\/placedesarts.com\/fr\/evenement\/roots-flamenco\">POUR ACHETER VOTRE BILLET, C\u2019EST ICI!<\/a><\/strong><\/p>\n\n\n\n<p class=\"wp-block-paragraph\"><strong><em>Ce contenu provient du Festival du Monde Arabe et est adapt\u00e9 par PAN M 360<\/em><\/strong><\/p>\n","protected":false},"excerpt":{"rendered":"<p>Dans cette cl\u00f4ture flamboyante qui fait r\u00e9sonner la th\u00e9matique de cette 24\u00e9me \u00e9dition, conte musical \u00e0 la fois chant\u00e9 et dans\u00e9, deux grandes traditions, venues d\u2019Irak et d\u2019Andalousie, s\u2019aventurent avec bravoure et virtuosit\u00e9 pour retrouver les parts communes de leur cr\u00e9ativit\u00e9 enchanteresse. Suivant les traces de cette l\u00e9gende de la musique arabe, cette nouvelle cr\u00e9ation [&hellip;]<\/p>\n","protected":false},"author":936,"featured_media":109676,"menu_order":0,"template":"","format":"standard","meta":{"_acf_changed":false,"_crdt_document":""},"categories":[4322],"tags":[],"generale":[3814],"genre":[3160],"pays":[3871,4992],"salle":[7041],"ville":[7246],"class_list":["post-109677","agenda","type-agenda","status-publish","format-standard","has-post-thumbnail","hentry","category-listings-360","generale-lire-en","genre-flamenco-2","pays-algerie-en","pays-sudan","salle-theatre-maisonneuve-en","ville-montreal-en"],"acf":[],"yoast_head":"<!-- This site is optimized with the Yoast SEO plugin v27.4 - https:\/\/yoast.com\/product\/yoast-seo-wordpress\/ -->\n<title>FMA: Roots of flamenco - PAN M 360<\/title>\n<meta name=\"robots\" content=\"index, follow, max-snippet:-1, max-image-preview:large, max-video-preview:-1\" \/>\n<link rel=\"canonical\" href=\"https:\/\/panm360.com\/en\/agenda\/fma-roots-of-flamenco\/\" \/>\n<meta property=\"og:locale\" content=\"en_US\" \/>\n<meta property=\"og:type\" content=\"article\" \/>\n<meta property=\"og:title\" content=\"FMA: Roots of flamenco - PAN M 360\" \/>\n<meta property=\"og:description\" content=\"Dans cette cl\u00f4ture flamboyante qui fait r\u00e9sonner la th\u00e9matique de cette 24\u00e9me \u00e9dition, conte musical \u00e0 la fois chant\u00e9 et dans\u00e9, deux grandes traditions, venues d\u2019Irak et d\u2019Andalousie, s\u2019aventurent avec bravoure et virtuosit\u00e9 pour retrouver les parts communes de leur cr\u00e9ativit\u00e9 enchanteresse. Suivant les traces de cette l\u00e9gende de la musique arabe, cette nouvelle cr\u00e9ation [&hellip;]\" \/>\n<meta property=\"og:url\" content=\"https:\/\/panm360.com\/en\/agenda\/fma-roots-of-flamenco\/\" \/>\n<meta property=\"og:site_name\" content=\"PAN M 360\" \/>\n<meta property=\"article:publisher\" content=\"https:\/\/www.facebook.com\/panm360\/\" \/>\n<meta property=\"article:modified_time\" content=\"2023-10-29T01:41:13+00:00\" \/>\n<meta property=\"og:image\" content=\"https:\/\/panm360.com\/wp-content\/uploads\/2023\/10\/Roots-of-Flamenco-scaled.jpg\" \/>\n\t<meta property=\"og:image:width\" content=\"2560\" \/>\n\t<meta property=\"og:image:height\" content=\"1333\" \/>\n\t<meta property=\"og:image:type\" content=\"image\/jpeg\" \/>\n<meta name=\"twitter:card\" content=\"summary_large_image\" \/>\n<meta name=\"twitter:site\" content=\"@PANM360\" \/>\n<meta name=\"twitter:label1\" content=\"Est. reading time\" \/>\n\t<meta name=\"twitter:data1\" content=\"2 minutes\" \/>\n<script type=\"application\/ld+json\" class=\"yoast-schema-graph\">{\"@context\":\"https:\\\/\\\/schema.org\",\"@graph\":[{\"@type\":\"WebPage\",\"@id\":\"https:\\\/\\\/panm360.com\\\/en\\\/agenda\\\/fma-roots-of-flamenco\\\/\",\"url\":\"https:\\\/\\\/panm360.com\\\/en\\\/agenda\\\/fma-roots-of-flamenco\\\/\",\"name\":\"FMA: Roots of flamenco - PAN M 360\",\"isPartOf\":{\"@id\":\"https:\\\/\\\/panm360.com\\\/en\\\/#website\"},\"primaryImageOfPage\":{\"@id\":\"https:\\\/\\\/panm360.com\\\/en\\\/agenda\\\/fma-roots-of-flamenco\\\/#primaryimage\"},\"image\":{\"@id\":\"https:\\\/\\\/panm360.com\\\/en\\\/agenda\\\/fma-roots-of-flamenco\\\/#primaryimage\"},\"thumbnailUrl\":\"https:\\\/\\\/panm360.com\\\/wp-content\\\/uploads\\\/2023\\\/10\\\/Roots-of-Flamenco-scaled.jpg\",\"datePublished\":\"2023-10-02T01:30:07+00:00\",\"dateModified\":\"2023-10-29T01:41:13+00:00\",\"breadcrumb\":{\"@id\":\"https:\\\/\\\/panm360.com\\\/en\\\/agenda\\\/fma-roots-of-flamenco\\\/#breadcrumb\"},\"inLanguage\":\"en-US\",\"potentialAction\":[{\"@type\":\"ReadAction\",\"target\":[\"https:\\\/\\\/panm360.com\\\/en\\\/agenda\\\/fma-roots-of-flamenco\\\/\"]}]},{\"@type\":\"ImageObject\",\"inLanguage\":\"en-US\",\"@id\":\"https:\\\/\\\/panm360.com\\\/en\\\/agenda\\\/fma-roots-of-flamenco\\\/#primaryimage\",\"url\":\"https:\\\/\\\/panm360.com\\\/wp-content\\\/uploads\\\/2023\\\/10\\\/Roots-of-Flamenco-scaled.jpg\",\"contentUrl\":\"https:\\\/\\\/panm360.com\\\/wp-content\\\/uploads\\\/2023\\\/10\\\/Roots-of-Flamenco-scaled.jpg\",\"width\":2560,\"height\":1333},{\"@type\":\"BreadcrumbList\",\"@id\":\"https:\\\/\\\/panm360.com\\\/en\\\/agenda\\\/fma-roots-of-flamenco\\\/#breadcrumb\",\"itemListElement\":[{\"@type\":\"ListItem\",\"position\":1,\"name\":\"Accueil\",\"item\":\"https:\\\/\\\/panm360.com\\\/en\\\/\"},{\"@type\":\"ListItem\",\"position\":2,\"name\":\"Listings\",\"item\":\"https:\\\/\\\/panm360.com\\\/en\\\/agenda\\\/\"},{\"@type\":\"ListItem\",\"position\":3,\"name\":\"FMA: Roots of flamenco\"}]},{\"@type\":\"WebSite\",\"@id\":\"https:\\\/\\\/panm360.com\\\/en\\\/#website\",\"url\":\"https:\\\/\\\/panm360.com\\\/en\\\/\",\"name\":\"PAN M 360\",\"description\":\"Le m\u00e9dia num\u00e9rique de la musique !\",\"publisher\":{\"@id\":\"https:\\\/\\\/panm360.com\\\/en\\\/#organization\"},\"potentialAction\":[{\"@type\":\"SearchAction\",\"target\":{\"@type\":\"EntryPoint\",\"urlTemplate\":\"https:\\\/\\\/panm360.com\\\/en\\\/?s={search_term_string}\"},\"query-input\":{\"@type\":\"PropertyValueSpecification\",\"valueRequired\":true,\"valueName\":\"search_term_string\"}}],\"inLanguage\":\"en-US\"},{\"@type\":\"Organization\",\"@id\":\"https:\\\/\\\/panm360.com\\\/en\\\/#organization\",\"name\":\"PAN M 360\",\"url\":\"https:\\\/\\\/panm360.com\\\/en\\\/\",\"logo\":{\"@type\":\"ImageObject\",\"inLanguage\":\"en-US\",\"@id\":\"https:\\\/\\\/panm360.com\\\/en\\\/#\\\/schema\\\/logo\\\/image\\\/\",\"url\":\"https:\\\/\\\/panm360.com\\\/wp-content\\\/uploads\\\/2019\\\/12\\\/PAN-M360_Logo_RGB.jpg\",\"contentUrl\":\"https:\\\/\\\/panm360.com\\\/wp-content\\\/uploads\\\/2019\\\/12\\\/PAN-M360_Logo_RGB.jpg\",\"width\":1663,\"height\":631,\"caption\":\"PAN M 360\"},\"image\":{\"@id\":\"https:\\\/\\\/panm360.com\\\/en\\\/#\\\/schema\\\/logo\\\/image\\\/\"},\"sameAs\":[\"https:\\\/\\\/www.facebook.com\\\/panm360\\\/\",\"https:\\\/\\\/x.com\\\/PANM360\",\"https:\\\/\\\/www.instagram.com\\\/panm360\\\/\",\"https:\\\/\\\/www.linkedin.com\\\/company\\\/panm360\\\/\",\"https:\\\/\\\/www.youtube.com\\\/channel\\\/UCHEFHd3UhIrV6EJ3ltzVKOA?view_as=subscriber\"]}]}<\/script>\n<!-- \/ Yoast SEO plugin. -->","yoast_head_json":{"title":"FMA: Roots of flamenco - PAN M 360","robots":{"index":"index","follow":"follow","max-snippet":"max-snippet:-1","max-image-preview":"max-image-preview:large","max-video-preview":"max-video-preview:-1"},"canonical":"https:\/\/panm360.com\/en\/agenda\/fma-roots-of-flamenco\/","og_locale":"en_US","og_type":"article","og_title":"FMA: Roots of flamenco - PAN M 360","og_description":"Dans cette cl\u00f4ture flamboyante qui fait r\u00e9sonner la th\u00e9matique de cette 24\u00e9me \u00e9dition, conte musical \u00e0 la fois chant\u00e9 et dans\u00e9, deux grandes traditions, venues d\u2019Irak et d\u2019Andalousie, s\u2019aventurent avec bravoure et virtuosit\u00e9 pour retrouver les parts communes de leur cr\u00e9ativit\u00e9 enchanteresse. Suivant les traces de cette l\u00e9gende de la musique arabe, cette nouvelle cr\u00e9ation [&hellip;]","og_url":"https:\/\/panm360.com\/en\/agenda\/fma-roots-of-flamenco\/","og_site_name":"PAN M 360","article_publisher":"https:\/\/www.facebook.com\/panm360\/","article_modified_time":"2023-10-29T01:41:13+00:00","og_image":[{"width":2560,"height":1333,"url":"https:\/\/panm360.com\/wp-content\/uploads\/2023\/10\/Roots-of-Flamenco-scaled.jpg","type":"image\/jpeg"}],"twitter_card":"summary_large_image","twitter_site":"@PANM360","twitter_misc":{"Est. reading time":"2 minutes"},"schema":{"@context":"https:\/\/schema.org","@graph":[{"@type":"WebPage","@id":"https:\/\/panm360.com\/en\/agenda\/fma-roots-of-flamenco\/","url":"https:\/\/panm360.com\/en\/agenda\/fma-roots-of-flamenco\/","name":"FMA: Roots of flamenco - PAN M 360","isPartOf":{"@id":"https:\/\/panm360.com\/en\/#website"},"primaryImageOfPage":{"@id":"https:\/\/panm360.com\/en\/agenda\/fma-roots-of-flamenco\/#primaryimage"},"image":{"@id":"https:\/\/panm360.com\/en\/agenda\/fma-roots-of-flamenco\/#primaryimage"},"thumbnailUrl":"https:\/\/panm360.com\/wp-content\/uploads\/2023\/10\/Roots-of-Flamenco-scaled.jpg","datePublished":"2023-10-02T01:30:07+00:00","dateModified":"2023-10-29T01:41:13+00:00","breadcrumb":{"@id":"https:\/\/panm360.com\/en\/agenda\/fma-roots-of-flamenco\/#breadcrumb"},"inLanguage":"en-US","potentialAction":[{"@type":"ReadAction","target":["https:\/\/panm360.com\/en\/agenda\/fma-roots-of-flamenco\/"]}]},{"@type":"ImageObject","inLanguage":"en-US","@id":"https:\/\/panm360.com\/en\/agenda\/fma-roots-of-flamenco\/#primaryimage","url":"https:\/\/panm360.com\/wp-content\/uploads\/2023\/10\/Roots-of-Flamenco-scaled.jpg","contentUrl":"https:\/\/panm360.com\/wp-content\/uploads\/2023\/10\/Roots-of-Flamenco-scaled.jpg","width":2560,"height":1333},{"@type":"BreadcrumbList","@id":"https:\/\/panm360.com\/en\/agenda\/fma-roots-of-flamenco\/#breadcrumb","itemListElement":[{"@type":"ListItem","position":1,"name":"Accueil","item":"https:\/\/panm360.com\/en\/"},{"@type":"ListItem","position":2,"name":"Listings","item":"https:\/\/panm360.com\/en\/agenda\/"},{"@type":"ListItem","position":3,"name":"FMA: Roots of flamenco"}]},{"@type":"WebSite","@id":"https:\/\/panm360.com\/en\/#website","url":"https:\/\/panm360.com\/en\/","name":"PAN M 360","description":"Le m\u00e9dia num\u00e9rique de la musique !","publisher":{"@id":"https:\/\/panm360.com\/en\/#organization"},"potentialAction":[{"@type":"SearchAction","target":{"@type":"EntryPoint","urlTemplate":"https:\/\/panm360.com\/en\/?s={search_term_string}"},"query-input":{"@type":"PropertyValueSpecification","valueRequired":true,"valueName":"search_term_string"}}],"inLanguage":"en-US"},{"@type":"Organization","@id":"https:\/\/panm360.com\/en\/#organization","name":"PAN M 360","url":"https:\/\/panm360.com\/en\/","logo":{"@type":"ImageObject","inLanguage":"en-US","@id":"https:\/\/panm360.com\/en\/#\/schema\/logo\/image\/","url":"https:\/\/panm360.com\/wp-content\/uploads\/2019\/12\/PAN-M360_Logo_RGB.jpg","contentUrl":"https:\/\/panm360.com\/wp-content\/uploads\/2019\/12\/PAN-M360_Logo_RGB.jpg","width":1663,"height":631,"caption":"PAN M 360"},"image":{"@id":"https:\/\/panm360.com\/en\/#\/schema\/logo\/image\/"},"sameAs":["https:\/\/www.facebook.com\/panm360\/","https:\/\/x.com\/PANM360","https:\/\/www.instagram.com\/panm360\/","https:\/\/www.linkedin.com\/company\/panm360\/","https:\/\/www.youtube.com\/channel\/UCHEFHd3UhIrV6EJ3ltzVKOA?view_as=subscriber"]}]}},"_links":{"self":[{"href":"https:\/\/panm360.com\/en\/wp-json\/wp\/v2\/agenda\/109677","targetHints":{"allow":["GET"]}}],"collection":[{"href":"https:\/\/panm360.com\/en\/wp-json\/wp\/v2\/agenda"}],"about":[{"href":"https:\/\/panm360.com\/en\/wp-json\/wp\/v2\/types\/agenda"}],"author":[{"embeddable":true,"href":"https:\/\/panm360.com\/en\/wp-json\/wp\/v2\/users\/936"}],"wp:featuredmedia":[{"embeddable":true,"href":"https:\/\/panm360.com\/en\/wp-json\/wp\/v2\/media\/109676"}],"wp:attachment":[{"href":"https:\/\/panm360.com\/en\/wp-json\/wp\/v2\/media?parent=109677"}],"wp:term":[{"taxonomy":"category","embeddable":true,"href":"https:\/\/panm360.com\/en\/wp-json\/wp\/v2\/categories?post=109677"},{"taxonomy":"post_tag","embeddable":true,"href":"https:\/\/panm360.com\/en\/wp-json\/wp\/v2\/tags?post=109677"},{"taxonomy":"generale","embeddable":true,"href":"https:\/\/panm360.com\/en\/wp-json\/wp\/v2\/generale?post=109677"},{"taxonomy":"genre","embeddable":true,"href":"https:\/\/panm360.com\/en\/wp-json\/wp\/v2\/genre?post=109677"},{"taxonomy":"pays","embeddable":true,"href":"https:\/\/panm360.com\/en\/wp-json\/wp\/v2\/pays?post=109677"},{"taxonomy":"salle","embeddable":true,"href":"https:\/\/panm360.com\/en\/wp-json\/wp\/v2\/salle?post=109677"},{"taxonomy":"ville","embeddable":true,"href":"https:\/\/panm360.com\/en\/wp-json\/wp\/v2\/ville?post=109677"}],"curies":[{"name":"wp","href":"https:\/\/api.w.org\/{rel}","templated":true}]}}