{"id":107813,"date":"2023-10-10T09:58:00","date_gmt":"2023-10-10T13:58:00","guid":{"rendered":"https:\/\/panm360.com\/?post_type=agenda&#038;p=107813"},"modified":"2023-10-16T16:12:46","modified_gmt":"2023-10-16T20:12:46","slug":"festival-akousma-roxanne-lacasse-rocio-cano-valino-et-sarah-belle-reid","status":"publish","type":"agenda","link":"https:\/\/panm360.com\/en\/agenda\/festival-akousma-roxanne-lacasse-rocio-cano-valino-et-sarah-belle-reid\/","title":{"rendered":"Akousma | Roxanne Lacasse, Roc\u00edo Cano Vali\u00f1o et Sarah Belle Reid"},"content":{"rendered":"\n<h2 class=\"wp-block-heading\">Roxanne Lacasse (ca)<\/h2>\n\n\n\n<p class=\"wp-block-paragraph\">Roxanne Melissa Guerra-Lacasse n\u00e9e un mercredi le 30 mars 1994, artiste multidisciplinaire, grandit au Qu\u00e9bec pr\u00e8s de la M\u00e9tropole entre deux cultures : qu\u00e9b\u00e9coise et mexicaine. Dans son cheminement, les arts sont au c\u0153ur de son parcours: elle \u00e9tudie en th\u00e9\u00e2tre \u00e0 l&#8217;Universit\u00e9 Laval et en composition \u00e9lectroacoustique au Conservatoire de musique de Montr\u00e9al. La question de l&#8217;Amour l&#8217;inspire \u00e9norm\u00e9ment et ce th\u00e8me est un moteur \u00e0 ses cr\u00e9ations. Apr\u00e8s ses \u00e9tudes, elle se consacre \u00e0 son OBNL: Angle Psy qu&#8217;elle a co-fond\u00e9 pour la sensibilisation de la jeunesse sur les th\u00e8mes de la sant\u00e9 mentale et la culture du viol. Son OBNL lui vaut plusieurs prix et distinctions dans le monde de l&#8217;entrepreneuriat. Elle continue ses \u0153uvres musicales en parall\u00e8le pour pouvoir am\u00e9liorer l&#8217;ensemble de son travail artistique.<\/p>\n\n\n\n<p class=\"wp-block-paragraph\"><\/p>\n\n\n\n<p class=\"wp-block-paragraph\">Roxanne Melissa Guerra-Lacasse, born on a Wednesday, March 30, 1994, is a multidisciplinary artist who grew up in Quebec, near the Metropolis, navigating between two cultures: Quebecois and Mexican. Throughout her journey, the arts have been at the core of her career. She pursued studies in theater at Laval University and electroacoustic composition at the Montreal Conservatory of Music. The theme of love has been a significant source of inspiration for her, serving as a driving force behind her creative endeavors.<\/p>\n\n\n\n<p class=\"wp-block-paragraph\">Following her studies, she dedicated herself to her non-profit organization, Angle Psy, which she co-founded with the aim of raising awareness among young people on topics related to mental health and rape culture. Her non-profit organization has garnered numerous awards and distinctions in the realm of entrepreneurship.<\/p>\n\n\n\n<p class=\"wp-block-paragraph\">Simultaneously, she continues to work on her musical projects, striving to enhance her overall artistic body of work.<\/p>\n\n\n\n<p class=\"wp-block-paragraph\"><\/p>\n\n\n\n<p class=\"wp-block-paragraph\"><\/p>\n\n\n\n<h2 class=\"wp-block-heading\">Roc\u00edo Cano Vali\u00f1o (ar)<\/h2>\n\n\n\n<p class=\"wp-block-paragraph\">Roc\u00edo Cano Vali\u00f1o &#8211; n\u00e9e \u00e0 Buenos Aires, Argentine &#8211; est compositrice et architecte d\u2019int\u00e9rieur. Sa production musicale est d\u00e9di\u00e9e aux pi\u00e8ces instrumentales, mixtes et \u00e9lectroacoustiques. Elle est membre du comit\u00e9 artistique de l&#8217;Ensemble Orbis, qui est bas\u00e9 \u00e0 Lyon et qu&#8217;elle a cofond\u00e9. Roc\u00edo a travaill\u00e9 avec des ensembles tels que : Proxima Centauri, HANATSU miroir, Paramirabo, Ensemble Orbis, Ensemble Ars Nova, \u00a0 \u00a0 Duo PARCOURS, entre autres.<\/p>\n\n\n\n<p class=\"wp-block-paragraph\"><\/p>\n\n\n\n<p class=\"wp-block-paragraph\">Roc\u00edo CANO VALI\u00d1O &#8211; born in Buenos Aires, Argentina \u2013 is a composer and interior designer. Roc\u00edo\u2019s musical production is dedicated to instrumental, mixed and electroacoustic pieces. She is a member of the artistic committee of the Ensemble Orbis, which is based in Lyon and she co-founded. Roc\u00edo\u2019s music was performed by ensembles such as: Proxima Centauri, HANATSU mirror, Paramirabo, Ensemble Orbis, Ensemble Ars Nova, Duo PARCOURS, among others&#8230;<\/p>\n\n\n\n<p class=\"wp-block-paragraph\"><\/p>\n\n\n\n<iframe style=\"border: 0; width: 350px; height: 621px;\" src=\"https:\/\/bandcamp.com\/EmbeddedPlayer\/album=4130337746\/size=large\/bgcol=ffffff\/linkcol=0687f5\/transparent=true\/\" seamless><a href=\"https:\/\/resterecords.bandcamp.com\/album\/t-ches\">T\u00e2ches de Rocio Cano Vali\u00f1o<\/a><\/iframe>\n\n\n\n<p class=\"wp-block-paragraph\"><\/p>\n\n\n\n<h2 class=\"wp-block-heading\">Sarah Belle Reid (ca)<\/h2>\n\n\n\n<p class=\"wp-block-paragraph\">Sarah Belle Reid est une compositrice qui joue de la trompette, d&#8217;un synth\u00e9tiseur modulaire et d&#8217;une collection toujours croissante d&#8217;instruments \u00e9lectroniques fabriqu\u00e9s \u00e0 la main. Sa voix musicale unique explore les intersections entre la musique classique contemporaine, l&#8217;\u00e9lectronique exp\u00e9rimentale et interactive, les arts visuels, la musique\u00a0<em>noise<\/em>\u00a0et l&#8217;improvisation. Souvent lou\u00e9e pour sa capacit\u00e9 \u00e0 transporter les membres du public \u00e0 travers des aventures musicales saisissantes, la palette sonore de Reid a \u00e9t\u00e9 d\u00e9crite comme \u00abgracieuse\u00bb et \u00abdansante\u00bb, ou provoquant un \u00e9tat d\u2019apesanteur comme \u00abde la soie tombant dans \u00a0l&#8217;espace\u00bb (San Francisco Classical Voice). Son premier album pour trompette et \u00e9lectronique interactive, &#8220;Underneath and Sonder&#8221;, est sorti sur pfMENTUM en octobre 2019.<\/p>\n\n\n\n<p class=\"wp-block-paragraph\"><\/p>\n\n\n\n<p class=\"wp-block-paragraph\">Sarah Belle Reid is a performer-composer who plays trumpet, modular synthesizer, and an ever-growing collection of handcrafted electronic instruments. Her unique musical voice explores the intersections between contemporary classical music, experimental and interactive electronics, visual arts, noise music, and improvisation. Often praised for her ability to transport audience members through vivid sonic adventures, Reid&#8217;s sonic palette has been described as ranging from &#8220;graceful&#8221; and &#8220;danceable&#8221; all the way to &#8220;silk-falling-through-space,&#8221; and &#8220;pit-full-of-centipedes&#8221; (San Francisco Classical Voice). Her debut album for trumpet and interactive electronics, &#8220;Underneath and Sonder,&#8221; was released on pfMENTUM in October, 2019.<\/p>\n\n\n\n<p class=\"wp-block-paragraph\"><\/p>\n\n\n\n<p class=\"wp-block-paragraph\"><\/p>\n\n\n\n<iframe style=\"border: 0; width: 350px; height: 555px;\" src=\"https:\/\/bandcamp.com\/EmbeddedPlayer\/album=3149712037\/size=large\/bgcol=ffffff\/linkcol=0687f5\/transparent=true\/\" seamless><a href=\"https:\/\/sarahbellereid.bandcamp.com\/album\/mass\">MASS de Sarah Belle Reid<\/a><\/iframe>\n\n\n\n<p class=\"wp-block-paragraph\"><\/p>\n\n\n\n<p class=\"wp-block-paragraph\"><strong><a href=\"https:\/\/usine-c.tuxedobillet.com\/main\/akousma-19\/20231018200000\">POUR ACHETER VOTRE BILLET, C\u2019EST ICI!<\/a><\/strong><\/p>\n\n\n\n<p class=\"wp-block-paragraph\"><\/p>\n\n\n\n<p class=\"wp-block-paragraph\"><strong><em>Ce contenu provient du Festival Akousma et est adapt\u00e9 par PAN M 360.<\/em><\/strong><\/p>\n\n\n\n<p class=\"wp-block-paragraph\"><\/p>\n\n\n\n<p class=\"wp-block-paragraph\"><\/p>\n\n\n\n<p class=\"wp-block-paragraph\"><\/p>\n\n\n\n<p class=\"wp-block-paragraph\"><\/p>\n\n\n\n<p class=\"wp-block-paragraph\"><\/p>\n","protected":false},"excerpt":{"rendered":"<p>Roxanne Lacasse (ca) Roxanne Melissa Guerra-Lacasse n\u00e9e un mercredi le 30 mars 1994, artiste multidisciplinaire, grandit au Qu\u00e9bec pr\u00e8s de la M\u00e9tropole entre deux cultures : qu\u00e9b\u00e9coise et mexicaine. Dans son cheminement, les arts sont au c\u0153ur de son parcours: elle \u00e9tudie en th\u00e9\u00e2tre \u00e0 l&#8217;Universit\u00e9 Laval et en composition \u00e9lectroacoustique au Conservatoire de musique [&hellip;]<\/p>\n","protected":false},"author":936,"featured_media":0,"menu_order":0,"template":"","format":"standard","meta":{"_acf_changed":false,"_crdt_document":""},"categories":[4322],"tags":[],"generale":[3814],"genre":[3154],"pays":[4482,3861],"salle":[7102],"ville":[7246],"class_list":["post-107813","agenda","type-agenda","status-publish","format-standard","hentry","category-listings-360","generale-lire-en","genre-electroacoustic","pays-argentina","pays-quebec-en","salle-usine-c-en","ville-montreal-en"],"acf":[],"yoast_head":"<!-- This site is optimized with the Yoast SEO plugin v27.4 - https:\/\/yoast.com\/product\/yoast-seo-wordpress\/ -->\n<title>Akousma | Roxanne Lacasse, Roc\u00edo Cano Vali\u00f1o et Sarah Belle Reid - PAN M 360<\/title>\n<meta name=\"robots\" content=\"index, follow, max-snippet:-1, max-image-preview:large, max-video-preview:-1\" \/>\n<link rel=\"canonical\" href=\"https:\/\/panm360.com\/en\/agenda\/festival-akousma-roxanne-lacasse-rocio-cano-valino-et-sarah-belle-reid\/\" \/>\n<meta property=\"og:locale\" content=\"en_US\" \/>\n<meta property=\"og:type\" content=\"article\" \/>\n<meta property=\"og:title\" content=\"Akousma | Roxanne Lacasse, Roc\u00edo Cano Vali\u00f1o et Sarah Belle Reid - PAN M 360\" \/>\n<meta property=\"og:description\" content=\"Roxanne Lacasse (ca) Roxanne Melissa Guerra-Lacasse n\u00e9e un mercredi le 30 mars 1994, artiste multidisciplinaire, grandit au Qu\u00e9bec pr\u00e8s de la M\u00e9tropole entre deux cultures : qu\u00e9b\u00e9coise et mexicaine. Dans son cheminement, les arts sont au c\u0153ur de son parcours: elle \u00e9tudie en th\u00e9\u00e2tre \u00e0 l&#8217;Universit\u00e9 Laval et en composition \u00e9lectroacoustique au Conservatoire de musique [&hellip;]\" \/>\n<meta property=\"og:url\" content=\"https:\/\/panm360.com\/en\/agenda\/festival-akousma-roxanne-lacasse-rocio-cano-valino-et-sarah-belle-reid\/\" \/>\n<meta property=\"og:site_name\" content=\"PAN M 360\" \/>\n<meta property=\"article:publisher\" content=\"https:\/\/www.facebook.com\/panm360\/\" \/>\n<meta property=\"article:modified_time\" content=\"2023-10-16T20:12:46+00:00\" \/>\n<meta property=\"og:image\" content=\"https:\/\/panm360.com\/wp-content\/uploads\/2023\/10\/roxanne-lacasse.jpg\" \/>\n\t<meta property=\"og:image:width\" content=\"750\" \/>\n\t<meta property=\"og:image:height\" content=\"630\" \/>\n\t<meta property=\"og:image:type\" content=\"image\/jpeg\" \/>\n<meta name=\"twitter:card\" content=\"summary_large_image\" \/>\n<meta name=\"twitter:site\" content=\"@PANM360\" \/>\n<meta name=\"twitter:label1\" content=\"Est. reading time\" \/>\n\t<meta name=\"twitter:data1\" content=\"3 minutes\" \/>\n<script type=\"application\/ld+json\" class=\"yoast-schema-graph\">{\"@context\":\"https:\\\/\\\/schema.org\",\"@graph\":[{\"@type\":\"WebPage\",\"@id\":\"https:\\\/\\\/panm360.com\\\/en\\\/agenda\\\/festival-akousma-roxanne-lacasse-rocio-cano-valino-et-sarah-belle-reid\\\/\",\"url\":\"https:\\\/\\\/panm360.com\\\/en\\\/agenda\\\/festival-akousma-roxanne-lacasse-rocio-cano-valino-et-sarah-belle-reid\\\/\",\"name\":\"Akousma | Roxanne Lacasse, Roc\u00edo Cano Vali\u00f1o et Sarah Belle Reid - PAN M 360\",\"isPartOf\":{\"@id\":\"https:\\\/\\\/panm360.com\\\/en\\\/#website\"},\"datePublished\":\"2023-10-10T13:58:00+00:00\",\"dateModified\":\"2023-10-16T20:12:46+00:00\",\"breadcrumb\":{\"@id\":\"https:\\\/\\\/panm360.com\\\/en\\\/agenda\\\/festival-akousma-roxanne-lacasse-rocio-cano-valino-et-sarah-belle-reid\\\/#breadcrumb\"},\"inLanguage\":\"en-US\",\"potentialAction\":[{\"@type\":\"ReadAction\",\"target\":[\"https:\\\/\\\/panm360.com\\\/en\\\/agenda\\\/festival-akousma-roxanne-lacasse-rocio-cano-valino-et-sarah-belle-reid\\\/\"]}]},{\"@type\":\"BreadcrumbList\",\"@id\":\"https:\\\/\\\/panm360.com\\\/en\\\/agenda\\\/festival-akousma-roxanne-lacasse-rocio-cano-valino-et-sarah-belle-reid\\\/#breadcrumb\",\"itemListElement\":[{\"@type\":\"ListItem\",\"position\":1,\"name\":\"Accueil\",\"item\":\"https:\\\/\\\/panm360.com\\\/en\\\/\"},{\"@type\":\"ListItem\",\"position\":2,\"name\":\"Listings\",\"item\":\"https:\\\/\\\/panm360.com\\\/en\\\/agenda\\\/\"},{\"@type\":\"ListItem\",\"position\":3,\"name\":\"Akousma | Roxanne Lacasse, Roc\u00edo Cano Vali\u00f1o et Sarah Belle Reid\"}]},{\"@type\":\"WebSite\",\"@id\":\"https:\\\/\\\/panm360.com\\\/en\\\/#website\",\"url\":\"https:\\\/\\\/panm360.com\\\/en\\\/\",\"name\":\"PAN M 360\",\"description\":\"Le m\u00e9dia num\u00e9rique de la musique !\",\"publisher\":{\"@id\":\"https:\\\/\\\/panm360.com\\\/en\\\/#organization\"},\"potentialAction\":[{\"@type\":\"SearchAction\",\"target\":{\"@type\":\"EntryPoint\",\"urlTemplate\":\"https:\\\/\\\/panm360.com\\\/en\\\/?s={search_term_string}\"},\"query-input\":{\"@type\":\"PropertyValueSpecification\",\"valueRequired\":true,\"valueName\":\"search_term_string\"}}],\"inLanguage\":\"en-US\"},{\"@type\":\"Organization\",\"@id\":\"https:\\\/\\\/panm360.com\\\/en\\\/#organization\",\"name\":\"PAN M 360\",\"url\":\"https:\\\/\\\/panm360.com\\\/en\\\/\",\"logo\":{\"@type\":\"ImageObject\",\"inLanguage\":\"en-US\",\"@id\":\"https:\\\/\\\/panm360.com\\\/en\\\/#\\\/schema\\\/logo\\\/image\\\/\",\"url\":\"https:\\\/\\\/panm360.com\\\/wp-content\\\/uploads\\\/2019\\\/12\\\/PAN-M360_Logo_RGB.jpg\",\"contentUrl\":\"https:\\\/\\\/panm360.com\\\/wp-content\\\/uploads\\\/2019\\\/12\\\/PAN-M360_Logo_RGB.jpg\",\"width\":1663,\"height\":631,\"caption\":\"PAN M 360\"},\"image\":{\"@id\":\"https:\\\/\\\/panm360.com\\\/en\\\/#\\\/schema\\\/logo\\\/image\\\/\"},\"sameAs\":[\"https:\\\/\\\/www.facebook.com\\\/panm360\\\/\",\"https:\\\/\\\/x.com\\\/PANM360\",\"https:\\\/\\\/www.instagram.com\\\/panm360\\\/\",\"https:\\\/\\\/www.linkedin.com\\\/company\\\/panm360\\\/\",\"https:\\\/\\\/www.youtube.com\\\/channel\\\/UCHEFHd3UhIrV6EJ3ltzVKOA?view_as=subscriber\"]}]}<\/script>\n<!-- \/ Yoast SEO plugin. -->","yoast_head_json":{"title":"Akousma | Roxanne Lacasse, Roc\u00edo Cano Vali\u00f1o et Sarah Belle Reid - PAN M 360","robots":{"index":"index","follow":"follow","max-snippet":"max-snippet:-1","max-image-preview":"max-image-preview:large","max-video-preview":"max-video-preview:-1"},"canonical":"https:\/\/panm360.com\/en\/agenda\/festival-akousma-roxanne-lacasse-rocio-cano-valino-et-sarah-belle-reid\/","og_locale":"en_US","og_type":"article","og_title":"Akousma | Roxanne Lacasse, Roc\u00edo Cano Vali\u00f1o et Sarah Belle Reid - PAN M 360","og_description":"Roxanne Lacasse (ca) Roxanne Melissa Guerra-Lacasse n\u00e9e un mercredi le 30 mars 1994, artiste multidisciplinaire, grandit au Qu\u00e9bec pr\u00e8s de la M\u00e9tropole entre deux cultures : qu\u00e9b\u00e9coise et mexicaine. Dans son cheminement, les arts sont au c\u0153ur de son parcours: elle \u00e9tudie en th\u00e9\u00e2tre \u00e0 l&#8217;Universit\u00e9 Laval et en composition \u00e9lectroacoustique au Conservatoire de musique [&hellip;]","og_url":"https:\/\/panm360.com\/en\/agenda\/festival-akousma-roxanne-lacasse-rocio-cano-valino-et-sarah-belle-reid\/","og_site_name":"PAN M 360","article_publisher":"https:\/\/www.facebook.com\/panm360\/","article_modified_time":"2023-10-16T20:12:46+00:00","og_image":[{"width":750,"height":630,"url":"https:\/\/panm360.com\/wp-content\/uploads\/2023\/10\/roxanne-lacasse.jpg","type":"image\/jpeg"}],"twitter_card":"summary_large_image","twitter_site":"@PANM360","twitter_misc":{"Est. reading time":"3 minutes"},"schema":{"@context":"https:\/\/schema.org","@graph":[{"@type":"WebPage","@id":"https:\/\/panm360.com\/en\/agenda\/festival-akousma-roxanne-lacasse-rocio-cano-valino-et-sarah-belle-reid\/","url":"https:\/\/panm360.com\/en\/agenda\/festival-akousma-roxanne-lacasse-rocio-cano-valino-et-sarah-belle-reid\/","name":"Akousma | Roxanne Lacasse, Roc\u00edo Cano Vali\u00f1o et Sarah Belle Reid - PAN M 360","isPartOf":{"@id":"https:\/\/panm360.com\/en\/#website"},"datePublished":"2023-10-10T13:58:00+00:00","dateModified":"2023-10-16T20:12:46+00:00","breadcrumb":{"@id":"https:\/\/panm360.com\/en\/agenda\/festival-akousma-roxanne-lacasse-rocio-cano-valino-et-sarah-belle-reid\/#breadcrumb"},"inLanguage":"en-US","potentialAction":[{"@type":"ReadAction","target":["https:\/\/panm360.com\/en\/agenda\/festival-akousma-roxanne-lacasse-rocio-cano-valino-et-sarah-belle-reid\/"]}]},{"@type":"BreadcrumbList","@id":"https:\/\/panm360.com\/en\/agenda\/festival-akousma-roxanne-lacasse-rocio-cano-valino-et-sarah-belle-reid\/#breadcrumb","itemListElement":[{"@type":"ListItem","position":1,"name":"Accueil","item":"https:\/\/panm360.com\/en\/"},{"@type":"ListItem","position":2,"name":"Listings","item":"https:\/\/panm360.com\/en\/agenda\/"},{"@type":"ListItem","position":3,"name":"Akousma | Roxanne Lacasse, Roc\u00edo Cano Vali\u00f1o et Sarah Belle Reid"}]},{"@type":"WebSite","@id":"https:\/\/panm360.com\/en\/#website","url":"https:\/\/panm360.com\/en\/","name":"PAN M 360","description":"Le m\u00e9dia num\u00e9rique de la musique !","publisher":{"@id":"https:\/\/panm360.com\/en\/#organization"},"potentialAction":[{"@type":"SearchAction","target":{"@type":"EntryPoint","urlTemplate":"https:\/\/panm360.com\/en\/?s={search_term_string}"},"query-input":{"@type":"PropertyValueSpecification","valueRequired":true,"valueName":"search_term_string"}}],"inLanguage":"en-US"},{"@type":"Organization","@id":"https:\/\/panm360.com\/en\/#organization","name":"PAN M 360","url":"https:\/\/panm360.com\/en\/","logo":{"@type":"ImageObject","inLanguage":"en-US","@id":"https:\/\/panm360.com\/en\/#\/schema\/logo\/image\/","url":"https:\/\/panm360.com\/wp-content\/uploads\/2019\/12\/PAN-M360_Logo_RGB.jpg","contentUrl":"https:\/\/panm360.com\/wp-content\/uploads\/2019\/12\/PAN-M360_Logo_RGB.jpg","width":1663,"height":631,"caption":"PAN M 360"},"image":{"@id":"https:\/\/panm360.com\/en\/#\/schema\/logo\/image\/"},"sameAs":["https:\/\/www.facebook.com\/panm360\/","https:\/\/x.com\/PANM360","https:\/\/www.instagram.com\/panm360\/","https:\/\/www.linkedin.com\/company\/panm360\/","https:\/\/www.youtube.com\/channel\/UCHEFHd3UhIrV6EJ3ltzVKOA?view_as=subscriber"]}]}},"_links":{"self":[{"href":"https:\/\/panm360.com\/en\/wp-json\/wp\/v2\/agenda\/107813","targetHints":{"allow":["GET"]}}],"collection":[{"href":"https:\/\/panm360.com\/en\/wp-json\/wp\/v2\/agenda"}],"about":[{"href":"https:\/\/panm360.com\/en\/wp-json\/wp\/v2\/types\/agenda"}],"author":[{"embeddable":true,"href":"https:\/\/panm360.com\/en\/wp-json\/wp\/v2\/users\/936"}],"wp:attachment":[{"href":"https:\/\/panm360.com\/en\/wp-json\/wp\/v2\/media?parent=107813"}],"wp:term":[{"taxonomy":"category","embeddable":true,"href":"https:\/\/panm360.com\/en\/wp-json\/wp\/v2\/categories?post=107813"},{"taxonomy":"post_tag","embeddable":true,"href":"https:\/\/panm360.com\/en\/wp-json\/wp\/v2\/tags?post=107813"},{"taxonomy":"generale","embeddable":true,"href":"https:\/\/panm360.com\/en\/wp-json\/wp\/v2\/generale?post=107813"},{"taxonomy":"genre","embeddable":true,"href":"https:\/\/panm360.com\/en\/wp-json\/wp\/v2\/genre?post=107813"},{"taxonomy":"pays","embeddable":true,"href":"https:\/\/panm360.com\/en\/wp-json\/wp\/v2\/pays?post=107813"},{"taxonomy":"salle","embeddable":true,"href":"https:\/\/panm360.com\/en\/wp-json\/wp\/v2\/salle?post=107813"},{"taxonomy":"ville","embeddable":true,"href":"https:\/\/panm360.com\/en\/wp-json\/wp\/v2\/ville?post=107813"}],"curies":[{"name":"wp","href":"https:\/\/api.w.org\/{rel}","templated":true}]}}