{"id":101551,"date":"2023-07-20T08:27:18","date_gmt":"2023-07-20T12:27:18","guid":{"rendered":"https:\/\/panm360.com\/?post_type=agenda&#038;p=101551"},"modified":"2023-07-20T08:37:40","modified_gmt":"2023-07-20T12:37:40","slug":"nuits-dafrique-el-balcon","status":"publish","type":"agenda","link":"https:\/\/panm360.com\/en\/agenda\/nuits-dafrique-el-balcon\/","title":{"rendered":"Nuits d\u2019Afrique : El Balc\u00f3n"},"content":{"rendered":"\n<p class=\"wp-block-paragraph\">Perch\u00e9s sur les hauteurs du monde et de ses peuples, les six membres \u00e9pris de musique de f\u00eate n\u2019ont nulle envie d\u2019en descendre !&nbsp; Une sonorit\u00e9 rappelant la Mano Negra et la guitare manouche de&nbsp; Django Reinhardt, dans une fusion for\u00e7ant le battement des mains d\u00e8s le premier accord. Ces f\u00eatards carburent au mouvement lib\u00e9rateur du contre-courant. Que nenni de l\u2019\u00e9tiquette, l\u2019embrayage vers la prochaine f\u00eate est activ\u00e9. Le go\u00fbt pour une f\u00eate du tonnerre, sans interruption, o\u00f9 des personnages s\u2019infiltrent en mode latine. Une sorci\u00e8re de culture jarocho du Mexique qui hurle de plaisir de voir des oiseaux charpentiers. Et dans un coin, la m\u00e9lodie bien tremp\u00e9e d\u2019Europe de l\u2019Est, des gitans et boh\u00e8mes amplifiant le d\u00e9cor. Tout un bain d\u2019influences, fruit d\u2019une bande abreuv\u00e9e par les courants de l\u2019ailleurs et les vents fous au bout de leur instrumentation. Avec trois albums r\u00e9alis\u00e9s depuis 2019, les joyeux musiciens osent emprunter au zapateado andalou, et \u00e0 la percussion cajon pour chanter l\u2019esp\u00e9rance et la libert\u00e9 \u00e9ternelle. Une preuve incarn\u00e9e de la force du collectif face aux c\u0153urs jeunes, tomb\u00e9s dans la potion sans jamais s\u2019en extirper. Addiction assur\u00e9e !<\/p>\n\n\n\n<p class=\"wp-block-paragraph\">Perched on the heights of the world and its peoples, the six members are passionate about party music and have no desire to come down! A sound reminiscent of La Mano Negra and Django Reinhardt&#8217;s gypsy guitar, in a fusion that forces hands to clap from the very first chord. These revellers are fuelled by the liberating movement of the counter-current. The clutch to the next party is activated. A taste for an uninterrupted party of thunder, where characters infiltrate in Latin mode. A witch from Mexico&#8217;s Jarocho culture screams with delight at the sight of carpenter birds. And in one corner, the soaked melody of Eastern Europe, gypsies and bohemians amplifying the decor. A whole bath of influences, the fruit of a band watered by the currents of elsewhere and the crazy winds at the end of their instrumentation. With three albums released since 2019, the joyous musicians dare to borrow from Andalusian zapateado and cajon percussion to sing of hope and eternal freedom. Proof incarnate of the strength of the collective in the face of young hearts, fallen into the potion without ever extricating themselves from it. Addiction guaranteed!<\/p>\n\n\n\n<p class=\"wp-block-paragraph\"><strong>CET \u00c9V\u00c8NEMENT EST GRATUIT!<\/strong><\/p>\n\n\n\n<iframe style=\"border-radius:12px\" src=\"https:\/\/open.spotify.com\/embed\/artist\/1nXdD5gMqEU2qm1smvgSzG?utm_source=generator\" width=\"100%\" height=\"380\" frameBorder=\"0\" allowfullscreen=\"\" allow=\"autoplay; clipboard-write; encrypted-media; fullscreen; picture-in-picture\" loading=\"lazy\"><\/iframe>\n\n\n\n<p class=\"wp-block-paragraph\"><em><strong>Ce contenu provient des Productions Nuits d\u2019Afrique et est adapt\u00e9 par PAN M 360.<\/strong><\/em><\/p>\n\n\n\n<p class=\"wp-block-paragraph\"><\/p>\n","protected":false},"excerpt":{"rendered":"<p>Perch\u00e9s sur les hauteurs du monde et de ses peuples, les six membres \u00e9pris de musique de f\u00eate n\u2019ont nulle envie d\u2019en descendre !&nbsp; Une sonorit\u00e9 rappelant la Mano Negra et la guitare manouche de&nbsp; Django Reinhardt, dans une fusion for\u00e7ant le battement des mains d\u00e8s le premier accord. Ces f\u00eatards carburent au mouvement lib\u00e9rateur [&hellip;]<\/p>\n","protected":false},"author":936,"featured_media":101550,"menu_order":0,"template":"","format":"standard","meta":{"_acf_changed":false,"_crdt_document":""},"categories":[4322],"tags":[],"generale":[3814],"genre":[3208,4535],"pays":[4778],"salle":[7812],"ville":[7246],"class_list":["post-101551","agenda","type-agenda","status-publish","format-standard","has-post-thumbnail","hentry","category-listings-360","generale-lire-en","genre-gypsy-jazz","genre-latino-en-2","pays-burkina-faso-en","salle-scene-td-en","ville-montreal-en"],"acf":[],"yoast_head":"<!-- This site is optimized with the Yoast SEO plugin v27.4 - https:\/\/yoast.com\/product\/yoast-seo-wordpress\/ -->\n<title>Nuits d\u2019Afrique : El Balc\u00f3n - PAN M 360<\/title>\n<meta name=\"robots\" content=\"index, follow, max-snippet:-1, max-image-preview:large, max-video-preview:-1\" \/>\n<link rel=\"canonical\" href=\"https:\/\/panm360.com\/en\/agenda\/nuits-dafrique-el-balcon\/\" \/>\n<meta property=\"og:locale\" content=\"en_US\" \/>\n<meta property=\"og:type\" content=\"article\" \/>\n<meta property=\"og:title\" content=\"Nuits d\u2019Afrique : El Balc\u00f3n - PAN M 360\" \/>\n<meta property=\"og:description\" content=\"Perch\u00e9s sur les hauteurs du monde et de ses peuples, les six membres \u00e9pris de musique de f\u00eate n\u2019ont nulle envie d\u2019en descendre !&nbsp; Une sonorit\u00e9 rappelant la Mano Negra et la guitare manouche de&nbsp; Django Reinhardt, dans une fusion for\u00e7ant le battement des mains d\u00e8s le premier accord. Ces f\u00eatards carburent au mouvement lib\u00e9rateur [&hellip;]\" \/>\n<meta property=\"og:url\" content=\"https:\/\/panm360.com\/en\/agenda\/nuits-dafrique-el-balcon\/\" \/>\n<meta property=\"og:site_name\" content=\"PAN M 360\" \/>\n<meta property=\"article:publisher\" content=\"https:\/\/www.facebook.com\/panm360\/\" \/>\n<meta property=\"article:modified_time\" content=\"2023-07-20T12:37:40+00:00\" \/>\n<meta property=\"og:image\" content=\"https:\/\/panm360.com\/wp-content\/uploads\/2023\/07\/EL-Balcon_UNE_site-web.jpeg\" \/>\n\t<meta property=\"og:image:width\" content=\"1500\" \/>\n\t<meta property=\"og:image:height\" content=\"465\" \/>\n\t<meta property=\"og:image:type\" content=\"image\/jpeg\" \/>\n<meta name=\"twitter:card\" content=\"summary_large_image\" \/>\n<meta name=\"twitter:site\" content=\"@PANM360\" \/>\n<meta name=\"twitter:label1\" content=\"Est. reading time\" \/>\n\t<meta name=\"twitter:data1\" content=\"3 minutes\" \/>\n<script type=\"application\/ld+json\" class=\"yoast-schema-graph\">{\"@context\":\"https:\\\/\\\/schema.org\",\"@graph\":[{\"@type\":\"WebPage\",\"@id\":\"https:\\\/\\\/panm360.com\\\/en\\\/agenda\\\/nuits-dafrique-el-balcon\\\/\",\"url\":\"https:\\\/\\\/panm360.com\\\/en\\\/agenda\\\/nuits-dafrique-el-balcon\\\/\",\"name\":\"Nuits d\u2019Afrique : El Balc\u00f3n - PAN M 360\",\"isPartOf\":{\"@id\":\"https:\\\/\\\/panm360.com\\\/en\\\/#website\"},\"primaryImageOfPage\":{\"@id\":\"https:\\\/\\\/panm360.com\\\/en\\\/agenda\\\/nuits-dafrique-el-balcon\\\/#primaryimage\"},\"image\":{\"@id\":\"https:\\\/\\\/panm360.com\\\/en\\\/agenda\\\/nuits-dafrique-el-balcon\\\/#primaryimage\"},\"thumbnailUrl\":\"https:\\\/\\\/panm360.com\\\/wp-content\\\/uploads\\\/2023\\\/07\\\/EL-Balcon_UNE_site-web.jpeg\",\"datePublished\":\"2023-07-20T12:27:18+00:00\",\"dateModified\":\"2023-07-20T12:37:40+00:00\",\"breadcrumb\":{\"@id\":\"https:\\\/\\\/panm360.com\\\/en\\\/agenda\\\/nuits-dafrique-el-balcon\\\/#breadcrumb\"},\"inLanguage\":\"en-US\",\"potentialAction\":[{\"@type\":\"ReadAction\",\"target\":[\"https:\\\/\\\/panm360.com\\\/en\\\/agenda\\\/nuits-dafrique-el-balcon\\\/\"]}]},{\"@type\":\"ImageObject\",\"inLanguage\":\"en-US\",\"@id\":\"https:\\\/\\\/panm360.com\\\/en\\\/agenda\\\/nuits-dafrique-el-balcon\\\/#primaryimage\",\"url\":\"https:\\\/\\\/panm360.com\\\/wp-content\\\/uploads\\\/2023\\\/07\\\/EL-Balcon_UNE_site-web.jpeg\",\"contentUrl\":\"https:\\\/\\\/panm360.com\\\/wp-content\\\/uploads\\\/2023\\\/07\\\/EL-Balcon_UNE_site-web.jpeg\",\"width\":1500,\"height\":465},{\"@type\":\"BreadcrumbList\",\"@id\":\"https:\\\/\\\/panm360.com\\\/en\\\/agenda\\\/nuits-dafrique-el-balcon\\\/#breadcrumb\",\"itemListElement\":[{\"@type\":\"ListItem\",\"position\":1,\"name\":\"Accueil\",\"item\":\"https:\\\/\\\/panm360.com\\\/en\\\/\"},{\"@type\":\"ListItem\",\"position\":2,\"name\":\"Listings\",\"item\":\"https:\\\/\\\/panm360.com\\\/en\\\/agenda\\\/\"},{\"@type\":\"ListItem\",\"position\":3,\"name\":\"Nuits d\u2019Afrique : El Balc\u00f3n\"}]},{\"@type\":\"WebSite\",\"@id\":\"https:\\\/\\\/panm360.com\\\/en\\\/#website\",\"url\":\"https:\\\/\\\/panm360.com\\\/en\\\/\",\"name\":\"PAN M 360\",\"description\":\"Le m\u00e9dia num\u00e9rique de la musique !\",\"publisher\":{\"@id\":\"https:\\\/\\\/panm360.com\\\/en\\\/#organization\"},\"potentialAction\":[{\"@type\":\"SearchAction\",\"target\":{\"@type\":\"EntryPoint\",\"urlTemplate\":\"https:\\\/\\\/panm360.com\\\/en\\\/?s={search_term_string}\"},\"query-input\":{\"@type\":\"PropertyValueSpecification\",\"valueRequired\":true,\"valueName\":\"search_term_string\"}}],\"inLanguage\":\"en-US\"},{\"@type\":\"Organization\",\"@id\":\"https:\\\/\\\/panm360.com\\\/en\\\/#organization\",\"name\":\"PAN M 360\",\"url\":\"https:\\\/\\\/panm360.com\\\/en\\\/\",\"logo\":{\"@type\":\"ImageObject\",\"inLanguage\":\"en-US\",\"@id\":\"https:\\\/\\\/panm360.com\\\/en\\\/#\\\/schema\\\/logo\\\/image\\\/\",\"url\":\"https:\\\/\\\/panm360.com\\\/wp-content\\\/uploads\\\/2019\\\/12\\\/PAN-M360_Logo_RGB.jpg\",\"contentUrl\":\"https:\\\/\\\/panm360.com\\\/wp-content\\\/uploads\\\/2019\\\/12\\\/PAN-M360_Logo_RGB.jpg\",\"width\":1663,\"height\":631,\"caption\":\"PAN M 360\"},\"image\":{\"@id\":\"https:\\\/\\\/panm360.com\\\/en\\\/#\\\/schema\\\/logo\\\/image\\\/\"},\"sameAs\":[\"https:\\\/\\\/www.facebook.com\\\/panm360\\\/\",\"https:\\\/\\\/x.com\\\/PANM360\",\"https:\\\/\\\/www.instagram.com\\\/panm360\\\/\",\"https:\\\/\\\/www.linkedin.com\\\/company\\\/panm360\\\/\",\"https:\\\/\\\/www.youtube.com\\\/channel\\\/UCHEFHd3UhIrV6EJ3ltzVKOA?view_as=subscriber\"]}]}<\/script>\n<!-- \/ Yoast SEO plugin. -->","yoast_head_json":{"title":"Nuits d\u2019Afrique : El Balc\u00f3n - PAN M 360","robots":{"index":"index","follow":"follow","max-snippet":"max-snippet:-1","max-image-preview":"max-image-preview:large","max-video-preview":"max-video-preview:-1"},"canonical":"https:\/\/panm360.com\/en\/agenda\/nuits-dafrique-el-balcon\/","og_locale":"en_US","og_type":"article","og_title":"Nuits d\u2019Afrique : El Balc\u00f3n - PAN M 360","og_description":"Perch\u00e9s sur les hauteurs du monde et de ses peuples, les six membres \u00e9pris de musique de f\u00eate n\u2019ont nulle envie d\u2019en descendre !&nbsp; Une sonorit\u00e9 rappelant la Mano Negra et la guitare manouche de&nbsp; Django Reinhardt, dans une fusion for\u00e7ant le battement des mains d\u00e8s le premier accord. Ces f\u00eatards carburent au mouvement lib\u00e9rateur [&hellip;]","og_url":"https:\/\/panm360.com\/en\/agenda\/nuits-dafrique-el-balcon\/","og_site_name":"PAN M 360","article_publisher":"https:\/\/www.facebook.com\/panm360\/","article_modified_time":"2023-07-20T12:37:40+00:00","og_image":[{"width":1500,"height":465,"url":"https:\/\/panm360.com\/wp-content\/uploads\/2023\/07\/EL-Balcon_UNE_site-web.jpeg","type":"image\/jpeg"}],"twitter_card":"summary_large_image","twitter_site":"@PANM360","twitter_misc":{"Est. reading time":"3 minutes"},"schema":{"@context":"https:\/\/schema.org","@graph":[{"@type":"WebPage","@id":"https:\/\/panm360.com\/en\/agenda\/nuits-dafrique-el-balcon\/","url":"https:\/\/panm360.com\/en\/agenda\/nuits-dafrique-el-balcon\/","name":"Nuits d\u2019Afrique : El Balc\u00f3n - PAN M 360","isPartOf":{"@id":"https:\/\/panm360.com\/en\/#website"},"primaryImageOfPage":{"@id":"https:\/\/panm360.com\/en\/agenda\/nuits-dafrique-el-balcon\/#primaryimage"},"image":{"@id":"https:\/\/panm360.com\/en\/agenda\/nuits-dafrique-el-balcon\/#primaryimage"},"thumbnailUrl":"https:\/\/panm360.com\/wp-content\/uploads\/2023\/07\/EL-Balcon_UNE_site-web.jpeg","datePublished":"2023-07-20T12:27:18+00:00","dateModified":"2023-07-20T12:37:40+00:00","breadcrumb":{"@id":"https:\/\/panm360.com\/en\/agenda\/nuits-dafrique-el-balcon\/#breadcrumb"},"inLanguage":"en-US","potentialAction":[{"@type":"ReadAction","target":["https:\/\/panm360.com\/en\/agenda\/nuits-dafrique-el-balcon\/"]}]},{"@type":"ImageObject","inLanguage":"en-US","@id":"https:\/\/panm360.com\/en\/agenda\/nuits-dafrique-el-balcon\/#primaryimage","url":"https:\/\/panm360.com\/wp-content\/uploads\/2023\/07\/EL-Balcon_UNE_site-web.jpeg","contentUrl":"https:\/\/panm360.com\/wp-content\/uploads\/2023\/07\/EL-Balcon_UNE_site-web.jpeg","width":1500,"height":465},{"@type":"BreadcrumbList","@id":"https:\/\/panm360.com\/en\/agenda\/nuits-dafrique-el-balcon\/#breadcrumb","itemListElement":[{"@type":"ListItem","position":1,"name":"Accueil","item":"https:\/\/panm360.com\/en\/"},{"@type":"ListItem","position":2,"name":"Listings","item":"https:\/\/panm360.com\/en\/agenda\/"},{"@type":"ListItem","position":3,"name":"Nuits d\u2019Afrique : El Balc\u00f3n"}]},{"@type":"WebSite","@id":"https:\/\/panm360.com\/en\/#website","url":"https:\/\/panm360.com\/en\/","name":"PAN M 360","description":"Le m\u00e9dia num\u00e9rique de la musique !","publisher":{"@id":"https:\/\/panm360.com\/en\/#organization"},"potentialAction":[{"@type":"SearchAction","target":{"@type":"EntryPoint","urlTemplate":"https:\/\/panm360.com\/en\/?s={search_term_string}"},"query-input":{"@type":"PropertyValueSpecification","valueRequired":true,"valueName":"search_term_string"}}],"inLanguage":"en-US"},{"@type":"Organization","@id":"https:\/\/panm360.com\/en\/#organization","name":"PAN M 360","url":"https:\/\/panm360.com\/en\/","logo":{"@type":"ImageObject","inLanguage":"en-US","@id":"https:\/\/panm360.com\/en\/#\/schema\/logo\/image\/","url":"https:\/\/panm360.com\/wp-content\/uploads\/2019\/12\/PAN-M360_Logo_RGB.jpg","contentUrl":"https:\/\/panm360.com\/wp-content\/uploads\/2019\/12\/PAN-M360_Logo_RGB.jpg","width":1663,"height":631,"caption":"PAN M 360"},"image":{"@id":"https:\/\/panm360.com\/en\/#\/schema\/logo\/image\/"},"sameAs":["https:\/\/www.facebook.com\/panm360\/","https:\/\/x.com\/PANM360","https:\/\/www.instagram.com\/panm360\/","https:\/\/www.linkedin.com\/company\/panm360\/","https:\/\/www.youtube.com\/channel\/UCHEFHd3UhIrV6EJ3ltzVKOA?view_as=subscriber"]}]}},"_links":{"self":[{"href":"https:\/\/panm360.com\/en\/wp-json\/wp\/v2\/agenda\/101551","targetHints":{"allow":["GET"]}}],"collection":[{"href":"https:\/\/panm360.com\/en\/wp-json\/wp\/v2\/agenda"}],"about":[{"href":"https:\/\/panm360.com\/en\/wp-json\/wp\/v2\/types\/agenda"}],"author":[{"embeddable":true,"href":"https:\/\/panm360.com\/en\/wp-json\/wp\/v2\/users\/936"}],"wp:featuredmedia":[{"embeddable":true,"href":"https:\/\/panm360.com\/en\/wp-json\/wp\/v2\/media\/101550"}],"wp:attachment":[{"href":"https:\/\/panm360.com\/en\/wp-json\/wp\/v2\/media?parent=101551"}],"wp:term":[{"taxonomy":"category","embeddable":true,"href":"https:\/\/panm360.com\/en\/wp-json\/wp\/v2\/categories?post=101551"},{"taxonomy":"post_tag","embeddable":true,"href":"https:\/\/panm360.com\/en\/wp-json\/wp\/v2\/tags?post=101551"},{"taxonomy":"generale","embeddable":true,"href":"https:\/\/panm360.com\/en\/wp-json\/wp\/v2\/generale?post=101551"},{"taxonomy":"genre","embeddable":true,"href":"https:\/\/panm360.com\/en\/wp-json\/wp\/v2\/genre?post=101551"},{"taxonomy":"pays","embeddable":true,"href":"https:\/\/panm360.com\/en\/wp-json\/wp\/v2\/pays?post=101551"},{"taxonomy":"salle","embeddable":true,"href":"https:\/\/panm360.com\/en\/wp-json\/wp\/v2\/salle?post=101551"},{"taxonomy":"ville","embeddable":true,"href":"https:\/\/panm360.com\/en\/wp-json\/wp\/v2\/ville?post=101551"}],"curies":[{"name":"wp","href":"https:\/\/api.w.org\/{rel}","templated":true}]}}